{"id":900,"date":"2018-08-05T15:35:19","date_gmt":"2018-08-05T14:35:19","guid":{"rendered":"https:\/\/krainawetlina.pl\/?page_id=900"},"modified":"2023-11-15T21:04:38","modified_gmt":"2023-11-15T20:04:38","slug":"atrakcjewokolicy","status":"publish","type":"page","link":"https:\/\/krainawetlina.pl\/pl\/atrakcjewokolicy\/","title":{"rendered":"ATRAKCJE"},"content":{"rendered":"<p><section   class=\"fw-main-row-custom fw-main-row-top fw-section-no-padding fw-content-overlay-custom fw_theme_bg_fw-custom fw-section-image fw-section-height-custom  fw-section-position-back tf-sh-5151dcbd5c25a8de2fda8890e314815f\"  style=\"margin-bottom:-77px; background-image:url(https:\/\/krainawetlina.pl\/wp-content\/uploads\/2020\/04\/Kraina-wetlina-slider-7.jpg); background-repeat: no-repeat; background-position: center top; background-size: auto; height: 423px;\"  >\n\t\t\t<div class=\"fw-container\" >\n\t\t<div class=\"fw-row\">\n\t<div id=\"column-69f25eca7ca4a\" class=\"fw-col-sm-12 tf-sh-779b84e1327ce9477b4ad18771ad3a7c\" >\n\t<div class=\"fw-wrap-col-inner clearfix   fw-column-height-custom\" style=\"height: 780px;\"  >\n\t\t\t\t<div class=\"fw-col-inner\">\n\t\t\t\t\t<\/div>\n\t<\/div>\n<\/div><\/div>\n\n\t<\/div>\n\t<\/section><section   class=\"fw-main-row-custom fw-section-no-padding  auto  fw-section-position-back tf-sh-0f4ce0ed1e87fc84c20eee6d4b953885 quick-reservation-section\"    >\n\t\t\t<div class=\"fw-container\" >\n\t\t<div class=\"fw-row\">\n\t<div id=\"column-69f25eca7d135\" class=\"fw-col-sm-12 fw-col-md-12 tf-sh-550411c3cbc9549ca15db17a96efcfbe quick-reservation fw-animated-element\" data-animation-type=\"fadeInUp\" data-animation-delay=\"300\">\n\t<div class=\"fw-wrap-col-inner clearfix  \" style=\"border-width: 10px; border-color: #4fb3d7; border-style: solid;\"  >\n\t\t\t\t<div class=\"fw-col-inner\">\n\t\t\t\t<a href=\"https:\/\/krainawetlina.pl\/rezerwacja\/\" target=\"_self\" class=\"fw-btn tf-sh-3fd0f3c7ac617d3ac4a2cb8a02659a12 fw-btn-full fw-btn-lg  fw-btn-4\"  style=\"\">\n\t\t<span >\n\t\t\tZAREZERWUJ TERAZ <i class=\"pull-right-icon fa fa-suitcase\" style=\"font-size:22px;\"><\/i>\t\t<\/span>\n\t<\/a>\n\t\t<\/div>\n\t<\/div>\n<\/div><\/div>\n\n\t<\/div>\n\t<\/section><section   class=\"fw-main-row-custom fw-section-no-padding  auto  fw-section-position-back tf-sh-39d7e95eddd9f0be66825bfdce1207a5\"    >\n\t\t\t<div class=\"fw-container\" >\n\t\t<div class=\"fw-row\">\n\t<div id=\"column-69f25eca7da9e\" class=\"fw-col-sm-12 tf-sh-16f592f80a888b8442042571e483299b title-bg-symbol-responsive fw-animated-element fw-col-no-padding\" data-animation-type=\"fadeInUp\" data-animation-delay=\"300\">\n\t<div class=\"fw-wrap-col-inner clearfix  \"   >\n\t\t\t\t<div class=\"fw-col-inner\">\n\t\t\t<div class=\"fw-divider-space  fw-custom-space  fw-mobile-hide-element clearfix\" style=\"height:70px;\" ><\/div><div class=\"fw-heading fw-heading-center  fw-heading-with-subtitle tf-sh-7eb35f7ccaa39a84f021f53c20b04abd\" >\n\t\n\t\n\t\t\t<div class=\"fw-special-subtitle\">AKTYWNO\u015aCI<\/div>\n\t<\/div><div class=\"fw-divider-space  fw-custom-space  clearfix\" style=\"height:30px;\" ><\/div><div class=\"fw-heading fw-heading-center  tf-sh-383c911edf43b85433030644ed9d2d92\" >\n\t\t\t<h2 class=\"fw-special-title\"><span style=\"text-align:centered\">Polecane atrakcje <\/span><br><span style=\"text-align:centered\">w Bieszczadach<\/span><\/h2>\n\t\n\t\n\t<\/div><div class=\"fw-divider-space  fw-custom-space  clearfix\" style=\"height:60px;\" ><\/div><div class=\"fw-text-box tf-sh-31f58094e49c6585f0a40b349e2fed86 \" >\n\t<div class=\"fw-text-inner\">\n\t\t<p style=\"text-align: center;\">Bieszczady maj\u0105 bardzo du\u017co do zaoferowania i ka\u017cdego ze swoich Go\u015bci witaj\u0105 z ca\u0142\u0105 swoj\u0105 otwarto\u015bci\u0105. Przyjemny i owocny czas sp\u0119dz\u0105 tu zar\u00f3wno mi\u0142o\u015bnicy pi\u0119knych krajobraz\u00f3w, g\u00f3r i dzikiej przyrody oraz osoby zainteresowane kultur\u0105 pogranicza<br \/>z jej architektur\u0105, zwyczajami i sztuk\u0105. Wiele atrakcji czeka tu tak\u017ce na entuzjast\u00f3w aktywnego wypoczynku oraz na zwolennik\u00f3w wyciszenia,<br \/>kt\u00f3rzy pragn\u0105 uciec z miasta cho\u0107 na kilka dni.<\/p>\n\t<\/div>\n<\/div>\t\t<\/div>\n\t<\/div>\n<\/div><\/div>\n\n<div class=\"fw-row\">\n\t<div id=\"column-69f25eca7e3e5\" class=\"fw-col-sm-12 fw-mobile-hide-element tf-sh-6b3b528400f0fa8b3b6496439b1860d9\" >\n\t<div class=\"fw-wrap-col-inner clearfix  \"   >\n\t\t\t\t<div class=\"fw-col-inner\">\n\t\t\t<div class=\"fw-divider-space  fw-custom-space  clearfix\" style=\"height:80px;\" ><\/div>\t\t<\/div>\n\t<\/div>\n<\/div><\/div>\n\n\t<\/div>\n\t<\/section><section   class=\"fw-main-row-custom fw-section-no-padding  auto  fw-section-position-back tf-sh-5d3367d9ddb0e6e573ad08a89a22dc87\"  style=\" background-color:#ebebeb;\"  >\n\t\t\t<div class=\"fw-container\" >\n\t\t<div class=\"fw-row\">\n\t<div id=\"column-69f25eca7eb91\" class=\"fw-col-sm-12 tf-sh-32ebc5979a350366b5d8a5e411ff3caa\" >\n\t<div class=\"fw-wrap-col-inner clearfix  \"   >\n\t\t\t\t<div class=\"fw-col-inner\">\n\t\t\t<div class=\"fw-divider-space  fw-custom-space  fw-mobile-hide-element clearfix\" style=\"height:60px;\" ><\/div>\t\t<\/div>\n\t<\/div>\n<\/div><\/div>\n\n<div class=\"fw-row\">\n\t<div id=\"column-69f25eca7ef45\" class=\"fw-col-sm-12 tf-sh-3679ca898835bc5f50ce9b58d89cc2bf rooms-tab-slider fw-animated-element\" data-animation-type=\"fadeInUp\" data-animation-delay=\"300\">\n\t<div class=\"fw-wrap-col-inner clearfix  \"   >\n\t\t\t\t<div class=\"fw-col-inner\">\n\t\t\t<div class=\"tf-sh-bdcfda5ac6f31afc7024010ccf147edb fw-tabs-slider owl-loaded owl-carousel owl-theme \"  data-id=\"tf-sh-bdcfda5ac6f31afc7024010ccf147edb\">\n\t\n\t<!-- Tabs Slider Nav -->\n\t\t\t<ul class=\"fw-tabs-slider-nav owl-dots fw-tabs-slider-nav-center\">\n\t\t\t<li class=\"owl-dot active tf-sh-bdcfda5ac6f31afc7024010ccf147edb-0\"><i class=\"fa fa-pied-piper-alt\"><\/i><span class=\"fw-tabs-slider-nav-title\">SZLAKI PIESZE<\/span><\/li><li class=\"owl-dot  tf-sh-bdcfda5ac6f31afc7024010ccf147edb-1\"><i class=\"fa fa-bicycle\"><\/i><span class=\"fw-tabs-slider-nav-title\">TRASY ROWEROWE<\/span><\/li><li class=\"owl-dot  tf-sh-bdcfda5ac6f31afc7024010ccf147edb-2\"><i class=\"fa fa-tree\"><\/i><span class=\"fw-tabs-slider-nav-title\"> TRASY NA BIEG\u00d3WKI<\/span><\/li>\t\t<\/ul>\n\t\n\t<!-- Items Content -->\n\t<div id=\"tf-sh-bdcfda5ac6f31afc7024010ccf147edb\" class=\"fw-tabs-slider-content-wrap\">\n\t\t<div class=\"item clearfix fw-tabs-slider-media-left active tf-sh-bdcfda5ac6f31afc7024010ccf147edb-0\" style=\"background-color: #ffffff\"><div class=\"fw-tabs-slider-media fw-block-image-parent\"><div class=\"fw-block-image-child fw-ratio-3-2 fw-ratio-container\"><noscript itemscope itemtype=\"https:\/\/schema.org\/ImageObject\" itemprop=\"image\"><img decoding=\"async\" src=\"https:\/\/krainawetlina.pl\/wp-content\/uploads\/2020\/04\/DSC_0039-scaled.jpg\"  alt=\"DSC_0039\" data-maxdpr=\"1.7\" class=\"lazyload\" \/><meta itemprop=\"url\" content=\"https:\/\/krainawetlina.pl\/wp-content\/uploads\/2020\/04\/DSC_0039-scaled.jpg\"><meta itemprop=\"width\" content=\"2560\"><meta itemprop=\"height\" content=\"1714\"><\/noscript><img decoding=\"async\" src=\"data:image\/gif;base64,R0lGODlhAQABAIAAAAAAAP\/\/\/yH5BAEAAAAALAAAAAABAAEAAAIBRAA7\" data-sizes=\"auto\" data-srcset=\"https:\/\/krainawetlina.pl\/wp-content\/uploads\/2020\/04\/DSC_0039-300x201.jpg 300w, https:\/\/krainawetlina.pl\/wp-content\/uploads\/2020\/04\/DSC_0039-1024x685.jpg 1024w, https:\/\/krainawetlina.pl\/wp-content\/uploads\/2020\/04\/DSC_0039-768x514.jpg 768w, https:\/\/krainawetlina.pl\/wp-content\/uploads\/2020\/04\/DSC_0039-1536x1028.jpg 1536w, https:\/\/krainawetlina.pl\/wp-content\/uploads\/2020\/04\/DSC_0039-2048x1371.jpg 2048w, https:\/\/krainawetlina.pl\/wp-content\/uploads\/2020\/04\/DSC_0039-600x400.jpg 600w, https:\/\/krainawetlina.pl\/wp-content\/uploads\/2020\/04\/DSC_0039-1200x800.jpg 1200w, https:\/\/krainawetlina.pl\/wp-content\/uploads\/2020\/04\/DSC_0039-scaled.jpg 2560w\"   alt=\"DSC_0039\" data-maxdpr=\"1.7\" class=\"lazyload\" \/><\/div><\/div><div class=\"fw-tabs-slider-content fw-tabs-slider-content-align fw-tabs-slider-content-align-left\"><div class=\"fw-tabs-slider-content-inner-wrap\"><div class=\"fw-tabs-slider-content-inner\"><h3 class=\"fw-tabs-slider-title\">Szlaki turystyczne<\/h3><div class=\"fw-tabs-slider-description\"><p>Przez Wetlin\u0119 przebiega kilka szlak\u00f3w, kt\u00f3re szczerze polecamy - przyjemnie jest ruszy\u0107 na w\u0119dr\u00f3wk\u0119 prosto po wczesnym \u015bniadaniu, przechodz\u0105c przez budz\u0105c\u0105 si\u0119 wie\u015b<br \/>i \u0142\u0105ki zroszone porann\u0105 ros\u0105.<\/p><p>Mnogo\u015b\u0107 szlak\u00f3w turystycznych w ca\u0142ych Bieszczadach pod wzgl\u0119dem ich d\u0142ugo\u015bci, wyniesienia i punkt\u00f3w widokowych sprawia, \u017ce ka\u017cdy znajdzie tutaj co\u015b dla siebie. Wszystkie szalki s\u0105 bardzo dobrze oznakowane. \u0141atwo jest r\u00f3wnie\u017c do nich doj\u015b\u0107 czy dojecha\u0107.<\/p><p>Polecamy na wyprawy ma\u0142e i du\u017ce zabra\u0107 map\u0119 okolicy z oznakowaniem szlak\u00f3w (w aplikacji lub papierow\u0105) a przed przyjazdem zaplanowa\u0107 swoje indywidualne trasy korzystaj\u0105c np. z <a href=\"https:\/\/mapa-turystyczna.pl\/bieszczady\" target=\"_blank\" rel=\"noopener\">tej mapy turystycznej<\/a><\/p><\/div><div class=\"text-left\">\t<a href=\"http:\/\/www.twojebieszczady.net\/szlaki2.php\" target=\"_blank\" class=\"fw-btn tf-sh-2ac6787bee4ffbf08092e419325aeb5d  fw-btn-md   fw-btn-4\"  style=\"\">\n\t\t<span >\n\t\t\tSZLAKI I \u015aCIE\u017bKI PIESZE W BIESZCZADACH >\t\t<\/span>\n\t<\/a>\n<\/div><\/div><\/div><\/div><\/div><div class=\"item clearfix fw-tabs-slider-media-right  tf-sh-bdcfda5ac6f31afc7024010ccf147edb-1\" style=\"background-color: #ffffff\"><div class=\"fw-tabs-slider-media fw-block-image-parent\"><div class=\"fw-block-image-child fw-ratio-3-2 fw-ratio-container\"><noscript itemscope itemtype=\"https:\/\/schema.org\/ImageObject\" itemprop=\"image\"><img decoding=\"async\" src=\"https:\/\/krainawetlina.pl\/wp-content\/uploads\/2020\/04\/DSC_7262-2.jpg\"  alt=\"DSC_7262-2\" data-maxdpr=\"1.7\" class=\"lazyload\" \/><meta itemprop=\"url\" content=\"https:\/\/krainawetlina.pl\/wp-content\/uploads\/2020\/04\/DSC_7262-2.jpg\"><meta itemprop=\"width\" content=\"800\"><meta itemprop=\"height\" content=\"531\"><\/noscript><img decoding=\"async\" src=\"data:image\/gif;base64,R0lGODlhAQABAIAAAAAAAP\/\/\/yH5BAEAAAAALAAAAAABAAEAAAIBRAA7\" data-sizes=\"auto\" data-srcset=\"https:\/\/krainawetlina.pl\/wp-content\/uploads\/2020\/04\/DSC_7262-2-300x199.jpg 300w, https:\/\/krainawetlina.pl\/wp-content\/uploads\/2020\/04\/DSC_7262-2-768x510.jpg 768w, https:\/\/krainawetlina.pl\/wp-content\/uploads\/2020\/04\/DSC_7262-2-600x400.jpg 600w, https:\/\/krainawetlina.pl\/wp-content\/uploads\/2020\/04\/DSC_7262-2.jpg 800w\"   alt=\"DSC_7262-2\" data-maxdpr=\"1.7\" class=\"lazyload\" \/><\/div><\/div><div class=\"fw-tabs-slider-content fw-tabs-slider-content-align fw-tabs-slider-content-align-left\"><div class=\"fw-tabs-slider-content-inner-wrap\"><div class=\"fw-tabs-slider-content-inner\"><h3 class=\"fw-tabs-slider-title\">Trasy rowerowe<\/h3><div class=\"fw-tabs-slider-description\"><p>Wycieczki rowerowe s\u0105 dost\u0119pne na wi\u0119kszo\u015bci dr\u00f3g jakie spotkacie w Bieszczadach a jazda w\u015br\u00f3d malowniczych pag\u00f3rk\u00f3w, drogami le\u015bnymi czy po terenach dawnych wsi bojkowskich i \u0142emkowskich dostarczy\u00a0 sporo wra\u017ce\u0144 i wspania\u0142ych widok\u00f3w.<\/p><p>Niezale\u017cnie czy b\u0119dzie to niedzielna przeja\u017cd\u017cka czy trening przed zawodami kolarskimi ka\u017cdy znajdzie tutaj dogodne warunki dostosowane do swojego stopnia przygotowania.<\/p><\/div><div class=\"text-left\">\t<a href=\"http:\/\/www.bieszczady.pl\/?catID=671\" target=\"_blank\" class=\"fw-btn tf-sh-57741e780a20f36434e78938fdece2d8  fw-btn-sm   fw-btn-4\"  style=\"\">\n\t\t<span >\n\t\t\tTRASY ROWEROWE >\t\t<\/span>\n\t<\/a>\n<\/div><\/div><\/div><\/div><\/div><div class=\"item clearfix fw-tabs-slider-media-left  tf-sh-bdcfda5ac6f31afc7024010ccf147edb-2\" style=\"background-color: #ffffff\"><div class=\"fw-tabs-slider-media fw-block-image-parent\"><div class=\"fw-block-image-child fw-ratio-3-2 fw-ratio-container\"><noscript itemscope itemtype=\"https:\/\/schema.org\/ImageObject\" itemprop=\"image\"><img decoding=\"async\" src=\"https:\/\/krainawetlina.pl\/wp-content\/uploads\/2020\/04\/DSC_2037.jpg\"  alt=\"DSC_2037\" data-maxdpr=\"1.7\" class=\"lazyload\" \/><meta itemprop=\"url\" content=\"https:\/\/krainawetlina.pl\/wp-content\/uploads\/2020\/04\/DSC_2037.jpg\"><meta itemprop=\"width\" content=\"800\"><meta itemprop=\"height\" content=\"531\"><\/noscript><img decoding=\"async\" src=\"data:image\/gif;base64,R0lGODlhAQABAIAAAAAAAP\/\/\/yH5BAEAAAAALAAAAAABAAEAAAIBRAA7\" data-sizes=\"auto\" data-srcset=\"https:\/\/krainawetlina.pl\/wp-content\/uploads\/2020\/04\/DSC_2037-300x199.jpg 300w, https:\/\/krainawetlina.pl\/wp-content\/uploads\/2020\/04\/DSC_2037-768x510.jpg 768w, https:\/\/krainawetlina.pl\/wp-content\/uploads\/2020\/04\/DSC_2037-600x400.jpg 600w, https:\/\/krainawetlina.pl\/wp-content\/uploads\/2020\/04\/DSC_2037.jpg 800w\"   alt=\"DSC_2037\" data-maxdpr=\"1.7\" class=\"lazyload\" \/><\/div><\/div><div class=\"fw-tabs-slider-content fw-tabs-slider-content-align fw-tabs-slider-content-align-left\"><div class=\"fw-tabs-slider-content-inner-wrap\"><div class=\"fw-tabs-slider-content-inner\"><h3 class=\"fw-tabs-slider-title\">Trasy narciarstwa biegowego<\/h3><div class=\"fw-tabs-slider-description\"><p>W Wetlinie dzia\u0142aniami lokalnego stowarzyszenia zosta\u0142o wyznaczone oko\u0142o 20 km tras do w\u0119dr\u00f3wek na nartach biegowych.<\/p><p>Pr\u0119\u017cnie dzia\u0142aj\u0105 tutaj r\u00f3wnie\u017c wypo\u017cyczalnie sprz\u0119tu dlatego gor\u0105co zach\u0119camy do spr\u00f3bowania tego sportu zim\u0105.<\/p><\/div>\t<a href=\"http:\/\/www.bieszczady-biegowki.pl\/trasy-narty-biegowe.htm\" target=\"_blank\" class=\"fw-btn tf-sh-902ce05a62c7917c9c299fa64db16be3  fw-btn-md   fw-btn-side-by-side fw-btn-4\"  style=\"\">\n\t\t<span >\n\t\t\tMAPA TRAS NA BIEG\u00d3WKI >\t\t<\/span>\n\t<\/a>\n<\/div><\/div><\/div><\/div>\t<\/div><!-- \/.fw-tabs-slider-content-wrap -->\n<\/div><!-- \/.fw-tabs-slider -->\t\t<\/div>\n\t<\/div>\n<\/div><\/div>\n\n<div class=\"fw-row\">\n\t<div id=\"column-69f25eca80aa8\" class=\"fw-col-sm-12 tf-sh-c468c1042d21dee7fcd7f184a1cdee5c  fw-animated-element\" data-animation-type=\"fadeInUp\" data-animation-delay=\"300\">\n\t<div class=\"fw-wrap-col-inner clearfix  \"   >\n\t\t\t\t<div class=\"fw-col-inner\">\n\t\t\t<div class=\"fw-divider-space  fw-custom-space  fw-mobile-hide-element clearfix\" style=\"height:65px;\" ><\/div><div class=\"fw-text-box tf-sh-2b56c06e249e7b5046bff71e58c3bc1c \" >\n\t<div class=\"fw-text-inner\">\n\t\t<p style=\"text-align: center;\"><img decoding=\"async\" style=\"width: 16px; height: 16px;\" src=\"https:\/\/krainawetlina.pl\/wp-content\/uploads\/2017\/03\/info-icon.png\" \/>\u00a0 pami\u0119taj aby na trasie nie zostawia\u0107 po sobie \u015bmieci<\/p>\n\t<\/div>\n<\/div><div class=\"fw-divider-space  fw-custom-space  fw-mobile-hide-element clearfix\" style=\"height:65px;\" ><\/div>\t\t<\/div>\n\t<\/div>\n<\/div><\/div>\n\n\t<\/div>\n\t<\/section><section   class=\"fw-main-row-custom fw-section-no-padding fw-content-overlay-custom fw-section-image auto  fw-section-position-back tf-sh-feac9948020750cda95d1953e1aa35d9\"  style=\"margin-bottom:-35px; background-image:url(https:\/\/krainawetlina.pl\/wp-content\/uploads\/2018\/08\/DSC_4467-kopia-1.jpg); background-repeat: no-repeat; background-position: center top; background-size: auto; background-color:#343f45;\"  >\n\t\t\t<div class=\"fw-container\" >\n\t\t<div class=\"fw-row\">\n\t<div id=\"column-69f25eca8161e\" class=\"fw-col-sm-12 tf-sh-307b33158c6805b5f8b3d52f9bd84553\" >\n\t<div class=\"fw-wrap-col-inner clearfix  \"   >\n\t\t\t\t<div class=\"fw-col-inner\">\n\t\t\t<div class=\"fw-divider-space  fw-custom-space  fw-mobile-hide-element clearfix\" style=\"height:110px;\" ><\/div>\t\t<\/div>\n\t<\/div>\n<\/div><\/div>\n\n<div class=\"fw-row\">\n\t<div id=\"column-69f25eca819fc\" class=\"fw-col-sm-6 fw-col-md-4 tf-sh-527a283d7f72fe5ccebf612721fb7e28  fw-animated-element\" data-animation-type=\"fadeInUp\" data-animation-delay=\"300\">\n\t<div class=\"fw-wrap-col-inner clearfix  \"   >\n\t\t\t\t<div class=\"fw-col-inner\">\n\t\t\t\t<div class=\"fw-imagebox clearfix fw-imagebox-1 tf-sh-cc369ce16af1fb3d4c3e3532910480a1 text-center bg-on  offer-image-box\"  style=\"\">\n\t\t<div class=\"fw-main-row-overlay\" style=\"background-color: #ffffff; opacity: 1;\"><\/div>\t\t\t\t\t\t\t\t<div class=\"fw-block-image-parent  \" style=\"width: 100%;\">\n\t\t\t\t\t\t\t\t\t<div class=\"fw-block-image-child fw-ratio-16-9 fw-ratio-container\">\n\t\t\t\t\t\t<noscript itemscope itemtype=\"https:\/\/schema.org\/ImageObject\" itemprop=\"image\"><img decoding=\"async\" src=\"https:\/\/krainawetlina.pl\/wp-content\/uploads\/2020\/04\/DSC_0261-kopia.jpg\"  alt=\"DSC_0261-kopia\" data-maxdpr=\"1.7\" class=\"lazyload\" \/><meta itemprop=\"url\" content=\"https:\/\/krainawetlina.pl\/wp-content\/uploads\/2020\/04\/DSC_0261-kopia.jpg\"><meta itemprop=\"width\" content=\"500\"><meta itemprop=\"height\" content=\"335\"><\/noscript><img decoding=\"async\" src=\"data:image\/gif;base64,R0lGODlhAQABAIAAAAAAAP\/\/\/yH5BAEAAAAALAAAAAABAAEAAAIBRAA7\" data-sizes=\"auto\" data-srcset=\"https:\/\/krainawetlina.pl\/wp-content\/uploads\/2020\/04\/DSC_0261-kopia-295x166.jpg 295w\"   alt=\"DSC_0261-kopia\" data-maxdpr=\"1.7\" class=\"lazyload\" \/>\t\t\t\t\t<\/div>\n\t\t\t\t\t\t\t<\/div>\n\t\t\n\t<div class=\"fw-imagebox-aside\" style=\"padding-top:15px;padding-bottom:15px;padding-left:30px;padding-right:30px;\">\n\t\t\t\t\t<div class=\"fw-imagebox-title-wrap\">\n\t\t\t\t\t\t\t\t\t<h5 class=\"fw-imagebox-title\">Bieszczadzka Kolejka Le\u015bna<\/h5>\n\t\t\t\t\n\t\t\t\t\t\t\t<\/div>\n\t\t\n\t\t\t\t\t<div class=\"fw-imagebox-text\">\n\t\t\t\t<p>S\u0142ynna \"Bieszczadzka ciuchcia\" zabiera wszystkich we wspania\u0142\u0105 podr\u00f3\u017c przez Ci\u015bnia\u0144sko-Wetli\u0144ski PK.<\/p>\t\t\t<\/div>\n\t\t\n\t\t<div class=\"fw-imagebox-btn text-center\">\n\t\t<a href=\"http:\/\/kolejka.bieszczady.pl\/\" target=\"_blank\" class=\"fw-btn  fw-btn-sm fw-btn-4 \" style=\"\" >\n\t\t\t<span>\n\t\t\t\t\t\t\t\t\tZOBACZ WI\u0118CEJ\t\t\t\t\t\t\t<\/span>\n\t\t<\/a>\n\t<\/div>\n\t\t<\/div>\n\t<\/div>\n\t\t<\/div>\n\t<\/div>\n<\/div><div id=\"column-69f25eca82466\" class=\"fw-col-sm-6 fw-col-md-4 tf-sh-99404b463bc4c94c7cd7e93e786bb72b  fw-animated-element\" data-animation-type=\"fadeInUp\" data-animation-delay=\"500\">\n\t<div class=\"fw-wrap-col-inner clearfix  \"   >\n\t\t\t\t<div class=\"fw-col-inner\">\n\t\t\t\t<div class=\"fw-imagebox clearfix fw-imagebox-1 tf-sh-96b9728a2a1abf3aebfc8073ff32d0cf text-center bg-on  offer-image-box\"  style=\"\">\n\t\t<div class=\"fw-main-row-overlay\" style=\"background-color: #ffffff; opacity: 1;\"><\/div>\t\t\t\t\t\t\t\t<div class=\"fw-block-image-parent  \" style=\"width: 100%;\">\n\t\t\t\t\t\t\t\t\t<div class=\"fw-block-image-child fw-ratio-16-9 fw-ratio-container\">\n\t\t\t\t\t\t<noscript itemscope itemtype=\"https:\/\/schema.org\/ImageObject\" itemprop=\"image\"><img decoding=\"async\" src=\"https:\/\/krainawetlina.pl\/wp-content\/uploads\/2018\/06\/DSC_0529-scaled.jpg\"  alt=\"Bieszczady Kraina Wetlina\" data-maxdpr=\"1.7\" class=\"lazyload\" \/><meta itemprop=\"url\" content=\"https:\/\/krainawetlina.pl\/wp-content\/uploads\/2018\/06\/DSC_0529-scaled.jpg\"><meta itemprop=\"width\" content=\"2560\"><meta itemprop=\"height\" content=\"1700\"><\/noscript><img decoding=\"async\" src=\"data:image\/gif;base64,R0lGODlhAQABAIAAAAAAAP\/\/\/yH5BAEAAAAALAAAAAABAAEAAAIBRAA7\" data-sizes=\"auto\" data-srcset=\"https:\/\/krainawetlina.pl\/wp-content\/uploads\/2018\/06\/DSC_0529-scaled-1920x1080.jpg 1920w, https:\/\/krainawetlina.pl\/wp-content\/uploads\/2018\/06\/DSC_0529-scaled-1228x691.jpg 1228w, https:\/\/krainawetlina.pl\/wp-content\/uploads\/2018\/06\/DSC_0529-scaled-614x346.jpg 614w, https:\/\/krainawetlina.pl\/wp-content\/uploads\/2018\/06\/DSC_0529-scaled-295x166.jpg 295w, https:\/\/krainawetlina.pl\/wp-content\/uploads\/2018\/06\/DSC_0529-scaled-590x332.jpg 590w\"   alt=\"Bieszczady Kraina Wetlina\" data-maxdpr=\"1.7\" class=\"lazyload\" \/>\t\t\t\t\t<\/div>\n\t\t\t\t\t\t\t<\/div>\n\t\t\n\t<div class=\"fw-imagebox-aside\" style=\"padding-top:15px;padding-bottom:15px;padding-left:30px;padding-right:30px;\">\n\t\t\t\t\t<div class=\"fw-imagebox-title-wrap\">\n\t\t\t\t\t\t\t\t\t<h5 class=\"fw-imagebox-title\">Bieszczadzki Park Narodowy<\/h5>\n\t\t\t\t\n\t\t\t\t\t\t\t<\/div>\n\t\t\n\t\t\t\t\t<div class=\"fw-imagebox-text\">\n\t\t\t\t<p>Nasz ulubiony park. Wspania\u0142a przyroda, niesamowicie czyste g\u00f3rskie powietrze i cudowne widoki!<\/p>\t\t\t<\/div>\n\t\t\n\t\t<div class=\"fw-imagebox-btn text-center\">\n\t\t<a href=\"https:\/\/www.bdpn.pl\/\" target=\"_blank\" class=\"fw-btn  fw-btn-sm fw-btn-4 \" style=\"\" >\n\t\t\t<span>\n\t\t\t\t\t\t\t\t\tZOBACZ WI\u0118CEJ\t\t\t\t\t\t\t<\/span>\n\t\t<\/a>\n\t<\/div>\n\t\t<\/div>\n\t<\/div>\n\t\t<\/div>\n\t<\/div>\n<\/div><div id=\"column-69f25eca82d93\" class=\"fw-col-sm-12 fw-col-md-4 tf-sh-5de529b6be9dee9db5c06617337a3d2e  fw-animated-element\" data-animation-type=\"fadeInUp\" data-animation-delay=\"700\">\n\t<div class=\"fw-wrap-col-inner clearfix  \"   >\n\t\t\t\t<div class=\"fw-col-inner\">\n\t\t\t\t<div class=\"fw-imagebox clearfix fw-imagebox-1 tf-sh-359a732d001f44660167c0481a65a869 text-center bg-on  offer-image-box\"  style=\"\">\n\t\t<div class=\"fw-main-row-overlay\" style=\"background-color: #ffffff; opacity: 1;\"><\/div>\t\t\t\t\t\t\t\t<div class=\"fw-block-image-parent  \" style=\"width: 100%;\">\n\t\t\t\t\t\t\t\t\t<div class=\"fw-block-image-child fw-ratio-16-9 fw-ratio-container\">\n\t\t\t\t\t\t<noscript itemscope itemtype=\"https:\/\/schema.org\/ImageObject\" itemprop=\"image\"><img decoding=\"async\" src=\"https:\/\/krainawetlina.pl\/wp-content\/uploads\/2020\/04\/IMG_5291-e1700078194919.jpg\"  alt=\"IMG_5291\" data-maxdpr=\"1.7\" class=\"lazyload\" \/><meta itemprop=\"url\" content=\"https:\/\/krainawetlina.pl\/wp-content\/uploads\/2020\/04\/IMG_5291-e1700078194919.jpg\"><meta itemprop=\"width\" content=\"800\"><meta itemprop=\"height\" content=\"600\"><\/noscript><img decoding=\"async\" src=\"data:image\/gif;base64,R0lGODlhAQABAIAAAAAAAP\/\/\/yH5BAEAAAAALAAAAAABAAEAAAIBRAA7\" data-sizes=\"auto\" data-srcset=\"https:\/\/krainawetlina.pl\/wp-content\/uploads\/2020\/04\/IMG_5291-1920x1080.jpg 1920w, https:\/\/krainawetlina.pl\/wp-content\/uploads\/2020\/04\/IMG_5291-1228x691.jpg 1228w, https:\/\/krainawetlina.pl\/wp-content\/uploads\/2020\/04\/IMG_5291-e1700078194919-614x346.jpg 614w, https:\/\/krainawetlina.pl\/wp-content\/uploads\/2020\/04\/IMG_5291-e1700078194919-295x166.jpg 295w, https:\/\/krainawetlina.pl\/wp-content\/uploads\/2020\/04\/IMG_5291-e1700078194919-590x332.jpg 590w\"   alt=\"IMG_5291\" data-maxdpr=\"1.7\" class=\"lazyload\" \/>\t\t\t\t\t<\/div>\n\t\t\t\t\t\t\t<\/div>\n\t\t\n\t<div class=\"fw-imagebox-aside\" style=\"padding-top:15px;padding-bottom:15px;padding-left:30px;padding-right:30px;\">\n\t\t\t\t\t<div class=\"fw-imagebox-title-wrap\">\n\t\t\t\t\t\t\t\t\t<h5 class=\"fw-imagebox-title\">Park Etnograficzny w Sanoku<\/h5>\n\t\t\t\t\n\t\t\t\t\t\t\t<\/div>\n\t\t\n\t\t\t\t\t<div class=\"fw-imagebox-text\">\n\t\t\t\t<p>Najwi\u0119kszy skansen w Polsce<br \/>i najpi\u0119kniejsze muzeum na wolnym powietrzu w Europie.<\/p>\t\t\t<\/div>\n\t\t\n\t\t<div class=\"fw-imagebox-btn text-center\">\n\t\t<a href=\"http:\/\/skansen.sanok.pl\/\" target=\"_blank\" class=\"fw-btn  fw-btn-sm fw-btn-4 \" style=\"\" >\n\t\t\t<span>\n\t\t\t\t\t\t\t\t\tZOBACZ WI\u0118CEJ\t\t\t\t\t\t\t<\/span>\n\t\t<\/a>\n\t<\/div>\n\t\t<\/div>\n\t<\/div>\n\t\t<\/div>\n\t<\/div>\n<\/div><\/div>\n\n<div class=\"fw-row\">\n\t<div id=\"column-69f25eca838de\" class=\"fw-col-sm-4 tf-sh-5680f9a3b04f58e5d0ec3ff9da4b2296  fw-animated-element\" data-animation-type=\"fadeInUp\" data-animation-delay=\"300\">\n\t<div class=\"fw-wrap-col-inner clearfix  \"   >\n\t\t\t\t<div class=\"fw-col-inner\">\n\t\t\t\t<div class=\"fw-imagebox clearfix fw-imagebox-1 tf-sh-a734185b7b45d7e6825469bf29304d30 text-center bg-on  offer-image-box\"  style=\"\">\n\t\t<div class=\"fw-main-row-overlay\" style=\"background-color: #ffffff; opacity: 1;\"><\/div>\t\t\n\t<div class=\"fw-imagebox-aside\" style=\"padding-top:15px;padding-bottom:15px;padding-left:30px;padding-right:30px;\">\n\t\t\t\t\t<div class=\"fw-imagebox-title-wrap\">\n\t\t\t\t\t\t\t\t\t<h5 class=\"fw-imagebox-title\">Le\u015bny zwierzyniec <br>w Lisznej<\/h5>\n\t\t\t\t\n\t\t\t\t\t\t\t<\/div>\n\t\t\n\t\t\t\t\t<div class=\"fw-imagebox-text\">\n\t\t\t\t<p style=\"text-align: center;\">Spotkanie oko w oko ze wspania\u0142ymi zwierz\u0119tami i mo\u017cliwo\u015b\u0107 ich pokarmienia to atrakcja zar\u00f3wno dla ma\u0142ych i du\u017cych Go\u015bci.<\/p>\t\t\t<\/div>\n\t\t\n\t\t<div class=\"fw-imagebox-btn text-center\">\n\t\t<a href=\"https:\/\/www.facebook.com\/lesny.zwierzyniec.liszna\/\" target=\"_blank\" class=\"fw-btn  fw-btn-sm fw-btn-4 \" style=\"\" >\n\t\t\t<span>\n\t\t\t\t\t\t\t\t\tZOBACZ WI\u0118CEJ\t\t\t\t\t\t\t<\/span>\n\t\t<\/a>\n\t<\/div>\n\t\t<\/div>\n\t<\/div>\n\t\t<\/div>\n\t<\/div>\n<\/div><div id=\"column-69f25eca83f22\" class=\"fw-col-sm-4 tf-sh-c73086b366bc4fc94cc7aa50fa320513  fw-animated-element\" data-animation-type=\"fadeInUp\" data-animation-delay=\"500\">\n\t<div class=\"fw-wrap-col-inner clearfix  \"   >\n\t\t\t\t<div class=\"fw-col-inner\">\n\t\t\t\t<div class=\"fw-imagebox clearfix fw-imagebox-1 tf-sh-cd3ede3a3c2feca2fa22593585d00399 text-center bg-on  offer-image-box\"  style=\"\">\n\t\t<div class=\"fw-main-row-overlay\" style=\"background-color: #ffffff; opacity: 1;\"><\/div>\t\t\n\t<div class=\"fw-imagebox-aside\" style=\"padding-top:15px;padding-bottom:15px;padding-left:30px;padding-right:30px;\">\n\t\t\t\t\t<div class=\"fw-imagebox-title-wrap\">\n\t\t\t\t\t\t\t\t\t<h5 class=\"fw-imagebox-title\">Park Gwiezdnego Nieba<\/h5>\n\t\t\t\t\n\t\t\t\t\t\t\t<\/div>\n\t\t\n\t\t\t\t\t<div class=\"fw-imagebox-text\">\n\t\t\t\t<p style=\"text-align: center;\">W bezchmurn\u0105 noc na bieszczadzkim niebie wida\u0107 najpi\u0119kniejsz\u0105 Drog\u0119 mleczn\u0105. Wystarczy tylko koc i ju\u017c mo\u017cna marzy\u0107 pod gwiazdami.<\/p>\t\t\t<\/div>\n\t\t\n\t\t<div class=\"fw-imagebox-btn text-center\">\n\t\t<a href=\"https:\/\/pl.wikipedia.org\/wiki\/Park_Gwiezdnego_Nieba_%E2%80%9EBieszczady%E2%80%9D\" target=\"_blank\" class=\"fw-btn  fw-btn-sm fw-btn-4 \" style=\"\" >\n\t\t\t<span>\n\t\t\t\t\t\t\t\t\tZOBACZ WI\u0118CEJ\t\t\t\t\t\t\t<\/span>\n\t\t<\/a>\n\t<\/div>\n\t\t<\/div>\n\t<\/div>\n\t\t<\/div>\n\t<\/div>\n<\/div><div id=\"column-69f25eca844ab\" class=\"fw-col-sm-4 tf-sh-be65a150082f4644cd2290333ffccac9  fw-animated-element\" data-animation-type=\"fadeInUp\" data-animation-delay=\"700\">\n\t<div class=\"fw-wrap-col-inner clearfix  \"   >\n\t\t\t\t<div class=\"fw-col-inner\">\n\t\t\t\t<div class=\"fw-imagebox clearfix fw-imagebox-1 tf-sh-511db3bc31f7b193844ce54ca59cfbe8 text-center bg-on  offer-image-box\"  style=\"\">\n\t\t<div class=\"fw-main-row-overlay\" style=\"background-color: #ffffff; opacity: 1;\"><\/div>\t\t\n\t<div class=\"fw-imagebox-aside\" style=\"padding-top:15px;padding-bottom:15px;padding-left:30px;padding-right:30px;\">\n\t\t\t\t\t<div class=\"fw-imagebox-title-wrap\">\n\t\t\t\t\t\t\t\t\t<h5 class=\"fw-imagebox-title\">Bieszczadzki Bieg Rze\u017anika <\/h5>\n\t\t\t\t\n\t\t\t\t\t\t\t<\/div>\n\t\t\n\t\t\t\t\t<div class=\"fw-imagebox-text\">\n\t\t\t\t<p style=\"text-align: center;\">Rodzina 'Biegu Rze\u017anika' to jedna z lepszych imprez biegowych a g\u0142\u00f3wny bieg zaliczany jest do najtrudniejszych ultramaraton\u00f3w w Polsce.<\/p>\t\t\t<\/div>\n\t\t\n\t\t<div class=\"fw-imagebox-btn text-center\">\n\t\t<a href=\"http:\/\/www.biegrzeznika.pl\/\" target=\"_blank\" class=\"fw-btn  fw-btn-sm fw-btn-4 \" style=\"\" >\n\t\t\t<span>\n\t\t\t\t\t\t\t\t\tZOBACZ WI\u0118CEJ\t\t\t\t\t\t\t<\/span>\n\t\t<\/a>\n\t<\/div>\n\t\t<\/div>\n\t<\/div>\n\t\t<\/div>\n\t<\/div>\n<\/div><\/div>\n\n<div class=\"fw-row\">\n\t<div id=\"column-69f25eca84b43\" class=\"fw-col-sm-4 tf-sh-55c562f3bdad60e8fb3b3cee768b44e7  fw-animated-element\" data-animation-type=\"fadeInUp\" data-animation-delay=\"300\">\n\t<div class=\"fw-wrap-col-inner clearfix  \"   >\n\t\t\t\t<div class=\"fw-col-inner\">\n\t\t\t\t<div class=\"fw-imagebox clearfix fw-imagebox-1 tf-sh-68a068e58baddcccda01a7cbf66b773c text-center bg-on  offer-image-box\"  style=\"\">\n\t\t<div class=\"fw-main-row-overlay\" style=\"background-color: #ffffff; opacity: 1;\"><\/div>\t\t\n\t<div class=\"fw-imagebox-aside\" style=\"padding-top:15px;padding-bottom:15px;padding-left:30px;padding-right:30px;\">\n\t\t\t\t\t<div class=\"fw-imagebox-title-wrap\">\n\t\t\t\t\t\t\t\t\t<h5 class=\"fw-imagebox-title\">Browar Ursa Maior<\/h5>\n\t\t\t\t\n\t\t\t\t\t\t\t<\/div>\n\t\t\n\t\t\t\t\t<div class=\"fw-imagebox-text\">\n\t\t\t\t<p style=\"text-align: center;\">Wycieczka po browarze, w kt\u00f3rym powstaje kilkana\u015bcie gatunk\u00f3w piwa regionalnego. Polecamy degustacj\u0119 bo w Bieszczadach wiemy jak powinno smakowa\u0107 dobre piwo.<\/p>\t\t\t<\/div>\n\t\t\n\t\t<div class=\"fw-imagebox-btn text-center\">\n\t\t<a href=\"https:\/\/ursamaior.pl\/przyjedz\/\" target=\"_blank\" class=\"fw-btn  fw-btn-sm fw-btn-4 \" style=\"\" >\n\t\t\t<span>\n\t\t\t\t\t\t\t\t\tZOBACZ WI\u0118CEJ\t\t\t\t\t\t\t<\/span>\n\t\t<\/a>\n\t<\/div>\n\t\t<\/div>\n\t<\/div>\n\t\t<\/div>\n\t<\/div>\n<\/div><div id=\"column-69f25eca850bc\" class=\"fw-col-sm-4 tf-sh-d4d76628c4b6c14e12dca76c42ff9d01  fw-animated-element\" data-animation-type=\"fadeInUp\" data-animation-delay=\"500\">\n\t<div class=\"fw-wrap-col-inner clearfix  \"   >\n\t\t\t\t<div class=\"fw-col-inner\">\n\t\t\t\t<div class=\"fw-imagebox clearfix fw-imagebox-1 tf-sh-3cc5d5dea3a2dbe883750b1baf482330 text-center bg-on  offer-image-box\"  style=\"\">\n\t\t<div class=\"fw-main-row-overlay\" style=\"background-color: #ffffff; opacity: 1;\"><\/div>\t\t\n\t<div class=\"fw-imagebox-aside\" style=\"padding-top:15px;padding-bottom:15px;padding-left:30px;padding-right:30px;\">\n\t\t\t\t\t<div class=\"fw-imagebox-title-wrap\">\n\t\t\t\t\t\t\t\t\t<h5 class=\"fw-imagebox-title\">Loty widokowe nad Bieszczadami<\/h5>\n\t\t\t\t\n\t\t\t\t\t\t\t<\/div>\n\t\t\n\t\t\t\t\t<div class=\"fw-imagebox-text\">\n\t\t\t\t<p style=\"text-align: center;\">Wznie\u015b si\u0119 w przestworza na szybowcu<br \/>i delektuj si\u0119 niezapomnianym widokiem na g\u00f3ry i rzek\u0119 San z perspektywy lotu ptaka.<\/p>\t\t\t<\/div>\n\t\t\n\t\t<div class=\"fw-imagebox-btn text-center\">\n\t\t<a href=\"http:\/\/www.bobulandia.pl\/?page_id=3465\" target=\"_blank\" class=\"fw-btn  fw-btn-sm fw-btn-4 \" style=\"\" >\n\t\t\t<span>\n\t\t\t\t\t\t\t\t\tZOBACZ WI\u0118CEJ\t\t\t\t\t\t\t<\/span>\n\t\t<\/a>\n\t<\/div>\n\t\t<\/div>\n\t<\/div>\n\t\t<\/div>\n\t<\/div>\n<\/div><div id=\"column-69f25eca85648\" class=\"fw-col-sm-4 tf-sh-ac65a367787566ba5ea7f6704d993d23  fw-animated-element\" data-animation-type=\"fadeInUp\" data-animation-delay=\"700\">\n\t<div class=\"fw-wrap-col-inner clearfix  \"   >\n\t\t\t\t<div class=\"fw-col-inner\">\n\t\t\t\t<div class=\"fw-imagebox clearfix fw-imagebox-1 tf-sh-3a94f65588f08ef183af2e7a800c2375 text-center bg-on  offer-image-box\"  style=\"\">\n\t\t<div class=\"fw-main-row-overlay\" style=\"background-color: #ffffff; opacity: 1;\"><\/div>\t\t\n\t<div class=\"fw-imagebox-aside\" style=\"padding-top:15px;padding-bottom:15px;padding-left:30px;padding-right:30px;\">\n\t\t\t\t\t<div class=\"fw-imagebox-title-wrap\">\n\t\t\t\t\t\t\t\t\t<h5 class=\"fw-imagebox-title\">Jezioro Soli\u0144skie<\/h5>\n\t\t\t\t\n\t\t\t\t\t\t\t<\/div>\n\t\t\n\t\t\t\t\t<div class=\"fw-imagebox-text\">\n\t\t\t\t<p style=\"text-align: center;\">Niezale\u017cnie czy chcesz przespacerowa\u0107 si\u0119 zapor\u0105, powios\u0142owa\u0107, z\u0142owi\u0107 rekordowego szczupaka, odpocz\u0105\u0107<br \/>nad wod\u0105, czy po prostu zobaczy\u0107 zielone wzg\u00f3rza nad Solin\u0105 - polecamy to miejsce<\/p>\t\t\t<\/div>\n\t\t\n\t\t\t<\/div>\n\t<\/div>\n\t\t<\/div>\n\t<\/div>\n<\/div><\/div>\n\n<div class=\"fw-row\">\n\t<div id=\"column-69f25eca85ccd\" class=\"fw-col-sm-4 tf-sh-d09ee1114ebfa4f864b50abff75a237c  fw-animated-element\" data-animation-type=\"fadeInUp\" data-animation-delay=\"300\">\n\t<div class=\"fw-wrap-col-inner clearfix  \"   >\n\t\t\t\t<div class=\"fw-col-inner\">\n\t\t\t\t<div class=\"fw-imagebox clearfix fw-imagebox-1 tf-sh-1ebd2ec15daf4d14f93e50466c9439a5 text-center bg-on  offer-image-box\"  style=\"\">\n\t\t<div class=\"fw-main-row-overlay\" style=\"background-color: #ffffff; opacity: 1;\"><\/div>\t\t\n\t<div class=\"fw-imagebox-aside\" style=\"padding-top:15px;padding-bottom:15px;padding-left:30px;padding-right:30px;\">\n\t\t\t\t\t<div class=\"fw-imagebox-title-wrap\">\n\t\t\t\t\t\t\t\t\t<h5 class=\"fw-imagebox-title\">\"Bieszczady Odnalezione\" \u015bcie\u017cka przyrodniczo-historyczna<\/h5>\n\t\t\t\t\n\t\t\t\t\t\t\t<\/div>\n\t\t\n\t\t\t\t\t<div class=\"fw-imagebox-text\">\n\t\t\t\t<p style=\"text-align: center;\">Wspania\u0142a trasa krajobrazem nieistniej\u0105cych wsi. Natkniecie si\u0119<br \/>na cerkwiska i cmentarze, zdzicza\u0142e sady owocowe, krzy\u017c pa\u0144szczy\u017aniany i pi\u0119knie kwitn\u0105ce \u0142\u0105ki.<\/p>\t\t\t<\/div>\n\t\t\n\t\t<div class=\"fw-imagebox-btn text-center\">\n\t\t<a href=\"https:\/\/www.google.com\/maps\/d\/viewer?ll=49.23318972293611%2C22.435969999999998&#038;spn=0.061987%2C0.154324&#038;msa=0&#038;mid=1uDKybWy-O8301GKphr1AnQ5Jqlc&#038;z=12\" target=\"_blank\" class=\"fw-btn  fw-btn-sm fw-btn-4 \" style=\"\" >\n\t\t\t<span>\n\t\t\t\t\t\t\t\t\tZOBACZ WI\u0118CEJ\t\t\t\t\t\t\t<\/span>\n\t\t<\/a>\n\t<\/div>\n\t\t<\/div>\n\t<\/div>\n\t\t<\/div>\n\t<\/div>\n<\/div><div id=\"column-69f25eca86263\" class=\"fw-col-sm-4 tf-sh-c7cca21c2287bf138d94359cd8a5481b  fw-animated-element\" data-animation-type=\"fadeInUp\" data-animation-delay=\"500\">\n\t<div class=\"fw-wrap-col-inner clearfix  \"   >\n\t\t\t\t<div class=\"fw-col-inner\">\n\t\t\t\t<div class=\"fw-imagebox clearfix fw-imagebox-1 tf-sh-ae53b62e6fce31727e6d180e7c663f28 text-center bg-on  offer-image-box\"  style=\"\">\n\t\t<div class=\"fw-main-row-overlay\" style=\"background-color: #ffffff; opacity: 1;\"><\/div>\t\t\n\t<div class=\"fw-imagebox-aside\" style=\"padding-top:15px;padding-bottom:15px;padding-left:30px;padding-right:30px;\">\n\t\t\t\t\t<div class=\"fw-imagebox-title-wrap\">\n\t\t\t\t\t\t\t\t\t<h5 class=\"fw-imagebox-title\">Zagroda \u017cubra w Mucznem<\/h5>\n\t\t\t\t\n\t\t\t\t\t\t\t<\/div>\n\t\t\n\t\t\t\t\t<div class=\"fw-imagebox-text\">\n\t\t\t\t<p style=\"text-align: center;\">\u017bubry, dawni mieszka\u0144cy karpackich las\u00f3w, wr\u00f3ci\u0142y na nowo w te tereny. Szcz\u0119\u015bliwcy maj\u0105 okazj\u0119 natkn\u0105\u0107 si\u0119 na ich stada w czasie w\u0119dr\u00f3wek, tym mniej cierpliwym polecamy zagrod\u0119 w Mucznem.<\/p>\t\t\t<\/div>\n\t\t\n\t\t<div class=\"fw-imagebox-btn text-center\">\n\t\t<a href=\"http:\/\/lutowiska.pl\/zagroda-zubra\" target=\"_blank\" class=\"fw-btn  fw-btn-sm fw-btn-4 \" style=\"\" >\n\t\t\t<span>\n\t\t\t\t\t\t\t\t\tZOBACZ WI\u0118CEJ\t\t\t\t\t\t\t<\/span>\n\t\t<\/a>\n\t<\/div>\n\t\t<\/div>\n\t<\/div>\n\t\t<\/div>\n\t<\/div>\n<\/div><div id=\"column-69f25eca867e5\" class=\"fw-col-sm-4 tf-sh-637db02aa3e54915a89a2db39cff67ea  fw-animated-element\" data-animation-type=\"fadeInUp\" data-animation-delay=\"700\">\n\t<div class=\"fw-wrap-col-inner clearfix  \"   >\n\t\t\t\t<div class=\"fw-col-inner\">\n\t\t\t\t<div class=\"fw-imagebox clearfix fw-imagebox-1 tf-sh-93734e111e59bcb676043cb77d9c3776 text-center bg-on  offer-image-box\"  style=\"\">\n\t\t<div class=\"fw-main-row-overlay\" style=\"background-color: #ffffff; opacity: 1;\"><\/div>\t\t\n\t<div class=\"fw-imagebox-aside\" style=\"padding-top:15px;padding-bottom:15px;padding-left:30px;padding-right:30px;\">\n\t\t\t\t\t<div class=\"fw-imagebox-title-wrap\">\n\t\t\t\t\t\t\t\t\t<h5 class=\"fw-imagebox-title\">Wakacyjne warsztaty artystyczne<\/h5>\n\t\t\t\t\n\t\t\t\t\t\t\t<\/div>\n\t\t\n\t\t\t\t\t<div class=\"fw-imagebox-text\">\n\t\t\t\t<p style=\"text-align: center;\">Wspania\u0142a zabawa dla ca\u0142ej rodziny. Nauczycie si\u0119 ple\u015b\u0107 gobeliny, malowa\u0107 polne kwiaty, wyplata\u0107 kosze i krywulki, lepi\u0107 gliniane garnki a nawet piec prawdziwy chleb! Warsztaty s\u0105 organizowane w r\u00f3\u017cnych miejscach<br \/>w Bieszczadach przez ca\u0142y sezon.<\/p>\t\t\t<\/div>\n\t\t\n\t\t\t<\/div>\n\t<\/div>\n\t\t<\/div>\n\t<\/div>\n<\/div><\/div>\n\n<div class=\"fw-row\">\n\t<div id=\"column-69f25eca86de9\" class=\"fw-col-sm-12 tf-sh-d8675fc76ed7dcfd45250f325ee2fa3b\" >\n\t<div class=\"fw-wrap-col-inner clearfix  \"   >\n\t\t\t\t<div class=\"fw-col-inner\">\n\t\t\t<div class=\"fw-divider-space  fw-custom-space  fw-mobile-hide-element clearfix\" style=\"height:110px;\" ><\/div>\t\t<\/div>\n\t<\/div>\n<\/div><\/div>\n\n\t<\/div>\n\t<\/section><\/p>\n","protected":false},"excerpt":{"rendered":"<p>ZAREZERWUJ TERAZ AKTYWNO\u015aCI Polecane atrakcje w Bieszczadach Bieszczady maj\u0105 bardzo du\u017co do zaoferowania i ka\u017cdego ze swoich Go\u015bci witaj\u0105 z ca\u0142\u0105 swoj\u0105 otwarto\u015bci\u0105. Przyjemny i owocny czas sp\u0119dz\u0105 tu zar\u00f3wno mi\u0142o\u015bnicy pi\u0119knych krajobraz\u00f3w, g\u00f3r i dzikiej przyrody oraz osoby zainteresowane kultur\u0105 pograniczaz jej architektur\u0105, zwyczajami i sztuk\u0105. Wiele atrakcji czeka tu tak\u017ce na entuzjast\u00f3w aktywnego [&hellip;]<\/p>\n","protected":false},"author":1,"featured_media":0,"parent":0,"menu_order":0,"comment_status":"closed","ping_status":"closed","template":"visual-builder-template.php","meta":{"_monsterinsights_skip_tracking":false,"_monsterinsights_sitenote_active":false,"_monsterinsights_sitenote_note":"","_monsterinsights_sitenote_category":0,"footnotes":""},"class_list":["post-900","page","type-page","status-publish","hentry"],"yoast_head":"<!-- This site is optimized with the Yoast SEO plugin v26.9 - https:\/\/yoast.com\/product\/yoast-seo-wordpress\/ -->\n<title>Kraina Wetlina - Najwi\u0119ksze atrakcje w Bieszczadach.<\/title>\n<meta name=\"description\" content=\"Bieszczady maj\u0105 bardzo du\u017co do zaoferowania i ka\u017cdego ze swoich Go\u015bci witaj\u0105 z ca\u0142\u0105 swoj\u0105 otwarto\u015bci\u0105. Poznaj nasz\u0105 propozycj\u0119 atrakcji i aktywno\u015bci.\" \/>\n<meta name=\"robots\" content=\"index, follow, max-snippet:-1, max-image-preview:large, max-video-preview:-1\" \/>\n<link rel=\"canonical\" href=\"https:\/\/krainawetlina.pl\/pl\/atrakcjewokolicy\/\" \/>\n<meta property=\"og:locale\" content=\"pl_PL\" \/>\n<meta property=\"og:type\" content=\"article\" \/>\n<meta property=\"og:title\" content=\"Kraina Wetlina - Najwi\u0119ksze atrakcje w Bieszczadach.\" \/>\n<meta property=\"og:description\" content=\"Bieszczady maj\u0105 bardzo du\u017co do zaoferowania i ka\u017cdego ze swoich Go\u015bci witaj\u0105 z ca\u0142\u0105 swoj\u0105 otwarto\u015bci\u0105. Poznaj nasz\u0105 propozycj\u0119 atrakcji i aktywno\u015bci.\" \/>\n<meta property=\"og:url\" content=\"https:\/\/krainawetlina.pl\/pl\/atrakcjewokolicy\/\" \/>\n<meta property=\"og:site_name\" content=\"Kraina Wetlina\" \/>\n<meta property=\"article:publisher\" content=\"https:\/\/www.facebook.com\/krainawetlina\" \/>\n<meta property=\"article:modified_time\" content=\"2023-11-15T20:04:38+00:00\" \/>\n<meta property=\"og:image\" content=\"https:\/\/krainawetlina.pl\/wp-content\/uploads\/2020\/04\/DSC_0039-scaled.jpg\" \/>\n<meta name=\"twitter:card\" content=\"summary_large_image\" \/>\n<meta name=\"twitter:label1\" content=\"Szacowany czas czytania\" \/>\n\t<meta name=\"twitter:data1\" content=\"4 minuty\" \/>\n<script type=\"application\/ld+json\" class=\"yoast-schema-graph\">{\"@context\":\"https:\/\/schema.org\",\"@graph\":[{\"@type\":\"WebPage\",\"@id\":\"https:\/\/krainawetlina.pl\/atrakcjewokolicy\/\",\"url\":\"https:\/\/krainawetlina.pl\/atrakcjewokolicy\/\",\"name\":\"Kraina Wetlina - Najwi\u0119ksze atrakcje w Bieszczadach.\",\"isPartOf\":{\"@id\":\"https:\/\/krainawetlina.pl\/pl\/#website\"},\"primaryImageOfPage\":{\"@id\":\"https:\/\/krainawetlina.pl\/atrakcjewokolicy\/#primaryimage\"},\"image\":{\"@id\":\"https:\/\/krainawetlina.pl\/atrakcjewokolicy\/#primaryimage\"},\"thumbnailUrl\":\"https:\/\/krainawetlina.pl\/wp-content\/uploads\/2020\/04\/DSC_0039-scaled.jpg\",\"datePublished\":\"2018-08-05T14:35:19+00:00\",\"dateModified\":\"2023-11-15T20:04:38+00:00\",\"description\":\"Bieszczady maj\u0105 bardzo du\u017co do zaoferowania i ka\u017cdego ze swoich Go\u015bci witaj\u0105 z ca\u0142\u0105 swoj\u0105 otwarto\u015bci\u0105. Poznaj nasz\u0105 propozycj\u0119 atrakcji i aktywno\u015bci.\",\"breadcrumb\":{\"@id\":\"https:\/\/krainawetlina.pl\/atrakcjewokolicy\/#breadcrumb\"},\"inLanguage\":\"pl-PL\",\"potentialAction\":[{\"@type\":\"ReadAction\",\"target\":[\"https:\/\/krainawetlina.pl\/atrakcjewokolicy\/\"]}]},{\"@type\":\"ImageObject\",\"inLanguage\":\"pl-PL\",\"@id\":\"https:\/\/krainawetlina.pl\/atrakcjewokolicy\/#primaryimage\",\"url\":\"https:\/\/krainawetlina.pl\/wp-content\/uploads\/2020\/04\/DSC_0039-scaled.jpg\",\"contentUrl\":\"https:\/\/krainawetlina.pl\/wp-content\/uploads\/2020\/04\/DSC_0039-scaled.jpg\"},{\"@type\":\"BreadcrumbList\",\"@id\":\"https:\/\/krainawetlina.pl\/atrakcjewokolicy\/#breadcrumb\",\"itemListElement\":[{\"@type\":\"ListItem\",\"position\":1,\"name\":\"Strona g\u0142\u00f3wna\",\"item\":\"https:\/\/krainawetlina.pl\/\"},{\"@type\":\"ListItem\",\"position\":2,\"name\":\"ATRAKCJE\"}]},{\"@type\":\"WebSite\",\"@id\":\"https:\/\/krainawetlina.pl\/pl\/#website\",\"url\":\"https:\/\/krainawetlina.pl\/pl\/\",\"name\":\"Kraina Wetlina\",\"description\":\"Apartamenty w Bieszczadach\",\"publisher\":{\"@id\":\"https:\/\/krainawetlina.pl\/pl\/#organization\"},\"potentialAction\":[{\"@type\":\"SearchAction\",\"target\":{\"@type\":\"EntryPoint\",\"urlTemplate\":\"https:\/\/krainawetlina.pl\/pl\/?s={search_term_string}\"},\"query-input\":{\"@type\":\"PropertyValueSpecification\",\"valueRequired\":true,\"valueName\":\"search_term_string\"}}],\"inLanguage\":\"pl-PL\"},{\"@type\":\"Organization\",\"@id\":\"https:\/\/krainawetlina.pl\/pl\/#organization\",\"name\":\"Kraina Wetlina\",\"url\":\"https:\/\/krainawetlina.pl\/pl\/\",\"logo\":{\"@type\":\"ImageObject\",\"inLanguage\":\"pl-PL\",\"@id\":\"https:\/\/krainawetlina.pl\/pl\/#\/schema\/logo\/image\/\",\"url\":\"https:\/\/krainawetlina.pl\/wp-content\/uploads\/2018\/06\/Kraina-Wetlina-logo2x2.png\",\"contentUrl\":\"https:\/\/krainawetlina.pl\/wp-content\/uploads\/2018\/06\/Kraina-Wetlina-logo2x2.png\",\"width\":1157,\"height\":1157,\"caption\":\"Kraina Wetlina\"},\"image\":{\"@id\":\"https:\/\/krainawetlina.pl\/pl\/#\/schema\/logo\/image\/\"},\"sameAs\":[\"https:\/\/www.facebook.com\/krainawetlina\",\"http:\/\/instagram.com\/krainawetlina\"]}]}<\/script>\n<!-- \/ Yoast SEO plugin. -->","yoast_head_json":{"title":"Kraina Wetlina - Najwi\u0119ksze atrakcje w Bieszczadach.","description":"Bieszczady maj\u0105 bardzo du\u017co do zaoferowania i ka\u017cdego ze swoich Go\u015bci witaj\u0105 z ca\u0142\u0105 swoj\u0105 otwarto\u015bci\u0105. Poznaj nasz\u0105 propozycj\u0119 atrakcji i aktywno\u015bci.","robots":{"index":"index","follow":"follow","max-snippet":"max-snippet:-1","max-image-preview":"max-image-preview:large","max-video-preview":"max-video-preview:-1"},"canonical":"https:\/\/krainawetlina.pl\/pl\/atrakcjewokolicy\/","og_locale":"pl_PL","og_type":"article","og_title":"Kraina Wetlina - Najwi\u0119ksze atrakcje w Bieszczadach.","og_description":"Bieszczady maj\u0105 bardzo du\u017co do zaoferowania i ka\u017cdego ze swoich Go\u015bci witaj\u0105 z ca\u0142\u0105 swoj\u0105 otwarto\u015bci\u0105. Poznaj nasz\u0105 propozycj\u0119 atrakcji i aktywno\u015bci.","og_url":"https:\/\/krainawetlina.pl\/pl\/atrakcjewokolicy\/","og_site_name":"Kraina Wetlina","article_publisher":"https:\/\/www.facebook.com\/krainawetlina","article_modified_time":"2023-11-15T20:04:38+00:00","og_image":[{"url":"https:\/\/krainawetlina.pl\/wp-content\/uploads\/2020\/04\/DSC_0039-scaled.jpg","type":"","width":"","height":""}],"twitter_card":"summary_large_image","twitter_misc":{"Szacowany czas czytania":"4 minuty"},"schema":{"@context":"https:\/\/schema.org","@graph":[{"@type":"WebPage","@id":"https:\/\/krainawetlina.pl\/atrakcjewokolicy\/","url":"https:\/\/krainawetlina.pl\/atrakcjewokolicy\/","name":"Kraina Wetlina - Najwi\u0119ksze atrakcje w Bieszczadach.","isPartOf":{"@id":"https:\/\/krainawetlina.pl\/pl\/#website"},"primaryImageOfPage":{"@id":"https:\/\/krainawetlina.pl\/atrakcjewokolicy\/#primaryimage"},"image":{"@id":"https:\/\/krainawetlina.pl\/atrakcjewokolicy\/#primaryimage"},"thumbnailUrl":"https:\/\/krainawetlina.pl\/wp-content\/uploads\/2020\/04\/DSC_0039-scaled.jpg","datePublished":"2018-08-05T14:35:19+00:00","dateModified":"2023-11-15T20:04:38+00:00","description":"Bieszczady maj\u0105 bardzo du\u017co do zaoferowania i ka\u017cdego ze swoich Go\u015bci witaj\u0105 z ca\u0142\u0105 swoj\u0105 otwarto\u015bci\u0105. Poznaj nasz\u0105 propozycj\u0119 atrakcji i aktywno\u015bci.","breadcrumb":{"@id":"https:\/\/krainawetlina.pl\/atrakcjewokolicy\/#breadcrumb"},"inLanguage":"pl-PL","potentialAction":[{"@type":"ReadAction","target":["https:\/\/krainawetlina.pl\/atrakcjewokolicy\/"]}]},{"@type":"ImageObject","inLanguage":"pl-PL","@id":"https:\/\/krainawetlina.pl\/atrakcjewokolicy\/#primaryimage","url":"https:\/\/krainawetlina.pl\/wp-content\/uploads\/2020\/04\/DSC_0039-scaled.jpg","contentUrl":"https:\/\/krainawetlina.pl\/wp-content\/uploads\/2020\/04\/DSC_0039-scaled.jpg"},{"@type":"BreadcrumbList","@id":"https:\/\/krainawetlina.pl\/atrakcjewokolicy\/#breadcrumb","itemListElement":[{"@type":"ListItem","position":1,"name":"Strona g\u0142\u00f3wna","item":"https:\/\/krainawetlina.pl\/"},{"@type":"ListItem","position":2,"name":"ATRAKCJE"}]},{"@type":"WebSite","@id":"https:\/\/krainawetlina.pl\/pl\/#website","url":"https:\/\/krainawetlina.pl\/pl\/","name":"Kraina Wetlina","description":"Apartamenty w Bieszczadach","publisher":{"@id":"https:\/\/krainawetlina.pl\/pl\/#organization"},"potentialAction":[{"@type":"SearchAction","target":{"@type":"EntryPoint","urlTemplate":"https:\/\/krainawetlina.pl\/pl\/?s={search_term_string}"},"query-input":{"@type":"PropertyValueSpecification","valueRequired":true,"valueName":"search_term_string"}}],"inLanguage":"pl-PL"},{"@type":"Organization","@id":"https:\/\/krainawetlina.pl\/pl\/#organization","name":"Kraina Wetlina","url":"https:\/\/krainawetlina.pl\/pl\/","logo":{"@type":"ImageObject","inLanguage":"pl-PL","@id":"https:\/\/krainawetlina.pl\/pl\/#\/schema\/logo\/image\/","url":"https:\/\/krainawetlina.pl\/wp-content\/uploads\/2018\/06\/Kraina-Wetlina-logo2x2.png","contentUrl":"https:\/\/krainawetlina.pl\/wp-content\/uploads\/2018\/06\/Kraina-Wetlina-logo2x2.png","width":1157,"height":1157,"caption":"Kraina Wetlina"},"image":{"@id":"https:\/\/krainawetlina.pl\/pl\/#\/schema\/logo\/image\/"},"sameAs":["https:\/\/www.facebook.com\/krainawetlina","http:\/\/instagram.com\/krainawetlina"]}]}},"brizy_media":[],"_links":{"self":[{"href":"https:\/\/krainawetlina.pl\/pl\/wp-json\/wp\/v2\/pages\/900","targetHints":{"allow":["GET"]}}],"collection":[{"href":"https:\/\/krainawetlina.pl\/pl\/wp-json\/wp\/v2\/pages"}],"about":[{"href":"https:\/\/krainawetlina.pl\/pl\/wp-json\/wp\/v2\/types\/page"}],"author":[{"embeddable":true,"href":"https:\/\/krainawetlina.pl\/pl\/wp-json\/wp\/v2\/users\/1"}],"replies":[{"embeddable":true,"href":"https:\/\/krainawetlina.pl\/pl\/wp-json\/wp\/v2\/comments?post=900"}],"version-history":[{"count":0,"href":"https:\/\/krainawetlina.pl\/pl\/wp-json\/wp\/v2\/pages\/900\/revisions"}],"wp:attachment":[{"href":"https:\/\/krainawetlina.pl\/pl\/wp-json\/wp\/v2\/media?parent=900"}],"curies":[{"name":"wp","href":"https:\/\/api.w.org\/{rel}","templated":true}]}}