{"id":5,"date":"2017-03-15T11:23:15","date_gmt":"2017-03-15T11:23:15","guid":{"rendered":"https:\/\/krainawetlina.pl\/?page_id=5"},"modified":"2024-02-24T14:19:31","modified_gmt":"2024-02-24T13:19:31","slug":"kraina-wetlina","status":"publish","type":"page","link":"https:\/\/krainawetlina.pl\/pl\/","title":{"rendered":"KRAINA WETLINA"},"content":{"rendered":"<p><section   class=\"fw-main-row-custom fw-main-row-top fw-section-no-padding fw-content-overlay-custom auto  fw-section-position-back tf-sh-5151dcbd5c25a8de2fda8890e314815f\"  style=\"margin-bottom:-150px;\"  >\n\t\t\t<div class=\"fw-container-fluid\" >\n\t\t<div class=\"fw-row\">\n\t<div id=\"column-69f1fe275d161\" class=\"fw-col-sm-12 tf-sh-29ceef16cc2e34e95b8f8c12b661d41e  fw-col-no-padding\" >\n\t<div class=\"fw-wrap-col-inner clearfix  \"   >\n\t\t\t\t<div class=\"fw-col-inner\">\n\t\t\t\t<div class=\"fw-wrap-fade-slider tf-sh-8df54ff0f806926e6df811c357faefa8 tf-sh-8df54ff0f806926e6df811c357faefa8148\">\n\t\t<!-- Loading Spinner -->\n\t\t<div class=\"spinner\">\n\t\t\t<div class=\"wBall\" id=\"wBall_1\">\n\t\t\t\t<div class=\"wInnerBall\">\n\t\t\t\t<\/div>\n\t\t\t<\/div>\n\t\t\t<div class=\"wBall\" id=\"wBall_2\">\n\t\t\t\t<div class=\"wInnerBall\">\n\t\t\t\t<\/div>\n\t\t\t<\/div>\n\t\t\t<div class=\"wBall\" id=\"wBall_3\">\n\t\t\t\t<div class=\"wInnerBall\">\n\t\t\t\t<\/div>\n\t\t\t<\/div>\n\t\t\t<div class=\"wBall\" id=\"wBall_4\">\n\t\t\t\t<div class=\"wInnerBall\">\n\t\t\t\t<\/div>\n\t\t\t<\/div>\n\t\t\t<div class=\"wBall\" id=\"wBall_5\">\n\t\t\t\t<div class=\"wInnerBall\">\n\t\t\t\t<\/div>\n\t\t\t<\/div>\n\t\t<\/div>\n\t\t<!--\/ Loading Spinner -->\n\n\t\t<div class=\"fw-fade-slider main-carousel fade-effect invisible default tf-sh-8df54ff0f806926e6df811c357faefa8148\">\n\t\t\t<div id=\"tf-sh-8df54ff0f806926e6df811c357faefa8148\" class=\"myCarousel carousel slide\" data-slides-interval=\"7000\">\n\t\t\t\t<div class=\"carousel-inner\">\n\t\t\t\t\t\t\t\t\t\t\t\t\t\t\t\t\t<div class=\"item lazyload active fw-fade-slider-content-align-center\"  style=\"background-image: url(data:image\/gif;base64,R0lGODlhAQABAAAAACH5BAEKAAEALAAAAAABAAEAAAICTAEAOw==);\" data-bgset=\"https:\/\/krainawetlina.pl\/wp-content\/uploads\/2020\/03\/Kraina-Wetlina-domki-i-apartamenty-w-Bieszczadach-275b.jpg\" >\n\t\t\t\t\t\t\t<div class=\"fw-main-row-overlay fw_theme_bg_color_1\" style=\"opacity: 0.1;\"><\/div>\t\t\t\t\t\t\t<div class=\"fw-container\">\n\t\t\t\t\t\t\t\t<div class=\"fw-itable\">\n\t\t\t\t\t\t\t\t\t<div class=\"fw-icell\">\n\t\t\t\t\t\t\t\t\t\t<div class=\"fw-fade-slide-text-wrap\">\n\t\t\t\t\t\t\t\t\t\t\t\t\t\t\t\t\t\t\t\t\t\t\t<div data-animate-in=\"fadeInDown\" data-animate-out=\"fadeOutUp\" class=\"invisible\">\n\t\t\t\t\t\t\t\t\t\t\t\t\t<div class=\"fw-fade-slider-title\"><span>MAGICZNY<\/span><\/div>\n\t\t\t\t\t\t\t\t\t\t\t\t<\/div>\n\t\t\t\t\t\t\t\t\t\t\t\t\t\t\t\t\t\t\t\t\t\t\t\t\t\t\t\t\t\t\t\t\t\t<div data-animate-in=\"fadeInUp\" data-animate-out=\"fadeOutDown\" class=\"invisible\">\n\t\t\t\t\t\t\t\t\t\t\t\t\t<div class=\"fw-fade-slider-title-after\"><span>ZAK\u0104TEK W BIESZCZADACH<\/span><\/div>\n\t\t\t\t\t\t\t\t\t\t\t\t<\/div>\n\t\t\t\t\t\t\t\t\t\t\t\t\t\t\t\t\t\t\t\t\t\t\t\t\t\t\t\t\t\t\t\t<\/div>\n\t\t\t\t\t\t\t\t\t<\/div>\n\t\t\t\t\t\t\t\t<\/div>\n\t\t\t\t\t\t\t<\/div>\n\t\t\t\t\t\t<\/div>\n\t\t\t\t\t\t\t\t\t\t\t\t\t\t\t\t\t\t\t\t\t\t\t\t\t\t\t\t\t<div class=\"item lazyload  fw-fade-slider-content-align-center\"  style=\"background-image: url(data:image\/gif;base64,R0lGODlhAQABAAAAACH5BAEKAAEALAAAAAABAAEAAAICTAEAOw==);\" data-bgset=\"https:\/\/krainawetlina.pl\/wp-content\/uploads\/2020\/03\/Kraina-Wetlina-domki-i-apartamenty-w-Bieszczadach-280-300x200.jpg 300w, https:\/\/krainawetlina.pl\/wp-content\/uploads\/2020\/03\/Kraina-Wetlina-domki-i-apartamenty-w-Bieszczadach-280-1024x683.jpg 1024w, https:\/\/krainawetlina.pl\/wp-content\/uploads\/2020\/03\/Kraina-Wetlina-domki-i-apartamenty-w-Bieszczadach-280-768x512.jpg 768w, https:\/\/krainawetlina.pl\/wp-content\/uploads\/2020\/03\/Kraina-Wetlina-domki-i-apartamenty-w-Bieszczadach-280-600x400.jpg 600w, https:\/\/krainawetlina.pl\/wp-content\/uploads\/2020\/03\/Kraina-Wetlina-domki-i-apartamenty-w-Bieszczadach-280-1200x800.jpg 1200w, https:\/\/krainawetlina.pl\/wp-content\/uploads\/2020\/03\/Kraina-Wetlina-domki-i-apartamenty-w-Bieszczadach-280.jpg 1350w\" >\n\t\t\t\t\t\t\t<div class=\"fw-main-row-overlay fw_theme_bg_color_1\" style=\"opacity: 0.1;\"><\/div>\t\t\t\t\t\t\t<div class=\"fw-container\">\n\t\t\t\t\t\t\t\t<div class=\"fw-itable\">\n\t\t\t\t\t\t\t\t\t<div class=\"fw-icell\">\n\t\t\t\t\t\t\t\t\t\t<div class=\"fw-fade-slide-text-wrap\">\n\t\t\t\t\t\t\t\t\t\t\t\t\t\t\t\t\t\t\t\t\t\t\t<div data-animate-in=\"fadeInDown\" data-animate-out=\"fadeOutUp\" class=\"invisible\">\n\t\t\t\t\t\t\t\t\t\t\t\t\t<div class=\"fw-fade-slider-title\"><span>MIEJSCE<\/span><\/div>\n\t\t\t\t\t\t\t\t\t\t\t\t<\/div>\n\t\t\t\t\t\t\t\t\t\t\t\t\t\t\t\t\t\t\t\t\t\t\t\t\t\t\t\t\t\t\t\t\t\t<div data-animate-in=\"fadeInUp\" data-animate-out=\"fadeOutDown\" class=\"invisible\">\n\t\t\t\t\t\t\t\t\t\t\t\t\t<div class=\"fw-fade-slider-title-after\"><span>NA WYJ\u0104TKOWY URLOP<\/span><\/div>\n\t\t\t\t\t\t\t\t\t\t\t\t<\/div>\n\t\t\t\t\t\t\t\t\t\t\t\t\t\t\t\t\t\t\t\t\t\t\t\t\t\t\t\t\t\t\t\t<\/div>\n\t\t\t\t\t\t\t\t\t<\/div>\n\t\t\t\t\t\t\t\t<\/div>\n\t\t\t\t\t\t\t<\/div>\n\t\t\t\t\t\t<\/div>\n\t\t\t\t\t\t\t\t\t\t\t\t\t\t\t\t\t\t\t\t\t<\/div>\n\t\t\t\t<!--Slider Navigation-->\n\t\t\t\t<!-- Carousel indicators -->\n\t\t\t\t<ol class=\"carousel-indicators\">\n\t\t\t\t\t<li data-target=\"#tf-sh-8df54ff0f806926e6df811c357faefa8148\" data-slide-to=\"0\" class=\"active fw-fade-slider-content-align-center\"><\/li>\n<li data-target=\"#tf-sh-8df54ff0f806926e6df811c357faefa8148\" data-slide-to=\"1\" class=\" fw-fade-slider-content-align-center\"><\/li>\n\t\t\t\t<\/ol>\n\t\t\t\t<div class=\"fw-first-slider-image\" data-image=\"\/\/krainawetlina.pl\/wp-content\/uploads\/2020\/03\/Kraina-Wetlina-domki-i-apartamenty-w-Bieszczadach-275b.jpg\"><\/div>\n\t\t\t<\/div>\n\t\t<\/div>\n\t<\/div>\n\t\t<\/div>\n\t<\/div>\n<\/div><\/div>\n\n\t<\/div>\n\t<\/section><section   class=\"fw-main-row-custom fw-section-no-padding  auto  fw-section-position-back tf-sh-0f4ce0ed1e87fc84c20eee6d4b953885 quick-reservation-section\"    >\n\t\t\t<div class=\"fw-container\" >\n\t\t<div class=\"fw-row\">\n\t<div id=\"column-69f1fe275e72b\" class=\"fw-col-sm-12  fw-col-md-12 tf-sh-550411c3cbc9549ca15db17a96efcfbe quick-reservation fw-animated-element\" data-animation-type=\"fadeInUp\" data-animation-delay=\"200\">\n\t<div class=\"fw-wrap-col-inner clearfix  \"   >\n\t\t\t\t<div class=\"fw-col-inner\">\n\t\t\t<div class=\"fw-raw-code \">\n\t<script src=\"https:\/\/panel.hotres.pl\/public\/api\/hotres_v4_chooser.js\"><\/script> <form action=\"https:\/\/panel.hotres.pl\/v4_step1\" target=\"_blank\" class=\"hotresChooser\" id=\"hotresChooser\" method=\"get\"><input type=\"hidden\" name=\"oid\" id=\"hotresOid\" value=\"1356\" \/><input type=\"hidden\" name=\"lang\" id=\"hotresLang\" value=\"\" \/> <input type=\"hidden\" name=\"arrival\" id=\"hotresArrival\" \/><input type=\"hidden\" name=\"departure\" id=\"hotresDeparture\" \/><div class=\"hotresRangeChooser\" id=\"hotresRangeChooser\">    <div id=\"hotresArrivalWrap\"><\/div>    <div id=\"hotresDepartureWrap\"><\/div><\/div><div class=\"hotresAdultsChooser\" id=\"hotresAdultsChooser\"><select name=\"adults\" id=\"hotresAdultsSelect\"><\/select><\/div><div class=\"hotresSubmit\"><button id=\"hotresButtonChooser\"><\/button><\/div><\/form><script>window.addEventListener('load', (event) => { new hotresChooser({'maxAdults':10});});<\/script><\/div>\t\t<\/div>\n\t<\/div>\n<\/div><\/div>\n\n\t<\/div>\n\t<\/section><section   class=\"fw-main-row-custom fw-section-no-padding  auto  fw-section-position-back tf-sh-39d7e95eddd9f0be66825bfdce1207a5\"    >\n\t\t\t<div class=\"fw-container\" >\n\t\t<div class=\"fw-row\">\n\t<div id=\"column-69f1fe275eee4\" class=\"fw-col-sm-12 tf-sh-0286821bce6124f458e6611104eb612d\" >\n\t<div class=\"fw-wrap-col-inner clearfix  \"   >\n\t\t\t\t<div class=\"fw-col-inner\">\n\t\t\t<div class=\"fw-divider-space  fw-custom-space  fw-mobile-hide-element clearfix\" style=\"height:120px;\" ><\/div>\t\t<\/div>\n\t<\/div>\n<\/div><\/div>\n\n<div class=\"fw-row\">\n\t<div id=\"column-69f1fe275f327\" class=\"fw-col-sm-12 fw-col-md-6 tf-sh-82be833f29c587b202d09fa0308729c4  fw-animated-element\" data-animation-type=\"fadeInUp\" data-animation-delay=\"300\">\n\t<div class=\"fw-wrap-col-inner clearfix  \"   >\n\t\t\t\t<div class=\"fw-col-inner\">\n\t\t\t\n\t\n\t\t<div class=\"fw-block-image-parent  fw-block-image-left\"  style=\"width: 454px; \">\n\t\t\t<span class=\"fw-block-image-child fw-ratio-3-4 fw-ratio-container\">\n\t\t\t\t<noscript itemscope itemtype=\"https:\/\/schema.org\/ImageObject\" itemprop=\"image\"><img decoding=\"async\" src=\"https:\/\/krainawetlina.pl\/wp-content\/uploads\/2020\/03\/Kraina-Wetlina-domki-i-apartamenty-w-Bieszczadach-307.jpg\"  alt=\"Kraina Wetlina Bieszczady domki i apartamenty, nocleg w g\u00f3rach, na wynajem, domek\" data-maxdpr=\"1.7\" width=\"454\" class=\"lazyload\" \/><meta itemprop=\"url\" content=\"https:\/\/krainawetlina.pl\/wp-content\/uploads\/2020\/03\/Kraina-Wetlina-domki-i-apartamenty-w-Bieszczadach-307.jpg\"><meta itemprop=\"width\" content=\"1028\"><meta itemprop=\"height\" content=\"1370\"><\/noscript><img decoding=\"async\" src=\"data:image\/gif;base64,R0lGODlhAQABAIAAAAAAAP\/\/\/yH5BAEAAAAALAAAAAABAAEAAAIBRAA7\" data-sizes=\"auto\" data-srcset=\"https:\/\/krainawetlina.pl\/wp-content\/uploads\/2020\/03\/Kraina-Wetlina-domki-i-apartamenty-w-Bieszczadach-307-225x300.jpg 225w, https:\/\/krainawetlina.pl\/wp-content\/uploads\/2020\/03\/Kraina-Wetlina-domki-i-apartamenty-w-Bieszczadach-307-768x1024.jpg 768w, https:\/\/krainawetlina.pl\/wp-content\/uploads\/2020\/03\/Kraina-Wetlina-domki-i-apartamenty-w-Bieszczadach-307-768x1024.jpg 768w, https:\/\/krainawetlina.pl\/wp-content\/uploads\/2020\/03\/Kraina-Wetlina-domki-i-apartamenty-w-Bieszczadach-307-295x393.jpg 295w, https:\/\/krainawetlina.pl\/wp-content\/uploads\/2020\/03\/Kraina-Wetlina-domki-i-apartamenty-w-Bieszczadach-307-590x786.jpg 590w, https:\/\/krainawetlina.pl\/wp-content\/uploads\/2020\/03\/Kraina-Wetlina-domki-i-apartamenty-w-Bieszczadach-307.jpg 1028w\"   alt=\"Kraina Wetlina Bieszczady domki i apartamenty, nocleg w g\u00f3rach, na wynajem, domek\" data-maxdpr=\"1.7\" width=\"454\" class=\"lazyload\" \/>\t\t\t\t\t\t\t<\/span>\n\t\t<\/div>\n\n\t\n\t\t<\/div>\n\t<\/div>\n<\/div><div id=\"column-69f1fe275fc46\" class=\"fw-col-sm-12 fw-col-md-6 tf-sh-16f592f80a888b8442042571e483299b  fw-animated-element fw-col-no-padding\" data-animation-type=\"fadeInUp\" data-animation-delay=\"500\">\n\t<div class=\"fw-wrap-col-inner clearfix  \"   >\n\t\t\t\t<div class=\"fw-col-inner\">\n\t\t\t<div class=\"fw-divider-space  fw-custom-space  clearfix\" style=\"height:38px;\" ><\/div><div class=\"fw-heading fw-heading-left  tf-sh-7eb35f7ccaa39a84f021f53c20b04abd\" >\n\t\t\t<h1 class=\"fw-special-title\">KRAINA WETLINA - WYMARZONY WYPOCZYNEK<\/h1>\n\t\n\t\n\t<\/div><div class=\"fw-heading fw-heading-left  tf-sh-383c911edf43b85433030644ed9d2d92\" >\n\t\t\t<h2 class=\"fw-special-title\">Niesamowita przyroda<br>\u2028Komfortowe warunki<\/h2>\n\t\n\t\n\t<\/div><div class=\"fw-divider-space  fw-custom-space  clearfix\" style=\"height:20px;\" ><\/div><div class=\"fw-text-box tf-sh-31f58094e49c6585f0a40b349e2fed86 \" >\n\t<div class=\"fw-text-inner\">\n\t\t<p>Chcesz zaskoczy\u0107 wyj\u0105tkow\u0105 osob\u0119 romantycznym wypadem w g\u00f3ry, a mo\u017ce planujesz sp\u0119dzi\u0107 przyjemny urlop z rodzin\u0105 urz\u0105dzaj\u0105c pikniki na kwiecistej polnej \u0142\u0105ce? Masz ochot\u0119 spotka\u0107 si\u0119 z przyjaci\u00f3\u0142mi z dala od zgie\u0142ku miasta, wsp\u00f3lnie grilluj\u0105c pod rozgwie\u017cd\u017conym niebem czy po prostu marzysz o komfortowym wypoczynku i wyciszeniu sp\u0119dzaj\u0105c przyjemne popo\u0142udnia z ksi\u0105\u017ck\u0105 na drewnianym tarasie z widokiem na kolorowe szczyty g\u00f3rskie? Niezale\u017cnie od Twoich plan\u00f3w, w Krainie Wetlina przygotowali\u015bmy dla Ciebie do wyboru 6 wygodnie urz\u0105dzonych apartament\u00f3w, dzi\u0119ki kt\u00f3rym Tw\u00f3j wypoczynek w Bieszczadach nabierze ca\u0142kiem nowego charakteru.<\/p>\n\t<\/div>\n<\/div>\t\t<\/div>\n\t<\/div>\n<\/div><\/div>\n\n<div class=\"fw-row\">\n\t<div id=\"column-69f1fe27603d4\" class=\"fw-col-sm-12 tf-sh-6b3b528400f0fa8b3b6496439b1860d9\" >\n\t<div class=\"fw-wrap-col-inner clearfix  \"   >\n\t\t\t\t<div class=\"fw-col-inner\">\n\t\t\t<div class=\"fw-divider-space  fw-custom-space  fw-mobile-hide-element clearfix\" style=\"height:124px;\" ><\/div>\t\t<\/div>\n\t<\/div>\n<\/div><\/div>\n\n\t<\/div>\n\t<\/section><section   class=\"fw-main-row-custom fw-section-no-padding  fw-section-height-custom  fw-section-position-back tf-sh-d6c914c59f6b3afdff675ba105502fae rooms-others-section\"  style=\" background-color:#58677e; height: 650px;\"  >\n\t\t\t<div class=\"fw-container\" >\n\t\t<div class=\"fw-row\">\n\t<div id=\"column-69f1fe2760c77\" class=\"fw-col-sm-6 fw-col-md-3 tf-sh-ec8bf045b3cde762022db8691a7eadbd  fw-animated-element fw-col-no-padding\" data-animation-type=\"fadeInUp\" data-animation-delay=\"300\">\n\t<div class=\"fw-wrap-col-inner clearfix  \"   >\n\t\t\t\t<div class=\"fw-col-inner\">\n\t\t\t<div class=\"fw-flip-box fw-flip-box-fade-flip fw-flip-box-content-align-center clearfix  tf-sh-15af2e7de1c542e49583dcf3395243a5\" >\n\t<div class=\"fw-flip-box-wrap\">\n\t\t<!-- Front  -->\n\t\t<div class=\"fw-flip-box-front\">\n\t\t\t\t\t\t<div class=\"fw-flip-box-content\">\n\t\t\t\t\n\t\t\t\t\t\t\t\t\n\t\t\t\t\n\t\t\t\t\n\t\t\t\t\t\t\t<\/div>\n\t\t<\/div>\n\n\t\t<!-- Back -->\n\t\t<div class=\"fw-flip-box-back\">\n\t\t\t<div class=\"fw-main-row-overlay\" style=\"background-color: #04101b; opacity: 0.75;\"><\/div>\t\t\t<div class=\"fw-flip-box-content\">\n\t\t\t\t\n\t\t\t\t\t\t\t\t\n\t\t\t\t\t\t\t\t\t<h4 class=\"fw-flip-box-title\">Natura<br> <span style=\"font-family:Spinnaker; font-size: 13px; letter-spacing:4px; color:#d9a36a; line-height:18px;\">NA WYCI\u0104GNI\u0118CIE R\u0118KI<\/span><br><\/h4>\n\t\t\t\t\n\t\t\t\t\t\t\t\t\t<div class=\"fw-flip-description\">\n\t\t\t\t\t\t<p style=\"text-align: center; padding-top: 20px; padding-bottom: 15px;\">Kraina Wetlina to domki<br \/>i apartamenty po\u0142o\u017cone<br \/>w ustronnym otoczeniu wspania\u0142ej bieszczadzkiej przyrody<\/p>\t\t\t\t\t<\/div>\n\t\t\t\t\n\t\t\t\t\t\t\t<\/div>\n\t\t<\/div>\n\t<\/div>\n<\/div>\t\t<\/div>\n\t<\/div>\n<\/div><div id=\"column-69f1fe276123e\" class=\"fw-col-sm-6 fw-col-md-3 tf-sh-8ffa592b33c1a550e84b1c372d43ee0d  fw-animated-element fw-col-no-padding\" data-animation-type=\"fadeInUp\" data-animation-delay=\"400\">\n\t<div class=\"fw-wrap-col-inner clearfix  \"   >\n\t\t\t\t<div class=\"fw-col-inner\">\n\t\t\t<div class=\"fw-flip-box fw-flip-box-fade-flip fw-flip-box-content-align-center clearfix  tf-sh-6d7e56c424722c0fd7d5098511cc443f\" >\n\t<div class=\"fw-flip-box-wrap\">\n\t\t<!-- Front  -->\n\t\t<div class=\"fw-flip-box-front\">\n\t\t\t\t\t\t<div class=\"fw-flip-box-content\">\n\t\t\t\t\n\t\t\t\t\t\t\t\t\n\t\t\t\t\n\t\t\t\t\n\t\t\t\t\t\t\t<\/div>\n\t\t<\/div>\n\n\t\t<!-- Back -->\n\t\t<div class=\"fw-flip-box-back\">\n\t\t\t<div class=\"fw-main-row-overlay\" style=\"background-color: #04101b; opacity: 0.75;\"><\/div>\t\t\t<div class=\"fw-flip-box-content\">\n\t\t\t\t\n\t\t\t\t\t\t\t\t\n\t\t\t\t\t\t\t\t\t<h4 class=\"fw-flip-box-title\">Wygodne <br> <span style=\"font-family:Spinnaker; font-size: 13px; letter-spacing:4px; color:#d9a36a; line-height:18px;\">PRZESTRZENIE<\/span><br><\/h4>\n\t\t\t\t\n\t\t\t\t\t\t\t\t\t<div class=\"fw-flip-description\">\n\t\t\t\t\t\t<p style=\"text-align: center; padding-top: 20px; padding-bottom: 15px;\">Dla wygody naszych Go\u015bci ka\u017cdy apartament wyposa\u017cony jest w wygodn\u0105 przestrze\u0144 wsp\u00f3ln\u0105 sk\u0142adaj\u0105c\u0105 si\u0119 z otwartego salonu z kuchni\u0105 oraz wydzielonej \u0142azienki<\/p>\t\t\t\t\t<\/div>\n\t\t\t\t\n\t\t\t\t\t\t\t<\/div>\n\t\t<\/div>\n\t<\/div>\n<\/div>\t\t<\/div>\n\t<\/div>\n<\/div><div id=\"column-69f1fe2761725\" class=\"fw-col-sm-6 fw-col-md-3 tf-sh-90d4e2319071d540fe70fa983616918b  fw-animated-element fw-col-no-padding\" data-animation-type=\"fadeInUp\" data-animation-delay=\"500\">\n\t<div class=\"fw-wrap-col-inner clearfix  \"   >\n\t\t\t\t<div class=\"fw-col-inner\">\n\t\t\t<div class=\"fw-flip-box fw-flip-box-fade-flip fw-flip-box-content-align-center clearfix  tf-sh-7078ea2b273ffa25dd458b50992e92cb\" >\n\t<div class=\"fw-flip-box-wrap\">\n\t\t<!-- Front  -->\n\t\t<div class=\"fw-flip-box-front\">\n\t\t\t\t\t\t<div class=\"fw-flip-box-content\">\n\t\t\t\t\n\t\t\t\t\t\t\t\t\n\t\t\t\t\n\t\t\t\t\n\t\t\t\t\t\t\t<\/div>\n\t\t<\/div>\n\n\t\t<!-- Back -->\n\t\t<div class=\"fw-flip-box-back\">\n\t\t\t<div class=\"fw-main-row-overlay\" style=\"background-color: #04101b; opacity: 0.75;\"><\/div>\t\t\t<div class=\"fw-flip-box-content\">\n\t\t\t\t\n\t\t\t\t\t\t\t\t\n\t\t\t\t\t\t\t\t\t<h4 class=\"fw-flip-box-title\">Spokojny <br> <span style=\"font-family:Spinnaker; font-size: 13px; letter-spacing:4px; color:#d9a36a; line-height:18px;\">SEN <\/br>I WYPOCZYNEK<\/span><br><\/h4>\n\t\t\t\t\n\t\t\t\t\t\t\t\t\t<div class=\"fw-flip-description\">\n\t\t\t\t\t\t<p style=\"text-align: center; padding-top: 20px; padding-bottom: 15px;\">Wygodne sypialnie z szerokimi \u0142\u00f3\u017ckami \u015bcielonymi bia\u0142\u0105, satynow\u0105 po\u015bciel\u0105 zapewniaj\u0105 hotelowy komfort w przytulnych g\u00f3rskich warunkach<\/p>\t\t\t\t\t<\/div>\n\t\t\t\t\n\t\t\t\t\t\t\t<\/div>\n\t\t<\/div>\n\t<\/div>\n<\/div>\t\t<\/div>\n\t<\/div>\n<\/div><div id=\"column-69f1fe2761c38\" class=\"fw-col-sm-6 fw-col-md-3 tf-sh-28842ae498ebc6f827c4d46e9e09d2fa  fw-animated-element fw-col-no-padding\" data-animation-type=\"fadeInUp\" data-animation-delay=\"600\">\n\t<div class=\"fw-wrap-col-inner clearfix  \"   >\n\t\t\t\t<div class=\"fw-col-inner\">\n\t\t\t<div class=\"fw-flip-box fw-flip-box-fade-flip fw-flip-box-content-align-center clearfix  tf-sh-5bd4144af6497fcc18f71da62017036c\" >\n\t<div class=\"fw-flip-box-wrap\">\n\t\t<!-- Front  -->\n\t\t<div class=\"fw-flip-box-front\">\n\t\t\t\t\t\t<div class=\"fw-flip-box-content\">\n\t\t\t\t\n\t\t\t\t\t\t\t\t\n\t\t\t\t\n\t\t\t\t\n\t\t\t\t\t\t\t<\/div>\n\t\t<\/div>\n\n\t\t<!-- Back -->\n\t\t<div class=\"fw-flip-box-back\">\n\t\t\t<div class=\"fw-main-row-overlay\" style=\"background-color: #04101b; opacity: 0.75;\"><\/div>\t\t\t<div class=\"fw-flip-box-content\">\n\t\t\t\t\n\t\t\t\t\t\t\t\t\n\t\t\t\t\t\t\t\t\t<h4 class=\"fw-flip-box-title\">W\u0119dr\u00f3wki<br> <span style=\"font-family:Spinnaker; font-size: 13px; letter-spacing:4px; color:#d9a36a; line-height:18px;\">PO G\u00d3RACH<\/span><br><\/h4>\n\t\t\t\t\n\t\t\t\t\t\t\t\t\t<div class=\"fw-flip-description\">\n\t\t\t\t\t\t<p style=\"text-align: center; padding-top: 20px; padding-bottom: 15px;\">Odkrywaj uroki Bieszczad o ka\u017cdej porze roku! Po\u0142o\u017cenie Krainy Wetlina daje \u0142atwy dost\u0119p do g\u0142\u00f3wnych szlak\u00f3w g\u00f3rskich oraz do centrum wsi<\/p>\t\t\t\t\t<\/div>\n\t\t\t\t\n\t\t\t\t\t\t\t<\/div>\n\t\t<\/div>\n\t<\/div>\n<\/div>\t\t<\/div>\n\t<\/div>\n<\/div><\/div>\n\n\t<\/div>\n\t<\/section><section   class=\"fw-main-row-custom fw-section-no-padding  auto  fw-section-position-back tf-sh-f8737067e9b7d0d1cce894d2a8bdccdd\"    >\n\t\t\t<div class=\"fw-container\" >\n\t\t<div class=\"fw-row\">\n\t<div id=\"column-69f1fe276261f\" class=\"fw-col-sm-12 tf-sh-5ba5d05f777503d9eb5f4e6e77450ef8\" >\n\t<div class=\"fw-wrap-col-inner clearfix  \"   >\n\t\t\t\t<div class=\"fw-col-inner\">\n\t\t\t<div class=\"fw-divider-space  fw-custom-space  fw-mobile-hide-element clearfix\" style=\"height:90px;\" ><\/div>\t\t<\/div>\n\t<\/div>\n<\/div><\/div>\n\n<div class=\"fw-row\">\n\t<div id=\"column-69f1fe2762a24\" class=\"fw-col-sm-12 fw-col-md-6 tf-sh-79c41ddf9b1771f498585f19ea7cb4f7  fw-animated-element fw-col-no-padding\" data-animation-type=\"fadeInUp\" data-animation-delay=\"300\">\n\t<div class=\"fw-wrap-col-inner clearfix  \"   >\n\t\t\t\t<div class=\"fw-col-inner\">\n\t\t\t<div class=\"fw-divider-space  fw-custom-space  fw-mobile-hide-element clearfix\" style=\"height:38px;\" ><\/div><div class=\"fw-heading fw-heading-left  fw-heading-with-subtitle tf-sh-4c664b8547e321144f5dd218bb386e2e\" >\n\t\n\t\n\t\t\t<div class=\"fw-special-subtitle\">DOGODNA LOKALIZACJA<\/div>\n\t<\/div><div class=\"fw-heading fw-heading-left  tf-sh-3d89b6c535e80aaca3814bdf84c9f7ed\" >\n\t\t\t<h2 class=\"fw-special-title\">Nasza kraina le\u017cy <br> w g\u00f3rach, kt\u00f3re kochamy.<\/h2>\n\t\n\t\n\t<\/div><div class=\"fw-divider-space  fw-custom-space  clearfix\" style=\"height:20px;\" ><\/div><div class=\"fw-text-box tf-sh-3b6bcbba0a2202433e041064d55a559f \" >\n\t<div class=\"fw-text-inner\">\n\t\t<p><span style=\"color: #3b3e43;\">Kraina Wetlina<\/span> zlokalizowana jest w otulinie Bieszczadzkiego Parku Narodowego, w samym sercu wsi o tej samej nazwie. Wygodne po\u0142o\u017cenie u podn\u00f3\u017ca Hnatowego Berda zapewnia blisko\u015b\u0107 sklep\u00f3w i restauracji oraz dogodny wyjazd na Wielk\u0105 p\u0119tl\u0119 bieszczadzk\u0105 daj\u0105c\u0105 szybki dojazd do wi\u0119kszo\u015bci atrakcji znajduj\u0105cych si\u0119 w okolicy. Lokalizacja pod adresem <span style=\"color: #3b3e43;\">Wetlina 157<\/span> gwarantuje komfortowy wypoczynek w ciszy i spokoju poniewa\u017c domki usytuowane s\u0105 z dala od innych zabudowa\u0144. Naszymi najbli\u017cszymi s\u0105siadami s\u0105 polna \u0142\u0105ka i las wspinaj\u0105cy si\u0119 ku po\u0142oninom.<\/p>\n\t<\/div>\n<\/div><div class=\"fw-divider-space  fw-custom-space  clearfix\" style=\"height:25px;\" ><\/div><div class=\"fw-heading fw-heading-left  tf-sh-45a7ca66ea6da346f71a268e776883b4\" >\n\t\t\t<h4 class=\"fw-special-title\">Wskaz\u00f3wki dojazdu jad\u0105c od strony Cisnej<\/h4>\n\t\n\t\n\t<\/div><div class=\"fw-list list-icon  tf-sh-363082fb68df645a3b37946713abf731 \" >\n\t<ul>\n\t\t\n\t\t\t\n\t\t\t\t<li><i class=\"fa fa-circle\" style=\"font-size:4px;\"><\/i>\n\t\t\t\t\tw Wetlinie skr\u0119\u0107 w lewo 300 m za sklepem ABC\n\t\t\t\t\t\t\t\t\t<\/li>\n\n\t\t\t\n\t\t\t\t<li><i class=\"fa fa-circle\" style=\"font-size:4px;\"><\/i>\n\t\t\t\t\twjed\u017a pod g\u00f3rk\u0119 i skr\u0119\u0107 w prawo na rozwidleniu\n\t\t\t\t\t\t\t\t\t<\/li>\n\n\t\t\t\n\t\t\t\t<li><i class=\"fa fa-circle\" style=\"font-size:4px;\"><\/i>\n\t\t\t\t\tjed\u017a dalej prosto - na ko\u0144cu drogi le\u017cy Kraina Wetlina\n\t\t\t\t\t\t\t\t\t<\/li>\n\n\t\t\t\t\t\t<\/ul>\n<\/div>\t\t<\/div>\n\t<\/div>\n<\/div><div id=\"column-69f1fe27635ca\" class=\"fw-col-sm-12 fw-col-md-6 tf-sh-690c5b366d40111090d83b8142d97cb4  fw-animated-element\" data-animation-type=\"fadeInUp\" data-animation-delay=\"500\">\n\t<div class=\"fw-wrap-col-inner clearfix  \"   >\n\t\t\t\t<div class=\"fw-col-inner\">\n\t\t\t<div class=\"wrap-map fw-map  tf-sh-376d10cf2b89106678114550785f060d\"  data-locations=\"[{&quot;title&quot;:&quot;Kraina Wetlina&quot;,&quot;url&quot;:&quot;&quot;,&quot;thumb&quot;:&quot;https:\\\/\\\/krainawetlina.pl\\\/wp-content\\\/uploads\\\/2018\\\/06\\\/Kraina-Wetlina-favicon-100x60.jpg&quot;,&quot;coordinates&quot;:{&quot;lat&quot;:49.1554174,&quot;lng&quot;:22.4715097},&quot;description&quot;:&quot;&quot;}]\" data-map-type=\"ROADMAP\" data-map-height=\"740\" data-unique-id=\"376d10cf2b89106678114550785f060d\" data-location-advanced-styling=\"{&quot;title&quot;:{&quot;google_font&quot;:true,&quot;subset&quot;:&quot;latin&quot;,&quot;variation&quot;:&quot;regular&quot;,&quot;family&quot;:&quot;Prata&quot;,&quot;style&quot;:false,&quot;weight&quot;:false,&quot;size&quot;:&quot;20&quot;,&quot;line-height&quot;:&quot;28&quot;,&quot;letter-spacing&quot;:&quot;0&quot;,&quot;color-palette&quot;:{&quot;id&quot;:&quot;fw-custom&quot;,&quot;color&quot;:&quot;&quot;},&quot;is_saved&quot;:false},&quot;description&quot;:{&quot;google_font&quot;:true,&quot;subset&quot;:&quot;latin-ext&quot;,&quot;variation&quot;:&quot;regular&quot;,&quot;family&quot;:&quot;Spinnaker&quot;,&quot;style&quot;:false,&quot;weight&quot;:false,&quot;size&quot;:&quot;16&quot;,&quot;line-height&quot;:&quot;30&quot;,&quot;letter-spacing&quot;:&quot;-0.3&quot;,&quot;color-palette&quot;:{&quot;id&quot;:&quot;fw-custom&quot;,&quot;color&quot;:&quot;&quot;},&quot;is_saved&quot;:false}}\" data-map-pin=\"{&quot;url&quot;:&quot;\\\/\\\/krainawetlina.pl\\\/wp-content\\\/uploads\\\/2017\\\/03\\\/map-pin-2.png&quot;}\" data-map-zoom=\"15\" data-map-style=\"[{&quot;featureType&quot;:&quot;administrative.locality&quot;,&quot;elementType&quot;:&quot;labels&quot;,&quot;stylers&quot;:[{&quot;visibility&quot;:&quot;on&quot;}]},{&quot;featureType&quot;:&quot;administrative.locality&quot;,&quot;elementType&quot;:&quot;labels.text.fill&quot;,&quot;stylers&quot;:[{&quot;color&quot;:&quot;#000000&quot;},{&quot;visibility&quot;:&quot;on&quot;}]},{&quot;featureType&quot;:&quot;administrative.locality&quot;,&quot;elementType&quot;:&quot;labels.text.stroke&quot;,&quot;stylers&quot;:[{&quot;visibility&quot;:&quot;on&quot;},{&quot;color&quot;:&quot;#ffffff&quot;},{&quot;weight&quot;:&quot;0.75&quot;}]},{&quot;featureType&quot;:&quot;landscape.natural&quot;,&quot;elementType&quot;:&quot;geometry.fill&quot;,&quot;stylers&quot;:[{&quot;visibility&quot;:&quot;on&quot;},{&quot;color&quot;:&quot;#ded7c6&quot;}]},{&quot;featureType&quot;:&quot;poi&quot;,&quot;elementType&quot;:&quot;geometry.fill&quot;,&quot;stylers&quot;:[{&quot;visibility&quot;:&quot;on&quot;},{&quot;color&quot;:&quot;#ded7c6&quot;}]},{&quot;featureType&quot;:&quot;road&quot;,&quot;elementType&quot;:&quot;geometry&quot;,&quot;stylers&quot;:[{&quot;lightness&quot;:100},{&quot;visibility&quot;:&quot;simplified&quot;}]},{&quot;featureType&quot;:&quot;road&quot;,&quot;elementType&quot;:&quot;labels&quot;,&quot;stylers&quot;:[{&quot;visibility&quot;:&quot;off&quot;}]},{&quot;featureType&quot;:&quot;transit.line&quot;,&quot;elementType&quot;:&quot;geometry&quot;,&quot;stylers&quot;:[{&quot;visibility&quot;:&quot;on&quot;},{&quot;lightness&quot;:700}]},{&quot;featureType&quot;:&quot;water&quot;,&quot;elementType&quot;:&quot;all&quot;,&quot;stylers&quot;:[{&quot;color&quot;:&quot;#c3a866&quot;}]},{&quot;featureType&quot;:&quot;water&quot;,&quot;elementType&quot;:&quot;labels&quot;,&quot;stylers&quot;:[{&quot;visibility&quot;:&quot;off&quot;}]}]\" data-animation-group=\"{&quot;selected&quot;:&quot;no&quot;,&quot;yes&quot;:{&quot;animation&quot;:{&quot;animation&quot;:&quot;fadeInUp&quot;,&quot;delay&quot;:&quot;200&quot;}}}\" data-responsive=\"{&quot;desktop_display&quot;:{&quot;selected&quot;:&quot;yes&quot;},&quot;tablet_landscape_display&quot;:{&quot;selected&quot;:&quot;yes&quot;},&quot;tablet_display&quot;:{&quot;selected&quot;:&quot;yes&quot;},&quot;smartphone_display&quot;:{&quot;selected&quot;:&quot;yes&quot;}}\" data-class=\"\" >\n\t<div class=\"fw-map-canvas map\"><\/div>\n<\/div>\t\t<\/div>\n\t<\/div>\n<\/div><\/div>\n\n<div class=\"fw-row\">\n\t<div id=\"column-69f1fe27647a2\" class=\"fw-col-sm-12 tf-sh-9648495d0628dc368fc4e6ae572b82d2\" >\n\t<div class=\"fw-wrap-col-inner clearfix  \"   >\n\t\t\t\t<div class=\"fw-col-inner\">\n\t\t\t<div class=\"fw-divider-space space-sm  fw-mobile-hide-element clearfix\"  ><\/div>\n\t\t\t<div class=\"fw-block-image-parent  fw-block-image-icon  fw-mobile-hide-element \"  style=\"width: 100%; \">\n\t\t\t<a class=\"fw-block-image-child fw-noratio fw-ratio-container \" href=\"https:\/\/lesneuroczysko.pl\/\" target=&#039;_blank&#039;>\n\t\t\t\t<noscript itemscope itemtype=\"https:\/\/schema.org\/ImageObject\" itemprop=\"image\"><img decoding=\"async\" src=\"https:\/\/krainawetlina.pl\/wp-content\/uploads\/2023\/10\/Lesne-uroczysko-dom-w-Bieszczadach.jpg\"  alt=\"Les\u0301ne uroczysko &#8211; dom w Bieszczadach\" data-maxdpr=\"1.7\" class=\"lazyload\" \/><meta itemprop=\"url\" content=\"https:\/\/krainawetlina.pl\/wp-content\/uploads\/2023\/10\/Lesne-uroczysko-dom-w-Bieszczadach.jpg\"><meta itemprop=\"width\" content=\"1350\"><meta itemprop=\"height\" content=\"212\"><\/noscript><img decoding=\"async\" src=\"data:image\/gif;base64,R0lGODlhAQABAIAAAAAAAP\/\/\/yH5BAEAAAAALAAAAAABAAEAAAIBRAA7\" data-sizes=\"auto\" data-srcset=\"https:\/\/krainawetlina.pl\/wp-content\/uploads\/2023\/10\/Lesne-uroczysko-dom-w-Bieszczadach.jpg\"   alt=\"Les\u0301ne uroczysko &#8211; dom w Bieszczadach\" data-maxdpr=\"1.7\" class=\"lazyload\" \/><span class=\"fw-after-no-ratio\" style=\"padding-bottom: 15.703703703704%\"><\/span>\t\t\t\t                \t\t\t<\/a>\n\t\t<\/div>\n\t\n<div class=\"fw-divider-space space-sm  fw-mobile-hide-element clearfix\"  ><\/div>\t\t<\/div>\n\t<\/div>\n<\/div><\/div>\n\n\t<\/div>\n\t<\/section><\/p>\n","protected":false},"excerpt":{"rendered":"<p>MAGICZNY ZAK\u0104TEK W BIESZCZADACH MIEJSCE NA WYJ\u0104TKOWY URLOP KRAINA WETLINA &#8211; WYMARZONY WYPOCZYNEK Niesamowita przyroda\u2028Komfortowe warunki Chcesz zaskoczy\u0107 wyj\u0105tkow\u0105 osob\u0119 romantycznym wypadem w g\u00f3ry, a mo\u017ce planujesz sp\u0119dzi\u0107 przyjemny urlop z rodzin\u0105 urz\u0105dzaj\u0105c pikniki na kwiecistej polnej \u0142\u0105ce? Masz ochot\u0119 spotka\u0107 si\u0119 z przyjaci\u00f3\u0142mi z dala od zgie\u0142ku miasta, wsp\u00f3lnie grilluj\u0105c pod rozgwie\u017cd\u017conym niebem czy [&hellip;]<\/p>\n","protected":false},"author":1,"featured_media":0,"parent":0,"menu_order":0,"comment_status":"closed","ping_status":"closed","template":"visual-builder-template.php","meta":{"_monsterinsights_skip_tracking":false,"_monsterinsights_sitenote_active":false,"_monsterinsights_sitenote_note":"","_monsterinsights_sitenote_category":0,"footnotes":""},"class_list":["post-5","page","type-page","status-publish","hentry"],"yoast_head":"<!-- This site is optimized with the Yoast SEO plugin v26.9 - https:\/\/yoast.com\/product\/yoast-seo-wordpress\/ -->\n<title>Kraina Wetlina - Wyj\u0105tkowe apartamenty w Bieszczadach<\/title>\n<meta name=\"description\" content=\"Kraina Wetlina to sze\u015b\u0107 komfortowych apartament\u00f3w i domk\u00f3w, w kt\u00f3rych wypoczynek w Bieszczadach nabiera ca\u0142kiem nowego charakteru.\" \/>\n<meta name=\"robots\" content=\"index, follow, max-snippet:-1, max-image-preview:large, max-video-preview:-1\" \/>\n<link rel=\"canonical\" href=\"https:\/\/krainawetlina.pl\/pl\/\" \/>\n<meta property=\"og:locale\" content=\"pl_PL\" \/>\n<meta property=\"og:type\" content=\"article\" \/>\n<meta property=\"og:title\" content=\"Kraina Wetlina - Wyj\u0105tkowe apartamenty w Bieszczadach\" \/>\n<meta property=\"og:description\" content=\"Kraina Wetlina to sze\u015b\u0107 komfortowych apartament\u00f3w i domk\u00f3w, w kt\u00f3rych wypoczynek w Bieszczadach nabiera ca\u0142kiem nowego charakteru.\" \/>\n<meta property=\"og:url\" content=\"https:\/\/krainawetlina.pl\/pl\/\" \/>\n<meta property=\"og:site_name\" content=\"Kraina Wetlina\" \/>\n<meta property=\"article:publisher\" content=\"https:\/\/www.facebook.com\/krainawetlina\" \/>\n<meta property=\"article:modified_time\" content=\"2024-02-24T13:19:31+00:00\" \/>\n<meta property=\"og:image\" content=\"https:\/\/krainawetlina.pl\/wp-content\/uploads\/2020\/03\/Kraina-Wetlina-domki-i-apartamenty-w-Bieszczadach-4.jpeg\" \/>\n\t<meta property=\"og:image:width\" content=\"1600\" \/>\n\t<meta property=\"og:image:height\" content=\"1200\" \/>\n\t<meta property=\"og:image:type\" content=\"image\/jpeg\" \/>\n<meta name=\"twitter:card\" content=\"summary_large_image\" \/>\n<meta name=\"twitter:image\" content=\"https:\/\/krainawetlina.pl\/wp-content\/uploads\/2020\/03\/Kraina-Wetlina-domki-i-apartamenty-w-Bieszczadach-4.jpeg\" \/>\n<meta name=\"twitter:label1\" content=\"Szacowany czas czytania\" \/>\n\t<meta name=\"twitter:data1\" content=\"2 minuty\" \/>\n<script type=\"application\/ld+json\" class=\"yoast-schema-graph\">{\"@context\":\"https:\/\/schema.org\",\"@graph\":[{\"@type\":\"WebPage\",\"@id\":\"https:\/\/krainawetlina.pl\/\",\"url\":\"https:\/\/krainawetlina.pl\/\",\"name\":\"Kraina Wetlina - Wyj\u0105tkowe apartamenty w Bieszczadach\",\"isPartOf\":{\"@id\":\"https:\/\/krainawetlina.pl\/pl\/#website\"},\"primaryImageOfPage\":{\"@id\":\"https:\/\/krainawetlina.pl\/#primaryimage\"},\"image\":{\"@id\":\"https:\/\/krainawetlina.pl\/#primaryimage\"},\"thumbnailUrl\":\"https:\/\/krainawetlina.pl\/wp-content\/uploads\/2023\/03\/Kraina-Wetlina-domki-i-apartamenty-w-Bieszczadach-239.jpg\",\"datePublished\":\"2017-03-15T11:23:15+00:00\",\"dateModified\":\"2024-02-24T13:19:31+00:00\",\"description\":\"Kraina Wetlina to sze\u015b\u0107 komfortowych apartament\u00f3w i domk\u00f3w, w kt\u00f3rych wypoczynek w Bieszczadach nabiera ca\u0142kiem nowego charakteru.\",\"breadcrumb\":{\"@id\":\"https:\/\/krainawetlina.pl\/#breadcrumb\"},\"inLanguage\":\"pl-PL\",\"potentialAction\":[{\"@type\":\"ReadAction\",\"target\":[\"https:\/\/krainawetlina.pl\/\"]}]},{\"@type\":\"ImageObject\",\"inLanguage\":\"pl-PL\",\"@id\":\"https:\/\/krainawetlina.pl\/#primaryimage\",\"url\":\"https:\/\/krainawetlina.pl\/wp-content\/uploads\/2023\/03\/Kraina-Wetlina-domki-i-apartamenty-w-Bieszczadach-239.jpg\",\"contentUrl\":\"https:\/\/krainawetlina.pl\/wp-content\/uploads\/2023\/03\/Kraina-Wetlina-domki-i-apartamenty-w-Bieszczadach-239.jpg\"},{\"@type\":\"BreadcrumbList\",\"@id\":\"https:\/\/krainawetlina.pl\/#breadcrumb\",\"itemListElement\":[{\"@type\":\"ListItem\",\"position\":1,\"name\":\"Strona g\u0142\u00f3wna\",\"item\":\"https:\/\/krainawetlina.pl\/\"},{\"@type\":\"ListItem\",\"position\":2,\"name\":\"KRAINA WETLINA\"}]},{\"@type\":\"WebSite\",\"@id\":\"https:\/\/krainawetlina.pl\/pl\/#website\",\"url\":\"https:\/\/krainawetlina.pl\/pl\/\",\"name\":\"Kraina Wetlina\",\"description\":\"Apartamenty w Bieszczadach\",\"publisher\":{\"@id\":\"https:\/\/krainawetlina.pl\/pl\/#organization\"},\"potentialAction\":[{\"@type\":\"SearchAction\",\"target\":{\"@type\":\"EntryPoint\",\"urlTemplate\":\"https:\/\/krainawetlina.pl\/pl\/?s={search_term_string}\"},\"query-input\":{\"@type\":\"PropertyValueSpecification\",\"valueRequired\":true,\"valueName\":\"search_term_string\"}}],\"inLanguage\":\"pl-PL\"},{\"@type\":\"Organization\",\"@id\":\"https:\/\/krainawetlina.pl\/pl\/#organization\",\"name\":\"Kraina Wetlina\",\"url\":\"https:\/\/krainawetlina.pl\/pl\/\",\"logo\":{\"@type\":\"ImageObject\",\"inLanguage\":\"pl-PL\",\"@id\":\"https:\/\/krainawetlina.pl\/pl\/#\/schema\/logo\/image\/\",\"url\":\"https:\/\/krainawetlina.pl\/wp-content\/uploads\/2018\/06\/Kraina-Wetlina-logo2x2.png\",\"contentUrl\":\"https:\/\/krainawetlina.pl\/wp-content\/uploads\/2018\/06\/Kraina-Wetlina-logo2x2.png\",\"width\":1157,\"height\":1157,\"caption\":\"Kraina Wetlina\"},\"image\":{\"@id\":\"https:\/\/krainawetlina.pl\/pl\/#\/schema\/logo\/image\/\"},\"sameAs\":[\"https:\/\/www.facebook.com\/krainawetlina\",\"http:\/\/instagram.com\/krainawetlina\"]}]}<\/script>\n<!-- \/ Yoast SEO plugin. -->","yoast_head_json":{"title":"Kraina Wetlina - Wyj\u0105tkowe apartamenty w Bieszczadach","description":"Kraina Wetlina to sze\u015b\u0107 komfortowych apartament\u00f3w i domk\u00f3w, w kt\u00f3rych wypoczynek w Bieszczadach nabiera ca\u0142kiem nowego charakteru.","robots":{"index":"index","follow":"follow","max-snippet":"max-snippet:-1","max-image-preview":"max-image-preview:large","max-video-preview":"max-video-preview:-1"},"canonical":"https:\/\/krainawetlina.pl\/pl\/","og_locale":"pl_PL","og_type":"article","og_title":"Kraina Wetlina - Wyj\u0105tkowe apartamenty w Bieszczadach","og_description":"Kraina Wetlina to sze\u015b\u0107 komfortowych apartament\u00f3w i domk\u00f3w, w kt\u00f3rych wypoczynek w Bieszczadach nabiera ca\u0142kiem nowego charakteru.","og_url":"https:\/\/krainawetlina.pl\/pl\/","og_site_name":"Kraina Wetlina","article_publisher":"https:\/\/www.facebook.com\/krainawetlina","article_modified_time":"2024-02-24T13:19:31+00:00","og_image":[{"width":1600,"height":1200,"url":"https:\/\/krainawetlina.pl\/wp-content\/uploads\/2020\/03\/Kraina-Wetlina-domki-i-apartamenty-w-Bieszczadach-4.jpeg","type":"image\/jpeg"}],"twitter_card":"summary_large_image","twitter_image":"https:\/\/krainawetlina.pl\/wp-content\/uploads\/2020\/03\/Kraina-Wetlina-domki-i-apartamenty-w-Bieszczadach-4.jpeg","twitter_misc":{"Szacowany czas czytania":"2 minuty"},"schema":{"@context":"https:\/\/schema.org","@graph":[{"@type":"WebPage","@id":"https:\/\/krainawetlina.pl\/","url":"https:\/\/krainawetlina.pl\/","name":"Kraina Wetlina - Wyj\u0105tkowe apartamenty w Bieszczadach","isPartOf":{"@id":"https:\/\/krainawetlina.pl\/pl\/#website"},"primaryImageOfPage":{"@id":"https:\/\/krainawetlina.pl\/#primaryimage"},"image":{"@id":"https:\/\/krainawetlina.pl\/#primaryimage"},"thumbnailUrl":"https:\/\/krainawetlina.pl\/wp-content\/uploads\/2023\/03\/Kraina-Wetlina-domki-i-apartamenty-w-Bieszczadach-239.jpg","datePublished":"2017-03-15T11:23:15+00:00","dateModified":"2024-02-24T13:19:31+00:00","description":"Kraina Wetlina to sze\u015b\u0107 komfortowych apartament\u00f3w i domk\u00f3w, w kt\u00f3rych wypoczynek w Bieszczadach nabiera ca\u0142kiem nowego charakteru.","breadcrumb":{"@id":"https:\/\/krainawetlina.pl\/#breadcrumb"},"inLanguage":"pl-PL","potentialAction":[{"@type":"ReadAction","target":["https:\/\/krainawetlina.pl\/"]}]},{"@type":"ImageObject","inLanguage":"pl-PL","@id":"https:\/\/krainawetlina.pl\/#primaryimage","url":"https:\/\/krainawetlina.pl\/wp-content\/uploads\/2023\/03\/Kraina-Wetlina-domki-i-apartamenty-w-Bieszczadach-239.jpg","contentUrl":"https:\/\/krainawetlina.pl\/wp-content\/uploads\/2023\/03\/Kraina-Wetlina-domki-i-apartamenty-w-Bieszczadach-239.jpg"},{"@type":"BreadcrumbList","@id":"https:\/\/krainawetlina.pl\/#breadcrumb","itemListElement":[{"@type":"ListItem","position":1,"name":"Strona g\u0142\u00f3wna","item":"https:\/\/krainawetlina.pl\/"},{"@type":"ListItem","position":2,"name":"KRAINA WETLINA"}]},{"@type":"WebSite","@id":"https:\/\/krainawetlina.pl\/pl\/#website","url":"https:\/\/krainawetlina.pl\/pl\/","name":"Kraina Wetlina","description":"Apartamenty w Bieszczadach","publisher":{"@id":"https:\/\/krainawetlina.pl\/pl\/#organization"},"potentialAction":[{"@type":"SearchAction","target":{"@type":"EntryPoint","urlTemplate":"https:\/\/krainawetlina.pl\/pl\/?s={search_term_string}"},"query-input":{"@type":"PropertyValueSpecification","valueRequired":true,"valueName":"search_term_string"}}],"inLanguage":"pl-PL"},{"@type":"Organization","@id":"https:\/\/krainawetlina.pl\/pl\/#organization","name":"Kraina Wetlina","url":"https:\/\/krainawetlina.pl\/pl\/","logo":{"@type":"ImageObject","inLanguage":"pl-PL","@id":"https:\/\/krainawetlina.pl\/pl\/#\/schema\/logo\/image\/","url":"https:\/\/krainawetlina.pl\/wp-content\/uploads\/2018\/06\/Kraina-Wetlina-logo2x2.png","contentUrl":"https:\/\/krainawetlina.pl\/wp-content\/uploads\/2018\/06\/Kraina-Wetlina-logo2x2.png","width":1157,"height":1157,"caption":"Kraina Wetlina"},"image":{"@id":"https:\/\/krainawetlina.pl\/pl\/#\/schema\/logo\/image\/"},"sameAs":["https:\/\/www.facebook.com\/krainawetlina","http:\/\/instagram.com\/krainawetlina"]}]}},"brizy_media":[],"_links":{"self":[{"href":"https:\/\/krainawetlina.pl\/pl\/wp-json\/wp\/v2\/pages\/5","targetHints":{"allow":["GET"]}}],"collection":[{"href":"https:\/\/krainawetlina.pl\/pl\/wp-json\/wp\/v2\/pages"}],"about":[{"href":"https:\/\/krainawetlina.pl\/pl\/wp-json\/wp\/v2\/types\/page"}],"author":[{"embeddable":true,"href":"https:\/\/krainawetlina.pl\/pl\/wp-json\/wp\/v2\/users\/1"}],"replies":[{"embeddable":true,"href":"https:\/\/krainawetlina.pl\/pl\/wp-json\/wp\/v2\/comments?post=5"}],"version-history":[{"count":0,"href":"https:\/\/krainawetlina.pl\/pl\/wp-json\/wp\/v2\/pages\/5\/revisions"}],"wp:attachment":[{"href":"https:\/\/krainawetlina.pl\/pl\/wp-json\/wp\/v2\/media?parent=5"}],"curies":[{"name":"wp","href":"https:\/\/api.w.org\/{rel}","templated":true}]}}