{"id":250,"date":"2017-03-22T09:21:22","date_gmt":"2017-03-22T09:21:22","guid":{"rendered":"https:\/\/krainawetlina.pl\/?page_id=250"},"modified":"2025-12-01T19:57:28","modified_gmt":"2025-12-01T18:57:28","slug":"apartamenty","status":"publish","type":"page","link":"https:\/\/krainawetlina.pl\/pl\/apartamenty\/","title":{"rendered":"APARTAMENTY"},"content":{"rendered":"<p><section   class=\"fw-main-row-custom fw-main-row-top fw-section-no-padding fw-content-overlay-custom fw_theme_bg_fw-custom fw-section-image fw-section-height-custom  fw-section-position-back tf-sh-5151dcbd5c25a8de2fda8890e314815f\"  style=\"margin-bottom:-77px; background-image:url(https:\/\/krainawetlina.pl\/wp-content\/uploads\/2020\/03\/Kraina-Wetlina-_-apartament-1.jpg); background-repeat: no-repeat; background-position: center top; background-size: auto; height: 423px;\"  >\n\t\t\t<div class=\"fw-container\" >\n\t\t<div class=\"fw-row\">\n\t<div id=\"column-69f1fbb4886a6\" class=\"fw-col-sm-12 tf-sh-779b84e1327ce9477b4ad18771ad3a7c\" >\n\t<div class=\"fw-wrap-col-inner clearfix   fw-column-height-custom\" style=\"height: 780px;\"  >\n\t\t\t\t<div class=\"fw-col-inner\">\n\t\t\t\t\t<\/div>\n\t<\/div>\n<\/div><\/div>\n\n\t<\/div>\n\t<\/section><section   class=\"fw-main-row-custom fw-section-no-padding  auto  fw-section-position-back tf-sh-0f4ce0ed1e87fc84c20eee6d4b953885 quick-reservation-section\"    >\n\t\t\t<div class=\"fw-container\" >\n\t\t<div class=\"fw-row\">\n\t<div id=\"column-69f1fbb488dc1\" class=\"fw-col-sm-12 fw-col-md-12 tf-sh-550411c3cbc9549ca15db17a96efcfbe quick-reservation fw-animated-element\" data-animation-type=\"fadeInUp\" data-animation-delay=\"300\">\n\t<div class=\"fw-wrap-col-inner clearfix  \" style=\"border-width: 10px; border-color: #4fb3d7; border-style: solid;\"  >\n\t\t\t\t<div class=\"fw-col-inner\">\n\t\t\t\t<a href=\"https:\/\/krainawetlina.pl\/rezerwacja\/\" target=\"_self\" class=\"fw-btn tf-sh-3fd0f3c7ac617d3ac4a2cb8a02659a12 fw-btn-full fw-btn-lg  fw-btn-4\"  style=\"\">\n\t\t<span >\n\t\t\tZAREZERWUJ TERAZ <i class=\"pull-right-icon fa fa-suitcase\" style=\"font-size:22px;\"><\/i>\t\t<\/span>\n\t<\/a>\n\t\t<\/div>\n\t<\/div>\n<\/div><\/div>\n\n\t<\/div>\n\t<\/section><section   class=\"fw-main-row-custom fw-section-no-padding  auto  fw-section-position-back tf-sh-39d7e95eddd9f0be66825bfdce1207a5\"    >\n\t\t\t<div class=\"fw-container\" >\n\t\t<div class=\"fw-row\">\n\t<div id=\"column-69f1fbb48971c\" class=\"fw-col-sm-12 tf-sh-16f592f80a888b8442042571e483299b title-bg-symbol-responsive fw-animated-element fw-col-no-padding\" data-animation-type=\"fadeInUp\" data-animation-delay=\"300\">\n\t<div class=\"fw-wrap-col-inner clearfix  \"   >\n\t\t\t\t<div class=\"fw-col-inner\">\n\t\t\t<div class=\"fw-divider-space  fw-custom-space  fw-mobile-hide-element clearfix\" style=\"height:70px;\" ><\/div><div class=\"fw-heading fw-heading-center  fw-heading-with-subtitle tf-sh-7eb35f7ccaa39a84f021f53c20b04abd\" >\n\t\n\t\n\t\t\t<div class=\"fw-special-subtitle\">ZAKWATEROWANIE<\/div>\n\t<\/div><div class=\"fw-divider-space  fw-custom-space  clearfix\" style=\"height:30px;\" ><\/div><div class=\"fw-heading fw-heading-center  tf-sh-383c911edf43b85433030644ed9d2d92\" >\n\t\t\t<h2 class=\"fw-special-title\"><span style=\"margin-right:30px;\"><span style=\"margin-right:30px;\"><span style=\"margin-right:30px;\">Wygodne apartamenty <\/span><\/span><span style=\"margin-left:1px;\">Przytulne domki<\/span><\/span><\/h2>\n\t\n\t\n\t<\/div><div class=\"fw-divider-space  fw-custom-space  clearfix\" style=\"height:60px;\" ><\/div><div class=\"fw-text-box tf-sh-31f58094e49c6585f0a40b349e2fed86 \" >\n\t<div class=\"fw-text-inner\">\n\t\t<p style=\"text-align: center;\">Krain\u0119 Wetlina tworz\u0105 trzy domy, w kt\u00f3rych wydzielili\u015bmy pi\u0119\u0107 indywidualnych<br \/>i wygodnie urz\u0105dzonych apartament\u00f3w. Ka\u017cdy sk\u0142ada si\u0119 z otwartego salonu z kuchni\u0105 \u0142azienki oraz sypialni w r\u00f3\u017cnych kombinacjach.<\/p>\n<p style=\"text-align: center;\">Gra \u015bwiat\u0142a o r\u00f3\u017cnych porach dnia, naturalne materia\u0142y, lokalne rzemios\u0142o<br \/>i nowoczesne elementy przeplataj\u0105 si\u0119 tu nawzajem tworz\u0105c jasne i harmonijne wn\u0119trza,<br \/>w kt\u00f3rych ujmuj\u0105ca bieszczadzka atmosfera rozgo\u015bci\u0142a si\u0119 na dobre.<\/p>\n<p style=\"text-align: center;\">Serdecznie zapraszamy do naszej krainy!<\/p>\n\t<\/div>\n<\/div>\t\t<\/div>\n\t<\/div>\n<\/div><\/div>\n\n\t<\/div>\n\t<\/section><section   class=\"fw-main-row  auto  fw-section-position-back\"    >\n\t\t\t<div class=\"fw-container\" >\n\t\t<div class=\"fw-row\">\n\t<div id=\"column-69f1fbb48a47a\" class=\"fw-col-sm-12 tf-sh-fc977bb5954e12f6b73754ddb8e5ea30\" >\n\t<div class=\"fw-wrap-col-inner clearfix  \"   >\n\t\t\t\t<div class=\"fw-col-inner\">\n\t\t\t\t<div  class=\"fw-divider tf-sh-56cc394d98bedbb5c21a807a57f6cdf9  fw-divider-align-left fw-divider-full-width fw-line-solid fw-divider-line space-md  fw_theme_border_only_fw-custom\"  style=\"width: auto;  \" ><\/div>\n\t\t<\/div>\n\t<\/div>\n<\/div><\/div>\n\n\t<\/div>\n\t<\/section><section   class=\"fw-main-row-custom fw-section-no-padding  auto  fw-section-position-back tf-sh-778a3be6e55dfedbca85b5b67ce31ead\"    >\n\t\t\t<div class=\"fw-container\" >\n\t\t<div class=\"fw-row\">\n\t<div id=\"column-69f1fbb48af90\" class=\"fw-col-sm-12 tf-sh-2a67139cc780b92610c88190a0fc71d4  fw-col-no-padding\" >\n\t<div class=\"fw-wrap-col-inner clearfix  \"   >\n\t\t\t\t<div class=\"fw-col-inner\">\n\t\t\t<div class=\"fw-heading fw-heading-center  fw-heading-with-subtitle tf-sh-22559f268f6947d2300a28a5df4c53e8\" >\n\t\t\t<h2 class=\"fw-special-title\">1. Apartament dwupoziomowy<\/h2>\n\t\n\t\n\t\t\t<div class=\"fw-special-subtitle\">EKSPOZYCJA PO\u0141UDNIOWO-WSCHODNIA<\/div>\n\t<\/div><div class=\"fw-divider-space  fw-custom-space  clearfix\" style=\"height:30px;\" ><\/div><div class=\"fw-text-box tf-sh-b672e5be2bf3308813ef827e1e55e072 \" >\n\t<div class=\"fw-text-inner\">\n\t\t<p style=\"text-align: center;\">56 m2<\/p>\n<p style=\"text-align: center; font-size: 12px;\">PRYWATNE WEJ\u015aCIE | PRZYDZIELONE MIEJSCE PARKINGOWE<\/p>\n<p style=\"text-align: center;\"><strong>Idealny dla 5-7 os\u00f3b<\/strong><\/p>\n<p>&nbsp;<\/p>\n\t<\/div>\n<\/div>\t\t<\/div>\n\t<\/div>\n<\/div><\/div>\n\n<div class=\"fw-row\">\n\t<div id=\"column-69f1fbb48b67a\" class=\"fw-col-sm-1-5 tf-sh-59421d6f61d8bad057a34a42cd703260\" >\n\t<div class=\"fw-wrap-col-inner clearfix  \"   >\n\t\t\t\t<div class=\"fw-col-inner\">\n\t\t\t\t\t<\/div>\n\t<\/div>\n<\/div><div id=\"column-69f1fbb48b828\" class=\"fw-col-sm-1-5 tf-sh-1e23cc048f51da705ab17a4ab443309d\" >\n\t<div class=\"fw-wrap-col-inner clearfix  \"   >\n\t\t\t\t<div class=\"fw-col-inner\">\n\t\t\t<div class=\"fw-icon-title fw-icon-title-top clearfix tf-sh-c1dfd499f1ddcb3387947bc5f7bb9742  fw-content-align-center\" >\n\t\t\t<div class=\"fw-icon-title-name\">\n\t\t\t<div class=\"fw-icon-title-name-inner\">\n\t\t\t\t\t\t\t\t\t<span class=\"fw-icon-title-icon fw-custom-icon-image\">\n\t\t\t\t\t\t\t\t\t\t\t\t\t<img decoding=\"async\" src=\"\/\/krainawetlina.pl\/wp-content\/uploads\/2018\/07\/podwojne-1.png\" alt=\"\" \/>\t\t\t\t\t\t\t\t\t\t\t<\/span>\n\t\t\t\t\n\t\t\t\t\t\t\t\t\t\t\t\t\t<h6 class=\"fw-icon-title-text\">\n\t\t\t\t\t\tSypialnia z du\u017cym <br> podw\u00f3jnym \u0142\u00f3\u017ckiem\t\t\t\t\t<\/h6>\n\t\t\t\t\t\t\t\t\t\t<\/div>\n\t\t<\/div>\n\t<\/div><div class=\"fw-divider-space  fw-custom-space  clearfix\" style=\"height:30px;\" ><\/div>\t\t<\/div>\n\t<\/div>\n<\/div><div id=\"column-69f1fbb48bdd5\" class=\"fw-col-sm-1-5 tf-sh-a007111ed43ed4207cbc3832145d7845\" >\n\t<div class=\"fw-wrap-col-inner clearfix  \"   >\n\t\t\t\t<div class=\"fw-col-inner\">\n\t\t\t<div class=\"fw-icon-title fw-icon-title-top clearfix tf-sh-c4fdbfbbb677f0b50604eacae98296f5  fw-content-align-center\" >\n\t\t\t<div class=\"fw-icon-title-name\">\n\t\t\t<div class=\"fw-icon-title-name-inner\">\n\t\t\t\t\t\t\t\t\t<span class=\"fw-icon-title-icon fw-custom-icon-image\">\n\t\t\t\t\t\t\t\t\t\t\t\t\t<img decoding=\"async\" src=\"\/\/krainawetlina.pl\/wp-content\/uploads\/2018\/07\/pojedyncze-1.png\" alt=\"\" \/>\t\t\t\t\t\t\t\t\t\t\t<\/span>\n\t\t\t\t\n\t\t\t\t\t\t\t\t\t\t\t\t\t<h6 class=\"fw-icon-title-text\">\n\t\t\t\t\t\tSypialnia z trzema <br> pojedynczymi \u0142\u00f3\u017ckami\t\t\t\t\t<\/h6>\n\t\t\t\t\t\t\t\t\t\t<\/div>\n\t\t<\/div>\n\t<\/div><div class=\"fw-divider-space  fw-custom-space  clearfix\" style=\"height:30px;\" ><\/div>\t\t<\/div>\n\t<\/div>\n<\/div><div id=\"column-69f1fbb48c26e\" class=\"fw-col-sm-1-5 tf-sh-207b41d51b3cd8c77f19640364096a97\" >\n\t<div class=\"fw-wrap-col-inner clearfix  \"   >\n\t\t\t\t<div class=\"fw-col-inner\">\n\t\t\t<div class=\"fw-icon-title fw-icon-title-top clearfix tf-sh-8c6ddc1d42fa86ab806c65c2cd4844b0  fw-content-align-center\" >\n\t\t\t<div class=\"fw-icon-title-name\">\n\t\t\t<div class=\"fw-icon-title-name-inner\">\n\t\t\t\t\t\t\t\t\t<span class=\"fw-icon-title-icon fw-custom-icon-image\">\n\t\t\t\t\t\t\t\t\t\t\t\t\t<img decoding=\"async\" src=\"\/\/krainawetlina.pl\/wp-content\/uploads\/2018\/07\/kanapa-1.png\" alt=\"\" \/>\t\t\t\t\t\t\t\t\t\t\t<\/span>\n\t\t\t\t\n\t\t\t\t\t\t\t\t\t\t\t\t\t<h6 class=\"fw-icon-title-text\">\n\t\t\t\t\t\tRozk\u0142adana kanapa <br>dwuosobowa\t\t\t\t\t<\/h6>\n\t\t\t\t\t\t\t\t\t\t<\/div>\n\t\t<\/div>\n\t<\/div><div class=\"fw-divider-space  fw-custom-space  clearfix\" style=\"height:30px;\" ><\/div>\t\t<\/div>\n\t<\/div>\n<\/div><div id=\"column-69f1fbb48c7d5\" class=\"fw-col-sm-1-5 tf-sh-83e1b98768f835559bea9bb79efd52e1\" >\n\t<div class=\"fw-wrap-col-inner clearfix  \"   >\n\t\t\t\t<div class=\"fw-col-inner\">\n\t\t\t\t\t<\/div>\n\t<\/div>\n<\/div><\/div>\n\n<div class=\"fw-row\">\n\t<div id=\"column-69f1fbb48cb0f\" class=\"fw-col-sm-6 tf-sh-df530eb18210607b32e22cfed30234c5\" >\n\t<div class=\"fw-wrap-col-inner clearfix  \"   >\n\t\t\t\t<div class=\"fw-col-inner\">\n\t\t\t<div class=\"fw-heading fw-heading-center  fw-heading-with-subtitle tf-sh-94e51ac9362f285467aadeec632e13a7\" >\n\t\n\t\n\t\t\t<div class=\"fw-special-subtitle\">PARTER<\/div>\n\t<\/div><div class=\"fw-text-box tf-sh-2a7822f4167d853a3892f4d2985ba989 \" >\n\t<div class=\"fw-text-inner\">\n\t\t<p style=\"text-align: center;\">Salon z rozk\u0142adan\u0105 kanap\u0105<br \/>Otwarta kuchnia ze zmywark\u0105<br \/>Cz\u0119\u015b\u0107 jadalna z du\u017cym sto\u0142em<br \/>\u0141azienka z oknem<br \/>Drewniany taras<\/p>\n<p style=\"text-align: center;\">\n\t<\/div>\n<\/div>\t\t<\/div>\n\t<\/div>\n<\/div><div id=\"column-69f1fbb48cfc0\" class=\"fw-col-sm-6 tf-sh-5e531f770d30fc25879ac65ea0de5317\" >\n\t<div class=\"fw-wrap-col-inner clearfix  \"   >\n\t\t\t\t<div class=\"fw-col-inner\">\n\t\t\t<div class=\"fw-heading fw-heading-center  fw-heading-with-subtitle tf-sh-983517202c992324c94a6e7396886b1b\" >\n\t\n\t\n\t\t\t<div class=\"fw-special-subtitle\">PI\u0118TRO<\/div>\n\t<\/div><div class=\"fw-text-box tf-sh-c2a35eba55c8697d0997fe2c56a55ab9 \" >\n\t<div class=\"fw-text-inner\">\n\t\t<p style=\"text-align: center;\">Sypialnia z podw\u00f3jnym \u0142\u00f3\u017ckiem<br \/>Sypialnia z trzema pojedynczymi \u0142\u00f3\u017ckami<br \/><span style=\"text-align: center; font-size: 14px;\">(istnieje mo\u017cliwo\u015b\u0107 zsuni\u0119cia dw\u00f3ch \u0142\u00f3\u017cek)<\/span><br \/>\u0141azienka z oknem<\/p>\n\t<\/div>\n<\/div>\t\t<\/div>\n\t<\/div>\n<\/div><\/div>\n\n<div class=\"fw-row\">\n\t<div id=\"column-69f1fbb48d54a\" class=\"fw-col-sm-12 tf-sh-fc977bb5954e12f6b73754ddb8e5ea30\" >\n\t<div class=\"fw-wrap-col-inner clearfix  \"   >\n\t\t\t\t<div class=\"fw-col-inner\">\n\t\t\t<div class=\"fw-gallery clearfix tf-sh-02f32fec74a1a77ca9008c486d33373d fw-gallery-type1 \" >\n\t<div class=\"fw-gallery-col fw-col-width1\"><div class=\"fw-gallery-image fw-height-lg fw-block-image-parent fw-overlay-7  \" >\n\t\t\t\t\t<a href=\"https:\/\/krainawetlina.pl\/wp-content\/uploads\/2020\/04\/Kraina-Wetlina-domki-i-apartamenty-w-Bieszczadach-38.jpg\" data-rel=\"prettyPhoto[fw-gallery-02f32fec74a1a77ca9008c486d33373d]\" rel=\"prettyPhoto[fw-gallery-02f32fec74a1a77ca9008c486d33373d]\" class=\"fw-block-image-child fw-ratio-container fw-ratio-1 \">\n\t\t\t\t\t\t<noscript itemscope itemtype=\"https:\/\/schema.org\/ImageObject\" itemprop=\"image\"><img decoding=\"async\" src=\"https:\/\/krainawetlina.pl\/wp-content\/uploads\/2020\/04\/Kraina-Wetlina-domki-i-apartamenty-w-Bieszczadach-38.jpg\"  alt=\"Kraina Wetlina - domki i apartamenty w Bieszczadach\" data-maxdpr=\"1.7\" class=\"attachment-post-thumbnail lazyload\" \/><meta itemprop=\"url\" content=\"https:\/\/krainawetlina.pl\/wp-content\/uploads\/2020\/04\/Kraina-Wetlina-domki-i-apartamenty-w-Bieszczadach-38.jpg\"><meta itemprop=\"width\" content=\"1350\"><meta itemprop=\"height\" content=\"1800\"><\/noscript><img decoding=\"async\" src=\"data:image\/gif;base64,R0lGODlhAQABAIAAAAAAAP\/\/\/yH5BAEAAAAALAAAAAABAAEAAAIBRAA7\" data-sizes=\"auto\" data-srcset=\"https:\/\/krainawetlina.pl\/wp-content\/uploads\/2020\/04\/Kraina-Wetlina-domki-i-apartamenty-w-Bieszczadach-38-150x150.jpg 150w, https:\/\/krainawetlina.pl\/wp-content\/uploads\/2020\/04\/Kraina-Wetlina-domki-i-apartamenty-w-Bieszczadach-38-800x800.jpg 800w, https:\/\/krainawetlina.pl\/wp-content\/uploads\/2020\/04\/Kraina-Wetlina-domki-i-apartamenty-w-Bieszczadach-38-300x300.jpg 300w\"   alt=\"Kraina Wetlina - domki i apartamenty w Bieszczadach\" data-maxdpr=\"1.7\" class=\"attachment-post-thumbnail lazyload\" \/>\n\t\t\t\t\t\t<div class=\"fw-block-image-overlay\">\n\t\t\t\t\t\t\t<div class=\"fw-itable\">\n\t\t\t\t\t\t\t\t<div class=\"fw-icell\">\n\t\t\t\t\t\t\t\t\t<i class=\"fw-icon-zoom\"><\/i>\n\t\t\t\t\t\t\t\t\t<h5 class=\"fw-overlay-title\"><\/h5>\n\t\t\t\t\t\t\t\t\t<p class=\"fw-overlay-description\"><\/p>\n\t\t\t\t\t\t\t\t<\/div>\n\t\t\t\t\t\t\t<\/div>\n\t\t\t\t\t\t<\/div>\n\t\t\t\t\t<\/a>\n\t\t\t\t<\/div> <div class=\"fw-gallery-image fw-height-md fw-block-image-parent fw-overlay-7  \" >\n\t\t\t\t\t<a href=\"https:\/\/krainawetlina.pl\/wp-content\/uploads\/2020\/04\/Kraina-Wetlina-domki-i-apartamenty-w-Bieszczadach-189.jpg\" data-rel=\"prettyPhoto[fw-gallery-02f32fec74a1a77ca9008c486d33373d]\" rel=\"prettyPhoto[fw-gallery-02f32fec74a1a77ca9008c486d33373d]\" class=\"fw-block-image-child fw-ratio-container fw-ratio-16-9 \">\n\t\t\t\t\t\t<noscript itemscope itemtype=\"https:\/\/schema.org\/ImageObject\" itemprop=\"image\"><img decoding=\"async\" src=\"https:\/\/krainawetlina.pl\/wp-content\/uploads\/2020\/04\/Kraina-Wetlina-domki-i-apartamenty-w-Bieszczadach-189.jpg\"  alt=\"Kraina Wetlina Bieszczady domki i apartamenty, nocleg w g\u00f3rach, na wynajem, domek\" data-maxdpr=\"1.7\" class=\"attachment-post-thumbnail lazyload\" \/><meta itemprop=\"url\" content=\"https:\/\/krainawetlina.pl\/wp-content\/uploads\/2020\/04\/Kraina-Wetlina-domki-i-apartamenty-w-Bieszczadach-189.jpg\"><meta itemprop=\"width\" content=\"1370\"><meta itemprop=\"height\" content=\"1028\"><\/noscript><img decoding=\"async\" src=\"data:image\/gif;base64,R0lGODlhAQABAIAAAAAAAP\/\/\/yH5BAEAAAAALAAAAAABAAEAAAIBRAA7\" data-sizes=\"auto\" data-srcset=\"https:\/\/krainawetlina.pl\/wp-content\/uploads\/2020\/04\/Kraina-Wetlina-domki-i-apartamenty-w-Bieszczadach-189-1228x691.jpg 1228w, https:\/\/krainawetlina.pl\/wp-content\/uploads\/2020\/04\/Kraina-Wetlina-domki-i-apartamenty-w-Bieszczadach-189-614x346.jpg 614w, https:\/\/krainawetlina.pl\/wp-content\/uploads\/2020\/04\/Kraina-Wetlina-domki-i-apartamenty-w-Bieszczadach-189-295x166.jpg 295w, https:\/\/krainawetlina.pl\/wp-content\/uploads\/2020\/04\/Kraina-Wetlina-domki-i-apartamenty-w-Bieszczadach-189-590x332.jpg 590w\"   alt=\"Kraina Wetlina Bieszczady domki i apartamenty, nocleg w g\u00f3rach, na wynajem, domek\" data-maxdpr=\"1.7\" class=\"attachment-post-thumbnail lazyload\" \/>\n\t\t\t\t\t\t<div class=\"fw-block-image-overlay\">\n\t\t\t\t\t\t\t<div class=\"fw-itable\">\n\t\t\t\t\t\t\t\t<div class=\"fw-icell\">\n\t\t\t\t\t\t\t\t\t<i class=\"fw-icon-zoom\"><\/i>\n\t\t\t\t\t\t\t\t\t<h5 class=\"fw-overlay-title\"><\/h5>\n\t\t\t\t\t\t\t\t\t<p class=\"fw-overlay-description\"><\/p>\n\t\t\t\t\t\t\t\t<\/div>\n\t\t\t\t\t\t\t<\/div>\n\t\t\t\t\t\t<\/div>\n\t\t\t\t\t<\/a>\n\t\t\t\t<\/div><div class=\"fw-gallery-image fw-height-lg fw-block-image-parent fw-overlay-7  \" >\n\t\t\t\t\t<a href=\"https:\/\/krainawetlina.pl\/wp-content\/uploads\/2020\/04\/Kraina-Wetlina-domki-i-apartamenty-w-Bieszczadach-187.jpg\" data-rel=\"prettyPhoto[fw-gallery-02f32fec74a1a77ca9008c486d33373d]\" rel=\"prettyPhoto[fw-gallery-02f32fec74a1a77ca9008c486d33373d]\" class=\"fw-block-image-child fw-ratio-container fw-ratio-1 \">\n\t\t\t\t\t\t<noscript itemscope itemtype=\"https:\/\/schema.org\/ImageObject\" itemprop=\"image\"><img decoding=\"async\" src=\"https:\/\/krainawetlina.pl\/wp-content\/uploads\/2020\/04\/Kraina-Wetlina-domki-i-apartamenty-w-Bieszczadach-187.jpg\"  alt=\"Kraina Wetlina - domki i apartamenty w Bieszczadach\" data-maxdpr=\"1.7\" class=\"attachment-post-thumbnail lazyload\" \/><meta itemprop=\"url\" content=\"https:\/\/krainawetlina.pl\/wp-content\/uploads\/2020\/04\/Kraina-Wetlina-domki-i-apartamenty-w-Bieszczadach-187.jpg\"><meta itemprop=\"width\" content=\"1028\"><meta itemprop=\"height\" content=\"1370\"><\/noscript><img decoding=\"async\" src=\"data:image\/gif;base64,R0lGODlhAQABAIAAAAAAAP\/\/\/yH5BAEAAAAALAAAAAABAAEAAAIBRAA7\" data-sizes=\"auto\" data-srcset=\"https:\/\/krainawetlina.pl\/wp-content\/uploads\/2020\/04\/Kraina-Wetlina-domki-i-apartamenty-w-Bieszczadach-187-150x150.jpg 150w, https:\/\/krainawetlina.pl\/wp-content\/uploads\/2020\/04\/Kraina-Wetlina-domki-i-apartamenty-w-Bieszczadach-187-800x800.jpg 800w, https:\/\/krainawetlina.pl\/wp-content\/uploads\/2020\/04\/Kraina-Wetlina-domki-i-apartamenty-w-Bieszczadach-187-300x300.jpg 300w\"   alt=\"Kraina Wetlina - domki i apartamenty w Bieszczadach\" data-maxdpr=\"1.7\" class=\"attachment-post-thumbnail lazyload\" \/>\n\t\t\t\t\t\t<div class=\"fw-block-image-overlay\">\n\t\t\t\t\t\t\t<div class=\"fw-itable\">\n\t\t\t\t\t\t\t\t<div class=\"fw-icell\">\n\t\t\t\t\t\t\t\t\t<i class=\"fw-icon-zoom\"><\/i>\n\t\t\t\t\t\t\t\t\t<h5 class=\"fw-overlay-title\"><\/h5>\n\t\t\t\t\t\t\t\t\t<p class=\"fw-overlay-description\"><\/p>\n\t\t\t\t\t\t\t\t<\/div>\n\t\t\t\t\t\t\t<\/div>\n\t\t\t\t\t\t<\/div>\n\t\t\t\t\t<\/a>\n\t\t\t\t<\/div><\/div><div class=\"fw-gallery-col fw-col-width2\"><div class=\"fw-gallery-image fw-height-md fw-block-image-parent fw-overlay-7  \" >\n\t\t\t\t\t<a href=\"https:\/\/krainawetlina.pl\/wp-content\/uploads\/2020\/04\/Kraina-Wetlina-domki-i-apartamenty-w-Bieszczadach-65-scaled.jpg\" data-rel=\"prettyPhoto[fw-gallery-02f32fec74a1a77ca9008c486d33373d]\" rel=\"prettyPhoto[fw-gallery-02f32fec74a1a77ca9008c486d33373d]\" class=\"fw-block-image-child fw-ratio-container fw-ratio-4-3 \">\n\t\t\t\t\t\t<noscript itemscope itemtype=\"https:\/\/schema.org\/ImageObject\" itemprop=\"image\"><img decoding=\"async\" src=\"https:\/\/krainawetlina.pl\/wp-content\/uploads\/2020\/04\/Kraina-Wetlina-domki-i-apartamenty-w-Bieszczadach-65-scaled.jpg\"  alt=\"Kraina Wetlina &#8211; domki i apartamenty w Bieszczadach 65\" data-maxdpr=\"1.7\" class=\"attachment-post-thumbnail lazyload\" \/><meta itemprop=\"url\" content=\"https:\/\/krainawetlina.pl\/wp-content\/uploads\/2020\/04\/Kraina-Wetlina-domki-i-apartamenty-w-Bieszczadach-65-scaled.jpg\"><meta itemprop=\"width\" content=\"1920\"><meta itemprop=\"height\" content=\"2560\"><\/noscript><img decoding=\"async\" src=\"data:image\/gif;base64,R0lGODlhAQABAIAAAAAAAP\/\/\/yH5BAEAAAAALAAAAAABAAEAAAIBRAA7\" data-sizes=\"auto\" data-srcset=\"https:\/\/krainawetlina.pl\/wp-content\/uploads\/2020\/04\/Kraina-Wetlina-domki-i-apartamenty-w-Bieszczadach-65-393x295.jpg 393w, https:\/\/krainawetlina.pl\/wp-content\/uploads\/2020\/04\/Kraina-Wetlina-domki-i-apartamenty-w-Bieszczadach-65-786x590.jpg 786w\"   alt=\"Kraina Wetlina &#8211; domki i apartamenty w Bieszczadach 65\" data-maxdpr=\"1.7\" class=\"attachment-post-thumbnail lazyload\" \/>\n\t\t\t\t\t\t<div class=\"fw-block-image-overlay\">\n\t\t\t\t\t\t\t<div class=\"fw-itable\">\n\t\t\t\t\t\t\t\t<div class=\"fw-icell\">\n\t\t\t\t\t\t\t\t\t<i class=\"fw-icon-zoom\"><\/i>\n\t\t\t\t\t\t\t\t\t<h5 class=\"fw-overlay-title\"><\/h5>\n\t\t\t\t\t\t\t\t\t<p class=\"fw-overlay-description\"><\/p>\n\t\t\t\t\t\t\t\t<\/div>\n\t\t\t\t\t\t\t<\/div>\n\t\t\t\t\t\t<\/div>\n\t\t\t\t\t<\/a>\n\t\t\t\t<\/div><div class=\"fw-gallery-image fw-height-sm fw-block-image-parent fw-overlay-7  \" >\n\t\t\t\t\t<a href=\"https:\/\/krainawetlina.pl\/wp-content\/uploads\/2020\/04\/Kraina-Wetlina-domki-i-apartamenty-w-Bieszczadach-190.jpg\" data-rel=\"prettyPhoto[fw-gallery-02f32fec74a1a77ca9008c486d33373d]\" rel=\"prettyPhoto[fw-gallery-02f32fec74a1a77ca9008c486d33373d]\" class=\"fw-block-image-child fw-ratio-container fw-ratio-16-9 \">\n\t\t\t\t\t\t<noscript itemscope itemtype=\"https:\/\/schema.org\/ImageObject\" itemprop=\"image\"><img decoding=\"async\" src=\"https:\/\/krainawetlina.pl\/wp-content\/uploads\/2020\/04\/Kraina-Wetlina-domki-i-apartamenty-w-Bieszczadach-190.jpg\"  alt=\"Kraina Wetlina &#8211; domki i apartamenty w Bieszczadach 190\" data-maxdpr=\"1.7\" class=\"attachment-post-thumbnail lazyload\" \/><meta itemprop=\"url\" content=\"https:\/\/krainawetlina.pl\/wp-content\/uploads\/2020\/04\/Kraina-Wetlina-domki-i-apartamenty-w-Bieszczadach-190.jpg\"><meta itemprop=\"width\" content=\"1370\"><meta itemprop=\"height\" content=\"1028\"><\/noscript><img decoding=\"async\" src=\"data:image\/gif;base64,R0lGODlhAQABAIAAAAAAAP\/\/\/yH5BAEAAAAALAAAAAABAAEAAAIBRAA7\" data-sizes=\"auto\" data-srcset=\"https:\/\/krainawetlina.pl\/wp-content\/uploads\/2020\/04\/Kraina-Wetlina-domki-i-apartamenty-w-Bieszczadach-190-1228x691.jpg 1228w, https:\/\/krainawetlina.pl\/wp-content\/uploads\/2020\/04\/Kraina-Wetlina-domki-i-apartamenty-w-Bieszczadach-190-614x346.jpg 614w, https:\/\/krainawetlina.pl\/wp-content\/uploads\/2020\/04\/Kraina-Wetlina-domki-i-apartamenty-w-Bieszczadach-190-295x166.jpg 295w, https:\/\/krainawetlina.pl\/wp-content\/uploads\/2020\/04\/Kraina-Wetlina-domki-i-apartamenty-w-Bieszczadach-190-590x332.jpg 590w\"   alt=\"Kraina Wetlina &#8211; domki i apartamenty w Bieszczadach 190\" data-maxdpr=\"1.7\" class=\"attachment-post-thumbnail lazyload\" \/>\n\t\t\t\t\t\t<div class=\"fw-block-image-overlay\">\n\t\t\t\t\t\t\t<div class=\"fw-itable\">\n\t\t\t\t\t\t\t\t<div class=\"fw-icell\">\n\t\t\t\t\t\t\t\t\t<i class=\"fw-icon-zoom\"><\/i>\n\t\t\t\t\t\t\t\t\t<h5 class=\"fw-overlay-title\"><\/h5>\n\t\t\t\t\t\t\t\t\t<p class=\"fw-overlay-description\"><\/p>\n\t\t\t\t\t\t\t\t<\/div>\n\t\t\t\t\t\t\t<\/div>\n\t\t\t\t\t\t<\/div>\n\t\t\t\t\t<\/a>\n\t\t\t\t<\/div><div class=\"fw-gallery-image fw-height-md fw-block-image-parent fw-overlay-7  \" >\n\t\t\t\t\t<a href=\"https:\/\/krainawetlina.pl\/wp-content\/uploads\/2020\/04\/Kraina-Wetlina-domki-i-apartamenty-w-Bieszczadach-184.jpg\" data-rel=\"prettyPhoto[fw-gallery-02f32fec74a1a77ca9008c486d33373d]\" rel=\"prettyPhoto[fw-gallery-02f32fec74a1a77ca9008c486d33373d]\" class=\"fw-block-image-child fw-ratio-container fw-ratio-4-3 \">\n\t\t\t\t\t\t<noscript itemscope itemtype=\"https:\/\/schema.org\/ImageObject\" itemprop=\"image\"><img decoding=\"async\" src=\"https:\/\/krainawetlina.pl\/wp-content\/uploads\/2020\/04\/Kraina-Wetlina-domki-i-apartamenty-w-Bieszczadach-184.jpg\"  alt=\"Kraina Wetlina - domki i apartamenty w Bieszczadach\" data-maxdpr=\"1.7\" class=\"attachment-post-thumbnail lazyload\" \/><meta itemprop=\"url\" content=\"https:\/\/krainawetlina.pl\/wp-content\/uploads\/2020\/04\/Kraina-Wetlina-domki-i-apartamenty-w-Bieszczadach-184.jpg\"><meta itemprop=\"width\" content=\"1028\"><meta itemprop=\"height\" content=\"1370\"><\/noscript><img decoding=\"async\" src=\"data:image\/gif;base64,R0lGODlhAQABAIAAAAAAAP\/\/\/yH5BAEAAAAALAAAAAABAAEAAAIBRAA7\" data-sizes=\"auto\" data-srcset=\"https:\/\/krainawetlina.pl\/wp-content\/uploads\/2020\/04\/Kraina-Wetlina-domki-i-apartamenty-w-Bieszczadach-184-393x295.jpg 393w, https:\/\/krainawetlina.pl\/wp-content\/uploads\/2020\/04\/Kraina-Wetlina-domki-i-apartamenty-w-Bieszczadach-184-786x590.jpg 786w\"   alt=\"Kraina Wetlina - domki i apartamenty w Bieszczadach\" data-maxdpr=\"1.7\" class=\"attachment-post-thumbnail lazyload\" \/>\n\t\t\t\t\t\t<div class=\"fw-block-image-overlay\">\n\t\t\t\t\t\t\t<div class=\"fw-itable\">\n\t\t\t\t\t\t\t\t<div class=\"fw-icell\">\n\t\t\t\t\t\t\t\t\t<i class=\"fw-icon-zoom\"><\/i>\n\t\t\t\t\t\t\t\t\t<h5 class=\"fw-overlay-title\"><\/h5>\n\t\t\t\t\t\t\t\t\t<p class=\"fw-overlay-description\"><\/p>\n\t\t\t\t\t\t\t\t<\/div>\n\t\t\t\t\t\t\t<\/div>\n\t\t\t\t\t\t<\/div>\n\t\t\t\t\t<\/a>\n\t\t\t\t<\/div><div class=\"fw-gallery-image fw-height-md fw-block-image-parent fw-overlay-7  \" >\n\t\t\t\t\t<a href=\"https:\/\/krainawetlina.pl\/wp-content\/uploads\/2020\/04\/Kraina-Wetlina-domki-i-apartamenty-w-Bieszczadach-268.jpg\" data-rel=\"prettyPhoto[fw-gallery-02f32fec74a1a77ca9008c486d33373d]\" rel=\"prettyPhoto[fw-gallery-02f32fec74a1a77ca9008c486d33373d]\" class=\"fw-block-image-child fw-ratio-container fw-ratio-4-3 \">\n\t\t\t\t\t\t<noscript itemscope itemtype=\"https:\/\/schema.org\/ImageObject\" itemprop=\"image\"><img decoding=\"async\" src=\"https:\/\/krainawetlina.pl\/wp-content\/uploads\/2020\/04\/Kraina-Wetlina-domki-i-apartamenty-w-Bieszczadach-268.jpg\"  alt=\"Kraina Wetlina - domki i apartamenty w Bieszczadach\" data-maxdpr=\"1.7\" class=\"attachment-post-thumbnail lazyload\" \/><meta itemprop=\"url\" content=\"https:\/\/krainawetlina.pl\/wp-content\/uploads\/2020\/04\/Kraina-Wetlina-domki-i-apartamenty-w-Bieszczadach-268.jpg\"><meta itemprop=\"width\" content=\"1350\"><meta itemprop=\"height\" content=\"918\"><\/noscript><img decoding=\"async\" src=\"data:image\/gif;base64,R0lGODlhAQABAIAAAAAAAP\/\/\/yH5BAEAAAAALAAAAAABAAEAAAIBRAA7\" data-sizes=\"auto\" data-srcset=\"https:\/\/krainawetlina.pl\/wp-content\/uploads\/2020\/04\/Kraina-Wetlina-domki-i-apartamenty-w-Bieszczadach-268-393x295.jpg 393w, https:\/\/krainawetlina.pl\/wp-content\/uploads\/2020\/04\/Kraina-Wetlina-domki-i-apartamenty-w-Bieszczadach-268-786x590.jpg 786w\"   alt=\"Kraina Wetlina - domki i apartamenty w Bieszczadach\" data-maxdpr=\"1.7\" class=\"attachment-post-thumbnail lazyload\" \/>\n\t\t\t\t\t\t<div class=\"fw-block-image-overlay\">\n\t\t\t\t\t\t\t<div class=\"fw-itable\">\n\t\t\t\t\t\t\t\t<div class=\"fw-icell\">\n\t\t\t\t\t\t\t\t\t<i class=\"fw-icon-zoom\"><\/i>\n\t\t\t\t\t\t\t\t\t<h5 class=\"fw-overlay-title\"><\/h5>\n\t\t\t\t\t\t\t\t\t<p class=\"fw-overlay-description\"><\/p>\n\t\t\t\t\t\t\t\t<\/div>\n\t\t\t\t\t\t\t<\/div>\n\t\t\t\t\t\t<\/div>\n\t\t\t\t\t<\/a>\n\t\t\t\t<\/div><div class=\"fw-gallery-image fw-height-sm fw-block-image-parent fw-overlay-7  \" >\n\t\t\t\t\t<a href=\"https:\/\/krainawetlina.pl\/wp-content\/uploads\/2020\/04\/Kraina-Wetlina-domki-i-apartamenty-w-Bieszczadach-274.jpg\" data-rel=\"prettyPhoto[fw-gallery-02f32fec74a1a77ca9008c486d33373d]\" rel=\"prettyPhoto[fw-gallery-02f32fec74a1a77ca9008c486d33373d]\" class=\"fw-block-image-child fw-ratio-container fw-ratio-16-9 \">\n\t\t\t\t\t\t<noscript itemscope itemtype=\"https:\/\/schema.org\/ImageObject\" itemprop=\"image\"><img decoding=\"async\" src=\"https:\/\/krainawetlina.pl\/wp-content\/uploads\/2020\/04\/Kraina-Wetlina-domki-i-apartamenty-w-Bieszczadach-274.jpg\"  alt=\"Kraina Wetlina - domki i apartamenty w Bieszczadach\" data-maxdpr=\"1.7\" class=\"attachment-post-thumbnail lazyload\" \/><meta itemprop=\"url\" content=\"https:\/\/krainawetlina.pl\/wp-content\/uploads\/2020\/04\/Kraina-Wetlina-domki-i-apartamenty-w-Bieszczadach-274.jpg\"><meta itemprop=\"width\" content=\"1350\"><meta itemprop=\"height\" content=\"1080\"><\/noscript><img decoding=\"async\" src=\"data:image\/gif;base64,R0lGODlhAQABAIAAAAAAAP\/\/\/yH5BAEAAAAALAAAAAABAAEAAAIBRAA7\" data-sizes=\"auto\" data-srcset=\"https:\/\/krainawetlina.pl\/wp-content\/uploads\/2020\/04\/Kraina-Wetlina-domki-i-apartamenty-w-Bieszczadach-274-1228x691.jpg 1228w, https:\/\/krainawetlina.pl\/wp-content\/uploads\/2020\/04\/Kraina-Wetlina-domki-i-apartamenty-w-Bieszczadach-274-614x346.jpg 614w, https:\/\/krainawetlina.pl\/wp-content\/uploads\/2020\/04\/Kraina-Wetlina-domki-i-apartamenty-w-Bieszczadach-274-295x166.jpg 295w, https:\/\/krainawetlina.pl\/wp-content\/uploads\/2020\/04\/Kraina-Wetlina-domki-i-apartamenty-w-Bieszczadach-274-590x332.jpg 590w\"   alt=\"Kraina Wetlina - domki i apartamenty w Bieszczadach\" data-maxdpr=\"1.7\" class=\"attachment-post-thumbnail lazyload\" \/>\n\t\t\t\t\t\t<div class=\"fw-block-image-overlay\">\n\t\t\t\t\t\t\t<div class=\"fw-itable\">\n\t\t\t\t\t\t\t\t<div class=\"fw-icell\">\n\t\t\t\t\t\t\t\t\t<i class=\"fw-icon-zoom\"><\/i>\n\t\t\t\t\t\t\t\t\t<h5 class=\"fw-overlay-title\"><\/h5>\n\t\t\t\t\t\t\t\t\t<p class=\"fw-overlay-description\"><\/p>\n\t\t\t\t\t\t\t\t<\/div>\n\t\t\t\t\t\t\t<\/div>\n\t\t\t\t\t\t<\/div>\n\t\t\t\t\t<\/a>\n\t\t\t\t<\/div><\/div><div class=\"fw-gallery-col fw-col-width1\"><div class=\"fw-gallery-image fw-height-lg fw-block-image-parent fw-overlay-7  \" >\n\t\t\t\t\t<a href=\"https:\/\/krainawetlina.pl\/wp-content\/uploads\/2020\/04\/Kraina-Wetlina-domki-i-apartamenty-w-Bieszczadach-191.jpg\" data-rel=\"prettyPhoto[fw-gallery-02f32fec74a1a77ca9008c486d33373d]\" rel=\"prettyPhoto[fw-gallery-02f32fec74a1a77ca9008c486d33373d]\" class=\"fw-block-image-child fw-ratio-container fw-ratio-1 \">\n\t\t\t\t\t\t<noscript itemscope itemtype=\"https:\/\/schema.org\/ImageObject\" itemprop=\"image\"><img decoding=\"async\" src=\"https:\/\/krainawetlina.pl\/wp-content\/uploads\/2020\/04\/Kraina-Wetlina-domki-i-apartamenty-w-Bieszczadach-191.jpg\"  alt=\"Kraina Wetlina Bieszczady domki i apartamenty, nocleg w g\u00f3rach, na wynajem, domek\" data-maxdpr=\"1.7\" class=\"attachment-post-thumbnail lazyload\" \/><meta itemprop=\"url\" content=\"https:\/\/krainawetlina.pl\/wp-content\/uploads\/2020\/04\/Kraina-Wetlina-domki-i-apartamenty-w-Bieszczadach-191.jpg\"><meta itemprop=\"width\" content=\"1370\"><meta itemprop=\"height\" content=\"1028\"><\/noscript><img decoding=\"async\" src=\"data:image\/gif;base64,R0lGODlhAQABAIAAAAAAAP\/\/\/yH5BAEAAAAALAAAAAABAAEAAAIBRAA7\" data-sizes=\"auto\" data-srcset=\"https:\/\/krainawetlina.pl\/wp-content\/uploads\/2020\/04\/Kraina-Wetlina-domki-i-apartamenty-w-Bieszczadach-191-150x150.jpg 150w, https:\/\/krainawetlina.pl\/wp-content\/uploads\/2020\/04\/Kraina-Wetlina-domki-i-apartamenty-w-Bieszczadach-191-800x800.jpg 800w, https:\/\/krainawetlina.pl\/wp-content\/uploads\/2020\/04\/Kraina-Wetlina-domki-i-apartamenty-w-Bieszczadach-191-300x300.jpg 300w\"   alt=\"Kraina Wetlina Bieszczady domki i apartamenty, nocleg w g\u00f3rach, na wynajem, domek\" data-maxdpr=\"1.7\" class=\"attachment-post-thumbnail lazyload\" \/>\n\t\t\t\t\t\t<div class=\"fw-block-image-overlay\">\n\t\t\t\t\t\t\t<div class=\"fw-itable\">\n\t\t\t\t\t\t\t\t<div class=\"fw-icell\">\n\t\t\t\t\t\t\t\t\t<i class=\"fw-icon-zoom\"><\/i>\n\t\t\t\t\t\t\t\t\t<h5 class=\"fw-overlay-title\"><\/h5>\n\t\t\t\t\t\t\t\t\t<p class=\"fw-overlay-description\"><\/p>\n\t\t\t\t\t\t\t\t<\/div>\n\t\t\t\t\t\t\t<\/div>\n\t\t\t\t\t\t<\/div>\n\t\t\t\t\t<\/a>\n\t\t\t\t<\/div><div class=\"fw-gallery-image fw-height-md fw-block-image-parent fw-overlay-7  \" >\n\t\t\t\t\t<a href=\"https:\/\/krainawetlina.pl\/wp-content\/uploads\/2020\/04\/Kraina-Wetlina-domki-i-apartamenty-w-Bieszczadach-64-scaled.jpg\" data-rel=\"prettyPhoto[fw-gallery-02f32fec74a1a77ca9008c486d33373d]\" rel=\"prettyPhoto[fw-gallery-02f32fec74a1a77ca9008c486d33373d]\" class=\"fw-block-image-child fw-ratio-container fw-ratio-16-9 \">\n\t\t\t\t\t\t<noscript itemscope itemtype=\"https:\/\/schema.org\/ImageObject\" itemprop=\"image\"><img decoding=\"async\" src=\"https:\/\/krainawetlina.pl\/wp-content\/uploads\/2020\/04\/Kraina-Wetlina-domki-i-apartamenty-w-Bieszczadach-64-scaled.jpg\"  alt=\"Kraina Wetlina &#8211; domki i apartamenty w Bieszczadach 64\" data-maxdpr=\"1.7\" class=\"attachment-post-thumbnail lazyload\" \/><meta itemprop=\"url\" content=\"https:\/\/krainawetlina.pl\/wp-content\/uploads\/2020\/04\/Kraina-Wetlina-domki-i-apartamenty-w-Bieszczadach-64-scaled.jpg\"><meta itemprop=\"width\" content=\"1920\"><meta itemprop=\"height\" content=\"2560\"><\/noscript><img decoding=\"async\" src=\"data:image\/gif;base64,R0lGODlhAQABAIAAAAAAAP\/\/\/yH5BAEAAAAALAAAAAABAAEAAAIBRAA7\" data-sizes=\"auto\" data-srcset=\"https:\/\/krainawetlina.pl\/wp-content\/uploads\/2020\/04\/Kraina-Wetlina-domki-i-apartamenty-w-Bieszczadach-64-1920x1080.jpg 1920w, https:\/\/krainawetlina.pl\/wp-content\/uploads\/2020\/04\/Kraina-Wetlina-domki-i-apartamenty-w-Bieszczadach-64-1228x691.jpg 1228w, https:\/\/krainawetlina.pl\/wp-content\/uploads\/2020\/04\/Kraina-Wetlina-domki-i-apartamenty-w-Bieszczadach-64-614x346.jpg 614w, https:\/\/krainawetlina.pl\/wp-content\/uploads\/2020\/04\/Kraina-Wetlina-domki-i-apartamenty-w-Bieszczadach-64-295x166.jpg 295w, https:\/\/krainawetlina.pl\/wp-content\/uploads\/2020\/04\/Kraina-Wetlina-domki-i-apartamenty-w-Bieszczadach-64-590x332.jpg 590w\"   alt=\"Kraina Wetlina &#8211; domki i apartamenty w Bieszczadach 64\" data-maxdpr=\"1.7\" class=\"attachment-post-thumbnail lazyload\" \/>\n\t\t\t\t\t\t<div class=\"fw-block-image-overlay\">\n\t\t\t\t\t\t\t<div class=\"fw-itable\">\n\t\t\t\t\t\t\t\t<div class=\"fw-icell\">\n\t\t\t\t\t\t\t\t\t<i class=\"fw-icon-zoom\"><\/i>\n\t\t\t\t\t\t\t\t\t<h5 class=\"fw-overlay-title\"><\/h5>\n\t\t\t\t\t\t\t\t\t<p class=\"fw-overlay-description\"><\/p>\n\t\t\t\t\t\t\t\t<\/div>\n\t\t\t\t\t\t\t<\/div>\n\t\t\t\t\t\t<\/div>\n\t\t\t\t\t<\/a>\n\t\t\t\t<\/div><div class=\"fw-gallery-image fw-height-lg fw-block-image-parent fw-overlay-7  \" >\n\t\t\t\t\t<a href=\"https:\/\/krainawetlina.pl\/wp-content\/uploads\/2020\/04\/Kraina-Wetlina-domki-i-apartamenty-w-Bieszczadach-245.jpg\" data-rel=\"prettyPhoto[fw-gallery-02f32fec74a1a77ca9008c486d33373d]\" rel=\"prettyPhoto[fw-gallery-02f32fec74a1a77ca9008c486d33373d]\" class=\"fw-block-image-child fw-ratio-container fw-ratio-1 \">\n\t\t\t\t\t\t<noscript itemscope itemtype=\"https:\/\/schema.org\/ImageObject\" itemprop=\"image\"><img decoding=\"async\" src=\"https:\/\/krainawetlina.pl\/wp-content\/uploads\/2020\/04\/Kraina-Wetlina-domki-i-apartamenty-w-Bieszczadach-245.jpg\"  alt=\"Kraina Wetlina - domki i apartamenty w Bieszczadach\" data-maxdpr=\"1.7\" class=\"attachment-post-thumbnail lazyload\" \/><meta itemprop=\"url\" content=\"https:\/\/krainawetlina.pl\/wp-content\/uploads\/2020\/04\/Kraina-Wetlina-domki-i-apartamenty-w-Bieszczadach-245.jpg\"><meta itemprop=\"width\" content=\"1350\"><meta itemprop=\"height\" content=\"860\"><\/noscript><img decoding=\"async\" src=\"data:image\/gif;base64,R0lGODlhAQABAIAAAAAAAP\/\/\/yH5BAEAAAAALAAAAAABAAEAAAIBRAA7\" data-sizes=\"auto\" data-srcset=\"https:\/\/krainawetlina.pl\/wp-content\/uploads\/2020\/04\/Kraina-Wetlina-domki-i-apartamenty-w-Bieszczadach-245-150x150.jpg 150w, https:\/\/krainawetlina.pl\/wp-content\/uploads\/2020\/04\/Kraina-Wetlina-domki-i-apartamenty-w-Bieszczadach-245-800x800.jpg 800w, https:\/\/krainawetlina.pl\/wp-content\/uploads\/2020\/04\/Kraina-Wetlina-domki-i-apartamenty-w-Bieszczadach-245-300x300.jpg 300w\"   alt=\"Kraina Wetlina - domki i apartamenty w Bieszczadach\" data-maxdpr=\"1.7\" class=\"attachment-post-thumbnail lazyload\" \/>\n\t\t\t\t\t\t<div class=\"fw-block-image-overlay\">\n\t\t\t\t\t\t\t<div class=\"fw-itable\">\n\t\t\t\t\t\t\t\t<div class=\"fw-icell\">\n\t\t\t\t\t\t\t\t\t<i class=\"fw-icon-zoom\"><\/i>\n\t\t\t\t\t\t\t\t\t<h5 class=\"fw-overlay-title\"><\/h5>\n\t\t\t\t\t\t\t\t\t<p class=\"fw-overlay-description\"><\/p>\n\t\t\t\t\t\t\t\t<\/div>\n\t\t\t\t\t\t\t<\/div>\n\t\t\t\t\t\t<\/div>\n\t\t\t\t\t<\/a>\n\t\t\t\t<\/div><\/div><\/div>\t\t<\/div>\n\t<\/div>\n<\/div><\/div>\n\n<div class=\"fw-row\">\n\t<div id=\"column-69f1fbb49111b\" class=\"fw-col-sm-12 tf-sh-fc977bb5954e12f6b73754ddb8e5ea30\" >\n\t<div class=\"fw-wrap-col-inner clearfix  \"   >\n\t\t\t\t<div class=\"fw-col-inner\">\n\t\t\t<div class=\"fw-divider-space  fw-custom-space  clearfix\" style=\"height:30px;\" ><\/div>\t\t<\/div>\n\t<\/div>\n<\/div><\/div>\n\n\t<\/div>\n\t<\/section><section   class=\"fw-main-row  auto  fw-section-position-back\"    >\n\t\t\t<div class=\"fw-container\" >\n\t\t<div class=\"fw-row\">\n\t<div id=\"column-69f1fbb49194f\" class=\"fw-col-sm-12 tf-sh-fc977bb5954e12f6b73754ddb8e5ea30\" >\n\t<div class=\"fw-wrap-col-inner clearfix  \"   >\n\t\t\t\t<div class=\"fw-col-inner\">\n\t\t\t\t<div  class=\"fw-divider tf-sh-254e17317853aaf6a87e1720874fc1cb  fw-divider-align-left fw-divider-full-width fw-line-solid fw-divider-line space-md  fw_theme_border_only_fw-custom\"  style=\"width: auto;  \" ><\/div>\n\t\t<\/div>\n\t<\/div>\n<\/div><\/div>\n\n\t<\/div>\n\t<\/section><section   class=\"fw-main-row-custom fw-section-no-padding  auto  fw-section-position-back tf-sh-15883c015b32cadadc117b9bf34c9bd2\"    >\n\t\t\t<div class=\"fw-container\" >\n\t\t<div class=\"fw-row\">\n\t<div id=\"column-69f1fbb492410\" class=\"fw-col-sm-12 tf-sh-ac42ad2b2adf6f18dccfbb7d5e69bd09  fw-col-no-padding\" >\n\t<div class=\"fw-wrap-col-inner clearfix  \"   >\n\t\t\t\t<div class=\"fw-col-inner\">\n\t\t\t<div class=\"fw-heading fw-heading-center  fw-heading-with-subtitle tf-sh-726036283c0a756098a429191cad6aad\" >\n\t\t\t<h2 class=\"fw-special-title\">2. Apartament dwupoziomowy<\/h2>\n\t\n\t\n\t\t\t<div class=\"fw-special-subtitle\">EKSPOZYCJA PO\u0141UDNIOWO-ZACHODNIA<\/div>\n\t<\/div><div class=\"fw-divider-space  fw-custom-space  clearfix\" style=\"height:30px;\" ><\/div><div class=\"fw-text-box tf-sh-78b4d7f7c641131187830d520761fc2e \" >\n\t<div class=\"fw-text-inner\">\n\t\t<p style=\"text-align: center;\">56 m2<\/p>\n<p style=\"text-align: center; font-size: 12px;\">PRYWATNE WEJ\u015aCIE | PRZYDZIELONE MIEJSCE PARKINGOWE<\/p>\n<p style=\"text-align: center;\"><strong>Idealny dla 5-7 os\u00f3b<\/strong><\/p>\n<p>&nbsp;<\/p>\n\t<\/div>\n<\/div>\t\t<\/div>\n\t<\/div>\n<\/div><\/div>\n\n<div class=\"fw-row\">\n\t<div id=\"column-69f1fbb492a9d\" class=\"fw-col-sm-1-5 tf-sh-ffa2915d870b75cb8733286228a152fc\" >\n\t<div class=\"fw-wrap-col-inner clearfix  \"   >\n\t\t\t\t<div class=\"fw-col-inner\">\n\t\t\t\t\t<\/div>\n\t<\/div>\n<\/div><div id=\"column-69f1fbb492c6d\" class=\"fw-col-sm-1-5 tf-sh-12704ba0363d608588d5fc5f839daaa4\" >\n\t<div class=\"fw-wrap-col-inner clearfix  \"   >\n\t\t\t\t<div class=\"fw-col-inner\">\n\t\t\t<div class=\"fw-icon-title fw-icon-title-top clearfix tf-sh-52111972a818b184de6c5fd94dd0d4b0  fw-content-align-center\" >\n\t\t\t<div class=\"fw-icon-title-name\">\n\t\t\t<div class=\"fw-icon-title-name-inner\">\n\t\t\t\t\t\t\t\t\t<span class=\"fw-icon-title-icon fw-custom-icon-image\">\n\t\t\t\t\t\t\t\t\t\t\t\t\t<img decoding=\"async\" src=\"\/\/krainawetlina.pl\/wp-content\/uploads\/2018\/07\/podwojne-1.png\" alt=\"\" \/>\t\t\t\t\t\t\t\t\t\t\t<\/span>\n\t\t\t\t\n\t\t\t\t\t\t\t\t\t\t\t\t\t<h6 class=\"fw-icon-title-text\">\n\t\t\t\t\t\tSypialnia z du\u017cym <br> podw\u00f3jnym \u0142\u00f3\u017ckiem\t\t\t\t\t<\/h6>\n\t\t\t\t\t\t\t\t\t\t<\/div>\n\t\t<\/div>\n\t<\/div><div class=\"fw-divider-space  fw-custom-space  clearfix\" style=\"height:30px;\" ><\/div>\t\t<\/div>\n\t<\/div>\n<\/div><div id=\"column-69f1fbb493105\" class=\"fw-col-sm-1-5 tf-sh-1db15011c76d1baef9693c47d5f3efbf\" >\n\t<div class=\"fw-wrap-col-inner clearfix  \"   >\n\t\t\t\t<div class=\"fw-col-inner\">\n\t\t\t<div class=\"fw-icon-title fw-icon-title-top clearfix tf-sh-48958e4d5941554f615d3b3c558aa5f6  fw-content-align-center\" >\n\t\t\t<div class=\"fw-icon-title-name\">\n\t\t\t<div class=\"fw-icon-title-name-inner\">\n\t\t\t\t\t\t\t\t\t<span class=\"fw-icon-title-icon fw-custom-icon-image\">\n\t\t\t\t\t\t\t\t\t\t\t\t\t<img decoding=\"async\" src=\"\/\/krainawetlina.pl\/wp-content\/uploads\/2018\/07\/pojedyncze-1.png\" alt=\"\" \/>\t\t\t\t\t\t\t\t\t\t\t<\/span>\n\t\t\t\t\n\t\t\t\t\t\t\t\t\t\t\t\t\t<h6 class=\"fw-icon-title-text\">\n\t\t\t\t\t\tSypialnia z trzema <br> pojedynczymi \u0142\u00f3\u017ckami\t\t\t\t\t<\/h6>\n\t\t\t\t\t\t\t\t\t\t<\/div>\n\t\t<\/div>\n\t<\/div><div class=\"fw-divider-space  fw-custom-space  clearfix\" style=\"height:30px;\" ><\/div>\t\t<\/div>\n\t<\/div>\n<\/div><div id=\"column-69f1fbb4935b5\" class=\"fw-col-sm-1-5 tf-sh-46263347e7c4cb72c6cc073dc2951832\" >\n\t<div class=\"fw-wrap-col-inner clearfix  \"   >\n\t\t\t\t<div class=\"fw-col-inner\">\n\t\t\t<div class=\"fw-icon-title fw-icon-title-top clearfix tf-sh-cb59e9ca21f95bb502a2beab20b30cec  fw-content-align-center\" >\n\t\t\t<div class=\"fw-icon-title-name\">\n\t\t\t<div class=\"fw-icon-title-name-inner\">\n\t\t\t\t\t\t\t\t\t<span class=\"fw-icon-title-icon fw-custom-icon-image\">\n\t\t\t\t\t\t\t\t\t\t\t\t\t<img decoding=\"async\" src=\"\/\/krainawetlina.pl\/wp-content\/uploads\/2018\/07\/kanapa-1.png\" alt=\"\" \/>\t\t\t\t\t\t\t\t\t\t\t<\/span>\n\t\t\t\t\n\t\t\t\t\t\t\t\t\t\t\t\t\t<h6 class=\"fw-icon-title-text\">\n\t\t\t\t\t\tRozk\u0142adana kanapa <br>dwuosobowa\t\t\t\t\t<\/h6>\n\t\t\t\t\t\t\t\t\t\t<\/div>\n\t\t<\/div>\n\t<\/div><div class=\"fw-divider-space  fw-custom-space  clearfix\" style=\"height:30px;\" ><\/div>\t\t<\/div>\n\t<\/div>\n<\/div><div id=\"column-69f1fbb493a11\" class=\"fw-col-sm-1-5 tf-sh-a460a267079f9c2ed6d9dda9d437cdae\" >\n\t<div class=\"fw-wrap-col-inner clearfix  \"   >\n\t\t\t\t<div class=\"fw-col-inner\">\n\t\t\t\t\t<\/div>\n\t<\/div>\n<\/div><\/div>\n\n<div class=\"fw-row\">\n\t<div id=\"column-69f1fbb493ca2\" class=\"fw-col-sm-6 tf-sh-74a8858f983cfe05c9a01d79b9ea1a93\" >\n\t<div class=\"fw-wrap-col-inner clearfix  \"   >\n\t\t\t\t<div class=\"fw-col-inner\">\n\t\t\t<div class=\"fw-heading fw-heading-center  fw-heading-with-subtitle tf-sh-a624f2a72bfa9723c07a0e635085dcfe\" >\n\t\n\t\n\t\t\t<div class=\"fw-special-subtitle\">PARTER<\/div>\n\t<\/div><div class=\"fw-text-box tf-sh-717bb8c7219e4983ee2eea0a2c0a9b57 \" >\n\t<div class=\"fw-text-inner\">\n\t\t<p style=\"text-align: center;\">Salon z rozk\u0142adan\u0105 kanap\u0105<br \/>Otwarta kuchnia ze zmywark\u0105<br \/>Cz\u0119\u015b\u0107 jadalna z du\u017cym sto\u0142em<br \/>\u0141azienka z oknem<br \/>Drewniany taras<\/p>\n\t<\/div>\n<\/div>\t\t<\/div>\n\t<\/div>\n<\/div><div id=\"column-69f1fbb4940ab\" class=\"fw-col-sm-6 tf-sh-0209e10a89fedab207d9451bfae1e287\" >\n\t<div class=\"fw-wrap-col-inner clearfix  \"   >\n\t\t\t\t<div class=\"fw-col-inner\">\n\t\t\t<div class=\"fw-heading fw-heading-center  fw-heading-with-subtitle tf-sh-76f4dde1a55f1c1bc1a82ca3da6a8aa3\" >\n\t\n\t\n\t\t\t<div class=\"fw-special-subtitle\">PI\u0118TRO<\/div>\n\t<\/div><div class=\"fw-text-box tf-sh-ed8de0c9a1a719cbc4f7488e90f3fb70 \" >\n\t<div class=\"fw-text-inner\">\n\t\t<p style=\"text-align: center;\">Sypialnia z podw\u00f3jnym \u0142\u00f3\u017ckiem<br \/>Sypialnia z trzema pojedynczymi \u0142\u00f3\u017ckami<br \/><span style=\"text-align: center; font-size: 14px;\">(istnieje mo\u017cliwo\u015b\u0107 zsuni\u0119cia dw\u00f3ch \u0142\u00f3\u017cek)<\/span><br \/>\u0141azienka z oknem<\/p>\n\t<\/div>\n<\/div>\t\t<\/div>\n\t<\/div>\n<\/div><\/div>\n\n<div class=\"fw-row\">\n\t<div id=\"column-69f1fbb4945cb\" class=\"fw-col-sm-12 tf-sh-fc977bb5954e12f6b73754ddb8e5ea30\" >\n\t<div class=\"fw-wrap-col-inner clearfix  \"   >\n\t\t\t\t<div class=\"fw-col-inner\">\n\t\t\t<div class=\"fw-gallery clearfix tf-sh-810a242385a98c2ad7a23cfb8c920193 fw-gallery-type1 \" >\n\t<div class=\"fw-gallery-col fw-col-width1\"><div class=\"fw-gallery-image fw-height-lg fw-block-image-parent fw-overlay-7  \" >\n\t\t\t\t\t<a href=\"https:\/\/krainawetlina.pl\/wp-content\/uploads\/2020\/04\/Kraina-Wetlina-domki-i-apartamenty-w-Bieszczadach-204.jpg\" data-rel=\"prettyPhoto[fw-gallery-810a242385a98c2ad7a23cfb8c920193]\" rel=\"prettyPhoto[fw-gallery-810a242385a98c2ad7a23cfb8c920193]\" class=\"fw-block-image-child fw-ratio-container fw-ratio-1 \">\n\t\t\t\t\t\t<noscript itemscope itemtype=\"https:\/\/schema.org\/ImageObject\" itemprop=\"image\"><img decoding=\"async\" src=\"https:\/\/krainawetlina.pl\/wp-content\/uploads\/2020\/04\/Kraina-Wetlina-domki-i-apartamenty-w-Bieszczadach-204.jpg\"  alt=\"Kraina Wetlina - domki i apartamenty w Bieszczadach\" data-maxdpr=\"1.7\" class=\"attachment-post-thumbnail lazyload\" \/><meta itemprop=\"url\" content=\"https:\/\/krainawetlina.pl\/wp-content\/uploads\/2020\/04\/Kraina-Wetlina-domki-i-apartamenty-w-Bieszczadach-204.jpg\"><meta itemprop=\"width\" content=\"1027\"><meta itemprop=\"height\" content=\"1370\"><\/noscript><img decoding=\"async\" src=\"data:image\/gif;base64,R0lGODlhAQABAIAAAAAAAP\/\/\/yH5BAEAAAAALAAAAAABAAEAAAIBRAA7\" data-sizes=\"auto\" data-srcset=\"https:\/\/krainawetlina.pl\/wp-content\/uploads\/2020\/04\/Kraina-Wetlina-domki-i-apartamenty-w-Bieszczadach-204-150x150.jpg 150w, https:\/\/krainawetlina.pl\/wp-content\/uploads\/2020\/04\/Kraina-Wetlina-domki-i-apartamenty-w-Bieszczadach-204-800x800.jpg 800w, https:\/\/krainawetlina.pl\/wp-content\/uploads\/2020\/04\/Kraina-Wetlina-domki-i-apartamenty-w-Bieszczadach-204-300x300.jpg 300w\"   alt=\"Kraina Wetlina - domki i apartamenty w Bieszczadach\" data-maxdpr=\"1.7\" class=\"attachment-post-thumbnail lazyload\" \/>\n\t\t\t\t\t\t<div class=\"fw-block-image-overlay\">\n\t\t\t\t\t\t\t<div class=\"fw-itable\">\n\t\t\t\t\t\t\t\t<div class=\"fw-icell\">\n\t\t\t\t\t\t\t\t\t<i class=\"fw-icon-zoom\"><\/i>\n\t\t\t\t\t\t\t\t\t<h5 class=\"fw-overlay-title\"><\/h5>\n\t\t\t\t\t\t\t\t\t<p class=\"fw-overlay-description\"><\/p>\n\t\t\t\t\t\t\t\t<\/div>\n\t\t\t\t\t\t\t<\/div>\n\t\t\t\t\t\t<\/div>\n\t\t\t\t\t<\/a>\n\t\t\t\t<\/div> <div class=\"fw-gallery-image fw-height-md fw-block-image-parent fw-overlay-7  \" >\n\t\t\t\t\t<a href=\"https:\/\/krainawetlina.pl\/wp-content\/uploads\/2020\/04\/Kraina-Wetlina-domki-i-apartamenty-w-Bieszczadach-69.jpg\" data-rel=\"prettyPhoto[fw-gallery-810a242385a98c2ad7a23cfb8c920193]\" rel=\"prettyPhoto[fw-gallery-810a242385a98c2ad7a23cfb8c920193]\" class=\"fw-block-image-child fw-ratio-container fw-ratio-16-9 \">\n\t\t\t\t\t\t<noscript itemscope itemtype=\"https:\/\/schema.org\/ImageObject\" itemprop=\"image\"><img decoding=\"async\" src=\"https:\/\/krainawetlina.pl\/wp-content\/uploads\/2020\/04\/Kraina-Wetlina-domki-i-apartamenty-w-Bieszczadach-69.jpg\"  alt=\"Kraina Wetlina &#8211; domki i apartamenty w Bieszczadach 69\" data-maxdpr=\"1.7\" class=\"attachment-post-thumbnail lazyload\" \/><meta itemprop=\"url\" content=\"https:\/\/krainawetlina.pl\/wp-content\/uploads\/2020\/04\/Kraina-Wetlina-domki-i-apartamenty-w-Bieszczadach-69.jpg\"><meta itemprop=\"width\" content=\"900\"><meta itemprop=\"height\" content=\"1200\"><\/noscript><img decoding=\"async\" src=\"data:image\/gif;base64,R0lGODlhAQABAIAAAAAAAP\/\/\/yH5BAEAAAAALAAAAAABAAEAAAIBRAA7\" data-sizes=\"auto\" data-srcset=\"https:\/\/krainawetlina.pl\/wp-content\/uploads\/2020\/04\/Kraina-Wetlina-domki-i-apartamenty-w-Bieszczadach-69-614x346.jpg 614w, https:\/\/krainawetlina.pl\/wp-content\/uploads\/2020\/04\/Kraina-Wetlina-domki-i-apartamenty-w-Bieszczadach-69-295x166.jpg 295w, https:\/\/krainawetlina.pl\/wp-content\/uploads\/2020\/04\/Kraina-Wetlina-domki-i-apartamenty-w-Bieszczadach-69-590x332.jpg 590w\"   alt=\"Kraina Wetlina &#8211; domki i apartamenty w Bieszczadach 69\" data-maxdpr=\"1.7\" class=\"attachment-post-thumbnail lazyload\" \/>\n\t\t\t\t\t\t<div class=\"fw-block-image-overlay\">\n\t\t\t\t\t\t\t<div class=\"fw-itable\">\n\t\t\t\t\t\t\t\t<div class=\"fw-icell\">\n\t\t\t\t\t\t\t\t\t<i class=\"fw-icon-zoom\"><\/i>\n\t\t\t\t\t\t\t\t\t<h5 class=\"fw-overlay-title\"><\/h5>\n\t\t\t\t\t\t\t\t\t<p class=\"fw-overlay-description\"><\/p>\n\t\t\t\t\t\t\t\t<\/div>\n\t\t\t\t\t\t\t<\/div>\n\t\t\t\t\t\t<\/div>\n\t\t\t\t\t<\/a>\n\t\t\t\t<\/div><div class=\"fw-gallery-image fw-height-lg fw-block-image-parent fw-overlay-7  \" >\n\t\t\t\t\t<a href=\"https:\/\/krainawetlina.pl\/wp-content\/uploads\/2020\/04\/Kraina-Wetlina-domki-i-apartamenty-w-Bieszczadach-201.jpg\" data-rel=\"prettyPhoto[fw-gallery-810a242385a98c2ad7a23cfb8c920193]\" rel=\"prettyPhoto[fw-gallery-810a242385a98c2ad7a23cfb8c920193]\" class=\"fw-block-image-child fw-ratio-container fw-ratio-1 \">\n\t\t\t\t\t\t<noscript itemscope itemtype=\"https:\/\/schema.org\/ImageObject\" itemprop=\"image\"><img decoding=\"async\" src=\"https:\/\/krainawetlina.pl\/wp-content\/uploads\/2020\/04\/Kraina-Wetlina-domki-i-apartamenty-w-Bieszczadach-201.jpg\"  alt=\"Kraina Wetlina &#8211; domki i apartamenty w Bieszczadach 201\" data-maxdpr=\"1.7\" class=\"attachment-post-thumbnail lazyload\" \/><meta itemprop=\"url\" content=\"https:\/\/krainawetlina.pl\/wp-content\/uploads\/2020\/04\/Kraina-Wetlina-domki-i-apartamenty-w-Bieszczadach-201.jpg\"><meta itemprop=\"width\" content=\"1028\"><meta itemprop=\"height\" content=\"1370\"><\/noscript><img decoding=\"async\" src=\"data:image\/gif;base64,R0lGODlhAQABAIAAAAAAAP\/\/\/yH5BAEAAAAALAAAAAABAAEAAAIBRAA7\" data-sizes=\"auto\" data-srcset=\"https:\/\/krainawetlina.pl\/wp-content\/uploads\/2020\/04\/Kraina-Wetlina-domki-i-apartamenty-w-Bieszczadach-201-150x150.jpg 150w, https:\/\/krainawetlina.pl\/wp-content\/uploads\/2020\/04\/Kraina-Wetlina-domki-i-apartamenty-w-Bieszczadach-201-800x800.jpg 800w, https:\/\/krainawetlina.pl\/wp-content\/uploads\/2020\/04\/Kraina-Wetlina-domki-i-apartamenty-w-Bieszczadach-201-300x300.jpg 300w\"   alt=\"Kraina Wetlina &#8211; domki i apartamenty w Bieszczadach 201\" data-maxdpr=\"1.7\" class=\"attachment-post-thumbnail lazyload\" \/>\n\t\t\t\t\t\t<div class=\"fw-block-image-overlay\">\n\t\t\t\t\t\t\t<div class=\"fw-itable\">\n\t\t\t\t\t\t\t\t<div class=\"fw-icell\">\n\t\t\t\t\t\t\t\t\t<i class=\"fw-icon-zoom\"><\/i>\n\t\t\t\t\t\t\t\t\t<h5 class=\"fw-overlay-title\"><\/h5>\n\t\t\t\t\t\t\t\t\t<p class=\"fw-overlay-description\"><\/p>\n\t\t\t\t\t\t\t\t<\/div>\n\t\t\t\t\t\t\t<\/div>\n\t\t\t\t\t\t<\/div>\n\t\t\t\t\t<\/a>\n\t\t\t\t<\/div><\/div><div class=\"fw-gallery-col fw-col-width2\"><div class=\"fw-gallery-image fw-height-md fw-block-image-parent fw-overlay-7  \" >\n\t\t\t\t\t<a href=\"https:\/\/krainawetlina.pl\/wp-content\/uploads\/2020\/03\/Kraina-Wetlina-domki-i-apartamenty-w-Bieszczadach-275b.jpg\" data-rel=\"prettyPhoto[fw-gallery-810a242385a98c2ad7a23cfb8c920193]\" rel=\"prettyPhoto[fw-gallery-810a242385a98c2ad7a23cfb8c920193]\" class=\"fw-block-image-child fw-ratio-container fw-ratio-4-3 \">\n\t\t\t\t\t\t<noscript itemscope itemtype=\"https:\/\/schema.org\/ImageObject\" itemprop=\"image\"><img decoding=\"async\" src=\"https:\/\/krainawetlina.pl\/wp-content\/uploads\/2020\/03\/Kraina-Wetlina-domki-i-apartamenty-w-Bieszczadach-275b.jpg\"  alt=\"Kraina Wetlina Bieszczady domki i apartamenty, nocleg w g\u00f3rach, na wynajem, domek\" data-maxdpr=\"1.7\" class=\"attachment-post-thumbnail lazyload\" \/><meta itemprop=\"url\" content=\"https:\/\/krainawetlina.pl\/wp-content\/uploads\/2020\/03\/Kraina-Wetlina-domki-i-apartamenty-w-Bieszczadach-275b.jpg\"><meta itemprop=\"width\" content=\"1350\"><meta itemprop=\"height\" content=\"935\"><\/noscript><img decoding=\"async\" src=\"data:image\/gif;base64,R0lGODlhAQABAIAAAAAAAP\/\/\/yH5BAEAAAAALAAAAAABAAEAAAIBRAA7\" data-sizes=\"auto\" data-srcset=\"https:\/\/krainawetlina.pl\/wp-content\/uploads\/2020\/03\/Kraina-Wetlina-domki-i-apartamenty-w-Bieszczadach-275b-393x295.jpg 393w, https:\/\/krainawetlina.pl\/wp-content\/uploads\/2020\/03\/Kraina-Wetlina-domki-i-apartamenty-w-Bieszczadach-275b-786x590.jpg 786w\"   alt=\"Kraina Wetlina Bieszczady domki i apartamenty, nocleg w g\u00f3rach, na wynajem, domek\" data-maxdpr=\"1.7\" class=\"attachment-post-thumbnail lazyload\" \/>\n\t\t\t\t\t\t<div class=\"fw-block-image-overlay\">\n\t\t\t\t\t\t\t<div class=\"fw-itable\">\n\t\t\t\t\t\t\t\t<div class=\"fw-icell\">\n\t\t\t\t\t\t\t\t\t<i class=\"fw-icon-zoom\"><\/i>\n\t\t\t\t\t\t\t\t\t<h5 class=\"fw-overlay-title\"><\/h5>\n\t\t\t\t\t\t\t\t\t<p class=\"fw-overlay-description\"><\/p>\n\t\t\t\t\t\t\t\t<\/div>\n\t\t\t\t\t\t\t<\/div>\n\t\t\t\t\t\t<\/div>\n\t\t\t\t\t<\/a>\n\t\t\t\t<\/div><div class=\"fw-gallery-image fw-height-sm fw-block-image-parent fw-overlay-7  \" >\n\t\t\t\t\t<a href=\"https:\/\/krainawetlina.pl\/wp-content\/uploads\/2020\/04\/Kraina-Wetlina-domki-i-apartamenty-w-Bieszczadach-6-scaled.jpg\" data-rel=\"prettyPhoto[fw-gallery-810a242385a98c2ad7a23cfb8c920193]\" rel=\"prettyPhoto[fw-gallery-810a242385a98c2ad7a23cfb8c920193]\" class=\"fw-block-image-child fw-ratio-container fw-ratio-16-9 \">\n\t\t\t\t\t\t<noscript itemscope itemtype=\"https:\/\/schema.org\/ImageObject\" itemprop=\"image\"><img decoding=\"async\" src=\"https:\/\/krainawetlina.pl\/wp-content\/uploads\/2020\/04\/Kraina-Wetlina-domki-i-apartamenty-w-Bieszczadach-6-scaled.jpg\"  alt=\"Kraina Wetlina - domki i apartamenty w Bieszczadach\" data-maxdpr=\"1.7\" class=\"attachment-post-thumbnail lazyload\" \/><meta itemprop=\"url\" content=\"https:\/\/krainawetlina.pl\/wp-content\/uploads\/2020\/04\/Kraina-Wetlina-domki-i-apartamenty-w-Bieszczadach-6-scaled.jpg\"><meta itemprop=\"width\" content=\"2048\"><meta itemprop=\"height\" content=\"2560\"><\/noscript><img decoding=\"async\" src=\"data:image\/gif;base64,R0lGODlhAQABAIAAAAAAAP\/\/\/yH5BAEAAAAALAAAAAABAAEAAAIBRAA7\" data-sizes=\"auto\" data-srcset=\"https:\/\/krainawetlina.pl\/wp-content\/uploads\/2020\/04\/Kraina-Wetlina-domki-i-apartamenty-w-Bieszczadach-6-1920x1080.jpg 1920w, https:\/\/krainawetlina.pl\/wp-content\/uploads\/2020\/04\/Kraina-Wetlina-domki-i-apartamenty-w-Bieszczadach-6-1228x691.jpg 1228w, https:\/\/krainawetlina.pl\/wp-content\/uploads\/2020\/04\/Kraina-Wetlina-domki-i-apartamenty-w-Bieszczadach-6-614x346.jpg 614w, https:\/\/krainawetlina.pl\/wp-content\/uploads\/2020\/04\/Kraina-Wetlina-domki-i-apartamenty-w-Bieszczadach-6-295x166.jpg 295w, https:\/\/krainawetlina.pl\/wp-content\/uploads\/2020\/04\/Kraina-Wetlina-domki-i-apartamenty-w-Bieszczadach-6-590x332.jpg 590w\"   alt=\"Kraina Wetlina - domki i apartamenty w Bieszczadach\" data-maxdpr=\"1.7\" class=\"attachment-post-thumbnail lazyload\" \/>\n\t\t\t\t\t\t<div class=\"fw-block-image-overlay\">\n\t\t\t\t\t\t\t<div class=\"fw-itable\">\n\t\t\t\t\t\t\t\t<div class=\"fw-icell\">\n\t\t\t\t\t\t\t\t\t<i class=\"fw-icon-zoom\"><\/i>\n\t\t\t\t\t\t\t\t\t<h5 class=\"fw-overlay-title\"><\/h5>\n\t\t\t\t\t\t\t\t\t<p class=\"fw-overlay-description\"><\/p>\n\t\t\t\t\t\t\t\t<\/div>\n\t\t\t\t\t\t\t<\/div>\n\t\t\t\t\t\t<\/div>\n\t\t\t\t\t<\/a>\n\t\t\t\t<\/div><div class=\"fw-gallery-image fw-height-md fw-block-image-parent fw-overlay-7  \" >\n\t\t\t\t\t<a href=\"https:\/\/krainawetlina.pl\/wp-content\/uploads\/2020\/04\/Kraina-Wetlina-domki-i-apartamenty-w-Bieszczadach-281.jpg\" data-rel=\"prettyPhoto[fw-gallery-810a242385a98c2ad7a23cfb8c920193]\" rel=\"prettyPhoto[fw-gallery-810a242385a98c2ad7a23cfb8c920193]\" class=\"fw-block-image-child fw-ratio-container fw-ratio-4-3 \">\n\t\t\t\t\t\t<noscript itemscope itemtype=\"https:\/\/schema.org\/ImageObject\" itemprop=\"image\"><img decoding=\"async\" src=\"https:\/\/krainawetlina.pl\/wp-content\/uploads\/2020\/04\/Kraina-Wetlina-domki-i-apartamenty-w-Bieszczadach-281.jpg\"  alt=\"Kraina Wetlina Bieszczady domki i apartamenty, nocleg w g\u00f3rach, na wynajem, domek\" data-maxdpr=\"1.7\" class=\"attachment-post-thumbnail lazyload\" \/><meta itemprop=\"url\" content=\"https:\/\/krainawetlina.pl\/wp-content\/uploads\/2020\/04\/Kraina-Wetlina-domki-i-apartamenty-w-Bieszczadach-281.jpg\"><meta itemprop=\"width\" content=\"1350\"><meta itemprop=\"height\" content=\"900\"><\/noscript><img decoding=\"async\" src=\"data:image\/gif;base64,R0lGODlhAQABAIAAAAAAAP\/\/\/yH5BAEAAAAALAAAAAABAAEAAAIBRAA7\" data-sizes=\"auto\" data-srcset=\"https:\/\/krainawetlina.pl\/wp-content\/uploads\/2020\/04\/Kraina-Wetlina-domki-i-apartamenty-w-Bieszczadach-281-393x295.jpg 393w, https:\/\/krainawetlina.pl\/wp-content\/uploads\/2020\/04\/Kraina-Wetlina-domki-i-apartamenty-w-Bieszczadach-281-786x590.jpg 786w\"   alt=\"Kraina Wetlina Bieszczady domki i apartamenty, nocleg w g\u00f3rach, na wynajem, domek\" data-maxdpr=\"1.7\" class=\"attachment-post-thumbnail lazyload\" \/>\n\t\t\t\t\t\t<div class=\"fw-block-image-overlay\">\n\t\t\t\t\t\t\t<div class=\"fw-itable\">\n\t\t\t\t\t\t\t\t<div class=\"fw-icell\">\n\t\t\t\t\t\t\t\t\t<i class=\"fw-icon-zoom\"><\/i>\n\t\t\t\t\t\t\t\t\t<h5 class=\"fw-overlay-title\"><\/h5>\n\t\t\t\t\t\t\t\t\t<p class=\"fw-overlay-description\"><\/p>\n\t\t\t\t\t\t\t\t<\/div>\n\t\t\t\t\t\t\t<\/div>\n\t\t\t\t\t\t<\/div>\n\t\t\t\t\t<\/a>\n\t\t\t\t<\/div><div class=\"fw-gallery-image fw-height-md fw-block-image-parent fw-overlay-7  \" >\n\t\t\t\t\t<a href=\"https:\/\/krainawetlina.pl\/wp-content\/uploads\/2020\/04\/Kraina-Wetlina-domki-i-apartamenty-w-Bieszczadach-53-scaled.jpg\" data-rel=\"prettyPhoto[fw-gallery-810a242385a98c2ad7a23cfb8c920193]\" rel=\"prettyPhoto[fw-gallery-810a242385a98c2ad7a23cfb8c920193]\" class=\"fw-block-image-child fw-ratio-container fw-ratio-4-3 \">\n\t\t\t\t\t\t<noscript itemscope itemtype=\"https:\/\/schema.org\/ImageObject\" itemprop=\"image\"><img decoding=\"async\" src=\"https:\/\/krainawetlina.pl\/wp-content\/uploads\/2020\/04\/Kraina-Wetlina-domki-i-apartamenty-w-Bieszczadach-53-scaled.jpg\"  alt=\"Kraina Wetlina &#8211; domki i apartamenty w Bieszczadach 53\" data-maxdpr=\"1.7\" class=\"attachment-post-thumbnail lazyload\" \/><meta itemprop=\"url\" content=\"https:\/\/krainawetlina.pl\/wp-content\/uploads\/2020\/04\/Kraina-Wetlina-domki-i-apartamenty-w-Bieszczadach-53-scaled.jpg\"><meta itemprop=\"width\" content=\"1920\"><meta itemprop=\"height\" content=\"2560\"><\/noscript><img decoding=\"async\" src=\"data:image\/gif;base64,R0lGODlhAQABAIAAAAAAAP\/\/\/yH5BAEAAAAALAAAAAABAAEAAAIBRAA7\" data-sizes=\"auto\" data-srcset=\"https:\/\/krainawetlina.pl\/wp-content\/uploads\/2020\/04\/Kraina-Wetlina-domki-i-apartamenty-w-Bieszczadach-53-393x295.jpg 393w, https:\/\/krainawetlina.pl\/wp-content\/uploads\/2020\/04\/Kraina-Wetlina-domki-i-apartamenty-w-Bieszczadach-53-786x590.jpg 786w\"   alt=\"Kraina Wetlina &#8211; domki i apartamenty w Bieszczadach 53\" data-maxdpr=\"1.7\" class=\"attachment-post-thumbnail lazyload\" \/>\n\t\t\t\t\t\t<div class=\"fw-block-image-overlay\">\n\t\t\t\t\t\t\t<div class=\"fw-itable\">\n\t\t\t\t\t\t\t\t<div class=\"fw-icell\">\n\t\t\t\t\t\t\t\t\t<i class=\"fw-icon-zoom\"><\/i>\n\t\t\t\t\t\t\t\t\t<h5 class=\"fw-overlay-title\"><\/h5>\n\t\t\t\t\t\t\t\t\t<p class=\"fw-overlay-description\"><\/p>\n\t\t\t\t\t\t\t\t<\/div>\n\t\t\t\t\t\t\t<\/div>\n\t\t\t\t\t\t<\/div>\n\t\t\t\t\t<\/a>\n\t\t\t\t<\/div><div class=\"fw-gallery-image fw-height-sm fw-block-image-parent fw-overlay-7  \" >\n\t\t\t\t\t<a href=\"https:\/\/krainawetlina.pl\/wp-content\/uploads\/2020\/04\/Kraina-Wetlina-domki-i-apartamenty-w-Bieszczadach-54-scaled.jpg\" data-rel=\"prettyPhoto[fw-gallery-810a242385a98c2ad7a23cfb8c920193]\" rel=\"prettyPhoto[fw-gallery-810a242385a98c2ad7a23cfb8c920193]\" class=\"fw-block-image-child fw-ratio-container fw-ratio-16-9 \">\n\t\t\t\t\t\t<noscript itemscope itemtype=\"https:\/\/schema.org\/ImageObject\" itemprop=\"image\"><img decoding=\"async\" src=\"https:\/\/krainawetlina.pl\/wp-content\/uploads\/2020\/04\/Kraina-Wetlina-domki-i-apartamenty-w-Bieszczadach-54-scaled.jpg\"  alt=\"Kraina Wetlina &#8211; domki i apartamenty w Bieszczadach 54\" data-maxdpr=\"1.7\" class=\"attachment-post-thumbnail lazyload\" \/><meta itemprop=\"url\" content=\"https:\/\/krainawetlina.pl\/wp-content\/uploads\/2020\/04\/Kraina-Wetlina-domki-i-apartamenty-w-Bieszczadach-54-scaled.jpg\"><meta itemprop=\"width\" content=\"1920\"><meta itemprop=\"height\" content=\"2560\"><\/noscript><img decoding=\"async\" src=\"data:image\/gif;base64,R0lGODlhAQABAIAAAAAAAP\/\/\/yH5BAEAAAAALAAAAAABAAEAAAIBRAA7\" data-sizes=\"auto\" data-srcset=\"https:\/\/krainawetlina.pl\/wp-content\/uploads\/2020\/04\/Kraina-Wetlina-domki-i-apartamenty-w-Bieszczadach-54-1920x1080.jpg 1920w, https:\/\/krainawetlina.pl\/wp-content\/uploads\/2020\/04\/Kraina-Wetlina-domki-i-apartamenty-w-Bieszczadach-54-1228x691.jpg 1228w, https:\/\/krainawetlina.pl\/wp-content\/uploads\/2020\/04\/Kraina-Wetlina-domki-i-apartamenty-w-Bieszczadach-54-614x346.jpg 614w, https:\/\/krainawetlina.pl\/wp-content\/uploads\/2020\/04\/Kraina-Wetlina-domki-i-apartamenty-w-Bieszczadach-54-295x166.jpg 295w, https:\/\/krainawetlina.pl\/wp-content\/uploads\/2020\/04\/Kraina-Wetlina-domki-i-apartamenty-w-Bieszczadach-54-590x332.jpg 590w\"   alt=\"Kraina Wetlina &#8211; domki i apartamenty w Bieszczadach 54\" data-maxdpr=\"1.7\" class=\"attachment-post-thumbnail lazyload\" \/>\n\t\t\t\t\t\t<div class=\"fw-block-image-overlay\">\n\t\t\t\t\t\t\t<div class=\"fw-itable\">\n\t\t\t\t\t\t\t\t<div class=\"fw-icell\">\n\t\t\t\t\t\t\t\t\t<i class=\"fw-icon-zoom\"><\/i>\n\t\t\t\t\t\t\t\t\t<h5 class=\"fw-overlay-title\"><\/h5>\n\t\t\t\t\t\t\t\t\t<p class=\"fw-overlay-description\"><\/p>\n\t\t\t\t\t\t\t\t<\/div>\n\t\t\t\t\t\t\t<\/div>\n\t\t\t\t\t\t<\/div>\n\t\t\t\t\t<\/a>\n\t\t\t\t<\/div><\/div><div class=\"fw-gallery-col fw-col-width1\"><div class=\"fw-gallery-image fw-height-lg fw-block-image-parent fw-overlay-7  \" >\n\t\t\t\t\t<a href=\"https:\/\/krainawetlina.pl\/wp-content\/uploads\/2020\/04\/Kraina-Wetlina-domki-i-apartamenty-w-Bieszczadach-198.jpg\" data-rel=\"prettyPhoto[fw-gallery-810a242385a98c2ad7a23cfb8c920193]\" rel=\"prettyPhoto[fw-gallery-810a242385a98c2ad7a23cfb8c920193]\" class=\"fw-block-image-child fw-ratio-container fw-ratio-1 \">\n\t\t\t\t\t\t<noscript itemscope itemtype=\"https:\/\/schema.org\/ImageObject\" itemprop=\"image\"><img decoding=\"async\" src=\"https:\/\/krainawetlina.pl\/wp-content\/uploads\/2020\/04\/Kraina-Wetlina-domki-i-apartamenty-w-Bieszczadach-198.jpg\"  alt=\"Kraina Wetlina Bieszczady domki i apartamenty, nocleg w g\u00f3rach, na wynajem, domek\" data-maxdpr=\"1.7\" class=\"attachment-post-thumbnail lazyload\" \/><meta itemprop=\"url\" content=\"https:\/\/krainawetlina.pl\/wp-content\/uploads\/2020\/04\/Kraina-Wetlina-domki-i-apartamenty-w-Bieszczadach-198.jpg\"><meta itemprop=\"width\" content=\"1370\"><meta itemprop=\"height\" content=\"1027\"><\/noscript><img decoding=\"async\" src=\"data:image\/gif;base64,R0lGODlhAQABAIAAAAAAAP\/\/\/yH5BAEAAAAALAAAAAABAAEAAAIBRAA7\" data-sizes=\"auto\" data-srcset=\"https:\/\/krainawetlina.pl\/wp-content\/uploads\/2020\/04\/Kraina-Wetlina-domki-i-apartamenty-w-Bieszczadach-198-150x150.jpg 150w, https:\/\/krainawetlina.pl\/wp-content\/uploads\/2020\/04\/Kraina-Wetlina-domki-i-apartamenty-w-Bieszczadach-198-800x800.jpg 800w, https:\/\/krainawetlina.pl\/wp-content\/uploads\/2020\/04\/Kraina-Wetlina-domki-i-apartamenty-w-Bieszczadach-198-300x300.jpg 300w\"   alt=\"Kraina Wetlina Bieszczady domki i apartamenty, nocleg w g\u00f3rach, na wynajem, domek\" data-maxdpr=\"1.7\" class=\"attachment-post-thumbnail lazyload\" \/>\n\t\t\t\t\t\t<div class=\"fw-block-image-overlay\">\n\t\t\t\t\t\t\t<div class=\"fw-itable\">\n\t\t\t\t\t\t\t\t<div class=\"fw-icell\">\n\t\t\t\t\t\t\t\t\t<i class=\"fw-icon-zoom\"><\/i>\n\t\t\t\t\t\t\t\t\t<h5 class=\"fw-overlay-title\"><\/h5>\n\t\t\t\t\t\t\t\t\t<p class=\"fw-overlay-description\"><\/p>\n\t\t\t\t\t\t\t\t<\/div>\n\t\t\t\t\t\t\t<\/div>\n\t\t\t\t\t\t<\/div>\n\t\t\t\t\t<\/a>\n\t\t\t\t<\/div><div class=\"fw-gallery-image fw-height-md fw-block-image-parent fw-overlay-7  \" >\n\t\t\t\t\t<a href=\"https:\/\/krainawetlina.pl\/wp-content\/uploads\/2020\/04\/Kraina-Wetlina-domki-i-apartamenty-w-Bieszczadach-187.jpg\" data-rel=\"prettyPhoto[fw-gallery-810a242385a98c2ad7a23cfb8c920193]\" rel=\"prettyPhoto[fw-gallery-810a242385a98c2ad7a23cfb8c920193]\" class=\"fw-block-image-child fw-ratio-container fw-ratio-16-9 \">\n\t\t\t\t\t\t<noscript itemscope itemtype=\"https:\/\/schema.org\/ImageObject\" itemprop=\"image\"><img decoding=\"async\" src=\"https:\/\/krainawetlina.pl\/wp-content\/uploads\/2020\/04\/Kraina-Wetlina-domki-i-apartamenty-w-Bieszczadach-187.jpg\"  alt=\"Kraina Wetlina - domki i apartamenty w Bieszczadach\" data-maxdpr=\"1.7\" class=\"attachment-post-thumbnail lazyload\" \/><meta itemprop=\"url\" content=\"https:\/\/krainawetlina.pl\/wp-content\/uploads\/2020\/04\/Kraina-Wetlina-domki-i-apartamenty-w-Bieszczadach-187.jpg\"><meta itemprop=\"width\" content=\"1028\"><meta itemprop=\"height\" content=\"1370\"><\/noscript><img decoding=\"async\" src=\"data:image\/gif;base64,R0lGODlhAQABAIAAAAAAAP\/\/\/yH5BAEAAAAALAAAAAABAAEAAAIBRAA7\" data-sizes=\"auto\" data-srcset=\"https:\/\/krainawetlina.pl\/wp-content\/uploads\/2020\/04\/Kraina-Wetlina-domki-i-apartamenty-w-Bieszczadach-187-614x346.jpg 614w, https:\/\/krainawetlina.pl\/wp-content\/uploads\/2020\/04\/Kraina-Wetlina-domki-i-apartamenty-w-Bieszczadach-187-295x166.jpg 295w, https:\/\/krainawetlina.pl\/wp-content\/uploads\/2020\/04\/Kraina-Wetlina-domki-i-apartamenty-w-Bieszczadach-187-590x332.jpg 590w\"   alt=\"Kraina Wetlina - domki i apartamenty w Bieszczadach\" data-maxdpr=\"1.7\" class=\"attachment-post-thumbnail lazyload\" \/>\n\t\t\t\t\t\t<div class=\"fw-block-image-overlay\">\n\t\t\t\t\t\t\t<div class=\"fw-itable\">\n\t\t\t\t\t\t\t\t<div class=\"fw-icell\">\n\t\t\t\t\t\t\t\t\t<i class=\"fw-icon-zoom\"><\/i>\n\t\t\t\t\t\t\t\t\t<h5 class=\"fw-overlay-title\"><\/h5>\n\t\t\t\t\t\t\t\t\t<p class=\"fw-overlay-description\"><\/p>\n\t\t\t\t\t\t\t\t<\/div>\n\t\t\t\t\t\t\t<\/div>\n\t\t\t\t\t\t<\/div>\n\t\t\t\t\t<\/a>\n\t\t\t\t<\/div><div class=\"fw-gallery-image fw-height-lg fw-block-image-parent fw-overlay-7  \" >\n\t\t\t\t\t<a href=\"https:\/\/krainawetlina.pl\/wp-content\/uploads\/2020\/04\/Kraina-Wetlina-domki-i-apartamenty-w-Bieszczadach-48.jpg\" data-rel=\"prettyPhoto[fw-gallery-810a242385a98c2ad7a23cfb8c920193]\" rel=\"prettyPhoto[fw-gallery-810a242385a98c2ad7a23cfb8c920193]\" class=\"fw-block-image-child fw-ratio-container fw-ratio-1 \">\n\t\t\t\t\t\t<noscript itemscope itemtype=\"https:\/\/schema.org\/ImageObject\" itemprop=\"image\"><img decoding=\"async\" src=\"https:\/\/krainawetlina.pl\/wp-content\/uploads\/2020\/04\/Kraina-Wetlina-domki-i-apartamenty-w-Bieszczadach-48.jpg\"  alt=\"Kraina Wetlina - domki i apartamenty w Bieszczadach na wynajem. Noclegi Wetlina. Magiczne miejsce. Bieszczady widok z tarasu. Drewniany taras\" data-maxdpr=\"1.7\" class=\"attachment-post-thumbnail lazyload\" \/><meta itemprop=\"url\" content=\"https:\/\/krainawetlina.pl\/wp-content\/uploads\/2020\/04\/Kraina-Wetlina-domki-i-apartamenty-w-Bieszczadach-48.jpg\"><meta itemprop=\"width\" content=\"1350\"><meta itemprop=\"height\" content=\"1800\"><\/noscript><img decoding=\"async\" src=\"data:image\/gif;base64,R0lGODlhAQABAIAAAAAAAP\/\/\/yH5BAEAAAAALAAAAAABAAEAAAIBRAA7\" data-sizes=\"auto\" data-srcset=\"https:\/\/krainawetlina.pl\/wp-content\/uploads\/2020\/04\/Kraina-Wetlina-domki-i-apartamenty-w-Bieszczadach-48-150x150.jpg 150w, https:\/\/krainawetlina.pl\/wp-content\/uploads\/2020\/04\/Kraina-Wetlina-domki-i-apartamenty-w-Bieszczadach-48-800x800.jpg 800w, https:\/\/krainawetlina.pl\/wp-content\/uploads\/2020\/04\/Kraina-Wetlina-domki-i-apartamenty-w-Bieszczadach-48-300x300.jpg 300w\"   alt=\"Kraina Wetlina - domki i apartamenty w Bieszczadach na wynajem. Noclegi Wetlina. Magiczne miejsce. Bieszczady widok z tarasu. Drewniany taras\" data-maxdpr=\"1.7\" class=\"attachment-post-thumbnail lazyload\" \/>\n\t\t\t\t\t\t<div class=\"fw-block-image-overlay\">\n\t\t\t\t\t\t\t<div class=\"fw-itable\">\n\t\t\t\t\t\t\t\t<div class=\"fw-icell\">\n\t\t\t\t\t\t\t\t\t<i class=\"fw-icon-zoom\"><\/i>\n\t\t\t\t\t\t\t\t\t<h5 class=\"fw-overlay-title\"><\/h5>\n\t\t\t\t\t\t\t\t\t<p class=\"fw-overlay-description\"><\/p>\n\t\t\t\t\t\t\t\t<\/div>\n\t\t\t\t\t\t\t<\/div>\n\t\t\t\t\t\t<\/div>\n\t\t\t\t\t<\/a>\n\t\t\t\t<\/div><\/div><\/div>\t\t<\/div>\n\t<\/div>\n<\/div><\/div>\n\n<div class=\"fw-row\">\n\t<div id=\"column-69f1fbb498635\" class=\"fw-col-sm-12 tf-sh-fc977bb5954e12f6b73754ddb8e5ea30\" >\n\t<div class=\"fw-wrap-col-inner clearfix  \"   >\n\t\t\t\t<div class=\"fw-col-inner\">\n\t\t\t\t<div  class=\"fw-divider tf-sh-da0d1a8786b17fbc292fb5860b20f330  fw-divider-align-left fw-divider-full-width fw-line-solid fw-divider-line space-md  fw_theme_border_only_fw-custom\"  style=\"width: auto;  \" ><\/div>\n\t\t<\/div>\n\t<\/div>\n<\/div><\/div>\n\n\t<\/div>\n\t<\/section><section   class=\"fw-main-row-custom fw-section-no-padding  auto  fw-section-position-back tf-sh-82ef4dd0d971de912d4742101c489e57\"    >\n\t\t\t<div class=\"fw-container\" >\n\t\t<div class=\"fw-row\">\n\t<div id=\"column-69f1fbb4995f6\" class=\"fw-col-sm-12 tf-sh-2a4156658d0bfaf2a2c2f28860f72252  fw-col-no-padding\" >\n\t<div class=\"fw-wrap-col-inner clearfix  \"   >\n\t\t\t\t<div class=\"fw-col-inner\">\n\t\t\t<div class=\"fw-heading fw-heading-center  fw-heading-with-subtitle tf-sh-b6efe29e8f2764d72e6f500e5a7c8950\" >\n\t\t\t<h2 class=\"fw-special-title\">3. Domek z tarasem<\/h2>\n\t\n\t\n\t\t\t<div class=\"fw-special-subtitle\">WIDOK NA OGR\u00d3D<\/div>\n\t<\/div><div class=\"fw-divider-space  fw-custom-space  clearfix\" style=\"height:30px;\" ><\/div><div class=\"fw-text-box tf-sh-946e63afc05c1930bac88374e894c143 \" >\n\t<div class=\"fw-text-inner\">\n\t\t<p style=\"text-align: center;\">39 m2 +13 m2 na antresoli<\/p>\n<p style=\"text-align: center; font-size: 12px;\">PRYWATNE WEJ\u015aCIE | PRZYDZIELONE MIEJSCE PARKINGOWE<\/p>\n<p style=\"text-align: center;\"><strong>Idealny dla 4-6 os\u00f3b<\/strong><\/p>\n<p>&nbsp;<\/p>\n\t<\/div>\n<\/div>\t\t<\/div>\n\t<\/div>\n<\/div><\/div>\n\n<div class=\"fw-row\">\n\t<div id=\"column-69f1fbb499f52\" class=\"fw-col-sm-1-5 tf-sh-1d6dc48e00ca4b5025d2532425b8d2de\" >\n\t<div class=\"fw-wrap-col-inner clearfix  \"   >\n\t\t\t\t<div class=\"fw-col-inner\">\n\t\t\t\t\t<\/div>\n\t<\/div>\n<\/div><div id=\"column-69f1fbb49a159\" class=\"fw-col-sm-1-5 tf-sh-58648970daaf976d40556a8de3253d4b\" >\n\t<div class=\"fw-wrap-col-inner clearfix  \"   >\n\t\t\t\t<div class=\"fw-col-inner\">\n\t\t\t<div class=\"fw-icon-title fw-icon-title-top clearfix tf-sh-4cad1b35303594e77bfc651d4c9ff243  fw-content-align-center\" >\n\t\t\t<div class=\"fw-icon-title-name\">\n\t\t\t<div class=\"fw-icon-title-name-inner\">\n\t\t\t\t\t\t\t\t\t<span class=\"fw-icon-title-icon fw-custom-icon-image\">\n\t\t\t\t\t\t\t\t\t\t\t\t\t<img decoding=\"async\" src=\"\/\/krainawetlina.pl\/wp-content\/uploads\/2018\/07\/podwojne-1.png\" alt=\"\" \/>\t\t\t\t\t\t\t\t\t\t\t<\/span>\n\t\t\t\t\n\t\t\t\t\t\t\t\t\t\t\t\t\t<h6 class=\"fw-icon-title-text\">\n\t\t\t\t\t\tSypialnia z du\u017cym <br> podw\u00f3jnym \u0142\u00f3\u017ckiem\t\t\t\t\t<\/h6>\n\t\t\t\t\t\t\t\t\t\t<\/div>\n\t\t<\/div>\n\t<\/div><div class=\"fw-divider-space  fw-custom-space  clearfix\" style=\"height:30px;\" ><\/div>\t\t<\/div>\n\t<\/div>\n<\/div><div id=\"column-69f1fbb49a665\" class=\"fw-col-sm-1-5 tf-sh-a1480557e969ce0d0aa7f26628b4dcd4\" >\n\t<div class=\"fw-wrap-col-inner clearfix  \"   >\n\t\t\t\t<div class=\"fw-col-inner\">\n\t\t\t<div class=\"fw-icon-title fw-icon-title-top clearfix tf-sh-c59dd852dc162b670026ce14335572ab  fw-content-align-center\" >\n\t\t\t<div class=\"fw-icon-title-name\">\n\t\t\t<div class=\"fw-icon-title-name-inner\">\n\t\t\t\t\t\t\t\t\t<span class=\"fw-icon-title-icon fw-custom-icon-image\">\n\t\t\t\t\t\t\t\t\t\t\t\t\t<img decoding=\"async\" src=\"\/\/krainawetlina.pl\/wp-content\/uploads\/2018\/07\/pojedyncze-1.png\" alt=\"\" \/>\t\t\t\t\t\t\t\t\t\t\t<\/span>\n\t\t\t\t\n\t\t\t\t\t\t\t\t\t\t\t\t\t<h6 class=\"fw-icon-title-text\">\n\t\t\t\t\t\tSypialnia z dwoma <br> pojedynczymi \u0142\u00f3\u017ckami\t\t\t\t\t<\/h6>\n\t\t\t\t\t\t\t\t\t\t<\/div>\n\t\t<\/div>\n\t<\/div><div class=\"fw-divider-space  fw-custom-space  clearfix\" style=\"height:30px;\" ><\/div>\t\t<\/div>\n\t<\/div>\n<\/div><div id=\"column-69f1fbb49ab2e\" class=\"fw-col-sm-1-5 tf-sh-f247fafea9f7cdfefc47ee859708f5c7\" >\n\t<div class=\"fw-wrap-col-inner clearfix  \"   >\n\t\t\t\t<div class=\"fw-col-inner\">\n\t\t\t<div class=\"fw-icon-title fw-icon-title-top clearfix tf-sh-bb83c404b774080521c4c00f7187972c  fw-content-align-center\" >\n\t\t\t<div class=\"fw-icon-title-name\">\n\t\t\t<div class=\"fw-icon-title-name-inner\">\n\t\t\t\t\t\t\t\t\t<span class=\"fw-icon-title-icon fw-custom-icon-image\">\n\t\t\t\t\t\t\t\t\t\t\t\t\t<img decoding=\"async\" src=\"\/\/krainawetlina.pl\/wp-content\/uploads\/2018\/07\/podwojne-1.png\" alt=\"\" \/>\t\t\t\t\t\t\t\t\t\t\t<\/span>\n\t\t\t\t\n\t\t\t\t\t\t\t\t\t\t\t\t\t<h6 class=\"fw-icon-title-text\">\n\t\t\t\t\t\tPodw\u00f3jne \u0142\u00f3\u017cko <br>na antresoli\t\t\t\t\t<\/h6>\n\t\t\t\t\t\t\t\t\t\t<\/div>\n\t\t<\/div>\n\t<\/div><div class=\"fw-divider-space  fw-custom-space  clearfix\" style=\"height:30px;\" ><\/div>\t\t<\/div>\n\t<\/div>\n<\/div><div id=\"column-69f1fbb49b0cd\" class=\"fw-col-sm-1-5 tf-sh-aede0859d407a93550809fad20e7819e\" >\n\t<div class=\"fw-wrap-col-inner clearfix  \"   >\n\t\t\t\t<div class=\"fw-col-inner\">\n\t\t\t\t\t<\/div>\n\t<\/div>\n<\/div><\/div>\n\n<div class=\"fw-row\">\n\t<div id=\"column-69f1fbb49b424\" class=\"fw-col-sm-6 tf-sh-64f47341b4cf281f46fa2271898cb915\" >\n\t<div class=\"fw-wrap-col-inner clearfix  \"   >\n\t\t\t\t<div class=\"fw-col-inner\">\n\t\t\t<div class=\"fw-heading fw-heading-center  fw-heading-with-subtitle tf-sh-c102aa78d35aa41a26540f08a99feec0\" >\n\t\n\t\n\t\t\t<div class=\"fw-special-subtitle\">PARTER<\/div>\n\t<\/div><div class=\"fw-text-box tf-sh-d32744d4f43f9463fe947331843b4c19 \" >\n\t<div class=\"fw-text-inner\">\n\t\t<p style=\"text-align: center;\">Salon z cz\u0119\u015bci\u0105 jadaln\u0105<br \/>Otwarta kuchnia ze zmywark\u0105<br \/>Dwie sypialnie<br \/>\u0141azienka z oknem<br \/>Taras<\/p>\n<p>&nbsp;<\/p>\n\t<\/div>\n<\/div>\t\t<\/div>\n\t<\/div>\n<\/div><div id=\"column-69f1fbb49bafd\" class=\"fw-col-sm-6 tf-sh-a6052991f6d1ba0202a303009c2248ed\" >\n\t<div class=\"fw-wrap-col-inner clearfix  \"   >\n\t\t\t\t<div class=\"fw-col-inner\">\n\t\t\t<div class=\"fw-heading fw-heading-center  fw-heading-with-subtitle tf-sh-80b2cf4b49969033a5d33458e23bdd0f\" >\n\t\n\t\n\t\t\t<div class=\"fw-special-subtitle\">ANTRESOLA<\/div>\n\t<\/div><div class=\"fw-text-box tf-sh-1483b958e1bf1125e15cf65a3401849b \" >\n\t<div class=\"fw-text-inner\">\n\t\t<p style=\"text-align: center;\">Przestrze\u0144 otwarta z podw\u00f3jnym \u0142\u00f3\u017ckiem<br \/>i cz\u0119\u015bci\u0105 wsp\u00f3ln\u0105<\/p>\n\t<\/div>\n<\/div>\t\t<\/div>\n\t<\/div>\n<\/div><\/div>\n\n<div class=\"fw-row\">\n\t<div id=\"column-69f1fbb49c2e1\" class=\"fw-col-sm-12 tf-sh-fc977bb5954e12f6b73754ddb8e5ea30\" >\n\t<div class=\"fw-wrap-col-inner clearfix  \"   >\n\t\t\t\t<div class=\"fw-col-inner\">\n\t\t\t<div class=\"fw-gallery clearfix tf-sh-9e6cd2215b98f29c37e2a9c85ccd60f6 fw-gallery-type1 \" >\n\t<div class=\"fw-gallery-col fw-col-width1\"><div class=\"fw-gallery-image fw-height-lg fw-block-image-parent fw-overlay-7  \" >\n\t\t\t\t\t<a href=\"https:\/\/krainawetlina.pl\/wp-content\/uploads\/2020\/04\/Kraina-Wetlina-domki-i-apartamenty-w-Bieszczadach-108.jpg\" data-rel=\"prettyPhoto[fw-gallery-9e6cd2215b98f29c37e2a9c85ccd60f6]\" rel=\"prettyPhoto[fw-gallery-9e6cd2215b98f29c37e2a9c85ccd60f6]\" class=\"fw-block-image-child fw-ratio-container fw-ratio-1 \">\n\t\t\t\t\t\t<noscript itemscope itemtype=\"https:\/\/schema.org\/ImageObject\" itemprop=\"image\"><img decoding=\"async\" src=\"https:\/\/krainawetlina.pl\/wp-content\/uploads\/2020\/04\/Kraina-Wetlina-domki-i-apartamenty-w-Bieszczadach-108.jpg\"  alt=\"Kraina Wetlina - domki i apartamenty w Bieszczadach\" data-maxdpr=\"1.7\" class=\"attachment-post-thumbnail lazyload\" \/><meta itemprop=\"url\" content=\"https:\/\/krainawetlina.pl\/wp-content\/uploads\/2020\/04\/Kraina-Wetlina-domki-i-apartamenty-w-Bieszczadach-108.jpg\"><meta itemprop=\"width\" content=\"1028\"><meta itemprop=\"height\" content=\"1370\"><\/noscript><img decoding=\"async\" src=\"data:image\/gif;base64,R0lGODlhAQABAIAAAAAAAP\/\/\/yH5BAEAAAAALAAAAAABAAEAAAIBRAA7\" data-sizes=\"auto\" data-srcset=\"https:\/\/krainawetlina.pl\/wp-content\/uploads\/2020\/04\/Kraina-Wetlina-domki-i-apartamenty-w-Bieszczadach-108-150x150.jpg 150w, https:\/\/krainawetlina.pl\/wp-content\/uploads\/2020\/04\/Kraina-Wetlina-domki-i-apartamenty-w-Bieszczadach-108-800x800.jpg 800w, https:\/\/krainawetlina.pl\/wp-content\/uploads\/2020\/04\/Kraina-Wetlina-domki-i-apartamenty-w-Bieszczadach-108-300x300.jpg 300w\"   alt=\"Kraina Wetlina - domki i apartamenty w Bieszczadach\" data-maxdpr=\"1.7\" class=\"attachment-post-thumbnail lazyload\" \/>\n\t\t\t\t\t\t<div class=\"fw-block-image-overlay\">\n\t\t\t\t\t\t\t<div class=\"fw-itable\">\n\t\t\t\t\t\t\t\t<div class=\"fw-icell\">\n\t\t\t\t\t\t\t\t\t<i class=\"fw-icon-zoom\"><\/i>\n\t\t\t\t\t\t\t\t\t<h5 class=\"fw-overlay-title\"><\/h5>\n\t\t\t\t\t\t\t\t\t<p class=\"fw-overlay-description\"><\/p>\n\t\t\t\t\t\t\t\t<\/div>\n\t\t\t\t\t\t\t<\/div>\n\t\t\t\t\t\t<\/div>\n\t\t\t\t\t<\/a>\n\t\t\t\t<\/div> <div class=\"fw-gallery-image fw-height-md fw-block-image-parent fw-overlay-7  \" >\n\t\t\t\t\t<a href=\"https:\/\/krainawetlina.pl\/wp-content\/uploads\/2020\/04\/Kraina-Wetlina-domki-i-apartamenty-w-Bieszczadach-164.jpg\" data-rel=\"prettyPhoto[fw-gallery-9e6cd2215b98f29c37e2a9c85ccd60f6]\" rel=\"prettyPhoto[fw-gallery-9e6cd2215b98f29c37e2a9c85ccd60f6]\" class=\"fw-block-image-child fw-ratio-container fw-ratio-16-9 \">\n\t\t\t\t\t\t<noscript itemscope itemtype=\"https:\/\/schema.org\/ImageObject\" itemprop=\"image\"><img decoding=\"async\" src=\"https:\/\/krainawetlina.pl\/wp-content\/uploads\/2020\/04\/Kraina-Wetlina-domki-i-apartamenty-w-Bieszczadach-164.jpg\"  alt=\"Kraina Wetlina &#8211; domki i apartamenty w Bieszczadach 164\" data-maxdpr=\"1.7\" class=\"attachment-post-thumbnail lazyload\" \/><meta itemprop=\"url\" content=\"https:\/\/krainawetlina.pl\/wp-content\/uploads\/2020\/04\/Kraina-Wetlina-domki-i-apartamenty-w-Bieszczadach-164.jpg\"><meta itemprop=\"width\" content=\"1370\"><meta itemprop=\"height\" content=\"1027\"><\/noscript><img decoding=\"async\" src=\"data:image\/gif;base64,R0lGODlhAQABAIAAAAAAAP\/\/\/yH5BAEAAAAALAAAAAABAAEAAAIBRAA7\" data-sizes=\"auto\" data-srcset=\"https:\/\/krainawetlina.pl\/wp-content\/uploads\/2020\/04\/Kraina-Wetlina-domki-i-apartamenty-w-Bieszczadach-164-1228x691.jpg 1228w, https:\/\/krainawetlina.pl\/wp-content\/uploads\/2020\/04\/Kraina-Wetlina-domki-i-apartamenty-w-Bieszczadach-164-614x346.jpg 614w, https:\/\/krainawetlina.pl\/wp-content\/uploads\/2020\/04\/Kraina-Wetlina-domki-i-apartamenty-w-Bieszczadach-164-295x166.jpg 295w, https:\/\/krainawetlina.pl\/wp-content\/uploads\/2020\/04\/Kraina-Wetlina-domki-i-apartamenty-w-Bieszczadach-164-590x332.jpg 590w\"   alt=\"Kraina Wetlina &#8211; domki i apartamenty w Bieszczadach 164\" data-maxdpr=\"1.7\" class=\"attachment-post-thumbnail lazyload\" \/>\n\t\t\t\t\t\t<div class=\"fw-block-image-overlay\">\n\t\t\t\t\t\t\t<div class=\"fw-itable\">\n\t\t\t\t\t\t\t\t<div class=\"fw-icell\">\n\t\t\t\t\t\t\t\t\t<i class=\"fw-icon-zoom\"><\/i>\n\t\t\t\t\t\t\t\t\t<h5 class=\"fw-overlay-title\"><\/h5>\n\t\t\t\t\t\t\t\t\t<p class=\"fw-overlay-description\"><\/p>\n\t\t\t\t\t\t\t\t<\/div>\n\t\t\t\t\t\t\t<\/div>\n\t\t\t\t\t\t<\/div>\n\t\t\t\t\t<\/a>\n\t\t\t\t<\/div><div class=\"fw-gallery-image fw-height-lg fw-block-image-parent fw-overlay-7  \" >\n\t\t\t\t\t<a href=\"https:\/\/krainawetlina.pl\/wp-content\/uploads\/2020\/04\/Kraina-Wetlina-domki-i-apartamenty-w-Bieszczadach-172.jpg\" data-rel=\"prettyPhoto[fw-gallery-9e6cd2215b98f29c37e2a9c85ccd60f6]\" rel=\"prettyPhoto[fw-gallery-9e6cd2215b98f29c37e2a9c85ccd60f6]\" class=\"fw-block-image-child fw-ratio-container fw-ratio-1 \">\n\t\t\t\t\t\t<noscript itemscope itemtype=\"https:\/\/schema.org\/ImageObject\" itemprop=\"image\"><img decoding=\"async\" src=\"https:\/\/krainawetlina.pl\/wp-content\/uploads\/2020\/04\/Kraina-Wetlina-domki-i-apartamenty-w-Bieszczadach-172.jpg\"  alt=\"Kraina Wetlina - domki i apartamenty w Bieszczadach\" data-maxdpr=\"1.7\" class=\"attachment-post-thumbnail lazyload\" \/><meta itemprop=\"url\" content=\"https:\/\/krainawetlina.pl\/wp-content\/uploads\/2020\/04\/Kraina-Wetlina-domki-i-apartamenty-w-Bieszczadach-172.jpg\"><meta itemprop=\"width\" content=\"1027\"><meta itemprop=\"height\" content=\"1370\"><\/noscript><img decoding=\"async\" src=\"data:image\/gif;base64,R0lGODlhAQABAIAAAAAAAP\/\/\/yH5BAEAAAAALAAAAAABAAEAAAIBRAA7\" data-sizes=\"auto\" data-srcset=\"https:\/\/krainawetlina.pl\/wp-content\/uploads\/2020\/04\/Kraina-Wetlina-domki-i-apartamenty-w-Bieszczadach-172-150x150.jpg 150w, https:\/\/krainawetlina.pl\/wp-content\/uploads\/2020\/04\/Kraina-Wetlina-domki-i-apartamenty-w-Bieszczadach-172-800x800.jpg 800w, https:\/\/krainawetlina.pl\/wp-content\/uploads\/2020\/04\/Kraina-Wetlina-domki-i-apartamenty-w-Bieszczadach-172-300x300.jpg 300w\"   alt=\"Kraina Wetlina - domki i apartamenty w Bieszczadach\" data-maxdpr=\"1.7\" class=\"attachment-post-thumbnail lazyload\" \/>\n\t\t\t\t\t\t<div class=\"fw-block-image-overlay\">\n\t\t\t\t\t\t\t<div class=\"fw-itable\">\n\t\t\t\t\t\t\t\t<div class=\"fw-icell\">\n\t\t\t\t\t\t\t\t\t<i class=\"fw-icon-zoom\"><\/i>\n\t\t\t\t\t\t\t\t\t<h5 class=\"fw-overlay-title\"><\/h5>\n\t\t\t\t\t\t\t\t\t<p class=\"fw-overlay-description\"><\/p>\n\t\t\t\t\t\t\t\t<\/div>\n\t\t\t\t\t\t\t<\/div>\n\t\t\t\t\t\t<\/div>\n\t\t\t\t\t<\/a>\n\t\t\t\t<\/div><\/div><div class=\"fw-gallery-col fw-col-width2\"><div class=\"fw-gallery-image fw-height-md fw-block-image-parent fw-overlay-7  \" >\n\t\t\t\t\t<a href=\"https:\/\/krainawetlina.pl\/wp-content\/uploads\/2020\/04\/Kraina-Wetlina-domki-i-apartamenty-w-Bieszczadach-11.jpeg\" data-rel=\"prettyPhoto[fw-gallery-9e6cd2215b98f29c37e2a9c85ccd60f6]\" rel=\"prettyPhoto[fw-gallery-9e6cd2215b98f29c37e2a9c85ccd60f6]\" class=\"fw-block-image-child fw-ratio-container fw-ratio-4-3 \">\n\t\t\t\t\t\t<noscript itemscope itemtype=\"https:\/\/schema.org\/ImageObject\" itemprop=\"image\"><img decoding=\"async\" src=\"https:\/\/krainawetlina.pl\/wp-content\/uploads\/2020\/04\/Kraina-Wetlina-domki-i-apartamenty-w-Bieszczadach-11.jpeg\"  alt=\"Kraina Wetlina - domki i apartamenty w Bieszczadach\" data-maxdpr=\"1.7\" class=\"attachment-post-thumbnail lazyload\" \/><meta itemprop=\"url\" content=\"https:\/\/krainawetlina.pl\/wp-content\/uploads\/2020\/04\/Kraina-Wetlina-domki-i-apartamenty-w-Bieszczadach-11.jpeg\"><meta itemprop=\"width\" content=\"1350\"><meta itemprop=\"height\" content=\"1800\"><\/noscript><img decoding=\"async\" src=\"data:image\/gif;base64,R0lGODlhAQABAIAAAAAAAP\/\/\/yH5BAEAAAAALAAAAAABAAEAAAIBRAA7\" data-sizes=\"auto\" data-srcset=\"https:\/\/krainawetlina.pl\/wp-content\/uploads\/2020\/04\/Kraina-Wetlina-domki-i-apartamenty-w-Bieszczadach-11-393x295.jpeg 393w, https:\/\/krainawetlina.pl\/wp-content\/uploads\/2020\/04\/Kraina-Wetlina-domki-i-apartamenty-w-Bieszczadach-11-786x590.jpeg 786w\"   alt=\"Kraina Wetlina - domki i apartamenty w Bieszczadach\" data-maxdpr=\"1.7\" class=\"attachment-post-thumbnail lazyload\" \/>\n\t\t\t\t\t\t<div class=\"fw-block-image-overlay\">\n\t\t\t\t\t\t\t<div class=\"fw-itable\">\n\t\t\t\t\t\t\t\t<div class=\"fw-icell\">\n\t\t\t\t\t\t\t\t\t<i class=\"fw-icon-zoom\"><\/i>\n\t\t\t\t\t\t\t\t\t<h5 class=\"fw-overlay-title\"><\/h5>\n\t\t\t\t\t\t\t\t\t<p class=\"fw-overlay-description\"><\/p>\n\t\t\t\t\t\t\t\t<\/div>\n\t\t\t\t\t\t\t<\/div>\n\t\t\t\t\t\t<\/div>\n\t\t\t\t\t<\/a>\n\t\t\t\t<\/div><div class=\"fw-gallery-image fw-height-sm fw-block-image-parent fw-overlay-7  \" >\n\t\t\t\t\t<a href=\"https:\/\/krainawetlina.pl\/wp-content\/uploads\/2020\/04\/Kraina-Wetlina-domki-i-apartamenty-w-Bieszczadach-104.jpg\" data-rel=\"prettyPhoto[fw-gallery-9e6cd2215b98f29c37e2a9c85ccd60f6]\" rel=\"prettyPhoto[fw-gallery-9e6cd2215b98f29c37e2a9c85ccd60f6]\" class=\"fw-block-image-child fw-ratio-container fw-ratio-16-9 \">\n\t\t\t\t\t\t<noscript itemscope itemtype=\"https:\/\/schema.org\/ImageObject\" itemprop=\"image\"><img decoding=\"async\" src=\"https:\/\/krainawetlina.pl\/wp-content\/uploads\/2020\/04\/Kraina-Wetlina-domki-i-apartamenty-w-Bieszczadach-104.jpg\"  alt=\"Kraina Wetlina - domki i apartamenty w Bieszczadach\" data-maxdpr=\"1.7\" class=\"attachment-post-thumbnail lazyload\" \/><meta itemprop=\"url\" content=\"https:\/\/krainawetlina.pl\/wp-content\/uploads\/2020\/04\/Kraina-Wetlina-domki-i-apartamenty-w-Bieszczadach-104.jpg\"><meta itemprop=\"width\" content=\"900\"><meta itemprop=\"height\" content=\"675\"><\/noscript><img decoding=\"async\" src=\"data:image\/gif;base64,R0lGODlhAQABAIAAAAAAAP\/\/\/yH5BAEAAAAALAAAAAABAAEAAAIBRAA7\" data-sizes=\"auto\" data-srcset=\"https:\/\/krainawetlina.pl\/wp-content\/uploads\/2020\/04\/Kraina-Wetlina-domki-i-apartamenty-w-Bieszczadach-104-614x346.jpg 614w, https:\/\/krainawetlina.pl\/wp-content\/uploads\/2020\/04\/Kraina-Wetlina-domki-i-apartamenty-w-Bieszczadach-104-295x166.jpg 295w, https:\/\/krainawetlina.pl\/wp-content\/uploads\/2020\/04\/Kraina-Wetlina-domki-i-apartamenty-w-Bieszczadach-104-590x332.jpg 590w\"   alt=\"Kraina Wetlina - domki i apartamenty w Bieszczadach\" data-maxdpr=\"1.7\" class=\"attachment-post-thumbnail lazyload\" \/>\n\t\t\t\t\t\t<div class=\"fw-block-image-overlay\">\n\t\t\t\t\t\t\t<div class=\"fw-itable\">\n\t\t\t\t\t\t\t\t<div class=\"fw-icell\">\n\t\t\t\t\t\t\t\t\t<i class=\"fw-icon-zoom\"><\/i>\n\t\t\t\t\t\t\t\t\t<h5 class=\"fw-overlay-title\"><\/h5>\n\t\t\t\t\t\t\t\t\t<p class=\"fw-overlay-description\"><\/p>\n\t\t\t\t\t\t\t\t<\/div>\n\t\t\t\t\t\t\t<\/div>\n\t\t\t\t\t\t<\/div>\n\t\t\t\t\t<\/a>\n\t\t\t\t<\/div><div class=\"fw-gallery-image fw-height-md fw-block-image-parent fw-overlay-7  \" >\n\t\t\t\t\t<a href=\"https:\/\/krainawetlina.pl\/wp-content\/uploads\/2020\/04\/Kraina-Wetlina-domki-i-apartamenty-w-Bieszczadach-173.jpg\" data-rel=\"prettyPhoto[fw-gallery-9e6cd2215b98f29c37e2a9c85ccd60f6]\" rel=\"prettyPhoto[fw-gallery-9e6cd2215b98f29c37e2a9c85ccd60f6]\" class=\"fw-block-image-child fw-ratio-container fw-ratio-4-3 \">\n\t\t\t\t\t\t<noscript itemscope itemtype=\"https:\/\/schema.org\/ImageObject\" itemprop=\"image\"><img decoding=\"async\" src=\"https:\/\/krainawetlina.pl\/wp-content\/uploads\/2020\/04\/Kraina-Wetlina-domki-i-apartamenty-w-Bieszczadach-173.jpg\"  alt=\"Kraina Wetlina &#8211; domki i apartamenty w Bieszczadach 173\" data-maxdpr=\"1.7\" class=\"attachment-post-thumbnail lazyload\" \/><meta itemprop=\"url\" content=\"https:\/\/krainawetlina.pl\/wp-content\/uploads\/2020\/04\/Kraina-Wetlina-domki-i-apartamenty-w-Bieszczadach-173.jpg\"><meta itemprop=\"width\" content=\"1027\"><meta itemprop=\"height\" content=\"1370\"><\/noscript><img decoding=\"async\" src=\"data:image\/gif;base64,R0lGODlhAQABAIAAAAAAAP\/\/\/yH5BAEAAAAALAAAAAABAAEAAAIBRAA7\" data-sizes=\"auto\" data-srcset=\"https:\/\/krainawetlina.pl\/wp-content\/uploads\/2020\/04\/Kraina-Wetlina-domki-i-apartamenty-w-Bieszczadach-173-393x295.jpg 393w, https:\/\/krainawetlina.pl\/wp-content\/uploads\/2020\/04\/Kraina-Wetlina-domki-i-apartamenty-w-Bieszczadach-173-786x590.jpg 786w\"   alt=\"Kraina Wetlina &#8211; domki i apartamenty w Bieszczadach 173\" data-maxdpr=\"1.7\" class=\"attachment-post-thumbnail lazyload\" \/>\n\t\t\t\t\t\t<div class=\"fw-block-image-overlay\">\n\t\t\t\t\t\t\t<div class=\"fw-itable\">\n\t\t\t\t\t\t\t\t<div class=\"fw-icell\">\n\t\t\t\t\t\t\t\t\t<i class=\"fw-icon-zoom\"><\/i>\n\t\t\t\t\t\t\t\t\t<h5 class=\"fw-overlay-title\"><\/h5>\n\t\t\t\t\t\t\t\t\t<p class=\"fw-overlay-description\"><\/p>\n\t\t\t\t\t\t\t\t<\/div>\n\t\t\t\t\t\t\t<\/div>\n\t\t\t\t\t\t<\/div>\n\t\t\t\t\t<\/a>\n\t\t\t\t<\/div><div class=\"fw-gallery-image fw-height-md fw-block-image-parent fw-overlay-7  \" >\n\t\t\t\t\t<a href=\"https:\/\/krainawetlina.pl\/wp-content\/uploads\/2020\/04\/Kraina-Wetlina-domki-i-apartamenty-w-Bieszczadach-18-scaled.jpeg\" data-rel=\"prettyPhoto[fw-gallery-9e6cd2215b98f29c37e2a9c85ccd60f6]\" rel=\"prettyPhoto[fw-gallery-9e6cd2215b98f29c37e2a9c85ccd60f6]\" class=\"fw-block-image-child fw-ratio-container fw-ratio-4-3 \">\n\t\t\t\t\t\t<noscript itemscope itemtype=\"https:\/\/schema.org\/ImageObject\" itemprop=\"image\"><img decoding=\"async\" src=\"https:\/\/krainawetlina.pl\/wp-content\/uploads\/2020\/04\/Kraina-Wetlina-domki-i-apartamenty-w-Bieszczadach-18-scaled.jpeg\"  alt=\"Kraina Wetlina - domki i apartamenty w Bieszczadach\" data-maxdpr=\"1.7\" class=\"attachment-post-thumbnail lazyload\" \/><meta itemprop=\"url\" content=\"https:\/\/krainawetlina.pl\/wp-content\/uploads\/2020\/04\/Kraina-Wetlina-domki-i-apartamenty-w-Bieszczadach-18-scaled.jpeg\"><meta itemprop=\"width\" content=\"2560\"><meta itemprop=\"height\" content=\"1920\"><\/noscript><img decoding=\"async\" src=\"data:image\/gif;base64,R0lGODlhAQABAIAAAAAAAP\/\/\/yH5BAEAAAAALAAAAAABAAEAAAIBRAA7\" data-sizes=\"auto\" data-srcset=\"https:\/\/krainawetlina.pl\/wp-content\/uploads\/2020\/04\/Kraina-Wetlina-domki-i-apartamenty-w-Bieszczadach-18-300x225.jpeg 300w, https:\/\/krainawetlina.pl\/wp-content\/uploads\/2020\/04\/Kraina-Wetlina-domki-i-apartamenty-w-Bieszczadach-18-1024x768.jpeg 1024w, https:\/\/krainawetlina.pl\/wp-content\/uploads\/2020\/04\/Kraina-Wetlina-domki-i-apartamenty-w-Bieszczadach-18-768x576.jpeg 768w, https:\/\/krainawetlina.pl\/wp-content\/uploads\/2020\/04\/Kraina-Wetlina-domki-i-apartamenty-w-Bieszczadach-18-1536x1152.jpeg 1536w, https:\/\/krainawetlina.pl\/wp-content\/uploads\/2020\/04\/Kraina-Wetlina-domki-i-apartamenty-w-Bieszczadach-18-2048x1536.jpeg 2048w, https:\/\/krainawetlina.pl\/wp-content\/uploads\/2020\/04\/Kraina-Wetlina-domki-i-apartamenty-w-Bieszczadach-18-393x295.jpeg 393w, https:\/\/krainawetlina.pl\/wp-content\/uploads\/2020\/04\/Kraina-Wetlina-domki-i-apartamenty-w-Bieszczadach-18-786x590.jpeg 786w, https:\/\/krainawetlina.pl\/wp-content\/uploads\/2020\/04\/Kraina-Wetlina-domki-i-apartamenty-w-Bieszczadach-18-scaled.jpeg 2560w\"   alt=\"Kraina Wetlina - domki i apartamenty w Bieszczadach\" data-maxdpr=\"1.7\" class=\"attachment-post-thumbnail lazyload\" \/>\n\t\t\t\t\t\t<div class=\"fw-block-image-overlay\">\n\t\t\t\t\t\t\t<div class=\"fw-itable\">\n\t\t\t\t\t\t\t\t<div class=\"fw-icell\">\n\t\t\t\t\t\t\t\t\t<i class=\"fw-icon-zoom\"><\/i>\n\t\t\t\t\t\t\t\t\t<h5 class=\"fw-overlay-title\"><\/h5>\n\t\t\t\t\t\t\t\t\t<p class=\"fw-overlay-description\"><\/p>\n\t\t\t\t\t\t\t\t<\/div>\n\t\t\t\t\t\t\t<\/div>\n\t\t\t\t\t\t<\/div>\n\t\t\t\t\t<\/a>\n\t\t\t\t<\/div><div class=\"fw-gallery-image fw-height-sm fw-block-image-parent fw-overlay-7  \" >\n\t\t\t\t\t<a href=\"https:\/\/krainawetlina.pl\/wp-content\/uploads\/2020\/04\/Kraina-Wetlina-domki-i-apartamenty-w-Bieszczadach-175.jpg\" data-rel=\"prettyPhoto[fw-gallery-9e6cd2215b98f29c37e2a9c85ccd60f6]\" rel=\"prettyPhoto[fw-gallery-9e6cd2215b98f29c37e2a9c85ccd60f6]\" class=\"fw-block-image-child fw-ratio-container fw-ratio-16-9 \">\n\t\t\t\t\t\t<noscript itemscope itemtype=\"https:\/\/schema.org\/ImageObject\" itemprop=\"image\"><img decoding=\"async\" src=\"https:\/\/krainawetlina.pl\/wp-content\/uploads\/2020\/04\/Kraina-Wetlina-domki-i-apartamenty-w-Bieszczadach-175.jpg\"  alt=\"Kraina Wetlina &#8211; domki i apartamenty w Bieszczadach 175\" data-maxdpr=\"1.7\" class=\"attachment-post-thumbnail lazyload\" \/><meta itemprop=\"url\" content=\"https:\/\/krainawetlina.pl\/wp-content\/uploads\/2020\/04\/Kraina-Wetlina-domki-i-apartamenty-w-Bieszczadach-175.jpg\"><meta itemprop=\"width\" content=\"1370\"><meta itemprop=\"height\" content=\"1027\"><\/noscript><img decoding=\"async\" src=\"data:image\/gif;base64,R0lGODlhAQABAIAAAAAAAP\/\/\/yH5BAEAAAAALAAAAAABAAEAAAIBRAA7\" data-sizes=\"auto\" data-srcset=\"https:\/\/krainawetlina.pl\/wp-content\/uploads\/2020\/04\/Kraina-Wetlina-domki-i-apartamenty-w-Bieszczadach-175-1228x691.jpg 1228w, https:\/\/krainawetlina.pl\/wp-content\/uploads\/2020\/04\/Kraina-Wetlina-domki-i-apartamenty-w-Bieszczadach-175-614x346.jpg 614w, https:\/\/krainawetlina.pl\/wp-content\/uploads\/2020\/04\/Kraina-Wetlina-domki-i-apartamenty-w-Bieszczadach-175-295x166.jpg 295w, https:\/\/krainawetlina.pl\/wp-content\/uploads\/2020\/04\/Kraina-Wetlina-domki-i-apartamenty-w-Bieszczadach-175-590x332.jpg 590w\"   alt=\"Kraina Wetlina &#8211; domki i apartamenty w Bieszczadach 175\" data-maxdpr=\"1.7\" class=\"attachment-post-thumbnail lazyload\" \/>\n\t\t\t\t\t\t<div class=\"fw-block-image-overlay\">\n\t\t\t\t\t\t\t<div class=\"fw-itable\">\n\t\t\t\t\t\t\t\t<div class=\"fw-icell\">\n\t\t\t\t\t\t\t\t\t<i class=\"fw-icon-zoom\"><\/i>\n\t\t\t\t\t\t\t\t\t<h5 class=\"fw-overlay-title\"><\/h5>\n\t\t\t\t\t\t\t\t\t<p class=\"fw-overlay-description\"><\/p>\n\t\t\t\t\t\t\t\t<\/div>\n\t\t\t\t\t\t\t<\/div>\n\t\t\t\t\t\t<\/div>\n\t\t\t\t\t<\/a>\n\t\t\t\t<\/div><\/div><div class=\"fw-gallery-col fw-col-width1\"><div class=\"fw-gallery-image fw-height-lg fw-block-image-parent fw-overlay-7  \" >\n\t\t\t\t\t<a href=\"https:\/\/krainawetlina.pl\/wp-content\/uploads\/2020\/04\/Kraina-Wetlina-domki-i-apartamenty-w-Bieszczadach-158.jpg\" data-rel=\"prettyPhoto[fw-gallery-9e6cd2215b98f29c37e2a9c85ccd60f6]\" rel=\"prettyPhoto[fw-gallery-9e6cd2215b98f29c37e2a9c85ccd60f6]\" class=\"fw-block-image-child fw-ratio-container fw-ratio-1 \">\n\t\t\t\t\t\t<noscript itemscope itemtype=\"https:\/\/schema.org\/ImageObject\" itemprop=\"image\"><img decoding=\"async\" src=\"https:\/\/krainawetlina.pl\/wp-content\/uploads\/2020\/04\/Kraina-Wetlina-domki-i-apartamenty-w-Bieszczadach-158.jpg\"  alt=\"Kraina Wetlina - domki i apartamenty w Bieszczadach\" data-maxdpr=\"1.7\" class=\"attachment-post-thumbnail lazyload\" \/><meta itemprop=\"url\" content=\"https:\/\/krainawetlina.pl\/wp-content\/uploads\/2020\/04\/Kraina-Wetlina-domki-i-apartamenty-w-Bieszczadach-158.jpg\"><meta itemprop=\"width\" content=\"1370\"><meta itemprop=\"height\" content=\"1027\"><\/noscript><img decoding=\"async\" src=\"data:image\/gif;base64,R0lGODlhAQABAIAAAAAAAP\/\/\/yH5BAEAAAAALAAAAAABAAEAAAIBRAA7\" data-sizes=\"auto\" data-srcset=\"https:\/\/krainawetlina.pl\/wp-content\/uploads\/2020\/04\/Kraina-Wetlina-domki-i-apartamenty-w-Bieszczadach-158-150x150.jpg 150w, https:\/\/krainawetlina.pl\/wp-content\/uploads\/2020\/04\/Kraina-Wetlina-domki-i-apartamenty-w-Bieszczadach-158-800x800.jpg 800w, https:\/\/krainawetlina.pl\/wp-content\/uploads\/2020\/04\/Kraina-Wetlina-domki-i-apartamenty-w-Bieszczadach-158-300x300.jpg 300w\"   alt=\"Kraina Wetlina - domki i apartamenty w Bieszczadach\" data-maxdpr=\"1.7\" class=\"attachment-post-thumbnail lazyload\" \/>\n\t\t\t\t\t\t<div class=\"fw-block-image-overlay\">\n\t\t\t\t\t\t\t<div class=\"fw-itable\">\n\t\t\t\t\t\t\t\t<div class=\"fw-icell\">\n\t\t\t\t\t\t\t\t\t<i class=\"fw-icon-zoom\"><\/i>\n\t\t\t\t\t\t\t\t\t<h5 class=\"fw-overlay-title\"><\/h5>\n\t\t\t\t\t\t\t\t\t<p class=\"fw-overlay-description\"><\/p>\n\t\t\t\t\t\t\t\t<\/div>\n\t\t\t\t\t\t\t<\/div>\n\t\t\t\t\t\t<\/div>\n\t\t\t\t\t<\/a>\n\t\t\t\t<\/div><div class=\"fw-gallery-image fw-height-md fw-block-image-parent fw-overlay-7  \" >\n\t\t\t\t\t<a href=\"https:\/\/krainawetlina.pl\/wp-content\/uploads\/2020\/04\/Kraina-Wetlina-domki-i-apartamenty-w-Bieszczadach-290.jpg\" data-rel=\"prettyPhoto[fw-gallery-9e6cd2215b98f29c37e2a9c85ccd60f6]\" rel=\"prettyPhoto[fw-gallery-9e6cd2215b98f29c37e2a9c85ccd60f6]\" class=\"fw-block-image-child fw-ratio-container fw-ratio-16-9 \">\n\t\t\t\t\t\t<noscript itemscope itemtype=\"https:\/\/schema.org\/ImageObject\" itemprop=\"image\"><img decoding=\"async\" src=\"https:\/\/krainawetlina.pl\/wp-content\/uploads\/2020\/04\/Kraina-Wetlina-domki-i-apartamenty-w-Bieszczadach-290.jpg\"  alt=\"OLYMPUS DIGITAL CAMERA\" data-maxdpr=\"1.7\" class=\"attachment-post-thumbnail lazyload\" \/><meta itemprop=\"url\" content=\"https:\/\/krainawetlina.pl\/wp-content\/uploads\/2020\/04\/Kraina-Wetlina-domki-i-apartamenty-w-Bieszczadach-290.jpg\"><meta itemprop=\"width\" content=\"900\"><meta itemprop=\"height\" content=\"1200\"><\/noscript><img decoding=\"async\" src=\"data:image\/gif;base64,R0lGODlhAQABAIAAAAAAAP\/\/\/yH5BAEAAAAALAAAAAABAAEAAAIBRAA7\" data-sizes=\"auto\" data-srcset=\"https:\/\/krainawetlina.pl\/wp-content\/uploads\/2020\/04\/Kraina-Wetlina-domki-i-apartamenty-w-Bieszczadach-290-614x346.jpg 614w, https:\/\/krainawetlina.pl\/wp-content\/uploads\/2020\/04\/Kraina-Wetlina-domki-i-apartamenty-w-Bieszczadach-290-295x166.jpg 295w, https:\/\/krainawetlina.pl\/wp-content\/uploads\/2020\/04\/Kraina-Wetlina-domki-i-apartamenty-w-Bieszczadach-290-590x332.jpg 590w\"   alt=\"OLYMPUS DIGITAL CAMERA\" data-maxdpr=\"1.7\" class=\"attachment-post-thumbnail lazyload\" \/>\n\t\t\t\t\t\t<div class=\"fw-block-image-overlay\">\n\t\t\t\t\t\t\t<div class=\"fw-itable\">\n\t\t\t\t\t\t\t\t<div class=\"fw-icell\">\n\t\t\t\t\t\t\t\t\t<i class=\"fw-icon-zoom\"><\/i>\n\t\t\t\t\t\t\t\t\t<h5 class=\"fw-overlay-title\"><\/h5>\n\t\t\t\t\t\t\t\t\t<p class=\"fw-overlay-description\"><\/p>\n\t\t\t\t\t\t\t\t<\/div>\n\t\t\t\t\t\t\t<\/div>\n\t\t\t\t\t\t<\/div>\n\t\t\t\t\t<\/a>\n\t\t\t\t<\/div><div class=\"fw-gallery-image fw-height-lg fw-block-image-parent fw-overlay-7  \" >\n\t\t\t\t\t<a href=\"https:\/\/krainawetlina.pl\/wp-content\/uploads\/2020\/04\/Kraina-Wetlina-domki-i-apartamenty-w-Bieszczadach-301.jpg\" data-rel=\"prettyPhoto[fw-gallery-9e6cd2215b98f29c37e2a9c85ccd60f6]\" rel=\"prettyPhoto[fw-gallery-9e6cd2215b98f29c37e2a9c85ccd60f6]\" class=\"fw-block-image-child fw-ratio-container fw-ratio-1 \">\n\t\t\t\t\t\t<noscript itemscope itemtype=\"https:\/\/schema.org\/ImageObject\" itemprop=\"image\"><img decoding=\"async\" src=\"https:\/\/krainawetlina.pl\/wp-content\/uploads\/2020\/04\/Kraina-Wetlina-domki-i-apartamenty-w-Bieszczadach-301.jpg\"  alt=\"Kraina Wetlina - domki i apartamenty w Bieszczadach\" data-maxdpr=\"1.7\" class=\"attachment-post-thumbnail lazyload\" \/><meta itemprop=\"url\" content=\"https:\/\/krainawetlina.pl\/wp-content\/uploads\/2020\/04\/Kraina-Wetlina-domki-i-apartamenty-w-Bieszczadach-301.jpg\"><meta itemprop=\"width\" content=\"1027\"><meta itemprop=\"height\" content=\"1370\"><\/noscript><img decoding=\"async\" src=\"data:image\/gif;base64,R0lGODlhAQABAIAAAAAAAP\/\/\/yH5BAEAAAAALAAAAAABAAEAAAIBRAA7\" data-sizes=\"auto\" data-srcset=\"https:\/\/krainawetlina.pl\/wp-content\/uploads\/2020\/04\/Kraina-Wetlina-domki-i-apartamenty-w-Bieszczadach-301-150x150.jpg 150w, https:\/\/krainawetlina.pl\/wp-content\/uploads\/2020\/04\/Kraina-Wetlina-domki-i-apartamenty-w-Bieszczadach-301-800x800.jpg 800w, https:\/\/krainawetlina.pl\/wp-content\/uploads\/2020\/04\/Kraina-Wetlina-domki-i-apartamenty-w-Bieszczadach-301-300x300.jpg 300w\"   alt=\"Kraina Wetlina - domki i apartamenty w Bieszczadach\" data-maxdpr=\"1.7\" class=\"attachment-post-thumbnail lazyload\" \/>\n\t\t\t\t\t\t<div class=\"fw-block-image-overlay\">\n\t\t\t\t\t\t\t<div class=\"fw-itable\">\n\t\t\t\t\t\t\t\t<div class=\"fw-icell\">\n\t\t\t\t\t\t\t\t\t<i class=\"fw-icon-zoom\"><\/i>\n\t\t\t\t\t\t\t\t\t<h5 class=\"fw-overlay-title\"><\/h5>\n\t\t\t\t\t\t\t\t\t<p class=\"fw-overlay-description\"><\/p>\n\t\t\t\t\t\t\t\t<\/div>\n\t\t\t\t\t\t\t<\/div>\n\t\t\t\t\t\t<\/div>\n\t\t\t\t\t<\/a>\n\t\t\t\t<\/div><\/div><\/div>\t\t<\/div>\n\t<\/div>\n<\/div><\/div>\n\n<div class=\"fw-row\">\n\t<div id=\"column-69f1fbb4a0170\" class=\"fw-col-sm-12 tf-sh-fc977bb5954e12f6b73754ddb8e5ea30\" >\n\t<div class=\"fw-wrap-col-inner clearfix  \"   >\n\t\t\t\t<div class=\"fw-col-inner\">\n\t\t\t\t<div  class=\"fw-divider tf-sh-9d75202efbb31b01903be3bf4973e6cb  fw-divider-align-left fw-divider-full-width fw-line-solid fw-divider-line space-md  fw_theme_border_only_fw-custom\"  style=\"width: auto;  \" ><\/div>\n\t\t<\/div>\n\t<\/div>\n<\/div><\/div>\n\n\t<\/div>\n\t<\/section><section   class=\"fw-main-row-custom fw-section-no-padding  auto  fw-section-position-back tf-sh-8033e7d5c675363ecb607fdda88a24bf\"    >\n\t\t\t<div class=\"fw-container\" >\n\t\t<div class=\"fw-row\">\n\t<div id=\"column-69f1fbb4a0eb3\" class=\"fw-col-sm-12 tf-sh-c4597b73959e123140f274d75b288788  fw-col-no-padding\" >\n\t<div class=\"fw-wrap-col-inner clearfix  \"   >\n\t\t\t\t<div class=\"fw-col-inner\">\n\t\t\t<div class=\"fw-heading fw-heading-center  fw-heading-with-subtitle tf-sh-577c91d8d2f706165477306e312c3577\" >\n\t\t\t<h2 class=\"fw-special-title\">4. Domek z tarasem<\/h2>\n\t\n\t\n\t\t\t<div class=\"fw-special-subtitle\">WIDOK NA G\u00d3RY<\/div>\n\t<\/div><div class=\"fw-divider-space  fw-custom-space  clearfix\" style=\"height:30px;\" ><\/div><div class=\"fw-text-box tf-sh-970c567678ef6fe7277e15349d18fe43 \" >\n\t<div class=\"fw-text-inner\">\n\t\t<p style=\"text-align: center;\">39 m2 + 13 m2 na antresoli<\/p>\n<p style=\"text-align: center; font-size: 12px;\">PRYWATNE WEJ\u015aCIE | PRZYDZIELONE MIEJSCE PARKINGOWE<\/p>\n<p style=\"text-align: center;\"><strong>Idealny dla 4-6 os\u00f3b<\/strong><\/p>\n<p>&nbsp;<\/p>\n\t<\/div>\n<\/div>\t\t<\/div>\n\t<\/div>\n<\/div><\/div>\n\n<div class=\"fw-row\">\n\t<div id=\"column-69f1fbb4a181c\" class=\"fw-col-sm-1-5 tf-sh-87869d5c1182041f6bd85ca22bb20851\" >\n\t<div class=\"fw-wrap-col-inner clearfix  \"   >\n\t\t\t\t<div class=\"fw-col-inner\">\n\t\t\t\t\t<\/div>\n\t<\/div>\n<\/div><div id=\"column-69f1fbb4a1aae\" class=\"fw-col-sm-1-5 tf-sh-133c426b24b6f667165fe253ec3d3991\" >\n\t<div class=\"fw-wrap-col-inner clearfix  \"   >\n\t\t\t\t<div class=\"fw-col-inner\">\n\t\t\t<div class=\"fw-icon-title fw-icon-title-top clearfix tf-sh-c152612543859f63194e08ad4341c198  fw-content-align-center\" >\n\t\t\t<div class=\"fw-icon-title-name\">\n\t\t\t<div class=\"fw-icon-title-name-inner\">\n\t\t\t\t\t\t\t\t\t<span class=\"fw-icon-title-icon fw-custom-icon-image\">\n\t\t\t\t\t\t\t\t\t\t\t\t\t<img decoding=\"async\" src=\"\/\/krainawetlina.pl\/wp-content\/uploads\/2018\/07\/podwojne-1.png\" alt=\"\" \/>\t\t\t\t\t\t\t\t\t\t\t<\/span>\n\t\t\t\t\n\t\t\t\t\t\t\t\t\t\t\t\t\t<h6 class=\"fw-icon-title-text\">\n\t\t\t\t\t\tSypialnia z du\u017cym <br> podw\u00f3jnym \u0142\u00f3\u017ckiem\t\t\t\t\t<\/h6>\n\t\t\t\t\t\t\t\t\t\t<\/div>\n\t\t<\/div>\n\t<\/div><div class=\"fw-divider-space  fw-custom-space  clearfix\" style=\"height:30px;\" ><\/div>\t\t<\/div>\n\t<\/div>\n<\/div><div id=\"column-69f1fbb4a20af\" class=\"fw-col-sm-1-5 tf-sh-0f2bfeef0a1e9a68e96f35afa18c2dfa\" >\n\t<div class=\"fw-wrap-col-inner clearfix  \"   >\n\t\t\t\t<div class=\"fw-col-inner\">\n\t\t\t<div class=\"fw-icon-title fw-icon-title-top clearfix tf-sh-54526706436d8590e0f162b55cf67bb2  fw-content-align-center\" >\n\t\t\t<div class=\"fw-icon-title-name\">\n\t\t\t<div class=\"fw-icon-title-name-inner\">\n\t\t\t\t\t\t\t\t\t<span class=\"fw-icon-title-icon fw-custom-icon-image\">\n\t\t\t\t\t\t\t\t\t\t\t\t\t<img decoding=\"async\" src=\"\/\/krainawetlina.pl\/wp-content\/uploads\/2018\/07\/pojedyncze-1.png\" alt=\"\" \/>\t\t\t\t\t\t\t\t\t\t\t<\/span>\n\t\t\t\t\n\t\t\t\t\t\t\t\t\t\t\t\t\t<h6 class=\"fw-icon-title-text\">\n\t\t\t\t\t\tSypialnia z dwoma <br> pojedynczymi \u0142\u00f3\u017ckami\t\t\t\t\t<\/h6>\n\t\t\t\t\t\t\t\t\t\t<\/div>\n\t\t<\/div>\n\t<\/div><div class=\"fw-divider-space  fw-custom-space  clearfix\" style=\"height:30px;\" ><\/div>\t\t<\/div>\n\t<\/div>\n<\/div><div id=\"column-69f1fbb4a2567\" class=\"fw-col-sm-1-5 tf-sh-a9045be285864b2addb8bc6e1163c4c8\" >\n\t<div class=\"fw-wrap-col-inner clearfix  \"   >\n\t\t\t\t<div class=\"fw-col-inner\">\n\t\t\t<div class=\"fw-icon-title fw-icon-title-top clearfix tf-sh-8ab6cf06797daf428b5069b791c79fd1  fw-content-align-center\" >\n\t\t\t<div class=\"fw-icon-title-name\">\n\t\t\t<div class=\"fw-icon-title-name-inner\">\n\t\t\t\t\t\t\t\t\t<span class=\"fw-icon-title-icon fw-custom-icon-image\">\n\t\t\t\t\t\t\t\t\t\t\t\t\t<img decoding=\"async\" src=\"\/\/krainawetlina.pl\/wp-content\/uploads\/2018\/07\/podwojne-1.png\" alt=\"\" \/>\t\t\t\t\t\t\t\t\t\t\t<\/span>\n\t\t\t\t\n\t\t\t\t\t\t\t\t\t\t\t\t\t<h6 class=\"fw-icon-title-text\">\n\t\t\t\t\t\tPodw\u00f3jne \u0142\u00f3\u017cko <br>na antresoli\t\t\t\t\t<\/h6>\n\t\t\t\t\t\t\t\t\t\t<\/div>\n\t\t<\/div>\n\t<\/div><div class=\"fw-divider-space  fw-custom-space  clearfix\" style=\"height:30px;\" ><\/div>\t\t<\/div>\n\t<\/div>\n<\/div><div id=\"column-69f1fbb4a2ad9\" class=\"fw-col-sm-1-5 tf-sh-012bf1c1caf06eb50ce4d2c60addfc1b\" >\n\t<div class=\"fw-wrap-col-inner clearfix  \"   >\n\t\t\t\t<div class=\"fw-col-inner\">\n\t\t\t\t\t<\/div>\n\t<\/div>\n<\/div><\/div>\n\n<div class=\"fw-row\">\n\t<div id=\"column-69f1fbb4a2db3\" class=\"fw-col-sm-6 tf-sh-ba7759edac7a87546c48a24053006a85\" >\n\t<div class=\"fw-wrap-col-inner clearfix  \"   >\n\t\t\t\t<div class=\"fw-col-inner\">\n\t\t\t<div class=\"fw-heading fw-heading-center  fw-heading-with-subtitle tf-sh-0c97d6db23a284cffd4e2b5ff55d776b\" >\n\t\n\t\n\t\t\t<div class=\"fw-special-subtitle\">PARTER<\/div>\n\t<\/div><div class=\"fw-text-box tf-sh-bb8c61c50882ff2f4900c4a40e603f4d \" >\n\t<div class=\"fw-text-inner\">\n\t\t<p style=\"text-align: center;\">Salon z cz\u0119\u015bci\u0105 jadaln\u0105<br \/>Otwarta kuchnia ze zmywark\u0105<br \/>Dwie sypialnie<br \/>\u0141azienka z oknem<br \/>Taras<\/p>\n<p>&nbsp;<\/p>\n\t<\/div>\n<\/div>\t\t<\/div>\n\t<\/div>\n<\/div><div id=\"column-69f1fbb4a3208\" class=\"fw-col-sm-6 tf-sh-ac18a72e49e938d3f2ce0468d933b98d\" >\n\t<div class=\"fw-wrap-col-inner clearfix  \"   >\n\t\t\t\t<div class=\"fw-col-inner\">\n\t\t\t<div class=\"fw-heading fw-heading-center  fw-heading-with-subtitle tf-sh-1297cae9c9fabf36a9186f1f323c9571\" >\n\t\n\t\n\t\t\t<div class=\"fw-special-subtitle\">ANTRESOLA<\/div>\n\t<\/div><div class=\"fw-text-box tf-sh-ae81a7cec48b4969fd60e0c234dc258d \" >\n\t<div class=\"fw-text-inner\">\n\t\t<p style=\"text-align: center;\">Przestrze\u0144 otwarta z podw\u00f3jnym \u0142\u00f3\u017ckiem<br \/>i cz\u0119\u015bci\u0105 wsp\u00f3ln\u0105<\/p>\n\t<\/div>\n<\/div>\t\t<\/div>\n\t<\/div>\n<\/div><\/div>\n\n<div class=\"fw-row\">\n\t<div id=\"column-69f1fbb4a38a7\" class=\"fw-col-sm-12 tf-sh-fc977bb5954e12f6b73754ddb8e5ea30\" >\n\t<div class=\"fw-wrap-col-inner clearfix  \"   >\n\t\t\t\t<div class=\"fw-col-inner\">\n\t\t\t<div class=\"fw-gallery clearfix tf-sh-5fa383b845a00445b849f891db912b4b fw-gallery-type1 \" >\n\t<div class=\"fw-gallery-col fw-col-width1\"><div class=\"fw-gallery-image fw-height-lg fw-block-image-parent fw-overlay-7  \" >\n\t\t\t\t\t<a href=\"https:\/\/krainawetlina.pl\/wp-content\/uploads\/2020\/03\/Kraina-Wetlina-domki-i-apartamenty-w-Bieszczadach-283.jpg\" data-rel=\"prettyPhoto[fw-gallery-5fa383b845a00445b849f891db912b4b]\" rel=\"prettyPhoto[fw-gallery-5fa383b845a00445b849f891db912b4b]\" class=\"fw-block-image-child fw-ratio-container fw-ratio-1 \">\n\t\t\t\t\t\t<noscript itemscope itemtype=\"https:\/\/schema.org\/ImageObject\" itemprop=\"image\"><img decoding=\"async\" src=\"https:\/\/krainawetlina.pl\/wp-content\/uploads\/2020\/03\/Kraina-Wetlina-domki-i-apartamenty-w-Bieszczadach-283.jpg\"  alt=\"Kraina Wetlina Bieszczady domki i apartamenty, nocleg w g\u00f3rach, na wynajem, domek\" data-maxdpr=\"1.7\" class=\"attachment-post-thumbnail lazyload\" \/><meta itemprop=\"url\" content=\"https:\/\/krainawetlina.pl\/wp-content\/uploads\/2020\/03\/Kraina-Wetlina-domki-i-apartamenty-w-Bieszczadach-283.jpg\"><meta itemprop=\"width\" content=\"1350\"><meta itemprop=\"height\" content=\"900\"><\/noscript><img decoding=\"async\" src=\"data:image\/gif;base64,R0lGODlhAQABAIAAAAAAAP\/\/\/yH5BAEAAAAALAAAAAABAAEAAAIBRAA7\" data-sizes=\"auto\" data-srcset=\"https:\/\/krainawetlina.pl\/wp-content\/uploads\/2020\/03\/Kraina-Wetlina-domki-i-apartamenty-w-Bieszczadach-283-150x150.jpg 150w, https:\/\/krainawetlina.pl\/wp-content\/uploads\/2020\/03\/Kraina-Wetlina-domki-i-apartamenty-w-Bieszczadach-283-800x800.jpg 800w, https:\/\/krainawetlina.pl\/wp-content\/uploads\/2020\/03\/Kraina-Wetlina-domki-i-apartamenty-w-Bieszczadach-283-300x300.jpg 300w\"   alt=\"Kraina Wetlina Bieszczady domki i apartamenty, nocleg w g\u00f3rach, na wynajem, domek\" data-maxdpr=\"1.7\" class=\"attachment-post-thumbnail lazyload\" \/>\n\t\t\t\t\t\t<div class=\"fw-block-image-overlay\">\n\t\t\t\t\t\t\t<div class=\"fw-itable\">\n\t\t\t\t\t\t\t\t<div class=\"fw-icell\">\n\t\t\t\t\t\t\t\t\t<i class=\"fw-icon-zoom\"><\/i>\n\t\t\t\t\t\t\t\t\t<h5 class=\"fw-overlay-title\"><\/h5>\n\t\t\t\t\t\t\t\t\t<p class=\"fw-overlay-description\"><\/p>\n\t\t\t\t\t\t\t\t<\/div>\n\t\t\t\t\t\t\t<\/div>\n\t\t\t\t\t\t<\/div>\n\t\t\t\t\t<\/a>\n\t\t\t\t<\/div> <div class=\"fw-gallery-image fw-height-md fw-block-image-parent fw-overlay-7  \" >\n\t\t\t\t\t<a href=\"https:\/\/krainawetlina.pl\/wp-content\/uploads\/2020\/04\/Kraina-Wetlina-domki-i-apartamenty-w-Bieszczadach-219.jpg\" data-rel=\"prettyPhoto[fw-gallery-5fa383b845a00445b849f891db912b4b]\" rel=\"prettyPhoto[fw-gallery-5fa383b845a00445b849f891db912b4b]\" class=\"fw-block-image-child fw-ratio-container fw-ratio-16-9 \">\n\t\t\t\t\t\t<noscript itemscope itemtype=\"https:\/\/schema.org\/ImageObject\" itemprop=\"image\"><img decoding=\"async\" src=\"https:\/\/krainawetlina.pl\/wp-content\/uploads\/2020\/04\/Kraina-Wetlina-domki-i-apartamenty-w-Bieszczadach-219.jpg\"  alt=\"Kraina Wetlina - domki i apartamenty w Bieszczadach\" data-maxdpr=\"1.7\" class=\"attachment-post-thumbnail lazyload\" \/><meta itemprop=\"url\" content=\"https:\/\/krainawetlina.pl\/wp-content\/uploads\/2020\/04\/Kraina-Wetlina-domki-i-apartamenty-w-Bieszczadach-219.jpg\"><meta itemprop=\"width\" content=\"1370\"><meta itemprop=\"height\" content=\"1028\"><\/noscript><img decoding=\"async\" src=\"data:image\/gif;base64,R0lGODlhAQABAIAAAAAAAP\/\/\/yH5BAEAAAAALAAAAAABAAEAAAIBRAA7\" data-sizes=\"auto\" data-srcset=\"https:\/\/krainawetlina.pl\/wp-content\/uploads\/2020\/04\/Kraina-Wetlina-domki-i-apartamenty-w-Bieszczadach-219-1228x691.jpg 1228w, https:\/\/krainawetlina.pl\/wp-content\/uploads\/2020\/04\/Kraina-Wetlina-domki-i-apartamenty-w-Bieszczadach-219-614x346.jpg 614w, https:\/\/krainawetlina.pl\/wp-content\/uploads\/2020\/04\/Kraina-Wetlina-domki-i-apartamenty-w-Bieszczadach-219-295x166.jpg 295w, https:\/\/krainawetlina.pl\/wp-content\/uploads\/2020\/04\/Kraina-Wetlina-domki-i-apartamenty-w-Bieszczadach-219-590x332.jpg 590w\"   alt=\"Kraina Wetlina - domki i apartamenty w Bieszczadach\" data-maxdpr=\"1.7\" class=\"attachment-post-thumbnail lazyload\" \/>\n\t\t\t\t\t\t<div class=\"fw-block-image-overlay\">\n\t\t\t\t\t\t\t<div class=\"fw-itable\">\n\t\t\t\t\t\t\t\t<div class=\"fw-icell\">\n\t\t\t\t\t\t\t\t\t<i class=\"fw-icon-zoom\"><\/i>\n\t\t\t\t\t\t\t\t\t<h5 class=\"fw-overlay-title\"><\/h5>\n\t\t\t\t\t\t\t\t\t<p class=\"fw-overlay-description\"><\/p>\n\t\t\t\t\t\t\t\t<\/div>\n\t\t\t\t\t\t\t<\/div>\n\t\t\t\t\t\t<\/div>\n\t\t\t\t\t<\/a>\n\t\t\t\t<\/div><div class=\"fw-gallery-image fw-height-lg fw-block-image-parent fw-overlay-7  \" >\n\t\t\t\t\t<a href=\"https:\/\/krainawetlina.pl\/wp-content\/uploads\/2020\/04\/Kraina-Wetlina-domki-i-apartamenty-w-Bieszczadach-293.jpg\" data-rel=\"prettyPhoto[fw-gallery-5fa383b845a00445b849f891db912b4b]\" rel=\"prettyPhoto[fw-gallery-5fa383b845a00445b849f891db912b4b]\" class=\"fw-block-image-child fw-ratio-container fw-ratio-1 \">\n\t\t\t\t\t\t<noscript itemscope itemtype=\"https:\/\/schema.org\/ImageObject\" itemprop=\"image\"><img decoding=\"async\" src=\"https:\/\/krainawetlina.pl\/wp-content\/uploads\/2020\/04\/Kraina-Wetlina-domki-i-apartamenty-w-Bieszczadach-293.jpg\"  alt=\"Kraina Wetlina - domki i apartamenty w Bieszczadach\" data-maxdpr=\"1.7\" class=\"attachment-post-thumbnail lazyload\" \/><meta itemprop=\"url\" content=\"https:\/\/krainawetlina.pl\/wp-content\/uploads\/2020\/04\/Kraina-Wetlina-domki-i-apartamenty-w-Bieszczadach-293.jpg\"><meta itemprop=\"width\" content=\"1350\"><meta itemprop=\"height\" content=\"901\"><\/noscript><img decoding=\"async\" src=\"data:image\/gif;base64,R0lGODlhAQABAIAAAAAAAP\/\/\/yH5BAEAAAAALAAAAAABAAEAAAIBRAA7\" data-sizes=\"auto\" data-srcset=\"https:\/\/krainawetlina.pl\/wp-content\/uploads\/2020\/04\/Kraina-Wetlina-domki-i-apartamenty-w-Bieszczadach-293-150x150.jpg 150w, https:\/\/krainawetlina.pl\/wp-content\/uploads\/2020\/04\/Kraina-Wetlina-domki-i-apartamenty-w-Bieszczadach-293-800x800.jpg 800w, https:\/\/krainawetlina.pl\/wp-content\/uploads\/2020\/04\/Kraina-Wetlina-domki-i-apartamenty-w-Bieszczadach-293-300x300.jpg 300w\"   alt=\"Kraina Wetlina - domki i apartamenty w Bieszczadach\" data-maxdpr=\"1.7\" class=\"attachment-post-thumbnail lazyload\" \/>\n\t\t\t\t\t\t<div class=\"fw-block-image-overlay\">\n\t\t\t\t\t\t\t<div class=\"fw-itable\">\n\t\t\t\t\t\t\t\t<div class=\"fw-icell\">\n\t\t\t\t\t\t\t\t\t<i class=\"fw-icon-zoom\"><\/i>\n\t\t\t\t\t\t\t\t\t<h5 class=\"fw-overlay-title\"><\/h5>\n\t\t\t\t\t\t\t\t\t<p class=\"fw-overlay-description\"><\/p>\n\t\t\t\t\t\t\t\t<\/div>\n\t\t\t\t\t\t\t<\/div>\n\t\t\t\t\t\t<\/div>\n\t\t\t\t\t<\/a>\n\t\t\t\t<\/div><\/div><div class=\"fw-gallery-col fw-col-width2\"><div class=\"fw-gallery-image fw-height-md fw-block-image-parent fw-overlay-7  \" >\n\t\t\t\t\t<a href=\"https:\/\/krainawetlina.pl\/wp-content\/uploads\/2020\/03\/KRAINA-WETLINA-apartamenty-i-domki-w-Bieszczadach-5.jpg\" data-rel=\"prettyPhoto[fw-gallery-5fa383b845a00445b849f891db912b4b]\" rel=\"prettyPhoto[fw-gallery-5fa383b845a00445b849f891db912b4b]\" class=\"fw-block-image-child fw-ratio-container fw-ratio-4-3 \">\n\t\t\t\t\t\t<noscript itemscope itemtype=\"https:\/\/schema.org\/ImageObject\" itemprop=\"image\"><img decoding=\"async\" src=\"https:\/\/krainawetlina.pl\/wp-content\/uploads\/2020\/03\/KRAINA-WETLINA-apartamenty-i-domki-w-Bieszczadach-5.jpg\"  alt=\"Kraina Wetlina Bieszczady domki i apartamenty, nocleg w g\u00f3rach, na wynajem, domek\" data-maxdpr=\"1.7\" class=\"attachment-post-thumbnail lazyload\" \/><meta itemprop=\"url\" content=\"https:\/\/krainawetlina.pl\/wp-content\/uploads\/2020\/03\/KRAINA-WETLINA-apartamenty-i-domki-w-Bieszczadach-5.jpg\"><meta itemprop=\"width\" content=\"900\"><meta itemprop=\"height\" content=\"1200\"><\/noscript><img decoding=\"async\" src=\"data:image\/gif;base64,R0lGODlhAQABAIAAAAAAAP\/\/\/yH5BAEAAAAALAAAAAABAAEAAAIBRAA7\" data-sizes=\"auto\" data-srcset=\"https:\/\/krainawetlina.pl\/wp-content\/uploads\/2020\/03\/KRAINA-WETLINA-apartamenty-i-domki-w-Bieszczadach-5-393x295.jpg 393w, https:\/\/krainawetlina.pl\/wp-content\/uploads\/2020\/03\/KRAINA-WETLINA-apartamenty-i-domki-w-Bieszczadach-5-786x590.jpg 786w\"   alt=\"Kraina Wetlina Bieszczady domki i apartamenty, nocleg w g\u00f3rach, na wynajem, domek\" data-maxdpr=\"1.7\" class=\"attachment-post-thumbnail lazyload\" \/>\n\t\t\t\t\t\t<div class=\"fw-block-image-overlay\">\n\t\t\t\t\t\t\t<div class=\"fw-itable\">\n\t\t\t\t\t\t\t\t<div class=\"fw-icell\">\n\t\t\t\t\t\t\t\t\t<i class=\"fw-icon-zoom\"><\/i>\n\t\t\t\t\t\t\t\t\t<h5 class=\"fw-overlay-title\"><\/h5>\n\t\t\t\t\t\t\t\t\t<p class=\"fw-overlay-description\"><\/p>\n\t\t\t\t\t\t\t\t<\/div>\n\t\t\t\t\t\t\t<\/div>\n\t\t\t\t\t\t<\/div>\n\t\t\t\t\t<\/a>\n\t\t\t\t<\/div><div class=\"fw-gallery-image fw-height-sm fw-block-image-parent fw-overlay-7  \" >\n\t\t\t\t\t<a href=\"https:\/\/krainawetlina.pl\/wp-content\/uploads\/2020\/04\/Kraina-Wetlina-domki-i-apartamenty-w-Bieszczadach-290.jpg\" data-rel=\"prettyPhoto[fw-gallery-5fa383b845a00445b849f891db912b4b]\" rel=\"prettyPhoto[fw-gallery-5fa383b845a00445b849f891db912b4b]\" class=\"fw-block-image-child fw-ratio-container fw-ratio-16-9 \">\n\t\t\t\t\t\t<noscript itemscope itemtype=\"https:\/\/schema.org\/ImageObject\" itemprop=\"image\"><img decoding=\"async\" src=\"https:\/\/krainawetlina.pl\/wp-content\/uploads\/2020\/04\/Kraina-Wetlina-domki-i-apartamenty-w-Bieszczadach-290.jpg\"  alt=\"OLYMPUS DIGITAL CAMERA\" data-maxdpr=\"1.7\" class=\"attachment-post-thumbnail lazyload\" \/><meta itemprop=\"url\" content=\"https:\/\/krainawetlina.pl\/wp-content\/uploads\/2020\/04\/Kraina-Wetlina-domki-i-apartamenty-w-Bieszczadach-290.jpg\"><meta itemprop=\"width\" content=\"900\"><meta itemprop=\"height\" content=\"1200\"><\/noscript><img decoding=\"async\" src=\"data:image\/gif;base64,R0lGODlhAQABAIAAAAAAAP\/\/\/yH5BAEAAAAALAAAAAABAAEAAAIBRAA7\" data-sizes=\"auto\" data-srcset=\"https:\/\/krainawetlina.pl\/wp-content\/uploads\/2020\/04\/Kraina-Wetlina-domki-i-apartamenty-w-Bieszczadach-290-614x346.jpg 614w, https:\/\/krainawetlina.pl\/wp-content\/uploads\/2020\/04\/Kraina-Wetlina-domki-i-apartamenty-w-Bieszczadach-290-295x166.jpg 295w, https:\/\/krainawetlina.pl\/wp-content\/uploads\/2020\/04\/Kraina-Wetlina-domki-i-apartamenty-w-Bieszczadach-290-590x332.jpg 590w\"   alt=\"OLYMPUS DIGITAL CAMERA\" data-maxdpr=\"1.7\" class=\"attachment-post-thumbnail lazyload\" \/>\n\t\t\t\t\t\t<div class=\"fw-block-image-overlay\">\n\t\t\t\t\t\t\t<div class=\"fw-itable\">\n\t\t\t\t\t\t\t\t<div class=\"fw-icell\">\n\t\t\t\t\t\t\t\t\t<i class=\"fw-icon-zoom\"><\/i>\n\t\t\t\t\t\t\t\t\t<h5 class=\"fw-overlay-title\"><\/h5>\n\t\t\t\t\t\t\t\t\t<p class=\"fw-overlay-description\"><\/p>\n\t\t\t\t\t\t\t\t<\/div>\n\t\t\t\t\t\t\t<\/div>\n\t\t\t\t\t\t<\/div>\n\t\t\t\t\t<\/a>\n\t\t\t\t<\/div><div class=\"fw-gallery-image fw-height-md fw-block-image-parent fw-overlay-7  \" >\n\t\t\t\t\t<a href=\"https:\/\/krainawetlina.pl\/wp-content\/uploads\/2020\/04\/Kraina-Wetlina-domki-i-apartamenty-w-Bieszczadach-221.jpg\" data-rel=\"prettyPhoto[fw-gallery-5fa383b845a00445b849f891db912b4b]\" rel=\"prettyPhoto[fw-gallery-5fa383b845a00445b849f891db912b4b]\" class=\"fw-block-image-child fw-ratio-container fw-ratio-4-3 \">\n\t\t\t\t\t\t<noscript itemscope itemtype=\"https:\/\/schema.org\/ImageObject\" itemprop=\"image\"><img decoding=\"async\" src=\"https:\/\/krainawetlina.pl\/wp-content\/uploads\/2020\/04\/Kraina-Wetlina-domki-i-apartamenty-w-Bieszczadach-221.jpg\"  alt=\"Kraina Wetlina &#8211; domki i apartamenty w Bieszczadach 221\" data-maxdpr=\"1.7\" class=\"attachment-post-thumbnail lazyload\" \/><meta itemprop=\"url\" content=\"https:\/\/krainawetlina.pl\/wp-content\/uploads\/2020\/04\/Kraina-Wetlina-domki-i-apartamenty-w-Bieszczadach-221.jpg\"><meta itemprop=\"width\" content=\"1028\"><meta itemprop=\"height\" content=\"1370\"><\/noscript><img decoding=\"async\" src=\"data:image\/gif;base64,R0lGODlhAQABAIAAAAAAAP\/\/\/yH5BAEAAAAALAAAAAABAAEAAAIBRAA7\" data-sizes=\"auto\" data-srcset=\"https:\/\/krainawetlina.pl\/wp-content\/uploads\/2020\/04\/Kraina-Wetlina-domki-i-apartamenty-w-Bieszczadach-221-393x295.jpg 393w, https:\/\/krainawetlina.pl\/wp-content\/uploads\/2020\/04\/Kraina-Wetlina-domki-i-apartamenty-w-Bieszczadach-221-786x590.jpg 786w\"   alt=\"Kraina Wetlina &#8211; domki i apartamenty w Bieszczadach 221\" data-maxdpr=\"1.7\" class=\"attachment-post-thumbnail lazyload\" \/>\n\t\t\t\t\t\t<div class=\"fw-block-image-overlay\">\n\t\t\t\t\t\t\t<div class=\"fw-itable\">\n\t\t\t\t\t\t\t\t<div class=\"fw-icell\">\n\t\t\t\t\t\t\t\t\t<i class=\"fw-icon-zoom\"><\/i>\n\t\t\t\t\t\t\t\t\t<h5 class=\"fw-overlay-title\"><\/h5>\n\t\t\t\t\t\t\t\t\t<p class=\"fw-overlay-description\"><\/p>\n\t\t\t\t\t\t\t\t<\/div>\n\t\t\t\t\t\t\t<\/div>\n\t\t\t\t\t\t<\/div>\n\t\t\t\t\t<\/a>\n\t\t\t\t<\/div><div class=\"fw-gallery-image fw-height-md fw-block-image-parent fw-overlay-7  \" >\n\t\t\t\t\t<a href=\"https:\/\/krainawetlina.pl\/wp-content\/uploads\/2020\/04\/Kraina-Wetlina-domki-i-apartamenty-w-Bieszczadach-175.jpg\" data-rel=\"prettyPhoto[fw-gallery-5fa383b845a00445b849f891db912b4b]\" rel=\"prettyPhoto[fw-gallery-5fa383b845a00445b849f891db912b4b]\" class=\"fw-block-image-child fw-ratio-container fw-ratio-4-3 \">\n\t\t\t\t\t\t<noscript itemscope itemtype=\"https:\/\/schema.org\/ImageObject\" itemprop=\"image\"><img decoding=\"async\" src=\"https:\/\/krainawetlina.pl\/wp-content\/uploads\/2020\/04\/Kraina-Wetlina-domki-i-apartamenty-w-Bieszczadach-175.jpg\"  alt=\"Kraina Wetlina &#8211; domki i apartamenty w Bieszczadach 175\" data-maxdpr=\"1.7\" class=\"attachment-post-thumbnail lazyload\" \/><meta itemprop=\"url\" content=\"https:\/\/krainawetlina.pl\/wp-content\/uploads\/2020\/04\/Kraina-Wetlina-domki-i-apartamenty-w-Bieszczadach-175.jpg\"><meta itemprop=\"width\" content=\"1370\"><meta itemprop=\"height\" content=\"1027\"><\/noscript><img decoding=\"async\" src=\"data:image\/gif;base64,R0lGODlhAQABAIAAAAAAAP\/\/\/yH5BAEAAAAALAAAAAABAAEAAAIBRAA7\" data-sizes=\"auto\" data-srcset=\"https:\/\/krainawetlina.pl\/wp-content\/uploads\/2020\/04\/Kraina-Wetlina-domki-i-apartamenty-w-Bieszczadach-175-300x225.jpg 300w, https:\/\/krainawetlina.pl\/wp-content\/uploads\/2020\/04\/Kraina-Wetlina-domki-i-apartamenty-w-Bieszczadach-175-1024x768.jpg 1024w, https:\/\/krainawetlina.pl\/wp-content\/uploads\/2020\/04\/Kraina-Wetlina-domki-i-apartamenty-w-Bieszczadach-175-768x576.jpg 768w, https:\/\/krainawetlina.pl\/wp-content\/uploads\/2020\/04\/Kraina-Wetlina-domki-i-apartamenty-w-Bieszczadach-175-393x295.jpg 393w, https:\/\/krainawetlina.pl\/wp-content\/uploads\/2020\/04\/Kraina-Wetlina-domki-i-apartamenty-w-Bieszczadach-175-786x590.jpg 786w, https:\/\/krainawetlina.pl\/wp-content\/uploads\/2020\/04\/Kraina-Wetlina-domki-i-apartamenty-w-Bieszczadach-175.jpg 1370w\"   alt=\"Kraina Wetlina &#8211; domki i apartamenty w Bieszczadach 175\" data-maxdpr=\"1.7\" class=\"attachment-post-thumbnail lazyload\" \/>\n\t\t\t\t\t\t<div class=\"fw-block-image-overlay\">\n\t\t\t\t\t\t\t<div class=\"fw-itable\">\n\t\t\t\t\t\t\t\t<div class=\"fw-icell\">\n\t\t\t\t\t\t\t\t\t<i class=\"fw-icon-zoom\"><\/i>\n\t\t\t\t\t\t\t\t\t<h5 class=\"fw-overlay-title\"><\/h5>\n\t\t\t\t\t\t\t\t\t<p class=\"fw-overlay-description\"><\/p>\n\t\t\t\t\t\t\t\t<\/div>\n\t\t\t\t\t\t\t<\/div>\n\t\t\t\t\t\t<\/div>\n\t\t\t\t\t<\/a>\n\t\t\t\t<\/div><div class=\"fw-gallery-image fw-height-sm fw-block-image-parent fw-overlay-7  \" >\n\t\t\t\t\t<a href=\"https:\/\/krainawetlina.pl\/wp-content\/uploads\/2020\/04\/Kraina-Wetlina-domki-i-apartamenty-w-Bieszczadach-105.jpg\" data-rel=\"prettyPhoto[fw-gallery-5fa383b845a00445b849f891db912b4b]\" rel=\"prettyPhoto[fw-gallery-5fa383b845a00445b849f891db912b4b]\" class=\"fw-block-image-child fw-ratio-container fw-ratio-16-9 \">\n\t\t\t\t\t\t<noscript itemscope itemtype=\"https:\/\/schema.org\/ImageObject\" itemprop=\"image\"><img decoding=\"async\" src=\"https:\/\/krainawetlina.pl\/wp-content\/uploads\/2020\/04\/Kraina-Wetlina-domki-i-apartamenty-w-Bieszczadach-105.jpg\"  alt=\"Kraina Wetlina &#8211; domki i apartamenty w Bieszczadach 105\" data-maxdpr=\"1.7\" class=\"attachment-post-thumbnail lazyload\" \/><meta itemprop=\"url\" content=\"https:\/\/krainawetlina.pl\/wp-content\/uploads\/2020\/04\/Kraina-Wetlina-domki-i-apartamenty-w-Bieszczadach-105.jpg\"><meta itemprop=\"width\" content=\"1028\"><meta itemprop=\"height\" content=\"1370\"><\/noscript><img decoding=\"async\" src=\"data:image\/gif;base64,R0lGODlhAQABAIAAAAAAAP\/\/\/yH5BAEAAAAALAAAAAABAAEAAAIBRAA7\" data-sizes=\"auto\" data-srcset=\"https:\/\/krainawetlina.pl\/wp-content\/uploads\/2020\/04\/Kraina-Wetlina-domki-i-apartamenty-w-Bieszczadach-105-614x346.jpg 614w, https:\/\/krainawetlina.pl\/wp-content\/uploads\/2020\/04\/Kraina-Wetlina-domki-i-apartamenty-w-Bieszczadach-105-295x166.jpg 295w, https:\/\/krainawetlina.pl\/wp-content\/uploads\/2020\/04\/Kraina-Wetlina-domki-i-apartamenty-w-Bieszczadach-105-590x332.jpg 590w\"   alt=\"Kraina Wetlina &#8211; domki i apartamenty w Bieszczadach 105\" data-maxdpr=\"1.7\" class=\"attachment-post-thumbnail lazyload\" \/>\n\t\t\t\t\t\t<div class=\"fw-block-image-overlay\">\n\t\t\t\t\t\t\t<div class=\"fw-itable\">\n\t\t\t\t\t\t\t\t<div class=\"fw-icell\">\n\t\t\t\t\t\t\t\t\t<i class=\"fw-icon-zoom\"><\/i>\n\t\t\t\t\t\t\t\t\t<h5 class=\"fw-overlay-title\"><\/h5>\n\t\t\t\t\t\t\t\t\t<p class=\"fw-overlay-description\"><\/p>\n\t\t\t\t\t\t\t\t<\/div>\n\t\t\t\t\t\t\t<\/div>\n\t\t\t\t\t\t<\/div>\n\t\t\t\t\t<\/a>\n\t\t\t\t<\/div><\/div><div class=\"fw-gallery-col fw-col-width1\"><div class=\"fw-gallery-image fw-height-lg fw-block-image-parent fw-overlay-7  \" >\n\t\t\t\t\t<a href=\"https:\/\/krainawetlina.pl\/wp-content\/uploads\/2020\/04\/Kraina-Wetlina-domki-i-apartamenty-w-Bieszczadach-216.jpg\" data-rel=\"prettyPhoto[fw-gallery-5fa383b845a00445b849f891db912b4b]\" rel=\"prettyPhoto[fw-gallery-5fa383b845a00445b849f891db912b4b]\" class=\"fw-block-image-child fw-ratio-container fw-ratio-1 \">\n\t\t\t\t\t\t<noscript itemscope itemtype=\"https:\/\/schema.org\/ImageObject\" itemprop=\"image\"><img decoding=\"async\" src=\"https:\/\/krainawetlina.pl\/wp-content\/uploads\/2020\/04\/Kraina-Wetlina-domki-i-apartamenty-w-Bieszczadach-216.jpg\"  alt=\"Kraina Wetlina - domki i apartamenty w Bieszczadach\" data-maxdpr=\"1.7\" class=\"attachment-post-thumbnail lazyload\" \/><meta itemprop=\"url\" content=\"https:\/\/krainawetlina.pl\/wp-content\/uploads\/2020\/04\/Kraina-Wetlina-domki-i-apartamenty-w-Bieszczadach-216.jpg\"><meta itemprop=\"width\" content=\"1370\"><meta itemprop=\"height\" content=\"1028\"><\/noscript><img decoding=\"async\" src=\"data:image\/gif;base64,R0lGODlhAQABAIAAAAAAAP\/\/\/yH5BAEAAAAALAAAAAABAAEAAAIBRAA7\" data-sizes=\"auto\" data-srcset=\"https:\/\/krainawetlina.pl\/wp-content\/uploads\/2020\/04\/Kraina-Wetlina-domki-i-apartamenty-w-Bieszczadach-216-150x150.jpg 150w, https:\/\/krainawetlina.pl\/wp-content\/uploads\/2020\/04\/Kraina-Wetlina-domki-i-apartamenty-w-Bieszczadach-216-800x800.jpg 800w, https:\/\/krainawetlina.pl\/wp-content\/uploads\/2020\/04\/Kraina-Wetlina-domki-i-apartamenty-w-Bieszczadach-216-300x300.jpg 300w\"   alt=\"Kraina Wetlina - domki i apartamenty w Bieszczadach\" data-maxdpr=\"1.7\" class=\"attachment-post-thumbnail lazyload\" \/>\n\t\t\t\t\t\t<div class=\"fw-block-image-overlay\">\n\t\t\t\t\t\t\t<div class=\"fw-itable\">\n\t\t\t\t\t\t\t\t<div class=\"fw-icell\">\n\t\t\t\t\t\t\t\t\t<i class=\"fw-icon-zoom\"><\/i>\n\t\t\t\t\t\t\t\t\t<h5 class=\"fw-overlay-title\"><\/h5>\n\t\t\t\t\t\t\t\t\t<p class=\"fw-overlay-description\"><\/p>\n\t\t\t\t\t\t\t\t<\/div>\n\t\t\t\t\t\t\t<\/div>\n\t\t\t\t\t\t<\/div>\n\t\t\t\t\t<\/a>\n\t\t\t\t<\/div><div class=\"fw-gallery-image fw-height-md fw-block-image-parent fw-overlay-7  \" >\n\t\t\t\t\t<a href=\"https:\/\/krainawetlina.pl\/wp-content\/uploads\/2020\/04\/Kraina-Wetlina-domki-i-apartamenty-w-Bieszczadach-230.jpg\" data-rel=\"prettyPhoto[fw-gallery-5fa383b845a00445b849f891db912b4b]\" rel=\"prettyPhoto[fw-gallery-5fa383b845a00445b849f891db912b4b]\" class=\"fw-block-image-child fw-ratio-container fw-ratio-16-9 \">\n\t\t\t\t\t\t<noscript itemscope itemtype=\"https:\/\/schema.org\/ImageObject\" itemprop=\"image\"><img decoding=\"async\" src=\"https:\/\/krainawetlina.pl\/wp-content\/uploads\/2020\/04\/Kraina-Wetlina-domki-i-apartamenty-w-Bieszczadach-230.jpg\"  alt=\"Kraina Wetlina &#8211; domki i apartamenty w Bieszczadach 230\" data-maxdpr=\"1.7\" class=\"attachment-post-thumbnail lazyload\" \/><meta itemprop=\"url\" content=\"https:\/\/krainawetlina.pl\/wp-content\/uploads\/2020\/04\/Kraina-Wetlina-domki-i-apartamenty-w-Bieszczadach-230.jpg\"><meta itemprop=\"width\" content=\"1370\"><meta itemprop=\"height\" content=\"1028\"><\/noscript><img decoding=\"async\" src=\"data:image\/gif;base64,R0lGODlhAQABAIAAAAAAAP\/\/\/yH5BAEAAAAALAAAAAABAAEAAAIBRAA7\" data-sizes=\"auto\" data-srcset=\"https:\/\/krainawetlina.pl\/wp-content\/uploads\/2020\/04\/Kraina-Wetlina-domki-i-apartamenty-w-Bieszczadach-230-1228x691.jpg 1228w, https:\/\/krainawetlina.pl\/wp-content\/uploads\/2020\/04\/Kraina-Wetlina-domki-i-apartamenty-w-Bieszczadach-230-614x346.jpg 614w, https:\/\/krainawetlina.pl\/wp-content\/uploads\/2020\/04\/Kraina-Wetlina-domki-i-apartamenty-w-Bieszczadach-230-295x166.jpg 295w, https:\/\/krainawetlina.pl\/wp-content\/uploads\/2020\/04\/Kraina-Wetlina-domki-i-apartamenty-w-Bieszczadach-230-590x332.jpg 590w\"   alt=\"Kraina Wetlina &#8211; domki i apartamenty w Bieszczadach 230\" data-maxdpr=\"1.7\" class=\"attachment-post-thumbnail lazyload\" \/>\n\t\t\t\t\t\t<div class=\"fw-block-image-overlay\">\n\t\t\t\t\t\t\t<div class=\"fw-itable\">\n\t\t\t\t\t\t\t\t<div class=\"fw-icell\">\n\t\t\t\t\t\t\t\t\t<i class=\"fw-icon-zoom\"><\/i>\n\t\t\t\t\t\t\t\t\t<h5 class=\"fw-overlay-title\"><\/h5>\n\t\t\t\t\t\t\t\t\t<p class=\"fw-overlay-description\"><\/p>\n\t\t\t\t\t\t\t\t<\/div>\n\t\t\t\t\t\t\t<\/div>\n\t\t\t\t\t\t<\/div>\n\t\t\t\t\t<\/a>\n\t\t\t\t<\/div><div class=\"fw-gallery-image fw-height-lg fw-block-image-parent fw-overlay-7  \" >\n\t\t\t\t\t<a href=\"https:\/\/krainawetlina.pl\/wp-content\/uploads\/2020\/04\/Kraina-Wetlina-domki-i-apartamenty-w-Bieszczadach-87.jpg\" data-rel=\"prettyPhoto[fw-gallery-5fa383b845a00445b849f891db912b4b]\" rel=\"prettyPhoto[fw-gallery-5fa383b845a00445b849f891db912b4b]\" class=\"fw-block-image-child fw-ratio-container fw-ratio-1 \">\n\t\t\t\t\t\t<noscript itemscope itemtype=\"https:\/\/schema.org\/ImageObject\" itemprop=\"image\"><img decoding=\"async\" src=\"https:\/\/krainawetlina.pl\/wp-content\/uploads\/2020\/04\/Kraina-Wetlina-domki-i-apartamenty-w-Bieszczadach-87.jpg\"  alt=\"Kraina Wetlina &#8211; domki i apartamenty w Bieszczadach 87\" data-maxdpr=\"1.7\" class=\"attachment-post-thumbnail lazyload\" \/><meta itemprop=\"url\" content=\"https:\/\/krainawetlina.pl\/wp-content\/uploads\/2020\/04\/Kraina-Wetlina-domki-i-apartamenty-w-Bieszczadach-87.jpg\"><meta itemprop=\"width\" content=\"1028\"><meta itemprop=\"height\" content=\"1370\"><\/noscript><img decoding=\"async\" src=\"data:image\/gif;base64,R0lGODlhAQABAIAAAAAAAP\/\/\/yH5BAEAAAAALAAAAAABAAEAAAIBRAA7\" data-sizes=\"auto\" data-srcset=\"https:\/\/krainawetlina.pl\/wp-content\/uploads\/2020\/04\/Kraina-Wetlina-domki-i-apartamenty-w-Bieszczadach-87-150x150.jpg 150w, https:\/\/krainawetlina.pl\/wp-content\/uploads\/2020\/04\/Kraina-Wetlina-domki-i-apartamenty-w-Bieszczadach-87-800x800.jpg 800w, https:\/\/krainawetlina.pl\/wp-content\/uploads\/2020\/04\/Kraina-Wetlina-domki-i-apartamenty-w-Bieszczadach-87-300x300.jpg 300w\"   alt=\"Kraina Wetlina &#8211; domki i apartamenty w Bieszczadach 87\" data-maxdpr=\"1.7\" class=\"attachment-post-thumbnail lazyload\" \/>\n\t\t\t\t\t\t<div class=\"fw-block-image-overlay\">\n\t\t\t\t\t\t\t<div class=\"fw-itable\">\n\t\t\t\t\t\t\t\t<div class=\"fw-icell\">\n\t\t\t\t\t\t\t\t\t<i class=\"fw-icon-zoom\"><\/i>\n\t\t\t\t\t\t\t\t\t<h5 class=\"fw-overlay-title\"><\/h5>\n\t\t\t\t\t\t\t\t\t<p class=\"fw-overlay-description\"><\/p>\n\t\t\t\t\t\t\t\t<\/div>\n\t\t\t\t\t\t\t<\/div>\n\t\t\t\t\t\t<\/div>\n\t\t\t\t\t<\/a>\n\t\t\t\t<\/div><\/div><\/div>\t\t<\/div>\n\t<\/div>\n<\/div><\/div>\n\n<div class=\"fw-row\">\n\t<div id=\"column-69f1fbb4a6e48\" class=\"fw-col-sm-12 tf-sh-fc977bb5954e12f6b73754ddb8e5ea30\" >\n\t<div class=\"fw-wrap-col-inner clearfix  \"   >\n\t\t\t\t<div class=\"fw-col-inner\">\n\t\t\t\t<div  class=\"fw-divider tf-sh-d0a20c46e89accc91b9fd0e2590e3c4c  fw-divider-align-left fw-divider-full-width fw-line-solid fw-divider-line space-md  fw_theme_border_only_fw-custom\"  style=\"width: auto;  \" ><\/div>\n\t\t<\/div>\n\t<\/div>\n<\/div><\/div>\n\n\t<\/div>\n\t<\/section><section   class=\"fw-main-row-custom fw-section-no-padding  auto  fw-section-position-back tf-sh-329b897163f169ea0b57241f43bcdfc6\"    >\n\t\t\t<div class=\"fw-container\" >\n\t\t<div class=\"fw-row\">\n\t<div id=\"column-69f1fbb4a784f\" class=\"fw-col-sm-12 tf-sh-189d7beb6cfec350aa10475ff9098eb3  fw-col-no-padding\" >\n\t<div class=\"fw-wrap-col-inner clearfix  \"   >\n\t\t\t\t<div class=\"fw-col-inner\">\n\t\t\t<div class=\"fw-heading fw-heading-center  fw-heading-with-subtitle tf-sh-ccb7c5a1e247ce96c85d6dceac9722b3\" >\n\t\t\t<h2 class=\"fw-special-title\">5. Apartament z 1 sypialni\u0105<\/h2>\n\t\n\t\n\t\t\t<div class=\"fw-special-subtitle\">PARTER - WIDOK NA OGR\u00d3D<\/div>\n\t<\/div><div class=\"fw-divider-space  fw-custom-space  clearfix\" style=\"height:30px;\" ><\/div><div class=\"fw-text-box tf-sh-3ba7b32d8d7142f79631df75057f75c2 \" >\n\t<div class=\"fw-text-inner\">\n\t\t<p style=\"text-align: center;\">39 m2<\/p>\n<p style=\"text-align: center; font-size: 12px;\">PRYWATNE WEJ\u015aCIE | PRZYDZIELONE MIEJSCE PARKINGOWE<\/p>\n<p style=\"text-align: center;\"><strong>Idealny dla 2-4 os\u00f3b<\/strong><\/p>\n<p>&nbsp;<\/p>\n\t<\/div>\n<\/div>\t\t<\/div>\n\t<\/div>\n<\/div><\/div>\n\n<div class=\"fw-row\">\n\t<div id=\"column-69f1fbb4a7eaa\" class=\"fw-col-sm-2 tf-sh-232492c22b0386561b7083144c88b63f\" >\n\t<div class=\"fw-wrap-col-inner clearfix  \"   >\n\t\t\t\t<div class=\"fw-col-inner\">\n\t\t\t\t\t<\/div>\n\t<\/div>\n<\/div><div id=\"column-69f1fbb4a8055\" class=\"fw-col-sm-2 tf-sh-aebff77d8dd2af9a5dcaecc19469ad4e\" >\n\t<div class=\"fw-wrap-col-inner clearfix  \"   >\n\t\t\t\t<div class=\"fw-col-inner\">\n\t\t\t\t\t<\/div>\n\t<\/div>\n<\/div><div id=\"column-69f1fbb4a8201\" class=\"fw-col-sm-2 tf-sh-79f58cb88450aa6532eed591892ae487\" >\n\t<div class=\"fw-wrap-col-inner clearfix  \"   >\n\t\t\t\t<div class=\"fw-col-inner\">\n\t\t\t<div class=\"fw-icon-title fw-icon-title-top clearfix tf-sh-c67372e5cfffdb969152a2966a0e3bef  fw-content-align-center\" >\n\t\t\t<div class=\"fw-icon-title-name\">\n\t\t\t<div class=\"fw-icon-title-name-inner\">\n\t\t\t\t\t\t\t\t\t<span class=\"fw-icon-title-icon fw-custom-icon-image\">\n\t\t\t\t\t\t\t\t\t\t\t\t\t<img decoding=\"async\" src=\"\/\/krainawetlina.pl\/wp-content\/uploads\/2018\/07\/podwojne-1.png\" alt=\"\" \/>\t\t\t\t\t\t\t\t\t\t\t<\/span>\n\t\t\t\t\n\t\t\t\t\t\t\t\t\t\t\t\t\t<h6 class=\"fw-icon-title-text\">\n\t\t\t\t\t\tSypialnia z jednym du\u017cym \u0142\u00f3\u017ckiem podw\u00f3jnym\t\t\t\t\t<\/h6>\n\t\t\t\t\t\t\t\t\t\t<\/div>\n\t\t<\/div>\n\t<\/div><div class=\"fw-divider-space  fw-custom-space  clearfix\" style=\"height:30px;\" ><\/div>\t\t<\/div>\n\t<\/div>\n<\/div><div id=\"column-69f1fbb4a86bd\" class=\"fw-col-sm-2 tf-sh-57030446513181f7a018fea2ab85e5eb\" >\n\t<div class=\"fw-wrap-col-inner clearfix  \"   >\n\t\t\t\t<div class=\"fw-col-inner\">\n\t\t\t<div class=\"fw-icon-title fw-icon-title-top clearfix tf-sh-e3dfcd89c640479324fee1fc0ae746d4  fw-content-align-center\" >\n\t\t\t<div class=\"fw-icon-title-name\">\n\t\t\t<div class=\"fw-icon-title-name-inner\">\n\t\t\t\t\t\t\t\t\t<span class=\"fw-icon-title-icon fw-custom-icon-image\">\n\t\t\t\t\t\t\t\t\t\t\t\t\t<img decoding=\"async\" src=\"\/\/krainawetlina.pl\/wp-content\/uploads\/2018\/07\/kanapa-1.png\" alt=\"\" \/>\t\t\t\t\t\t\t\t\t\t\t<\/span>\n\t\t\t\t\n\t\t\t\t\t\t\t\t\t\t\t\t\t<h6 class=\"fw-icon-title-text\">\n\t\t\t\t\t\tRozk\u0142adana kanapa <br> w salonie\t\t\t\t\t<\/h6>\n\t\t\t\t\t\t\t\t\t\t<\/div>\n\t\t<\/div>\n\t<\/div><div class=\"fw-divider-space  fw-custom-space  clearfix\" style=\"height:30px;\" ><\/div>\t\t<\/div>\n\t<\/div>\n<\/div><div id=\"column-69f1fbb4a8b30\" class=\"fw-col-sm-2 tf-sh-9a124bb384c162682b714fba09721065\" >\n\t<div class=\"fw-wrap-col-inner clearfix  \"   >\n\t\t\t\t<div class=\"fw-col-inner\">\n\t\t\t\t\t<\/div>\n\t<\/div>\n<\/div><div id=\"column-69f1fbb4a8cd6\" class=\"fw-col-sm-2 tf-sh-1b60a84ffa9731310a7eb07f1c7f958d\" >\n\t<div class=\"fw-wrap-col-inner clearfix  \"   >\n\t\t\t\t<div class=\"fw-col-inner\">\n\t\t\t\t\t<\/div>\n\t<\/div>\n<\/div><\/div>\n\n<div class=\"fw-row\">\n\t<div id=\"column-69f1fbb4a8faa\" class=\"fw-col-sm-12 tf-sh-d48e6961037273a5c5ee03f4cd5531ca\" >\n\t<div class=\"fw-wrap-col-inner clearfix  \"   >\n\t\t\t\t<div class=\"fw-col-inner\">\n\t\t\t<div class=\"fw-heading fw-heading-center  fw-heading-with-subtitle tf-sh-5fa578d4e4cf01601654f2f949cb2371\" >\n\t\n\t\n\t\t\t<div class=\"fw-special-subtitle\">OPIS<\/div>\n\t<\/div><div class=\"fw-text-box tf-sh-b3839c018d01cec08cd8a1f0868a1551 \" >\n\t<div class=\"fw-text-inner\">\n\t\t<p style=\"text-align: center;\">Salon z koz\u0105 wy\u0142o\u017con\u0105 kaflami i rozk\u0142adan\u0105 kanap\u0105<br \/>Otwarta kuchnia z jadalni\u0105<br \/>Jedna osobna sypialnia<br \/>\u0141azienka<\/p>\n<p>&nbsp;<\/p>\n\t<\/div>\n<\/div>\t\t<\/div>\n\t<\/div>\n<\/div><\/div>\n\n<div class=\"fw-row\">\n\t<div id=\"column-69f1fbb4a94bb\" class=\"fw-col-sm-12 tf-sh-fc977bb5954e12f6b73754ddb8e5ea30\" >\n\t<div class=\"fw-wrap-col-inner clearfix  \"   >\n\t\t\t\t<div class=\"fw-col-inner\">\n\t\t\t<div class=\"fw-gallery clearfix tf-sh-4e49870e49c0e3e7cdb43580f205d171 fw-gallery-type1 \" >\n\t<div class=\"fw-gallery-col fw-col-width1\"><div class=\"fw-gallery-image fw-height-lg fw-block-image-parent fw-overlay-7  \" >\n\t\t\t\t\t<a href=\"https:\/\/krainawetlina.pl\/wp-content\/uploads\/2025\/01\/Kraina-Wetlina-7-scaled.jpeg\" data-rel=\"prettyPhoto[fw-gallery-4e49870e49c0e3e7cdb43580f205d171]\" rel=\"prettyPhoto[fw-gallery-4e49870e49c0e3e7cdb43580f205d171]\" class=\"fw-block-image-child fw-ratio-container fw-ratio-1 \">\n\t\t\t\t\t\t<noscript itemscope itemtype=\"https:\/\/schema.org\/ImageObject\" itemprop=\"image\"><img decoding=\"async\" src=\"https:\/\/krainawetlina.pl\/wp-content\/uploads\/2025\/01\/Kraina-Wetlina-7-scaled.jpeg\"  alt=\"Kraina Wetlina - Bieszczady\" data-maxdpr=\"1.7\" class=\"attachment-post-thumbnail lazyload\" \/><meta itemprop=\"url\" content=\"https:\/\/krainawetlina.pl\/wp-content\/uploads\/2025\/01\/Kraina-Wetlina-7-scaled.jpeg\"><meta itemprop=\"width\" content=\"1824\"><meta itemprop=\"height\" content=\"2560\"><\/noscript><img decoding=\"async\" src=\"data:image\/gif;base64,R0lGODlhAQABAIAAAAAAAP\/\/\/yH5BAEAAAAALAAAAAABAAEAAAIBRAA7\" data-sizes=\"auto\" data-srcset=\"https:\/\/krainawetlina.pl\/wp-content\/uploads\/2025\/01\/Kraina-Wetlina-7-150x150.jpeg 150w, https:\/\/krainawetlina.pl\/wp-content\/uploads\/2025\/01\/Kraina-Wetlina-7-800x800.jpeg 800w, https:\/\/krainawetlina.pl\/wp-content\/uploads\/2025\/01\/Kraina-Wetlina-7-300x300.jpeg 300w\"   alt=\"Kraina Wetlina - Bieszczady\" data-maxdpr=\"1.7\" class=\"attachment-post-thumbnail lazyload\" \/>\n\t\t\t\t\t\t<div class=\"fw-block-image-overlay\">\n\t\t\t\t\t\t\t<div class=\"fw-itable\">\n\t\t\t\t\t\t\t\t<div class=\"fw-icell\">\n\t\t\t\t\t\t\t\t\t<i class=\"fw-icon-zoom\"><\/i>\n\t\t\t\t\t\t\t\t\t<h5 class=\"fw-overlay-title\"><\/h5>\n\t\t\t\t\t\t\t\t\t<p class=\"fw-overlay-description\"><\/p>\n\t\t\t\t\t\t\t\t<\/div>\n\t\t\t\t\t\t\t<\/div>\n\t\t\t\t\t\t<\/div>\n\t\t\t\t\t<\/a>\n\t\t\t\t<\/div> <div class=\"fw-gallery-image fw-height-md fw-block-image-parent fw-overlay-7  \" >\n\t\t\t\t\t<a href=\"https:\/\/krainawetlina.pl\/wp-content\/uploads\/2020\/04\/Kraina-Wetlina-domki-i-apartamenty-w-Bieszczadach-132.jpg\" data-rel=\"prettyPhoto[fw-gallery-4e49870e49c0e3e7cdb43580f205d171]\" rel=\"prettyPhoto[fw-gallery-4e49870e49c0e3e7cdb43580f205d171]\" class=\"fw-block-image-child fw-ratio-container fw-ratio-16-9 \">\n\t\t\t\t\t\t<noscript itemscope itemtype=\"https:\/\/schema.org\/ImageObject\" itemprop=\"image\"><img decoding=\"async\" src=\"https:\/\/krainawetlina.pl\/wp-content\/uploads\/2020\/04\/Kraina-Wetlina-domki-i-apartamenty-w-Bieszczadach-132.jpg\"  alt=\"Kraina Wetlina &#8211; domki i apartamenty w Bieszczadach 132\" data-maxdpr=\"1.7\" class=\"attachment-post-thumbnail lazyload\" \/><meta itemprop=\"url\" content=\"https:\/\/krainawetlina.pl\/wp-content\/uploads\/2020\/04\/Kraina-Wetlina-domki-i-apartamenty-w-Bieszczadach-132.jpg\"><meta itemprop=\"width\" content=\"1370\"><meta itemprop=\"height\" content=\"1028\"><\/noscript><img decoding=\"async\" src=\"data:image\/gif;base64,R0lGODlhAQABAIAAAAAAAP\/\/\/yH5BAEAAAAALAAAAAABAAEAAAIBRAA7\" data-sizes=\"auto\" data-srcset=\"https:\/\/krainawetlina.pl\/wp-content\/uploads\/2020\/04\/Kraina-Wetlina-domki-i-apartamenty-w-Bieszczadach-132-1228x691.jpg 1228w, https:\/\/krainawetlina.pl\/wp-content\/uploads\/2020\/04\/Kraina-Wetlina-domki-i-apartamenty-w-Bieszczadach-132-614x346.jpg 614w, https:\/\/krainawetlina.pl\/wp-content\/uploads\/2020\/04\/Kraina-Wetlina-domki-i-apartamenty-w-Bieszczadach-132-295x166.jpg 295w, https:\/\/krainawetlina.pl\/wp-content\/uploads\/2020\/04\/Kraina-Wetlina-domki-i-apartamenty-w-Bieszczadach-132-590x332.jpg 590w\"   alt=\"Kraina Wetlina &#8211; domki i apartamenty w Bieszczadach 132\" data-maxdpr=\"1.7\" class=\"attachment-post-thumbnail lazyload\" \/>\n\t\t\t\t\t\t<div class=\"fw-block-image-overlay\">\n\t\t\t\t\t\t\t<div class=\"fw-itable\">\n\t\t\t\t\t\t\t\t<div class=\"fw-icell\">\n\t\t\t\t\t\t\t\t\t<i class=\"fw-icon-zoom\"><\/i>\n\t\t\t\t\t\t\t\t\t<h5 class=\"fw-overlay-title\"><\/h5>\n\t\t\t\t\t\t\t\t\t<p class=\"fw-overlay-description\"><\/p>\n\t\t\t\t\t\t\t\t<\/div>\n\t\t\t\t\t\t\t<\/div>\n\t\t\t\t\t\t<\/div>\n\t\t\t\t\t<\/a>\n\t\t\t\t<\/div><div class=\"fw-gallery-image fw-height-lg fw-block-image-parent fw-overlay-7  \" >\n\t\t\t\t\t<a href=\"https:\/\/krainawetlina.pl\/wp-content\/uploads\/2020\/04\/Kraina-Wetlina-domki-i-apartamenty-w-Bieszczadach-146.jpg\" data-rel=\"prettyPhoto[fw-gallery-4e49870e49c0e3e7cdb43580f205d171]\" rel=\"prettyPhoto[fw-gallery-4e49870e49c0e3e7cdb43580f205d171]\" class=\"fw-block-image-child fw-ratio-container fw-ratio-1 \">\n\t\t\t\t\t\t<noscript itemscope itemtype=\"https:\/\/schema.org\/ImageObject\" itemprop=\"image\"><img decoding=\"async\" src=\"https:\/\/krainawetlina.pl\/wp-content\/uploads\/2020\/04\/Kraina-Wetlina-domki-i-apartamenty-w-Bieszczadach-146.jpg\"  alt=\"Kraina Wetlina &#8211; domki i apartamenty w Bieszczadach 146\" data-maxdpr=\"1.7\" class=\"attachment-post-thumbnail lazyload\" \/><meta itemprop=\"url\" content=\"https:\/\/krainawetlina.pl\/wp-content\/uploads\/2020\/04\/Kraina-Wetlina-domki-i-apartamenty-w-Bieszczadach-146.jpg\"><meta itemprop=\"width\" content=\"1028\"><meta itemprop=\"height\" content=\"1370\"><\/noscript><img decoding=\"async\" src=\"data:image\/gif;base64,R0lGODlhAQABAIAAAAAAAP\/\/\/yH5BAEAAAAALAAAAAABAAEAAAIBRAA7\" data-sizes=\"auto\" data-srcset=\"https:\/\/krainawetlina.pl\/wp-content\/uploads\/2020\/04\/Kraina-Wetlina-domki-i-apartamenty-w-Bieszczadach-146-150x150.jpg 150w, https:\/\/krainawetlina.pl\/wp-content\/uploads\/2020\/04\/Kraina-Wetlina-domki-i-apartamenty-w-Bieszczadach-146-800x800.jpg 800w, https:\/\/krainawetlina.pl\/wp-content\/uploads\/2020\/04\/Kraina-Wetlina-domki-i-apartamenty-w-Bieszczadach-146-300x300.jpg 300w\"   alt=\"Kraina Wetlina &#8211; domki i apartamenty w Bieszczadach 146\" data-maxdpr=\"1.7\" class=\"attachment-post-thumbnail lazyload\" \/>\n\t\t\t\t\t\t<div class=\"fw-block-image-overlay\">\n\t\t\t\t\t\t\t<div class=\"fw-itable\">\n\t\t\t\t\t\t\t\t<div class=\"fw-icell\">\n\t\t\t\t\t\t\t\t\t<i class=\"fw-icon-zoom\"><\/i>\n\t\t\t\t\t\t\t\t\t<h5 class=\"fw-overlay-title\"><\/h5>\n\t\t\t\t\t\t\t\t\t<p class=\"fw-overlay-description\"><\/p>\n\t\t\t\t\t\t\t\t<\/div>\n\t\t\t\t\t\t\t<\/div>\n\t\t\t\t\t\t<\/div>\n\t\t\t\t\t<\/a>\n\t\t\t\t<\/div><\/div><div class=\"fw-gallery-col fw-col-width2\"><div class=\"fw-gallery-image fw-height-md fw-block-image-parent fw-overlay-7  \" >\n\t\t\t\t\t<a href=\"https:\/\/krainawetlina.pl\/wp-content\/uploads\/2020\/04\/Kraina-Wetlina-domki-i-apartamenty-w-Bieszczadach-129-1.jpg\" data-rel=\"prettyPhoto[fw-gallery-4e49870e49c0e3e7cdb43580f205d171]\" rel=\"prettyPhoto[fw-gallery-4e49870e49c0e3e7cdb43580f205d171]\" class=\"fw-block-image-child fw-ratio-container fw-ratio-4-3 \">\n\t\t\t\t\t\t<noscript itemscope itemtype=\"https:\/\/schema.org\/ImageObject\" itemprop=\"image\"><img decoding=\"async\" src=\"https:\/\/krainawetlina.pl\/wp-content\/uploads\/2020\/04\/Kraina-Wetlina-domki-i-apartamenty-w-Bieszczadach-129-1.jpg\"  alt=\"Kraina Wetlina &#8211; domki i apartamenty w Bieszczadach 129\" data-maxdpr=\"1.7\" class=\"attachment-post-thumbnail lazyload\" \/><meta itemprop=\"url\" content=\"https:\/\/krainawetlina.pl\/wp-content\/uploads\/2020\/04\/Kraina-Wetlina-domki-i-apartamenty-w-Bieszczadach-129-1.jpg\"><meta itemprop=\"width\" content=\"1370\"><meta itemprop=\"height\" content=\"1028\"><\/noscript><img decoding=\"async\" src=\"data:image\/gif;base64,R0lGODlhAQABAIAAAAAAAP\/\/\/yH5BAEAAAAALAAAAAABAAEAAAIBRAA7\" data-sizes=\"auto\" data-srcset=\"https:\/\/krainawetlina.pl\/wp-content\/uploads\/2020\/04\/Kraina-Wetlina-domki-i-apartamenty-w-Bieszczadach-129-1-300x225.jpg 300w, https:\/\/krainawetlina.pl\/wp-content\/uploads\/2020\/04\/Kraina-Wetlina-domki-i-apartamenty-w-Bieszczadach-129-1-1024x768.jpg 1024w, https:\/\/krainawetlina.pl\/wp-content\/uploads\/2020\/04\/Kraina-Wetlina-domki-i-apartamenty-w-Bieszczadach-129-1-768x576.jpg 768w, https:\/\/krainawetlina.pl\/wp-content\/uploads\/2020\/04\/Kraina-Wetlina-domki-i-apartamenty-w-Bieszczadach-129-1-393x295.jpg 393w, https:\/\/krainawetlina.pl\/wp-content\/uploads\/2020\/04\/Kraina-Wetlina-domki-i-apartamenty-w-Bieszczadach-129-1-786x590.jpg 786w, https:\/\/krainawetlina.pl\/wp-content\/uploads\/2020\/04\/Kraina-Wetlina-domki-i-apartamenty-w-Bieszczadach-129-1.jpg 1370w\"   alt=\"Kraina Wetlina &#8211; domki i apartamenty w Bieszczadach 129\" data-maxdpr=\"1.7\" class=\"attachment-post-thumbnail lazyload\" \/>\n\t\t\t\t\t\t<div class=\"fw-block-image-overlay\">\n\t\t\t\t\t\t\t<div class=\"fw-itable\">\n\t\t\t\t\t\t\t\t<div class=\"fw-icell\">\n\t\t\t\t\t\t\t\t\t<i class=\"fw-icon-zoom\"><\/i>\n\t\t\t\t\t\t\t\t\t<h5 class=\"fw-overlay-title\"><\/h5>\n\t\t\t\t\t\t\t\t\t<p class=\"fw-overlay-description\"><\/p>\n\t\t\t\t\t\t\t\t<\/div>\n\t\t\t\t\t\t\t<\/div>\n\t\t\t\t\t\t<\/div>\n\t\t\t\t\t<\/a>\n\t\t\t\t<\/div><div class=\"fw-gallery-image fw-height-sm fw-block-image-parent fw-overlay-7  \" >\n\t\t\t\t\t<a href=\"https:\/\/krainawetlina.pl\/wp-content\/uploads\/2020\/04\/Kraina-Wetlina-domki-i-apartamenty-w-Bieszczadach-121.jpg\" data-rel=\"prettyPhoto[fw-gallery-4e49870e49c0e3e7cdb43580f205d171]\" rel=\"prettyPhoto[fw-gallery-4e49870e49c0e3e7cdb43580f205d171]\" class=\"fw-block-image-child fw-ratio-container fw-ratio-16-9 \">\n\t\t\t\t\t\t<noscript itemscope itemtype=\"https:\/\/schema.org\/ImageObject\" itemprop=\"image\"><img decoding=\"async\" src=\"https:\/\/krainawetlina.pl\/wp-content\/uploads\/2020\/04\/Kraina-Wetlina-domki-i-apartamenty-w-Bieszczadach-121.jpg\"  alt=\"Kraina Wetlina &#8211; domki i apartamenty w Bieszczadach 121\" data-maxdpr=\"1.7\" class=\"attachment-post-thumbnail lazyload\" \/><meta itemprop=\"url\" content=\"https:\/\/krainawetlina.pl\/wp-content\/uploads\/2020\/04\/Kraina-Wetlina-domki-i-apartamenty-w-Bieszczadach-121.jpg\"><meta itemprop=\"width\" content=\"848\"><meta itemprop=\"height\" content=\"1370\"><\/noscript><img decoding=\"async\" src=\"data:image\/gif;base64,R0lGODlhAQABAIAAAAAAAP\/\/\/yH5BAEAAAAALAAAAAABAAEAAAIBRAA7\" data-sizes=\"auto\" data-srcset=\"https:\/\/krainawetlina.pl\/wp-content\/uploads\/2020\/04\/Kraina-Wetlina-domki-i-apartamenty-w-Bieszczadach-121-614x346.jpg 614w, https:\/\/krainawetlina.pl\/wp-content\/uploads\/2020\/04\/Kraina-Wetlina-domki-i-apartamenty-w-Bieszczadach-121-295x166.jpg 295w, https:\/\/krainawetlina.pl\/wp-content\/uploads\/2020\/04\/Kraina-Wetlina-domki-i-apartamenty-w-Bieszczadach-121-590x332.jpg 590w\"   alt=\"Kraina Wetlina &#8211; domki i apartamenty w Bieszczadach 121\" data-maxdpr=\"1.7\" class=\"attachment-post-thumbnail lazyload\" \/>\n\t\t\t\t\t\t<div class=\"fw-block-image-overlay\">\n\t\t\t\t\t\t\t<div class=\"fw-itable\">\n\t\t\t\t\t\t\t\t<div class=\"fw-icell\">\n\t\t\t\t\t\t\t\t\t<i class=\"fw-icon-zoom\"><\/i>\n\t\t\t\t\t\t\t\t\t<h5 class=\"fw-overlay-title\"><\/h5>\n\t\t\t\t\t\t\t\t\t<p class=\"fw-overlay-description\"><\/p>\n\t\t\t\t\t\t\t\t<\/div>\n\t\t\t\t\t\t\t<\/div>\n\t\t\t\t\t\t<\/div>\n\t\t\t\t\t<\/a>\n\t\t\t\t<\/div><div class=\"fw-gallery-image fw-height-md fw-block-image-parent fw-overlay-7  \" >\n\t\t\t\t\t<a href=\"https:\/\/krainawetlina.pl\/wp-content\/uploads\/2025\/01\/Kraina-Wetlina-6-scaled.jpeg\" data-rel=\"prettyPhoto[fw-gallery-4e49870e49c0e3e7cdb43580f205d171]\" rel=\"prettyPhoto[fw-gallery-4e49870e49c0e3e7cdb43580f205d171]\" class=\"fw-block-image-child fw-ratio-container fw-ratio-4-3 \">\n\t\t\t\t\t\t<noscript itemscope itemtype=\"https:\/\/schema.org\/ImageObject\" itemprop=\"image\"><img decoding=\"async\" src=\"https:\/\/krainawetlina.pl\/wp-content\/uploads\/2025\/01\/Kraina-Wetlina-6-scaled.jpeg\"  alt=\"Kraina Wetlina - apartamenty w Bieszczadach\" data-maxdpr=\"1.7\" class=\"attachment-post-thumbnail lazyload\" \/><meta itemprop=\"url\" content=\"https:\/\/krainawetlina.pl\/wp-content\/uploads\/2025\/01\/Kraina-Wetlina-6-scaled.jpeg\"><meta itemprop=\"width\" content=\"1440\"><meta itemprop=\"height\" content=\"2560\"><\/noscript><img decoding=\"async\" src=\"data:image\/gif;base64,R0lGODlhAQABAIAAAAAAAP\/\/\/yH5BAEAAAAALAAAAAABAAEAAAIBRAA7\" data-sizes=\"auto\" data-srcset=\"https:\/\/krainawetlina.pl\/wp-content\/uploads\/2025\/01\/Kraina-Wetlina-6-393x295.jpeg 393w, https:\/\/krainawetlina.pl\/wp-content\/uploads\/2025\/01\/Kraina-Wetlina-6-786x590.jpeg 786w\"   alt=\"Kraina Wetlina - apartamenty w Bieszczadach\" data-maxdpr=\"1.7\" class=\"attachment-post-thumbnail lazyload\" \/>\n\t\t\t\t\t\t<div class=\"fw-block-image-overlay\">\n\t\t\t\t\t\t\t<div class=\"fw-itable\">\n\t\t\t\t\t\t\t\t<div class=\"fw-icell\">\n\t\t\t\t\t\t\t\t\t<i class=\"fw-icon-zoom\"><\/i>\n\t\t\t\t\t\t\t\t\t<h5 class=\"fw-overlay-title\"><\/h5>\n\t\t\t\t\t\t\t\t\t<p class=\"fw-overlay-description\"><\/p>\n\t\t\t\t\t\t\t\t<\/div>\n\t\t\t\t\t\t\t<\/div>\n\t\t\t\t\t\t<\/div>\n\t\t\t\t\t<\/a>\n\t\t\t\t<\/div><div class=\"fw-gallery-image fw-height-md fw-block-image-parent fw-overlay-7  \" >\n\t\t\t\t\t<a href=\"https:\/\/krainawetlina.pl\/wp-content\/uploads\/2020\/04\/Kraina-Wetlina-domki-i-apartamenty-w-Bieszczadach-151.jpg\" data-rel=\"prettyPhoto[fw-gallery-4e49870e49c0e3e7cdb43580f205d171]\" rel=\"prettyPhoto[fw-gallery-4e49870e49c0e3e7cdb43580f205d171]\" class=\"fw-block-image-child fw-ratio-container fw-ratio-4-3 \">\n\t\t\t\t\t\t<noscript itemscope itemtype=\"https:\/\/schema.org\/ImageObject\" itemprop=\"image\"><img decoding=\"async\" src=\"https:\/\/krainawetlina.pl\/wp-content\/uploads\/2020\/04\/Kraina-Wetlina-domki-i-apartamenty-w-Bieszczadach-151.jpg\"  alt=\"Kraina Wetlina &#8211; domki i apartamenty w Bieszczadach 151\" data-maxdpr=\"1.7\" class=\"attachment-post-thumbnail lazyload\" \/><meta itemprop=\"url\" content=\"https:\/\/krainawetlina.pl\/wp-content\/uploads\/2020\/04\/Kraina-Wetlina-domki-i-apartamenty-w-Bieszczadach-151.jpg\"><meta itemprop=\"width\" content=\"1370\"><meta itemprop=\"height\" content=\"1027\"><\/noscript><img decoding=\"async\" src=\"data:image\/gif;base64,R0lGODlhAQABAIAAAAAAAP\/\/\/yH5BAEAAAAALAAAAAABAAEAAAIBRAA7\" data-sizes=\"auto\" data-srcset=\"https:\/\/krainawetlina.pl\/wp-content\/uploads\/2020\/04\/Kraina-Wetlina-domki-i-apartamenty-w-Bieszczadach-151-300x225.jpg 300w, https:\/\/krainawetlina.pl\/wp-content\/uploads\/2020\/04\/Kraina-Wetlina-domki-i-apartamenty-w-Bieszczadach-151-1024x768.jpg 1024w, https:\/\/krainawetlina.pl\/wp-content\/uploads\/2020\/04\/Kraina-Wetlina-domki-i-apartamenty-w-Bieszczadach-151-768x576.jpg 768w, https:\/\/krainawetlina.pl\/wp-content\/uploads\/2020\/04\/Kraina-Wetlina-domki-i-apartamenty-w-Bieszczadach-151-393x295.jpg 393w, https:\/\/krainawetlina.pl\/wp-content\/uploads\/2020\/04\/Kraina-Wetlina-domki-i-apartamenty-w-Bieszczadach-151-786x590.jpg 786w, https:\/\/krainawetlina.pl\/wp-content\/uploads\/2020\/04\/Kraina-Wetlina-domki-i-apartamenty-w-Bieszczadach-151.jpg 1370w\"   alt=\"Kraina Wetlina &#8211; domki i apartamenty w Bieszczadach 151\" data-maxdpr=\"1.7\" class=\"attachment-post-thumbnail lazyload\" \/>\n\t\t\t\t\t\t<div class=\"fw-block-image-overlay\">\n\t\t\t\t\t\t\t<div class=\"fw-itable\">\n\t\t\t\t\t\t\t\t<div class=\"fw-icell\">\n\t\t\t\t\t\t\t\t\t<i class=\"fw-icon-zoom\"><\/i>\n\t\t\t\t\t\t\t\t\t<h5 class=\"fw-overlay-title\"><\/h5>\n\t\t\t\t\t\t\t\t\t<p class=\"fw-overlay-description\"><\/p>\n\t\t\t\t\t\t\t\t<\/div>\n\t\t\t\t\t\t\t<\/div>\n\t\t\t\t\t\t<\/div>\n\t\t\t\t\t<\/a>\n\t\t\t\t<\/div><div class=\"fw-gallery-image fw-height-sm fw-block-image-parent fw-overlay-7  \" >\n\t\t\t\t\t<a href=\"https:\/\/krainawetlina.pl\/wp-content\/uploads\/2020\/04\/Kraina-Wetlina-domki-i-apartamenty-w-Bieszczadach-312.jpg\" data-rel=\"prettyPhoto[fw-gallery-4e49870e49c0e3e7cdb43580f205d171]\" rel=\"prettyPhoto[fw-gallery-4e49870e49c0e3e7cdb43580f205d171]\" class=\"fw-block-image-child fw-ratio-container fw-ratio-16-9 \">\n\t\t\t\t\t\t<noscript itemscope itemtype=\"https:\/\/schema.org\/ImageObject\" itemprop=\"image\"><img decoding=\"async\" src=\"https:\/\/krainawetlina.pl\/wp-content\/uploads\/2020\/04\/Kraina-Wetlina-domki-i-apartamenty-w-Bieszczadach-312.jpg\"  alt=\"Kraina Wetlina - domki i apartamenty w Bieszczadach na wynajem. Noclegi Wetlina. Magiczne miejsce. Bieszczady. Ognisko grill\" data-maxdpr=\"1.7\" class=\"attachment-post-thumbnail lazyload\" \/><meta itemprop=\"url\" content=\"https:\/\/krainawetlina.pl\/wp-content\/uploads\/2020\/04\/Kraina-Wetlina-domki-i-apartamenty-w-Bieszczadach-312.jpg\"><meta itemprop=\"width\" content=\"1370\"><meta itemprop=\"height\" content=\"1028\"><\/noscript><img decoding=\"async\" src=\"data:image\/gif;base64,R0lGODlhAQABAIAAAAAAAP\/\/\/yH5BAEAAAAALAAAAAABAAEAAAIBRAA7\" data-sizes=\"auto\" data-srcset=\"https:\/\/krainawetlina.pl\/wp-content\/uploads\/2020\/04\/Kraina-Wetlina-domki-i-apartamenty-w-Bieszczadach-312-1228x691.jpg 1228w, https:\/\/krainawetlina.pl\/wp-content\/uploads\/2020\/04\/Kraina-Wetlina-domki-i-apartamenty-w-Bieszczadach-312-614x346.jpg 614w, https:\/\/krainawetlina.pl\/wp-content\/uploads\/2020\/04\/Kraina-Wetlina-domki-i-apartamenty-w-Bieszczadach-312-295x166.jpg 295w, https:\/\/krainawetlina.pl\/wp-content\/uploads\/2020\/04\/Kraina-Wetlina-domki-i-apartamenty-w-Bieszczadach-312-590x332.jpg 590w\"   alt=\"Kraina Wetlina - domki i apartamenty w Bieszczadach na wynajem. Noclegi Wetlina. Magiczne miejsce. Bieszczady. Ognisko grill\" data-maxdpr=\"1.7\" class=\"attachment-post-thumbnail lazyload\" \/>\n\t\t\t\t\t\t<div class=\"fw-block-image-overlay\">\n\t\t\t\t\t\t\t<div class=\"fw-itable\">\n\t\t\t\t\t\t\t\t<div class=\"fw-icell\">\n\t\t\t\t\t\t\t\t\t<i class=\"fw-icon-zoom\"><\/i>\n\t\t\t\t\t\t\t\t\t<h5 class=\"fw-overlay-title\"><\/h5>\n\t\t\t\t\t\t\t\t\t<p class=\"fw-overlay-description\"><\/p>\n\t\t\t\t\t\t\t\t<\/div>\n\t\t\t\t\t\t\t<\/div>\n\t\t\t\t\t\t<\/div>\n\t\t\t\t\t<\/a>\n\t\t\t\t<\/div><\/div><div class=\"fw-gallery-col fw-col-width1\"><div class=\"fw-gallery-image fw-height-lg fw-block-image-parent fw-overlay-7  \" >\n\t\t\t\t\t<a href=\"https:\/\/krainawetlina.pl\/wp-content\/uploads\/2020\/04\/Kraina-Wetlina-domki-i-apartamenty-w-Bieszczadach-247.jpg\" data-rel=\"prettyPhoto[fw-gallery-4e49870e49c0e3e7cdb43580f205d171]\" rel=\"prettyPhoto[fw-gallery-4e49870e49c0e3e7cdb43580f205d171]\" class=\"fw-block-image-child fw-ratio-container fw-ratio-1 \">\n\t\t\t\t\t\t<noscript itemscope itemtype=\"https:\/\/schema.org\/ImageObject\" itemprop=\"image\"><img decoding=\"async\" src=\"https:\/\/krainawetlina.pl\/wp-content\/uploads\/2020\/04\/Kraina-Wetlina-domki-i-apartamenty-w-Bieszczadach-247.jpg\"  alt=\"Kraina Wetlina &#8211; domki i apartamenty w Bieszczadach 247\" data-maxdpr=\"1.7\" class=\"attachment-post-thumbnail lazyload\" \/><meta itemprop=\"url\" content=\"https:\/\/krainawetlina.pl\/wp-content\/uploads\/2020\/04\/Kraina-Wetlina-domki-i-apartamenty-w-Bieszczadach-247.jpg\"><meta itemprop=\"width\" content=\"1350\"><meta itemprop=\"height\" content=\"901\"><\/noscript><img decoding=\"async\" src=\"data:image\/gif;base64,R0lGODlhAQABAIAAAAAAAP\/\/\/yH5BAEAAAAALAAAAAABAAEAAAIBRAA7\" data-sizes=\"auto\" data-srcset=\"https:\/\/krainawetlina.pl\/wp-content\/uploads\/2020\/04\/Kraina-Wetlina-domki-i-apartamenty-w-Bieszczadach-247-150x150.jpg 150w, https:\/\/krainawetlina.pl\/wp-content\/uploads\/2020\/04\/Kraina-Wetlina-domki-i-apartamenty-w-Bieszczadach-247-800x800.jpg 800w, https:\/\/krainawetlina.pl\/wp-content\/uploads\/2020\/04\/Kraina-Wetlina-domki-i-apartamenty-w-Bieszczadach-247-300x300.jpg 300w\"   alt=\"Kraina Wetlina &#8211; domki i apartamenty w Bieszczadach 247\" data-maxdpr=\"1.7\" class=\"attachment-post-thumbnail lazyload\" \/>\n\t\t\t\t\t\t<div class=\"fw-block-image-overlay\">\n\t\t\t\t\t\t\t<div class=\"fw-itable\">\n\t\t\t\t\t\t\t\t<div class=\"fw-icell\">\n\t\t\t\t\t\t\t\t\t<i class=\"fw-icon-zoom\"><\/i>\n\t\t\t\t\t\t\t\t\t<h5 class=\"fw-overlay-title\"><\/h5>\n\t\t\t\t\t\t\t\t\t<p class=\"fw-overlay-description\"><\/p>\n\t\t\t\t\t\t\t\t<\/div>\n\t\t\t\t\t\t\t<\/div>\n\t\t\t\t\t\t<\/div>\n\t\t\t\t\t<\/a>\n\t\t\t\t<\/div><div class=\"fw-gallery-image fw-height-md fw-block-image-parent fw-overlay-7  \" >\n\t\t\t\t\t<a href=\"https:\/\/krainawetlina.pl\/wp-content\/uploads\/2020\/04\/Kraina-Wetlina-domki-i-apartamenty-w-Bieszczadach-134.jpg\" data-rel=\"prettyPhoto[fw-gallery-4e49870e49c0e3e7cdb43580f205d171]\" rel=\"prettyPhoto[fw-gallery-4e49870e49c0e3e7cdb43580f205d171]\" class=\"fw-block-image-child fw-ratio-container fw-ratio-16-9 \">\n\t\t\t\t\t\t<noscript itemscope itemtype=\"https:\/\/schema.org\/ImageObject\" itemprop=\"image\"><img decoding=\"async\" src=\"https:\/\/krainawetlina.pl\/wp-content\/uploads\/2020\/04\/Kraina-Wetlina-domki-i-apartamenty-w-Bieszczadach-134.jpg\"  alt=\"Kraina Wetlina &#8211; domki i apartamenty w Bieszczadach 134\" data-maxdpr=\"1.7\" class=\"attachment-post-thumbnail lazyload\" \/><meta itemprop=\"url\" content=\"https:\/\/krainawetlina.pl\/wp-content\/uploads\/2020\/04\/Kraina-Wetlina-domki-i-apartamenty-w-Bieszczadach-134.jpg\"><meta itemprop=\"width\" content=\"1370\"><meta itemprop=\"height\" content=\"1028\"><\/noscript><img decoding=\"async\" src=\"data:image\/gif;base64,R0lGODlhAQABAIAAAAAAAP\/\/\/yH5BAEAAAAALAAAAAABAAEAAAIBRAA7\" data-sizes=\"auto\" data-srcset=\"https:\/\/krainawetlina.pl\/wp-content\/uploads\/2020\/04\/Kraina-Wetlina-domki-i-apartamenty-w-Bieszczadach-134-1228x691.jpg 1228w, https:\/\/krainawetlina.pl\/wp-content\/uploads\/2020\/04\/Kraina-Wetlina-domki-i-apartamenty-w-Bieszczadach-134-614x346.jpg 614w, https:\/\/krainawetlina.pl\/wp-content\/uploads\/2020\/04\/Kraina-Wetlina-domki-i-apartamenty-w-Bieszczadach-134-295x166.jpg 295w, https:\/\/krainawetlina.pl\/wp-content\/uploads\/2020\/04\/Kraina-Wetlina-domki-i-apartamenty-w-Bieszczadach-134-590x332.jpg 590w\"   alt=\"Kraina Wetlina &#8211; domki i apartamenty w Bieszczadach 134\" data-maxdpr=\"1.7\" class=\"attachment-post-thumbnail lazyload\" \/>\n\t\t\t\t\t\t<div class=\"fw-block-image-overlay\">\n\t\t\t\t\t\t\t<div class=\"fw-itable\">\n\t\t\t\t\t\t\t\t<div class=\"fw-icell\">\n\t\t\t\t\t\t\t\t\t<i class=\"fw-icon-zoom\"><\/i>\n\t\t\t\t\t\t\t\t\t<h5 class=\"fw-overlay-title\"><\/h5>\n\t\t\t\t\t\t\t\t\t<p class=\"fw-overlay-description\"><\/p>\n\t\t\t\t\t\t\t\t<\/div>\n\t\t\t\t\t\t\t<\/div>\n\t\t\t\t\t\t<\/div>\n\t\t\t\t\t<\/a>\n\t\t\t\t<\/div><div class=\"fw-gallery-image fw-height-lg fw-block-image-parent fw-overlay-7  \" >\n\t\t\t\t\t<a href=\"https:\/\/krainawetlina.pl\/wp-content\/uploads\/2020\/04\/Kraina-Wetlina-domki-i-apartamenty-w-Bieszczadach-2-scaled.jpeg\" data-rel=\"prettyPhoto[fw-gallery-4e49870e49c0e3e7cdb43580f205d171]\" rel=\"prettyPhoto[fw-gallery-4e49870e49c0e3e7cdb43580f205d171]\" class=\"fw-block-image-child fw-ratio-container fw-ratio-1 \">\n\t\t\t\t\t\t<noscript itemscope itemtype=\"https:\/\/schema.org\/ImageObject\" itemprop=\"image\"><img decoding=\"async\" src=\"https:\/\/krainawetlina.pl\/wp-content\/uploads\/2020\/04\/Kraina-Wetlina-domki-i-apartamenty-w-Bieszczadach-2-scaled.jpeg\"  alt=\"Kraina Wetlina &#8211; domki i apartamenty w Bieszczadach 2\" data-maxdpr=\"1.7\" class=\"attachment-post-thumbnail lazyload\" \/><meta itemprop=\"url\" content=\"https:\/\/krainawetlina.pl\/wp-content\/uploads\/2020\/04\/Kraina-Wetlina-domki-i-apartamenty-w-Bieszczadach-2-scaled.jpeg\"><meta itemprop=\"width\" content=\"1920\"><meta itemprop=\"height\" content=\"2560\"><\/noscript><img decoding=\"async\" src=\"data:image\/gif;base64,R0lGODlhAQABAIAAAAAAAP\/\/\/yH5BAEAAAAALAAAAAABAAEAAAIBRAA7\" data-sizes=\"auto\" data-srcset=\"https:\/\/krainawetlina.pl\/wp-content\/uploads\/2020\/04\/Kraina-Wetlina-domki-i-apartamenty-w-Bieszczadach-2-150x150.jpeg 150w, https:\/\/krainawetlina.pl\/wp-content\/uploads\/2020\/04\/Kraina-Wetlina-domki-i-apartamenty-w-Bieszczadach-2-800x800.jpeg 800w, https:\/\/krainawetlina.pl\/wp-content\/uploads\/2020\/04\/Kraina-Wetlina-domki-i-apartamenty-w-Bieszczadach-2-300x300.jpeg 300w\"   alt=\"Kraina Wetlina &#8211; domki i apartamenty w Bieszczadach 2\" data-maxdpr=\"1.7\" class=\"attachment-post-thumbnail lazyload\" \/>\n\t\t\t\t\t\t<div class=\"fw-block-image-overlay\">\n\t\t\t\t\t\t\t<div class=\"fw-itable\">\n\t\t\t\t\t\t\t\t<div class=\"fw-icell\">\n\t\t\t\t\t\t\t\t\t<i class=\"fw-icon-zoom\"><\/i>\n\t\t\t\t\t\t\t\t\t<h5 class=\"fw-overlay-title\"><\/h5>\n\t\t\t\t\t\t\t\t\t<p class=\"fw-overlay-description\"><\/p>\n\t\t\t\t\t\t\t\t<\/div>\n\t\t\t\t\t\t\t<\/div>\n\t\t\t\t\t\t<\/div>\n\t\t\t\t\t<\/a>\n\t\t\t\t<\/div><\/div><\/div>\t\t<\/div>\n\t<\/div>\n<\/div><\/div>\n\n<div class=\"fw-row\">\n\t<div id=\"column-69f1fbb4ad77b\" class=\"fw-col-sm-12 tf-sh-fc977bb5954e12f6b73754ddb8e5ea30\" >\n\t<div class=\"fw-wrap-col-inner clearfix  \"   >\n\t\t\t\t<div class=\"fw-col-inner\">\n\t\t\t\t<div  class=\"fw-divider tf-sh-13a8b5742ae85f761f5113c524cc707f  fw-divider-align-left fw-divider-full-width fw-line-solid fw-divider-line space-md  fw_theme_border_only_fw-custom\"  style=\"width: auto;  \" ><\/div>\n\t\t<\/div>\n\t<\/div>\n<\/div><\/div>\n\n\t<\/div>\n\t<\/section><section   class=\"fw-main-row-custom fw-section-no-padding  auto  fw-section-position-back tf-sh-81076414376d48f015c502d00b5d1523\"    >\n\t\t\t<div class=\"fw-container\" >\n\t\t<div class=\"fw-row\">\n\t<div id=\"column-69f1fbb4ae36b\" class=\"fw-col-sm-12 tf-sh-7526a258a4bb2c78f2c403dcd4ef6ce1  fw-col-no-padding\" >\n\t<div class=\"fw-wrap-col-inner clearfix  \"   >\n\t\t\t\t<div class=\"fw-col-inner\">\n\t\t\t<div class=\"fw-heading fw-heading-center  fw-heading-with-subtitle tf-sh-12ccb6ed3c04144c2992649e298f7fe6\" >\n\t\n\t\n\t\t\t<div class=\"fw-special-subtitle\">STANDARDOWE WYPOSA\u017bENIE KA\u017bDEGO APARTAMENTU<\/div>\n\t<\/div><div class=\"fw-divider-space  fw-custom-space  clearfix\" style=\"height:30px;\" ><\/div><div class=\"fw-text-box tf-sh-7abaf5a5ce4618b6589d6db487a9e50a \" >\n\t<div class=\"fw-text-inner\">\n\t\t<p style=\"text-align: center;\">Szybkie WiFi<\/p>\n<p style=\"text-align: center;\">Bia\u0142a satynowa po\u015bciel na ka\u017cdym \u0142\u00f3\u017cku<\/p>\n<p style=\"text-align: center;\">Komplet bia\u0142ych r\u0119cznik\u00f3w<\/p>\n<p style=\"text-align: center;\">R\u0119cznie robione, naturalne myd\u0142o w \u0142azience<\/p>\n<p style=\"text-align: center;\">Drewno do kaflowych k\u00f3z i na ognisko<\/p>\n<p style=\"text-align: center;\">W pe\u0142ni wyposa\u017cona kuchnia: lod\u00f3wka, p\u0142yta kuchenna, naczynia, garnki, czajnik, sztu\u0107ce<\/p>\n<p style=\"text-align: center;\">Suszarki do w\u0142os\u00f3w w \u0142azienkach<\/p>\n<p style=\"text-align: center;\">Centralne ogrzewanie pod\u0142ogowe<\/p>\n<p style=\"text-align: center;\">Meble ogrodowe w apartamentach z tarasami<\/p>\n<p>&nbsp;<\/p>\n<p>&nbsp;<\/p>\n\t<\/div>\n<\/div>\t\t<\/div>\n\t<\/div>\n<\/div><\/div>\n\n\t<\/div>\n\t<\/section><\/p>\n","protected":false},"excerpt":{"rendered":"<p>ZAREZERWUJ TERAZ ZAKWATEROWANIE Wygodne apartamenty Przytulne domki Krain\u0119 Wetlina tworz\u0105 trzy domy, w kt\u00f3rych wydzielili\u015bmy pi\u0119\u0107 indywidualnychi wygodnie urz\u0105dzonych apartament\u00f3w. Ka\u017cdy sk\u0142ada si\u0119 z otwartego salonu z kuchni\u0105 \u0142azienki oraz sypialni w r\u00f3\u017cnych kombinacjach. Gra \u015bwiat\u0142a o r\u00f3\u017cnych porach dnia, naturalne materia\u0142y, lokalne rzemios\u0142oi nowoczesne elementy przeplataj\u0105 si\u0119 tu nawzajem tworz\u0105c jasne i harmonijne wn\u0119trza,w [&hellip;]<\/p>\n","protected":false},"author":1,"featured_media":0,"parent":0,"menu_order":0,"comment_status":"closed","ping_status":"closed","template":"visual-builder-template.php","meta":{"_monsterinsights_skip_tracking":false,"_monsterinsights_sitenote_active":false,"_monsterinsights_sitenote_note":"","_monsterinsights_sitenote_category":0,"footnotes":""},"class_list":["post-250","page","type-page","status-publish","hentry"],"yoast_head":"<!-- This site is optimized with the Yoast SEO plugin v26.9 - https:\/\/yoast.com\/product\/yoast-seo-wordpress\/ -->\n<title>Kraina Wetlina - Wyj\u0105tkowe apartamenty i domki w Bieszczadach<\/title>\n<meta name=\"description\" content=\"Apartamenty i domki w Bieszczadach na wynajem. Kraina Wetlina to harmonijne wn\u0119trza i ujmuj\u0105ca bieszczadzka atmosfera.\" \/>\n<meta name=\"robots\" content=\"index, follow, max-snippet:-1, max-image-preview:large, max-video-preview:-1\" \/>\n<link rel=\"canonical\" href=\"https:\/\/krainawetlina.pl\/pl\/apartamenty\/\" \/>\n<meta property=\"og:locale\" content=\"pl_PL\" \/>\n<meta property=\"og:type\" content=\"article\" \/>\n<meta property=\"og:title\" content=\"Kraina Wetlina - Wyj\u0105tkowe apartamenty i domki w Bieszczadach\" \/>\n<meta property=\"og:description\" content=\"Apartamenty i domki w Bieszczadach na wynajem. Kraina Wetlina to harmonijne wn\u0119trza i ujmuj\u0105ca bieszczadzka atmosfera.\" \/>\n<meta property=\"og:url\" content=\"https:\/\/krainawetlina.pl\/pl\/apartamenty\/\" \/>\n<meta property=\"og:site_name\" content=\"Kraina Wetlina\" \/>\n<meta property=\"article:publisher\" content=\"https:\/\/www.facebook.com\/krainawetlina\" \/>\n<meta property=\"article:modified_time\" content=\"2025-12-01T18:57:28+00:00\" \/>\n<meta property=\"og:image\" content=\"https:\/\/krainawetlina.pl\/wp-content\/uploads\/2020\/03\/Kraina-Wetlina-domki-i-apartamenty-w-Bieszczadach-275b.jpg\" \/>\n\t<meta property=\"og:image:width\" content=\"1350\" \/>\n\t<meta property=\"og:image:height\" content=\"935\" \/>\n\t<meta property=\"og:image:type\" content=\"image\/jpeg\" \/>\n<meta name=\"twitter:card\" content=\"summary_large_image\" \/>\n<meta name=\"twitter:image\" content=\"https:\/\/krainawetlina.pl\/wp-content\/uploads\/2020\/03\/Kraina-Wetlina-domki-i-apartamenty-w-Bieszczadach-275b.jpg\" \/>\n<meta name=\"twitter:label1\" content=\"Szacowany czas czytania\" \/>\n\t<meta name=\"twitter:data1\" content=\"3 minuty\" \/>\n<script type=\"application\/ld+json\" class=\"yoast-schema-graph\">{\"@context\":\"https:\/\/schema.org\",\"@graph\":[{\"@type\":\"WebPage\",\"@id\":\"https:\/\/krainawetlina.pl\/apartamenty\/\",\"url\":\"https:\/\/krainawetlina.pl\/apartamenty\/\",\"name\":\"Kraina Wetlina - Wyj\u0105tkowe apartamenty i domki w Bieszczadach\",\"isPartOf\":{\"@id\":\"https:\/\/krainawetlina.pl\/pl\/#website\"},\"primaryImageOfPage\":{\"@id\":\"https:\/\/krainawetlina.pl\/apartamenty\/#primaryimage\"},\"image\":{\"@id\":\"https:\/\/krainawetlina.pl\/apartamenty\/#primaryimage\"},\"thumbnailUrl\":\"https:\/\/krainawetlina.pl\/wp-content\/uploads\/2020\/04\/Kraina-Wetlina-domki-i-apartamenty-w-Bieszczadach-38.jpg\",\"datePublished\":\"2017-03-22T09:21:22+00:00\",\"dateModified\":\"2025-12-01T18:57:28+00:00\",\"description\":\"Apartamenty i domki w Bieszczadach na wynajem. Kraina Wetlina to harmonijne wn\u0119trza i ujmuj\u0105ca bieszczadzka atmosfera.\",\"breadcrumb\":{\"@id\":\"https:\/\/krainawetlina.pl\/apartamenty\/#breadcrumb\"},\"inLanguage\":\"pl-PL\",\"potentialAction\":[{\"@type\":\"ReadAction\",\"target\":[\"https:\/\/krainawetlina.pl\/apartamenty\/\"]}]},{\"@type\":\"ImageObject\",\"inLanguage\":\"pl-PL\",\"@id\":\"https:\/\/krainawetlina.pl\/apartamenty\/#primaryimage\",\"url\":\"https:\/\/krainawetlina.pl\/wp-content\/uploads\/2020\/04\/Kraina-Wetlina-domki-i-apartamenty-w-Bieszczadach-38.jpg\",\"contentUrl\":\"https:\/\/krainawetlina.pl\/wp-content\/uploads\/2020\/04\/Kraina-Wetlina-domki-i-apartamenty-w-Bieszczadach-38.jpg\"},{\"@type\":\"BreadcrumbList\",\"@id\":\"https:\/\/krainawetlina.pl\/apartamenty\/#breadcrumb\",\"itemListElement\":[{\"@type\":\"ListItem\",\"position\":1,\"name\":\"Strona g\u0142\u00f3wna\",\"item\":\"https:\/\/krainawetlina.pl\/\"},{\"@type\":\"ListItem\",\"position\":2,\"name\":\"APARTAMENTY\"}]},{\"@type\":\"WebSite\",\"@id\":\"https:\/\/krainawetlina.pl\/pl\/#website\",\"url\":\"https:\/\/krainawetlina.pl\/pl\/\",\"name\":\"Kraina Wetlina\",\"description\":\"Apartamenty w Bieszczadach\",\"publisher\":{\"@id\":\"https:\/\/krainawetlina.pl\/pl\/#organization\"},\"potentialAction\":[{\"@type\":\"SearchAction\",\"target\":{\"@type\":\"EntryPoint\",\"urlTemplate\":\"https:\/\/krainawetlina.pl\/pl\/?s={search_term_string}\"},\"query-input\":{\"@type\":\"PropertyValueSpecification\",\"valueRequired\":true,\"valueName\":\"search_term_string\"}}],\"inLanguage\":\"pl-PL\"},{\"@type\":\"Organization\",\"@id\":\"https:\/\/krainawetlina.pl\/pl\/#organization\",\"name\":\"Kraina Wetlina\",\"url\":\"https:\/\/krainawetlina.pl\/pl\/\",\"logo\":{\"@type\":\"ImageObject\",\"inLanguage\":\"pl-PL\",\"@id\":\"https:\/\/krainawetlina.pl\/pl\/#\/schema\/logo\/image\/\",\"url\":\"https:\/\/krainawetlina.pl\/wp-content\/uploads\/2018\/06\/Kraina-Wetlina-logo2x2.png\",\"contentUrl\":\"https:\/\/krainawetlina.pl\/wp-content\/uploads\/2018\/06\/Kraina-Wetlina-logo2x2.png\",\"width\":1157,\"height\":1157,\"caption\":\"Kraina Wetlina\"},\"image\":{\"@id\":\"https:\/\/krainawetlina.pl\/pl\/#\/schema\/logo\/image\/\"},\"sameAs\":[\"https:\/\/www.facebook.com\/krainawetlina\",\"http:\/\/instagram.com\/krainawetlina\"]}]}<\/script>\n<!-- \/ Yoast SEO plugin. -->","yoast_head_json":{"title":"Kraina Wetlina - Wyj\u0105tkowe apartamenty i domki w Bieszczadach","description":"Apartamenty i domki w Bieszczadach na wynajem. Kraina Wetlina to harmonijne wn\u0119trza i ujmuj\u0105ca bieszczadzka atmosfera.","robots":{"index":"index","follow":"follow","max-snippet":"max-snippet:-1","max-image-preview":"max-image-preview:large","max-video-preview":"max-video-preview:-1"},"canonical":"https:\/\/krainawetlina.pl\/pl\/apartamenty\/","og_locale":"pl_PL","og_type":"article","og_title":"Kraina Wetlina - Wyj\u0105tkowe apartamenty i domki w Bieszczadach","og_description":"Apartamenty i domki w Bieszczadach na wynajem. Kraina Wetlina to harmonijne wn\u0119trza i ujmuj\u0105ca bieszczadzka atmosfera.","og_url":"https:\/\/krainawetlina.pl\/pl\/apartamenty\/","og_site_name":"Kraina Wetlina","article_publisher":"https:\/\/www.facebook.com\/krainawetlina","article_modified_time":"2025-12-01T18:57:28+00:00","og_image":[{"width":1350,"height":935,"url":"https:\/\/krainawetlina.pl\/wp-content\/uploads\/2020\/03\/Kraina-Wetlina-domki-i-apartamenty-w-Bieszczadach-275b.jpg","type":"image\/jpeg"}],"twitter_card":"summary_large_image","twitter_image":"https:\/\/krainawetlina.pl\/wp-content\/uploads\/2020\/03\/Kraina-Wetlina-domki-i-apartamenty-w-Bieszczadach-275b.jpg","twitter_misc":{"Szacowany czas czytania":"3 minuty"},"schema":{"@context":"https:\/\/schema.org","@graph":[{"@type":"WebPage","@id":"https:\/\/krainawetlina.pl\/apartamenty\/","url":"https:\/\/krainawetlina.pl\/apartamenty\/","name":"Kraina Wetlina - Wyj\u0105tkowe apartamenty i domki w Bieszczadach","isPartOf":{"@id":"https:\/\/krainawetlina.pl\/pl\/#website"},"primaryImageOfPage":{"@id":"https:\/\/krainawetlina.pl\/apartamenty\/#primaryimage"},"image":{"@id":"https:\/\/krainawetlina.pl\/apartamenty\/#primaryimage"},"thumbnailUrl":"https:\/\/krainawetlina.pl\/wp-content\/uploads\/2020\/04\/Kraina-Wetlina-domki-i-apartamenty-w-Bieszczadach-38.jpg","datePublished":"2017-03-22T09:21:22+00:00","dateModified":"2025-12-01T18:57:28+00:00","description":"Apartamenty i domki w Bieszczadach na wynajem. Kraina Wetlina to harmonijne wn\u0119trza i ujmuj\u0105ca bieszczadzka atmosfera.","breadcrumb":{"@id":"https:\/\/krainawetlina.pl\/apartamenty\/#breadcrumb"},"inLanguage":"pl-PL","potentialAction":[{"@type":"ReadAction","target":["https:\/\/krainawetlina.pl\/apartamenty\/"]}]},{"@type":"ImageObject","inLanguage":"pl-PL","@id":"https:\/\/krainawetlina.pl\/apartamenty\/#primaryimage","url":"https:\/\/krainawetlina.pl\/wp-content\/uploads\/2020\/04\/Kraina-Wetlina-domki-i-apartamenty-w-Bieszczadach-38.jpg","contentUrl":"https:\/\/krainawetlina.pl\/wp-content\/uploads\/2020\/04\/Kraina-Wetlina-domki-i-apartamenty-w-Bieszczadach-38.jpg"},{"@type":"BreadcrumbList","@id":"https:\/\/krainawetlina.pl\/apartamenty\/#breadcrumb","itemListElement":[{"@type":"ListItem","position":1,"name":"Strona g\u0142\u00f3wna","item":"https:\/\/krainawetlina.pl\/"},{"@type":"ListItem","position":2,"name":"APARTAMENTY"}]},{"@type":"WebSite","@id":"https:\/\/krainawetlina.pl\/pl\/#website","url":"https:\/\/krainawetlina.pl\/pl\/","name":"Kraina Wetlina","description":"Apartamenty w Bieszczadach","publisher":{"@id":"https:\/\/krainawetlina.pl\/pl\/#organization"},"potentialAction":[{"@type":"SearchAction","target":{"@type":"EntryPoint","urlTemplate":"https:\/\/krainawetlina.pl\/pl\/?s={search_term_string}"},"query-input":{"@type":"PropertyValueSpecification","valueRequired":true,"valueName":"search_term_string"}}],"inLanguage":"pl-PL"},{"@type":"Organization","@id":"https:\/\/krainawetlina.pl\/pl\/#organization","name":"Kraina Wetlina","url":"https:\/\/krainawetlina.pl\/pl\/","logo":{"@type":"ImageObject","inLanguage":"pl-PL","@id":"https:\/\/krainawetlina.pl\/pl\/#\/schema\/logo\/image\/","url":"https:\/\/krainawetlina.pl\/wp-content\/uploads\/2018\/06\/Kraina-Wetlina-logo2x2.png","contentUrl":"https:\/\/krainawetlina.pl\/wp-content\/uploads\/2018\/06\/Kraina-Wetlina-logo2x2.png","width":1157,"height":1157,"caption":"Kraina Wetlina"},"image":{"@id":"https:\/\/krainawetlina.pl\/pl\/#\/schema\/logo\/image\/"},"sameAs":["https:\/\/www.facebook.com\/krainawetlina","http:\/\/instagram.com\/krainawetlina"]}]}},"brizy_media":[],"_links":{"self":[{"href":"https:\/\/krainawetlina.pl\/pl\/wp-json\/wp\/v2\/pages\/250","targetHints":{"allow":["GET"]}}],"collection":[{"href":"https:\/\/krainawetlina.pl\/pl\/wp-json\/wp\/v2\/pages"}],"about":[{"href":"https:\/\/krainawetlina.pl\/pl\/wp-json\/wp\/v2\/types\/page"}],"author":[{"embeddable":true,"href":"https:\/\/krainawetlina.pl\/pl\/wp-json\/wp\/v2\/users\/1"}],"replies":[{"embeddable":true,"href":"https:\/\/krainawetlina.pl\/pl\/wp-json\/wp\/v2\/comments?post=250"}],"version-history":[{"count":0,"href":"https:\/\/krainawetlina.pl\/pl\/wp-json\/wp\/v2\/pages\/250\/revisions"}],"wp:attachment":[{"href":"https:\/\/krainawetlina.pl\/pl\/wp-json\/wp\/v2\/media?parent=250"}],"curies":[{"name":"wp","href":"https:\/\/api.w.org\/{rel}","templated":true}]}}