{"id":23,"date":"2017-03-15T11:25:01","date_gmt":"2017-03-15T11:25:01","guid":{"rendered":"https:\/\/krainawetlina.pl\/?page_id=23"},"modified":"2024-08-21T21:14:31","modified_gmt":"2024-08-21T20:14:31","slug":"rezerwacja","status":"publish","type":"page","link":"https:\/\/krainawetlina.pl\/pl\/rezerwacja\/","title":{"rendered":"REZERWACJA"},"content":{"rendered":"<p><section   class=\"fw-main-row-custom fw-main-row-top fw-section-no-padding fw-content-overlay-custom fw_theme_bg_fw-custom fw-section-image fw-section-height-custom  fw-section-position-back tf-sh-5151dcbd5c25a8de2fda8890e314815f\"  style=\"margin-bottom:-77px; background-image:url(https:\/\/krainawetlina.pl\/wp-content\/uploads\/2020\/04\/Kraina-wetlina-slider-9.jpg); background-repeat: no-repeat; background-position: center top; background-size: auto; height: 423px;\"  >\n\t\t\t<div class=\"fw-container\" >\n\t\t<div class=\"fw-row\">\n\t<div id=\"column-69f3350a1991f\" class=\"col-xs-6   fw-col-sm-12 tf-sh-779b84e1327ce9477b4ad18771ad3a7c\" >\n\t<div class=\"fw-wrap-col-inner clearfix   fw-column-height-custom\" style=\"height: 423px;\"  >\n\t\t\t\t<div class=\"fw-col-inner\">\n\t\t\t\t\t<\/div>\n\t<\/div>\n<\/div><\/div>\n\n\t<\/div>\n\t<\/section><section   class=\"fw-main-row-custom fw-section-no-padding  auto  fw-section-position-back tf-sh-39d7e95eddd9f0be66825bfdce1207a5\"    >\n\t\t\t<div class=\"fw-container\" >\n\t\t<div class=\"fw-row\">\n\t<div id=\"column-69f3350a19fbf\" class=\"fw-col-sm-12 tf-sh-16f592f80a888b8442042571e483299b title-bg-symbol-responsive fw-animated-element fw-col-no-padding\" data-animation-type=\"fadeInUp\" data-animation-delay=\"300\">\n\t<div class=\"fw-wrap-col-inner clearfix  \"   >\n\t\t\t\t<div class=\"fw-col-inner\">\n\t\t\t<div class=\"fw-divider-space  fw-custom-space  fw-mobile-hide-element clearfix\" style=\"height:70px;\" ><\/div><div class=\"fw-heading fw-heading-center  fw-heading-with-subtitle tf-sh-7eb35f7ccaa39a84f021f53c20b04abd\" >\n\t\n\t\n\t\t\t<div class=\"fw-special-subtitle\">ZAPRASZAMY DO KONTAKTU<\/div>\n\t<\/div><div class=\"fw-divider-space  fw-custom-space  clearfix\" style=\"height:30px;\" ><\/div><div class=\"fw-heading fw-heading-center  tf-sh-383c911edf43b85433030644ed9d2d92\" >\n\t\t\t<h2 class=\"fw-special-title\"><span style=\"margin-right:0px;\"><span style=\"margin-right:30px;\">Zapytania<\/span> <span style=\"margin-left:30px;\">Rezerwacje<\/span><\/span><\/h2>\n\t\n\t\n\t<\/div><div class=\"fw-divider-space space-md  clearfix\"  ><\/div><div class=\"fw-text-box tf-sh-31f58094e49c6585f0a40b349e2fed86 \" >\n\t<div class=\"fw-text-inner\">\n\t\t<p style=\"text-align: center;\">Wykorzystuj\u0105c kalendarz poni\u017cej mo\u017cesz od razu dokona\u0107 szybkiej rezerwacji. W przypadku niestandardowych zapyta\u0144 lub pobytu wi\u0119kszej grupy zapraszamy do kontaktu poprzez formularz zamieszczony pod kalendarzem rezerwacyjnym. To r\u00f3wnie\u017c najlepsze miejsce na Twoje dodatkowe pytania - ch\u0119tnie na wszystkie odpowiemy!<\/p>\n\t<\/div>\n<\/div>\t\t<\/div>\n\t<\/div>\n<\/div><\/div>\n\n\t<\/div>\n\t<\/section><section   class=\"fw-main-row-custom fw-section-no-padding  auto  fw-section-position-back tf-sh-43ab2c903020eee3e4e45773ef040f6c\"    >\n\t\t\t<div class=\"fw-container\" >\n\t\t<div class=\"fw-row\">\n\t<div id=\"column-69f3350a1abe2\" class=\"fw-col-sm-12 tf-sh-bcafa0296f1141a006a02505441a4df8\" >\n\t<div class=\"fw-wrap-col-inner clearfix  \"   >\n\t\t\t\t<div class=\"fw-col-inner\">\n\t\t\t<div class=\"fw-raw-code \">\n\t<script src=\"https:\/\/ajax.googleapis.com\/ajax\/libs\/jquery\/3.2.1\/jquery.min.js\"> <\/script><script type=\"text\/javascript\" src=\"https:\/\/panel.hotres.pl\/public\/api\/hotres_v4.js\"><\/script><div id=\"hotresContainer\"><\/div><script>window.addEventListener('load', (event) => {createHotres({\"oid\":1356,\"lang\":\"pl\",\"adults\":\"2\"});});<\/script><\/div>\t\t<\/div>\n\t<\/div>\n<\/div><\/div>\n\n\t<\/div>\n\t<\/section><section   class=\"fw-main-row-custom fw-section-no-padding  auto  fw-section-position-back tf-sh-2d5ab3d74de27487d333fdf129b49844\"    >\n\t\t\t<div class=\"fw-container\" >\n\t\t<div class=\"fw-row\">\n\t<div id=\"column-69f3350a1b357\" class=\"fw-col-sm-6 tf-sh-8e945199d52c4a9d06972a96b37e8553\" >\n\t<div class=\"fw-wrap-col-inner clearfix  \"   >\n\t\t\t\t<div class=\"fw-col-inner\">\n\t\t\t\n\t\t\t<div class=\"fw-block-image-parent fw-overlay-1 fw-block-image-icon  \"  style=\"width: 100%; border-style: solid; border-width: 3px; border-color: #d9a36a;\">\n\t\t\t<a class=\"fw-block-image-child fw-noratio fw-ratio-container \" href=\"https:\/\/krainawetlina.pl\/voucher\" target=&#039;_blank&#039;>\n\t\t\t\t<noscript itemscope itemtype=\"https:\/\/schema.org\/ImageObject\" itemprop=\"image\"><img decoding=\"async\" src=\"https:\/\/krainawetlina.pl\/wp-content\/uploads\/2023\/03\/VP-1.jpg\"  alt=\"VP\" data-maxdpr=\"1.7\" class=\"lazyload\" \/><meta itemprop=\"url\" content=\"https:\/\/krainawetlina.pl\/wp-content\/uploads\/2023\/03\/VP-1.jpg\"><meta itemprop=\"width\" content=\"1047\"><meta itemprop=\"height\" content=\"380\"><\/noscript><img decoding=\"async\" src=\"data:image\/gif;base64,R0lGODlhAQABAIAAAAAAAP\/\/\/yH5BAEAAAAALAAAAAABAAEAAAIBRAA7\" data-sizes=\"auto\" data-srcset=\"https:\/\/krainawetlina.pl\/wp-content\/uploads\/2023\/03\/VP-1.jpg\"   alt=\"VP\" data-maxdpr=\"1.7\" class=\"lazyload\" \/><span class=\"fw-after-no-ratio\" style=\"padding-bottom: 36.29417382999%\"><\/span>\t\t\t\t                                    <div class=\"fw-block-image-overlay\">\n                        <div class=\"fw-itable\">\n                            <div class=\"fw-icell\">\n                                <i class=\"fw-icon-link\"><\/i>\n                            <\/div>\n                        <\/div>\n                    <\/div>\n                \t\t\t<\/a>\n\t\t<\/div>\n\t\n\t\t<\/div>\n\t<\/div>\n<\/div><div id=\"column-69f3350a1be8f\" class=\"fw-col-sm-6 tf-sh-cd670071a83b83ef83564598a4ab1972\" >\n\t<div class=\"fw-wrap-col-inner clearfix  \"   >\n\t\t\t\t<div class=\"fw-col-inner\">\n\t\t\t\n\t\t\t<div class=\"fw-block-image-parent fw-overlay-1 fw-block-image-icon  \"  style=\"width: 100%; border-style: solid; border-width: 3px; border-color: #d9a36a;\">\n\t\t\t<a class=\"fw-block-image-child fw-noratio fw-ratio-container \" href=\"https:\/\/krainawetlina.pl\/pracokacje\" target=&#039;_blank&#039;>\n\t\t\t\t<noscript itemscope itemtype=\"https:\/\/schema.org\/ImageObject\" itemprop=\"image\"><img decoding=\"async\" src=\"https:\/\/krainawetlina.pl\/wp-content\/uploads\/2023\/03\/p1.jpg\"  alt=\"p1\" data-maxdpr=\"1.7\" class=\"lazyload\" \/><meta itemprop=\"url\" content=\"https:\/\/krainawetlina.pl\/wp-content\/uploads\/2023\/03\/p1.jpg\"><meta itemprop=\"width\" content=\"1047\"><meta itemprop=\"height\" content=\"380\"><\/noscript><img decoding=\"async\" src=\"data:image\/gif;base64,R0lGODlhAQABAIAAAAAAAP\/\/\/yH5BAEAAAAALAAAAAABAAEAAAIBRAA7\" data-sizes=\"auto\" data-srcset=\"https:\/\/krainawetlina.pl\/wp-content\/uploads\/2023\/03\/p1.jpg\"   alt=\"p1\" data-maxdpr=\"1.7\" class=\"lazyload\" \/><span class=\"fw-after-no-ratio\" style=\"padding-bottom: 36.29417382999%\"><\/span>\t\t\t\t                                    <div class=\"fw-block-image-overlay\">\n                        <div class=\"fw-itable\">\n                            <div class=\"fw-icell\">\n                                <i class=\"fw-icon-link\"><\/i>\n                            <\/div>\n                        <\/div>\n                    <\/div>\n                \t\t\t<\/a>\n\t\t<\/div>\n\t\n\t\t<\/div>\n\t<\/div>\n<\/div><\/div>\n\n\t<\/div>\n\t<\/section><section   class=\"fw-main-row-custom fw-section-no-padding  auto  fw-section-position-back tf-sh-5d3367d9ddb0e6e573ad08a89a22dc87\"  style=\" background-color:#ebebeb;\"  >\n\t\t\t<div class=\"fw-container\" >\n\t\t<div class=\"fw-row\">\n\t<div id=\"column-69f3350a1cbca\" class=\"fw-col-sm-8 tf-sh-32ebc5979a350366b5d8a5e411ff3caa contact-form fw-animated-element\" data-animation-type=\"fadeInUp\" data-animation-delay=\"300\">\n\t<div class=\"fw-wrap-col-inner clearfix  \"   >\n\t\t\t\t<div class=\"fw-col-inner\">\n\t\t\t<div class=\"fw-divider-space space-sm  fw-mobile-hide-element clearfix\"  ><\/div><div class=\"fw-text-box tf-sh-ffca48e574839af59a3d06ab8799917b \" >\n\t<div class=\"fw-text-inner\">\n\t\t<p>Napisz do nas:<\/p>\n\t<\/div>\n<\/div><div class=\"fw-raw-code \">\n\t<div class=\"wpforms-container wpforms-container-full\" id=\"wpforms-1508\"><form id=\"wpforms-form-1508\" class=\"wpforms-validate wpforms-form wpforms-ajax-form\" data-formid=\"1508\" method=\"post\" enctype=\"multipart\/form-data\" action=\"\/pl\/wp-json\/wp\/v2\/pages\/23\" data-token=\"6a1ea5dc4fe64eb785fdc78caf59f82f\" data-token-time=\"1777546506\"><noscript class=\"wpforms-error-noscript\">Aby wype\u0142ni\u0107 ten formularz, w\u0142\u0105cz obs\u0142ug\u0119 JavaScript w przegl\u0105darce.<\/noscript><div class=\"wpforms-field-container\"><div id=\"wpforms-1508-field_0-container\" class=\"wpforms-field wpforms-field-name\" data-field-id=\"0\"><label class=\"wpforms-field-label\" for=\"wpforms-1508-field_0\">Imi\u0119 i nazwisko <span class=\"wpforms-required-label\">*<\/span><\/label><input type=\"text\" id=\"wpforms-1508-field_0\" class=\"wpforms-field-medium wpforms-field-required\" name=\"wpforms[fields][0]\" required><\/div><div id=\"wpforms-1508-field_1-container\" class=\"wpforms-field wpforms-field-email\" data-field-id=\"1\"><label class=\"wpforms-field-label\" for=\"wpforms-1508-field_1\">Email <span class=\"wpforms-required-label\">*<\/span><\/label><input type=\"email\" id=\"wpforms-1508-field_1\" class=\"wpforms-field-medium wpforms-field-required\" name=\"wpforms[fields][1]\" spellcheck=\"false\" required><\/div><div id=\"wpforms-1508-field_3-container\" class=\"wpforms-field wpforms-field-number\" data-field-id=\"3\"><label class=\"wpforms-field-label\" for=\"wpforms-1508-field_3\">Numer telefonu<\/label><input type=\"number\" id=\"wpforms-1508-field_3\" class=\"wpforms-field-medium\" name=\"wpforms[fields][3]\" step=\"any\" ><\/div><div id=\"wpforms-1508-field_2-container\" class=\"wpforms-field wpforms-field-textarea\" data-field-id=\"2\"><label class=\"wpforms-field-label\" for=\"wpforms-1508-field_2\">Wiadomo\u015b\u0107 <span class=\"wpforms-required-label\">*<\/span><\/label><textarea id=\"wpforms-1508-field_2\" class=\"wpforms-field-medium wpforms-field-required\" name=\"wpforms[fields][2]\" required><\/textarea><\/div><\/div><!-- .wpforms-field-container --><div class=\"wpforms-submit-container\" ><input type=\"hidden\" name=\"wpforms[id]\" value=\"1508\"><input type=\"hidden\" name=\"page_title\" value=\"\"><input type=\"hidden\" name=\"page_url\" value=\"https:\/\/krainawetlina.pl\/pl\/wp-json\/wp\/v2\/pages\/23\"><input type=\"hidden\" name=\"url_referer\" value=\"\"><button type=\"submit\" name=\"wpforms[submit]\" id=\"wpforms-submit-1508\" class=\"wpforms-submit\" data-alt-text=\"Wysy\u0142anie...\" data-submit-text=\"Wy\u015blij\" aria-live=\"assertive\" value=\"wpforms-submit\">Wy\u015blij<\/button><img loading=\"lazy\" decoding=\"async\" src=\"https:\/\/krainawetlina.pl\/wp-content\/plugins\/wpforms-lite\/assets\/images\/submit-spin.svg\" class=\"wpforms-submit-spinner\" style=\"display: none;\" width=\"26\" height=\"26\" alt=\"Wczytywanie\"><\/div><\/form><\/div>  <!-- .wpforms-container --><\/div>\t\t<\/div>\n\t<\/div>\n<\/div><div id=\"column-69f3350a1e4da\" class=\"fw-col-sm-4 tf-sh-e41f76eba8d57f15f0ae6401c88d9d80\" >\n\t<div class=\"fw-wrap-col-inner clearfix  \"   >\n\t\t\t\t<div class=\"fw-col-inner\">\n\t\t\t<div class=\"fw-divider-space space-lg  clearfix\"  ><\/div><div class=\"fw-text-box tf-sh-17edaa07bc9a679831b08a267defb35c \" >\n\t<div class=\"fw-text-inner\">\n\t\t<p style=\"text-align: center;\">Kontakt do rezerwacji bezpo\u015bredniej:<\/p>\n<p style=\"text-align: center;\">Mail: <strong>info@krainawetlina.pl<\/strong><br \/>Tel: <strong>+ 48 608 763 427<br \/><\/strong><\/p>\n<p style=\"text-align: center;\"><span class=\"st\">Po potwierdzeniu dost\u0119pno\u015bci apartamentu prosimy o dokonanie wp\u0142aty zadatku w wysoko\u015bci 30% ceny pobytu w wyznaczonym terminie. Wp\u0142ata zadatku jest warunkiem potwierdzenia rezerwacji.<br \/><\/span><\/p>\n<p style=\"text-align: center;\">Nr konta bankowego:<br \/><strong>54 1020 2980 0000 2502 0095 6037<\/strong><\/p>\n<p style=\"text-align: center; font-size: 12px;\">W cenie pobytu zawarty jest ju\u017c podatek VAT 8%. W przypadku ch\u0119ci otrzymania faktury VAT na firm\u0119 zamiast paragonu fiskalnego prosimy o podanie danych do wystawienia faktury przy zak\u0142adaniu rezerwacji aby kwota zadatku r\u00f3wnie\u017c zosta\u0142a obj\u0119ta faktur\u0105.<\/p>\n\t<\/div>\n<\/div>\t\t<\/div>\n\t<\/div>\n<\/div><\/div>\n\n<div class=\"fw-row\">\n\t<div id=\"column-69f3350a1e9ea\" class=\"fw-col-sm-8 tf-sh-c3632e77308a898826ff8f2fbed28c3c\" >\n\t<div class=\"fw-wrap-col-inner clearfix  \"   >\n\t\t\t\t<div class=\"fw-col-inner\">\n\t\t\t<div class=\"fw-text-box tf-sh-58943da9d6806583d4184f4cffd72468 \" >\n\t<div class=\"fw-text-inner\">\n\t\t<p style=\"text-align: left;\">Najwa\u017cniejsze jest dla nas to, by wszyscy nasi Go\u015bcie czuli si\u0119 w Krainie Wetlina dobrze i swobodnie. Zapraszamy do zapoznania si\u0119 z zasadami rezerwacji i pobytu:<\/p>\n\t<\/div>\n<\/div><div class=\"text-left\">\t<a href=\"https:\/\/krainawetlina.pl\/regulamin\" target=\"_blank\" class=\"fw-btn tf-sh-96e13ee6da32fe8c9c901458b51dd5ce  fw-btn-sm   fw-btn-1\"  style=\"\">\n\t\t<span >\n\t\t\tREGULAMIN\t\t<\/span>\n\t<\/a>\n<\/div><div class=\"fw-divider-space space-md  clearfix\"  ><\/div>\t\t<\/div>\n\t<\/div>\n<\/div><\/div>\n\n\t<\/div>\n\t<\/section><section   class=\"fw-main-row-custom fw-section-no-padding  auto  fw-section-position-back tf-sh-f8737067e9b7d0d1cce894d2a8bdccdd\"    >\n\t\t\t<div class=\"fw-container\" >\n\t\t<div class=\"fw-row\">\n\t<div id=\"column-69f3350a1f4ab\" class=\"fw-col-sm-12 tf-sh-5ba5d05f777503d9eb5f4e6e77450ef8\" >\n\t<div class=\"fw-wrap-col-inner clearfix  \"   >\n\t\t\t\t<div class=\"fw-col-inner\">\n\t\t\t<div class=\"fw-divider-space space-md  fw-mobile-hide-element clearfix\"  ><\/div>\t\t<\/div>\n\t<\/div>\n<\/div><\/div>\n\n<div class=\"fw-row\">\n\t<div id=\"column-69f3350a1f909\" class=\"fw-col-sm-12 fw-col-md-6 tf-sh-79c41ddf9b1771f498585f19ea7cb4f7  fw-animated-element fw-col-no-padding\" data-animation-type=\"fadeInUp\" data-animation-delay=\"300\">\n\t<div class=\"fw-wrap-col-inner clearfix  \"   >\n\t\t\t\t<div class=\"fw-col-inner\">\n\t\t\t<div class=\"fw-divider-space  fw-custom-space  fw-mobile-hide-element clearfix\" style=\"height:38px;\" ><\/div><div class=\"fw-heading fw-heading-left  fw-heading-with-subtitle tf-sh-4c664b8547e321144f5dd218bb386e2e\" >\n\t\n\t\n\t\t\t<div class=\"fw-special-subtitle\">DOGODNA LOKALIZACJA<\/div>\n\t<\/div><div class=\"fw-heading fw-heading-left  tf-sh-3d89b6c535e80aaca3814bdf84c9f7ed\" >\n\t\t\t<h2 class=\"fw-special-title\">Nasza kraina le\u017cy <br> w g\u00f3rach, kt\u00f3re kochamy.<\/h2>\n\t\n\t\n\t<\/div><div class=\"fw-divider-space  fw-custom-space  clearfix\" style=\"height:20px;\" ><\/div><div class=\"fw-text-box tf-sh-3b6bcbba0a2202433e041064d55a559f \" >\n\t<div class=\"fw-text-inner\">\n\t\t<p><span style=\"color: #3b3e43;\">Kraina Wetlina<\/span> zlokalizowana jest w otulinie Bieszczadzkiego Parku Narodowego, w samym sercu wsi o tej samej nazwie. Wygodne po\u0142o\u017cenie u podn\u00f3\u017ca Hnatowego Berda zapewnia blisko\u015b\u0107 sklep\u00f3w i restauracji oraz dogodny wyjazd na Wielk\u0105 p\u0119tl\u0119 bieszczadzk\u0105 daj\u0105c\u0105 szybki dojazd do wi\u0119kszo\u015bci atrakcji znajduj\u0105cych si\u0119 w okolicy. Lokalizacja pod adresem <span style=\"color: #3b3e43;\">Wetlina 157<\/span> gwarantuje komfortowy wypoczynek w ciszy i spokoju poniewa\u017c domki usytuowane s\u0105 z dala od innych zabudowa\u0144. Naszymi najbli\u017cszymi s\u0105siadami s\u0105 polna \u0142\u0105ka i las wspinaj\u0105cy si\u0119 ku po\u0142oninom.<\/p>\n\t<\/div>\n<\/div><div class=\"fw-divider-space  fw-custom-space  clearfix\" style=\"height:25px;\" ><\/div><div class=\"fw-heading fw-heading-left  tf-sh-45a7ca66ea6da346f71a268e776883b4\" >\n\t\t\t<h4 class=\"fw-special-title\">Wskaz\u00f3wki dojazdu jad\u0105c od strony Cisnej<\/h4>\n\t\n\t\n\t<\/div><div class=\"fw-list list-icon  tf-sh-363082fb68df645a3b37946713abf731 \" >\n\t<ul>\n\t\t\n\t\t\t\n\t\t\t\t<li><i class=\"fa fa-circle\" style=\"font-size:4px;\"><\/i>\n\t\t\t\t\tw Wetlinie skr\u0119\u0107 w lewo 300 m za sklepem ABC\n\t\t\t\t\t\t\t\t\t<\/li>\n\n\t\t\t\n\t\t\t\t<li><i class=\"fa fa-circle\" style=\"font-size:4px;\"><\/i>\n\t\t\t\t\twjed\u017a pod g\u00f3rk\u0119 i skr\u0119\u0107 w prawo na rozwidleniu\n\t\t\t\t\t\t\t\t\t<\/li>\n\n\t\t\t\n\t\t\t\t<li><i class=\"fa fa-circle\" style=\"font-size:4px;\"><\/i>\n\t\t\t\t\tjed\u017a dalej prosto - na ko\u0144cu drogi le\u017cy Kraina Wetlina\n\t\t\t\t\t\t\t\t\t<\/li>\n\n\t\t\t\t\t\t<\/ul>\n<\/div>\t\t<\/div>\n\t<\/div>\n<\/div><div id=\"column-69f3350a20361\" class=\"fw-col-sm-12 fw-col-md-6 tf-sh-690c5b366d40111090d83b8142d97cb4  fw-animated-element\" data-animation-type=\"fadeInUp\" data-animation-delay=\"500\">\n\t<div class=\"fw-wrap-col-inner clearfix  \"   >\n\t\t\t\t<div class=\"fw-col-inner\">\n\t\t\t<div class=\"wrap-map fw-map  tf-sh-376d10cf2b89106678114550785f060d\"  data-locations=\"[{&quot;title&quot;:&quot;Kraina Wetlina&quot;,&quot;url&quot;:&quot;&quot;,&quot;thumb&quot;:&quot;https:\\\/\\\/krainawetlina.pl\\\/wp-content\\\/uploads\\\/2018\\\/06\\\/Kraina-Wetlina-favicon-100x60.jpg&quot;,&quot;coordinates&quot;:{&quot;lat&quot;:49.1554174,&quot;lng&quot;:22.4715097},&quot;description&quot;:&quot;&quot;}]\" data-map-type=\"ROADMAP\" data-map-height=\"740\" data-unique-id=\"376d10cf2b89106678114550785f060d\" data-location-advanced-styling=\"{&quot;title&quot;:{&quot;google_font&quot;:true,&quot;subset&quot;:&quot;latin&quot;,&quot;variation&quot;:&quot;regular&quot;,&quot;family&quot;:&quot;Prata&quot;,&quot;style&quot;:false,&quot;weight&quot;:false,&quot;size&quot;:&quot;20&quot;,&quot;line-height&quot;:&quot;28&quot;,&quot;letter-spacing&quot;:&quot;0&quot;,&quot;color-palette&quot;:{&quot;id&quot;:&quot;fw-custom&quot;,&quot;color&quot;:&quot;&quot;},&quot;is_saved&quot;:false},&quot;description&quot;:{&quot;google_font&quot;:true,&quot;subset&quot;:&quot;latin-ext&quot;,&quot;variation&quot;:&quot;regular&quot;,&quot;family&quot;:&quot;Spinnaker&quot;,&quot;style&quot;:false,&quot;weight&quot;:false,&quot;size&quot;:&quot;16&quot;,&quot;line-height&quot;:&quot;30&quot;,&quot;letter-spacing&quot;:&quot;-0.3&quot;,&quot;color-palette&quot;:{&quot;id&quot;:&quot;fw-custom&quot;,&quot;color&quot;:&quot;&quot;},&quot;is_saved&quot;:false}}\" data-map-pin=\"{&quot;url&quot;:&quot;\\\/\\\/krainawetlina.pl\\\/wp-content\\\/uploads\\\/2017\\\/03\\\/map-pin-2.png&quot;}\" data-map-zoom=\"15\" data-map-style=\"[{&quot;featureType&quot;:&quot;administrative.locality&quot;,&quot;elementType&quot;:&quot;labels&quot;,&quot;stylers&quot;:[{&quot;visibility&quot;:&quot;on&quot;}]},{&quot;featureType&quot;:&quot;administrative.locality&quot;,&quot;elementType&quot;:&quot;labels.text.fill&quot;,&quot;stylers&quot;:[{&quot;color&quot;:&quot;#000000&quot;},{&quot;visibility&quot;:&quot;on&quot;}]},{&quot;featureType&quot;:&quot;administrative.locality&quot;,&quot;elementType&quot;:&quot;labels.text.stroke&quot;,&quot;stylers&quot;:[{&quot;visibility&quot;:&quot;on&quot;},{&quot;color&quot;:&quot;#ffffff&quot;},{&quot;weight&quot;:&quot;0.75&quot;}]},{&quot;featureType&quot;:&quot;landscape.natural&quot;,&quot;elementType&quot;:&quot;geometry.fill&quot;,&quot;stylers&quot;:[{&quot;visibility&quot;:&quot;on&quot;},{&quot;color&quot;:&quot;#ded7c6&quot;}]},{&quot;featureType&quot;:&quot;poi&quot;,&quot;elementType&quot;:&quot;geometry.fill&quot;,&quot;stylers&quot;:[{&quot;visibility&quot;:&quot;on&quot;},{&quot;color&quot;:&quot;#ded7c6&quot;}]},{&quot;featureType&quot;:&quot;road&quot;,&quot;elementType&quot;:&quot;geometry&quot;,&quot;stylers&quot;:[{&quot;lightness&quot;:100},{&quot;visibility&quot;:&quot;simplified&quot;}]},{&quot;featureType&quot;:&quot;road&quot;,&quot;elementType&quot;:&quot;labels&quot;,&quot;stylers&quot;:[{&quot;visibility&quot;:&quot;off&quot;}]},{&quot;featureType&quot;:&quot;transit.line&quot;,&quot;elementType&quot;:&quot;geometry&quot;,&quot;stylers&quot;:[{&quot;visibility&quot;:&quot;on&quot;},{&quot;lightness&quot;:700}]},{&quot;featureType&quot;:&quot;water&quot;,&quot;elementType&quot;:&quot;all&quot;,&quot;stylers&quot;:[{&quot;color&quot;:&quot;#c3a866&quot;}]},{&quot;featureType&quot;:&quot;water&quot;,&quot;elementType&quot;:&quot;labels&quot;,&quot;stylers&quot;:[{&quot;visibility&quot;:&quot;off&quot;}]}]\" data-animation-group=\"{&quot;selected&quot;:&quot;no&quot;,&quot;yes&quot;:{&quot;animation&quot;:{&quot;animation&quot;:&quot;fadeInUp&quot;,&quot;delay&quot;:&quot;200&quot;}}}\" data-responsive=\"{&quot;desktop_display&quot;:{&quot;selected&quot;:&quot;yes&quot;},&quot;tablet_landscape_display&quot;:{&quot;selected&quot;:&quot;yes&quot;},&quot;tablet_display&quot;:{&quot;selected&quot;:&quot;yes&quot;},&quot;smartphone_display&quot;:{&quot;selected&quot;:&quot;yes&quot;}}\" data-class=\"\" >\n\t<div class=\"fw-map-canvas map\"><\/div>\n<\/div>\t\t<\/div>\n\t<\/div>\n<\/div><\/div>\n\n<div class=\"fw-row\">\n\t<div id=\"column-69f3350a21192\" class=\"fw-col-sm-12 tf-sh-9648495d0628dc368fc4e6ae572b82d2\" >\n\t<div class=\"fw-wrap-col-inner clearfix  \"   >\n\t\t\t\t<div class=\"fw-col-inner\">\n\t\t\t<div class=\"fw-divider-space  fw-custom-space  fw-mobile-hide-element clearfix\" style=\"height:124px;\" ><\/div>\n\t\t\t<div class=\"fw-block-image-parent  fw-block-image-icon  \"  style=\"width: 100%; \">\n\t\t\t<a class=\"fw-block-image-child fw-noratio fw-ratio-container \" href=\"https:\/\/lesneuroczysko.pl\/\" target=&#039;_blank&#039;>\n\t\t\t\t<noscript itemscope itemtype=\"https:\/\/schema.org\/ImageObject\" itemprop=\"image\"><img decoding=\"async\" src=\"https:\/\/krainawetlina.pl\/wp-content\/uploads\/2023\/10\/Lesne-uroczysko-dom-w-Bieszczadach.jpg\"  alt=\"Les\u0301ne uroczysko &#8211; dom w Bieszczadach\" data-maxdpr=\"1.7\" class=\"lazyload\" \/><meta itemprop=\"url\" content=\"https:\/\/krainawetlina.pl\/wp-content\/uploads\/2023\/10\/Lesne-uroczysko-dom-w-Bieszczadach.jpg\"><meta itemprop=\"width\" content=\"1350\"><meta itemprop=\"height\" content=\"212\"><\/noscript><img decoding=\"async\" src=\"data:image\/gif;base64,R0lGODlhAQABAIAAAAAAAP\/\/\/yH5BAEAAAAALAAAAAABAAEAAAIBRAA7\" data-sizes=\"auto\" data-srcset=\"https:\/\/krainawetlina.pl\/wp-content\/uploads\/2023\/10\/Lesne-uroczysko-dom-w-Bieszczadach.jpg\"   alt=\"Les\u0301ne uroczysko &#8211; dom w Bieszczadach\" data-maxdpr=\"1.7\" class=\"lazyload\" \/><span class=\"fw-after-no-ratio\" style=\"padding-bottom: 15.703703703704%\"><\/span>\t\t\t\t                \t\t\t<\/a>\n\t\t<\/div>\n\t\n<div class=\"fw-divider-space space-sm  fw-mobile-hide-element clearfix\"  ><\/div>\t\t<\/div>\n\t<\/div>\n<\/div><\/div>\n\n\t<\/div>\n\t<\/section><\/p>\n","protected":false},"excerpt":{"rendered":"<p>ZAPRASZAMY DO KONTAKTU Zapytania Rezerwacje Wykorzystuj\u0105c kalendarz poni\u017cej mo\u017cesz od razu dokona\u0107 szybkiej rezerwacji. W przypadku niestandardowych zapyta\u0144 lub pobytu wi\u0119kszej grupy zapraszamy do kontaktu poprzez formularz zamieszczony pod kalendarzem rezerwacyjnym. To r\u00f3wnie\u017c najlepsze miejsce na Twoje dodatkowe pytania &#8211; ch\u0119tnie na wszystkie odpowiemy! Napisz do nas: Aby wype\u0142ni\u0107 ten formularz, w\u0142\u0105cz obs\u0142ug\u0119 JavaScript w [&hellip;]<\/p>\n","protected":false},"author":1,"featured_media":0,"parent":0,"menu_order":0,"comment_status":"closed","ping_status":"closed","template":"visual-builder-template.php","meta":{"_monsterinsights_skip_tracking":false,"_monsterinsights_sitenote_active":false,"_monsterinsights_sitenote_note":"","_monsterinsights_sitenote_category":0,"footnotes":""},"class_list":["post-23","page","type-page","status-publish","hentry"],"yoast_head":"<!-- This site is optimized with the Yoast SEO plugin v26.9 - https:\/\/yoast.com\/product\/yoast-seo-wordpress\/ -->\n<title>Kraina Wetlina - Zarezerwuj sw\u00f3j pobyt w Bieszczadach ju\u017c teraz<\/title>\n<meta name=\"description\" content=\"Szybko i sprawnie zarezerwuj pobyt i zacznij planowa\u0107 wakacje w Bieszczadach. Kraina Wetlina to miejsce na wymarzony urlop od miasta.\" \/>\n<meta name=\"robots\" content=\"index, follow, max-snippet:-1, max-image-preview:large, max-video-preview:-1\" \/>\n<link rel=\"canonical\" href=\"https:\/\/krainawetlina.pl\/pl\/rezerwacja\/\" \/>\n<meta property=\"og:locale\" content=\"pl_PL\" \/>\n<meta property=\"og:type\" content=\"article\" \/>\n<meta property=\"og:title\" content=\"Kraina Wetlina - Zarezerwuj sw\u00f3j pobyt w Bieszczadach ju\u017c teraz\" \/>\n<meta property=\"og:description\" content=\"Szybko i sprawnie zarezerwuj pobyt i zacznij planowa\u0107 wakacje w Bieszczadach. Kraina Wetlina to miejsce na wymarzony urlop od miasta.\" \/>\n<meta property=\"og:url\" content=\"https:\/\/krainawetlina.pl\/pl\/rezerwacja\/\" \/>\n<meta property=\"og:site_name\" content=\"Kraina Wetlina\" \/>\n<meta property=\"article:publisher\" content=\"https:\/\/www.facebook.com\/krainawetlina\" \/>\n<meta property=\"article:modified_time\" content=\"2024-08-21T20:14:31+00:00\" \/>\n<meta property=\"og:image\" content=\"https:\/\/krainawetlina.pl\/wp-content\/uploads\/2023\/03\/VP-1.jpg\" \/>\n<meta name=\"twitter:card\" content=\"summary_large_image\" \/>\n<meta name=\"twitter:label1\" content=\"Szacowany czas czytania\" \/>\n\t<meta name=\"twitter:data1\" content=\"3 minuty\" \/>\n<script type=\"application\/ld+json\" class=\"yoast-schema-graph\">{\"@context\":\"https:\/\/schema.org\",\"@graph\":[{\"@type\":\"WebPage\",\"@id\":\"https:\/\/krainawetlina.pl\/rezerwacja\/\",\"url\":\"https:\/\/krainawetlina.pl\/rezerwacja\/\",\"name\":\"Kraina Wetlina - Zarezerwuj sw\u00f3j pobyt w Bieszczadach ju\u017c teraz\",\"isPartOf\":{\"@id\":\"https:\/\/krainawetlina.pl\/pl\/#website\"},\"primaryImageOfPage\":{\"@id\":\"https:\/\/krainawetlina.pl\/rezerwacja\/#primaryimage\"},\"image\":{\"@id\":\"https:\/\/krainawetlina.pl\/rezerwacja\/#primaryimage\"},\"thumbnailUrl\":\"https:\/\/krainawetlina.pl\/wp-content\/uploads\/2023\/03\/VP-1.jpg\",\"datePublished\":\"2017-03-15T11:25:01+00:00\",\"dateModified\":\"2024-08-21T20:14:31+00:00\",\"description\":\"Szybko i sprawnie zarezerwuj pobyt i zacznij planowa\u0107 wakacje w Bieszczadach. Kraina Wetlina to miejsce na wymarzony urlop od miasta.\",\"breadcrumb\":{\"@id\":\"https:\/\/krainawetlina.pl\/rezerwacja\/#breadcrumb\"},\"inLanguage\":\"pl-PL\",\"potentialAction\":[{\"@type\":\"ReadAction\",\"target\":[\"https:\/\/krainawetlina.pl\/rezerwacja\/\"]}]},{\"@type\":\"ImageObject\",\"inLanguage\":\"pl-PL\",\"@id\":\"https:\/\/krainawetlina.pl\/rezerwacja\/#primaryimage\",\"url\":\"https:\/\/krainawetlina.pl\/wp-content\/uploads\/2023\/03\/VP-1.jpg\",\"contentUrl\":\"https:\/\/krainawetlina.pl\/wp-content\/uploads\/2023\/03\/VP-1.jpg\"},{\"@type\":\"BreadcrumbList\",\"@id\":\"https:\/\/krainawetlina.pl\/rezerwacja\/#breadcrumb\",\"itemListElement\":[{\"@type\":\"ListItem\",\"position\":1,\"name\":\"Strona g\u0142\u00f3wna\",\"item\":\"https:\/\/krainawetlina.pl\/\"},{\"@type\":\"ListItem\",\"position\":2,\"name\":\"REZERWACJA\"}]},{\"@type\":\"WebSite\",\"@id\":\"https:\/\/krainawetlina.pl\/pl\/#website\",\"url\":\"https:\/\/krainawetlina.pl\/pl\/\",\"name\":\"Kraina Wetlina\",\"description\":\"Apartamenty w Bieszczadach\",\"publisher\":{\"@id\":\"https:\/\/krainawetlina.pl\/pl\/#organization\"},\"potentialAction\":[{\"@type\":\"SearchAction\",\"target\":{\"@type\":\"EntryPoint\",\"urlTemplate\":\"https:\/\/krainawetlina.pl\/pl\/?s={search_term_string}\"},\"query-input\":{\"@type\":\"PropertyValueSpecification\",\"valueRequired\":true,\"valueName\":\"search_term_string\"}}],\"inLanguage\":\"pl-PL\"},{\"@type\":\"Organization\",\"@id\":\"https:\/\/krainawetlina.pl\/pl\/#organization\",\"name\":\"Kraina Wetlina\",\"url\":\"https:\/\/krainawetlina.pl\/pl\/\",\"logo\":{\"@type\":\"ImageObject\",\"inLanguage\":\"pl-PL\",\"@id\":\"https:\/\/krainawetlina.pl\/pl\/#\/schema\/logo\/image\/\",\"url\":\"https:\/\/krainawetlina.pl\/wp-content\/uploads\/2018\/06\/Kraina-Wetlina-logo2x2.png\",\"contentUrl\":\"https:\/\/krainawetlina.pl\/wp-content\/uploads\/2018\/06\/Kraina-Wetlina-logo2x2.png\",\"width\":1157,\"height\":1157,\"caption\":\"Kraina Wetlina\"},\"image\":{\"@id\":\"https:\/\/krainawetlina.pl\/pl\/#\/schema\/logo\/image\/\"},\"sameAs\":[\"https:\/\/www.facebook.com\/krainawetlina\",\"http:\/\/instagram.com\/krainawetlina\"]}]}<\/script>\n<!-- \/ Yoast SEO plugin. -->","yoast_head_json":{"title":"Kraina Wetlina - Zarezerwuj sw\u00f3j pobyt w Bieszczadach ju\u017c teraz","description":"Szybko i sprawnie zarezerwuj pobyt i zacznij planowa\u0107 wakacje w Bieszczadach. Kraina Wetlina to miejsce na wymarzony urlop od miasta.","robots":{"index":"index","follow":"follow","max-snippet":"max-snippet:-1","max-image-preview":"max-image-preview:large","max-video-preview":"max-video-preview:-1"},"canonical":"https:\/\/krainawetlina.pl\/pl\/rezerwacja\/","og_locale":"pl_PL","og_type":"article","og_title":"Kraina Wetlina - Zarezerwuj sw\u00f3j pobyt w Bieszczadach ju\u017c teraz","og_description":"Szybko i sprawnie zarezerwuj pobyt i zacznij planowa\u0107 wakacje w Bieszczadach. Kraina Wetlina to miejsce na wymarzony urlop od miasta.","og_url":"https:\/\/krainawetlina.pl\/pl\/rezerwacja\/","og_site_name":"Kraina Wetlina","article_publisher":"https:\/\/www.facebook.com\/krainawetlina","article_modified_time":"2024-08-21T20:14:31+00:00","og_image":[{"url":"https:\/\/krainawetlina.pl\/wp-content\/uploads\/2023\/03\/VP-1.jpg","type":"","width":"","height":""}],"twitter_card":"summary_large_image","twitter_misc":{"Szacowany czas czytania":"3 minuty"},"schema":{"@context":"https:\/\/schema.org","@graph":[{"@type":"WebPage","@id":"https:\/\/krainawetlina.pl\/rezerwacja\/","url":"https:\/\/krainawetlina.pl\/rezerwacja\/","name":"Kraina Wetlina - Zarezerwuj sw\u00f3j pobyt w Bieszczadach ju\u017c teraz","isPartOf":{"@id":"https:\/\/krainawetlina.pl\/pl\/#website"},"primaryImageOfPage":{"@id":"https:\/\/krainawetlina.pl\/rezerwacja\/#primaryimage"},"image":{"@id":"https:\/\/krainawetlina.pl\/rezerwacja\/#primaryimage"},"thumbnailUrl":"https:\/\/krainawetlina.pl\/wp-content\/uploads\/2023\/03\/VP-1.jpg","datePublished":"2017-03-15T11:25:01+00:00","dateModified":"2024-08-21T20:14:31+00:00","description":"Szybko i sprawnie zarezerwuj pobyt i zacznij planowa\u0107 wakacje w Bieszczadach. Kraina Wetlina to miejsce na wymarzony urlop od miasta.","breadcrumb":{"@id":"https:\/\/krainawetlina.pl\/rezerwacja\/#breadcrumb"},"inLanguage":"pl-PL","potentialAction":[{"@type":"ReadAction","target":["https:\/\/krainawetlina.pl\/rezerwacja\/"]}]},{"@type":"ImageObject","inLanguage":"pl-PL","@id":"https:\/\/krainawetlina.pl\/rezerwacja\/#primaryimage","url":"https:\/\/krainawetlina.pl\/wp-content\/uploads\/2023\/03\/VP-1.jpg","contentUrl":"https:\/\/krainawetlina.pl\/wp-content\/uploads\/2023\/03\/VP-1.jpg"},{"@type":"BreadcrumbList","@id":"https:\/\/krainawetlina.pl\/rezerwacja\/#breadcrumb","itemListElement":[{"@type":"ListItem","position":1,"name":"Strona g\u0142\u00f3wna","item":"https:\/\/krainawetlina.pl\/"},{"@type":"ListItem","position":2,"name":"REZERWACJA"}]},{"@type":"WebSite","@id":"https:\/\/krainawetlina.pl\/pl\/#website","url":"https:\/\/krainawetlina.pl\/pl\/","name":"Kraina Wetlina","description":"Apartamenty w Bieszczadach","publisher":{"@id":"https:\/\/krainawetlina.pl\/pl\/#organization"},"potentialAction":[{"@type":"SearchAction","target":{"@type":"EntryPoint","urlTemplate":"https:\/\/krainawetlina.pl\/pl\/?s={search_term_string}"},"query-input":{"@type":"PropertyValueSpecification","valueRequired":true,"valueName":"search_term_string"}}],"inLanguage":"pl-PL"},{"@type":"Organization","@id":"https:\/\/krainawetlina.pl\/pl\/#organization","name":"Kraina Wetlina","url":"https:\/\/krainawetlina.pl\/pl\/","logo":{"@type":"ImageObject","inLanguage":"pl-PL","@id":"https:\/\/krainawetlina.pl\/pl\/#\/schema\/logo\/image\/","url":"https:\/\/krainawetlina.pl\/wp-content\/uploads\/2018\/06\/Kraina-Wetlina-logo2x2.png","contentUrl":"https:\/\/krainawetlina.pl\/wp-content\/uploads\/2018\/06\/Kraina-Wetlina-logo2x2.png","width":1157,"height":1157,"caption":"Kraina Wetlina"},"image":{"@id":"https:\/\/krainawetlina.pl\/pl\/#\/schema\/logo\/image\/"},"sameAs":["https:\/\/www.facebook.com\/krainawetlina","http:\/\/instagram.com\/krainawetlina"]}]}},"brizy_media":[],"_links":{"self":[{"href":"https:\/\/krainawetlina.pl\/pl\/wp-json\/wp\/v2\/pages\/23","targetHints":{"allow":["GET"]}}],"collection":[{"href":"https:\/\/krainawetlina.pl\/pl\/wp-json\/wp\/v2\/pages"}],"about":[{"href":"https:\/\/krainawetlina.pl\/pl\/wp-json\/wp\/v2\/types\/page"}],"author":[{"embeddable":true,"href":"https:\/\/krainawetlina.pl\/pl\/wp-json\/wp\/v2\/users\/1"}],"replies":[{"embeddable":true,"href":"https:\/\/krainawetlina.pl\/pl\/wp-json\/wp\/v2\/comments?post=23"}],"version-history":[{"count":0,"href":"https:\/\/krainawetlina.pl\/pl\/wp-json\/wp\/v2\/pages\/23\/revisions"}],"wp:attachment":[{"href":"https:\/\/krainawetlina.pl\/pl\/wp-json\/wp\/v2\/media?parent=23"}],"curies":[{"name":"wp","href":"https:\/\/api.w.org\/{rel}","templated":true}]}}