{"id":1591,"date":"2021-04-12T22:14:30","date_gmt":"2021-04-12T21:14:30","guid":{"rendered":"https:\/\/krainawetlina.pl\/?page_id=1591"},"modified":"2026-01-02T22:25:24","modified_gmt":"2026-01-02T21:25:24","slug":"regulamin","status":"publish","type":"page","link":"https:\/\/krainawetlina.pl\/pl\/regulamin\/","title":{"rendered":"REGULAMIN"},"content":{"rendered":"<section   class=\"fw-main-row  auto  fw-section-position-back\"    >\n\t\t\t<div class=\"fw-container\" >\n\t\t<div class=\"fw-row\">\n\t<div id=\"column-69f1e0feacc88\" class=\"fw-col-sm-12 tf-sh-b0e930c99632b51f33075b8a6a8d4034\" >\n\t<div class=\"fw-wrap-col-inner clearfix  \"   >\n\t\t\t\t<div class=\"fw-col-inner\">\n\t\t\t<div class=\"fw-heading fw-heading-center  fw-heading-with-subtitle tf-sh-ea0904a4266db0f305d098228c4fe6d6\" >\n\t\t\t<h4 class=\"fw-special-title\">Witamy w Krainie Wetlina<\/h4>\n\t\n\t\n\t\t\t<div class=\"fw-special-subtitle\">Najwa\u017cniejsze jest dla nas to, by wszyscy nasi Go\u015bcie czuli si\u0119 w Krainie Wetlina dobrze i swobodnie. Regulamin z pewno\u015bci\u0105 nam to u\u0142atwi.<br>Zapraszamy do zapoznania si\u0119 z poni\u017cszymi zasadami.<\/div>\n\t<\/div><div class=\"fw-divider-space space-sm  clearfix\"  ><\/div><div class=\"fw-text-box tf-sh-7d38c478766beb5126babb6c69e76392 \" >\n\t<div class=\"fw-text-inner\">\n\t\t<div id=\"oferty\" class=\"section \">\n<div class=\"section_wrapper clearfix\">\n<p><strong>REGULAMIN - ZASADY OG\u00d3LNE<\/strong><br \/>W trosce o udany wypoczynek Pa\u0144stwa oraz innych Go\u015bci prosimy o zapoznanie si\u0119 z panuj\u0105cymi zasadami w Krainie Wetlina:<\/p>\n<ol>\n<li>Rezerwacji pobytu mo\u017cna dokona\u0107 poprzez stron\u0119 internetow\u0105 www.krainawetlina.pl, www.slowhop.com, www.booking.com, www.facebook.com\/krainawetlina, telefonicznie (+48 608 763 427) lub poczt\u0105 elektroniczn\u0105 (info@krainawetlina.pl).<br \/>Potwierdzeniem rezerwacji jest wp\u0142ata wskazanej kwoty zadatku (wynosz\u0105cej nie mniej ni\u017c 30% warto\u015bci pobytu).<\/li>\n<li>Je\u015bli anulowanie rezerwacji nast\u0105pi <strong>p\u00f3\u017aniej ni\u017c 30 dni<\/strong> przed dat\u0105 przyjazdu, zadatek nie podlega zwrotowi.<\/li>\n<li class=\"font_8\"><strong>Zadatek nie przepada<\/strong> i przek\u0142adany jest na inny dogodny termin w tym samym roku kalendarzowym w przypadku anulowania pobytu <strong>do 30 dni przed planowanym przyjazdem<\/strong>.<\/li>\n<li>Zadatek zwracany jest w ca\u0142o\u015bci w przypadku, gdy nie dojdzie do realizacji us\u0142ugi z winy obiektu.<\/li>\n<li class=\"font_8\"><span class=\"ILfuVd\" lang=\"pl\"><span class=\"hgKElc\">Rozliczamy si\u0119 bezgot\u00f3wkowo. <strong>Pozosta\u0142\u0105 kwot\u0119 za pobyt nale\u017cy wp\u0142aci\u0107<\/strong><\/span><\/span><span class=\"ILfuVd\" lang=\"pl\"><span class=\"hgKElc\"><strong> przed przyjazdem<\/strong> na ten sam numer konta, na kt\u00f3ry zosta\u0142 przelany zadatek. W przypadku zlecenia przelewu w dzie\u0144 wolny od pracy lub w dniu przyjazdu prosimy o podes\u0142anie mailem bankowego potwierdzenia przelewu. <\/span><\/span><\/li>\n<li>W przypadku braku zap\u0142aty w wyznaczonym terminie pozosta\u0142ej kwoty, rezerwacja mo\u017ce zosta\u0107 anulowana.<\/li>\n<li class=\"font_8\">Je\u015bli zdecyduj\u0105 si\u0119 Pa\u0144stwo na skr\u00f3cenie b\u0105d\u017a przerwanie pobytu w naszym obiekcie wcze\u015bniej ni\u017c ustalono, nie przys\u0142uguje Pa\u0144stwu zwrot zap\u0142aconej kwoty ani obni\u017cenie ceny us\u0142ugi za niewykorzystany okres.<\/li>\n<li>Doba noclegowa trwa od godz. 16.00 w dniu przyjazdu do godz. 11.00 w dniu wyjazdu. Wymeldowanie w godzinach p\u00f3\u017aniejszych, b\u0105d\u017a ch\u0119\u0107 przyjazdu w godzinach wcze\u015bniejszych mo\u017cliwe jest jedynie po wcze\u015bniejszym uzgodnieniu.<\/li>\n<li>W cen\u0119 pobytu wliczone jest wifi, drewno do kominka i na ognisko, pobyt w apartamencie\/domku z dost\u0119pem do wszystkich jego udogodnie\u0144, bielizna po\u015bcielowa oraz komplet r\u0119cznik\u00f3w.<\/li>\n<li>W apartamentach i domkach obowi\u0105zuje bezwzgl\u0119dny zakaz palenia (w tym e-papieros\u00f3w). Palaczy prosimy o wychodzenie na taras lub na zewn\u0105trz, przy czym prosimy mie\u0107 na uwadze komfort pozosta\u0142ych Go\u015bci w cz\u0119\u015bciach wsp\u00f3lnych w ogrodzie: miejsca na ognisko, altanki \u015bniadaniowe, hamakowisko.<\/li>\n<li>Prosimy o niezak\u0142\u00f3canie spokojnego pobytu innym Go\u015bciom oraz przestrzeganie ciszy nocnej w godzinach 22:00-8:00.<\/li>\n<li>W przypadku opuszczania domku\/apartamentu prosimy o pozamykanie wszystkich okien, wy\u0142\u0105czenie urz\u0105dze\u0144 pobieraj\u0105cych pr\u0105d elektryczny oraz zamkni\u0119cie drzwi domku\/apartamentu na klucz.<\/li>\n<li>Za zgubienie klucza pobierana jest op\u0142ata w wysoko\u015bci 60 z\u0142.<\/li>\n<li>Parking mieszcz\u0105cy si\u0119 na terenie Krainy Wetlina jest bezp\u0142atny, niestrze\u017cony. Nie ponosimy odpowiedzialno\u015bci za bezpiecze\u0144stwo samochodu i szkody wyrz\u0105dzone przez osoby trzecie.<\/li>\n<li>Za pobyt psa pobierana jest dodatkowa op\u0142ata wynosz\u0105ca 30 z\u0142 za noc. Wszystkie psy s\u0105 w naszych domkach i apartamentach mile widziane, nie mog\u0105 one jednak pozostawa\u0107 same i bez opieki wewn\u0105trz i na ca\u0142ym terenie Krainy Wetlina. Prosimy tak\u017ce by zwierzaki nie zak\u0142\u00f3ca\u0142y pobytu innym Go\u015bciom oraz radzimy zabra\u0107 pos\u0142anie dla swoich pupili, gdy\u017c nie mog\u0105 one sypia\u0107 na \u0142\u00f3\u017ckach czy kanapach.Przed przyjazdem prosimy o informacj\u0119 o przyje\u017adzie zwierzaka.<\/li>\n<li>Nie ponosimy odpowiedzialno\u015bci z tytu\u0142u utraty lub uszkodzenia mienia Go\u015bci.<\/li>\n<li>W czasie pobytu Go\u015bci mog\u0105 mie\u0107 miejsce czasowe przerwy w dostawie pr\u0105du, wody lub brak sieci kom\u00f3rkowej (skutkuj\u0105cy tak\u017ce brakiem wifi) dla ca\u0142ej okolicy. Nie mamy wp\u0142ywu na te okoliczno\u015bci i nie mo\u017cemy bra\u0107 za nie odpowiedzialno\u015bci. Wszyscy w Bieszczadach odczuwamy te niedogodno\u015bci, na szcz\u0119\u015bcie tak dla Go\u015bci jak i mieszka\u0144c\u00f3w takie sytuacje zdarzaj\u0105 si\u0119 sporadycznie.<\/li>\n<li>Us\u0142ugi dodatkowe:\n<ol>\n<li>Serwis sprz\u0105taj\u0105cy w trakcie pobytu z wymian\u0105 r\u0119cznik\u00f3w:\n<ul>\n<li>Go\u015bcie mog\u0105 skorzysta\u0107 z jednorazowego sprz\u0105tania apartamentu po\u0142\u0105czonego z wymian\u0105 komplet\u00f3w r\u0119cznik\u00f3w.<\/li>\n<li>Termin realizacji us\u0142ugi ustalany jest indywidualnie \u2014 z przyjemno\u015bci\u0105 dopasujemy si\u0119 do preferencji Go\u015bci, w miar\u0119 dost\u0119pno\u015bci personelu.<\/li>\n<li>Us\u0142uga jest <strong>odp\u0142atna<\/strong> i wyceniona zgodnie z aktualnym cennikiem dost\u0119pnym na stronie internetowej obiektu.<\/li>\n<li>Prosimy o umo\u017cliwienie personelowi wej\u015bcia do apartamentu w uzgodnionym czasie.<\/li>\n<\/ul>\n<\/li>\n<li>Us\u0142uga prania i suszenia:\n<ul>\n<li>Na \u017cyczenie Go\u015bci oferujemy us\u0142ug\u0119 prania i suszenia odzie\u017cy.<\/li>\n<li>Us\u0142uga obejmuje pranie odzie\u017cy do 8kg z u\u017cyciem detergentu oraz jej suszenie. Us\u0142uga nie zawiera prasowania.<\/li>\n<li>Czas realizacji ustalany jest indywidualnie.<\/li>\n<li>Us\u0142uga jest <strong>odp\u0142atna<\/strong> i wyceniona zgodnie z obowi\u0105zuj\u0105cym cennikiem.<\/li>\n<li>Dok\u0142adamy wszelkich stara\u0144, aby us\u0142uga zosta\u0142a wykonana z nale\u017cyt\u0105 staranno\u015bci\u0105, jednak:\n<ul>\n<li>nie ponosimy odpowiedzialno\u015bci za naturalne zu\u017cycie tkanin, odbarwienia, skurczenia materia\u0142u lub inne zmiany wynikaj\u0105ce z w\u0142a\u015bciwo\u015bci odzie\u017cy,<\/li>\n<li>nie odpowiadamy za uszkodzenia powsta\u0142e w wyniku braku informacji o szczeg\u00f3lnych wymaganiach dotycz\u0105cych prania,<\/li>\n<li>nie ponosimy odpowiedzialno\u015bci za przedmioty pozostawione w kieszeniach (np. chusteczki, paragony, drobne przedmioty),<\/li>\n<li>nie odpowiadamy za odzie\u017c, kt\u00f3ra nie posiada metek z instrukcj\u0105 prania lub posiada metki nieczytelne.<\/li>\n<\/ul>\n<\/li>\n<\/ul>\n<ul>\n<li>Oddanie odzie\u017cy do prania jest r\u00f3wnoznaczne z akceptacj\u0105 powy\u017cszych zasad.<\/li>\n<\/ul>\n<\/li>\n<\/ol>\n<\/li>\n<li>Kraina Wetlina jest ekologiczna:\n<ul>\n<li>Prowadzimy segregacj\u0119 \u015bmieci. Opisane pojemniki znajduj\u0105 si\u0119 w ka\u017cdym domku i apartamencie. Przy wje\u017adzie, w oznaczonym miejscu znajduj\u0105 si\u0119 tak\u017ce du\u017ce kub\u0142y na posegregowane \u015bmieci oraz kompostownik na odpadki organiczne. Prosimy o pomoc w prawid\u0142owej segregacji.<\/li>\n<li>niewykorzystan\u0105 przez Pa\u0144stwa bielizn\u0119 po\u015bcielow\u0105 oraz r\u0119czniki prosimy odk\u0142ada\u0107 w widoczne miejsce, aby nie trafi\u0142y niepotrzebnie do pralni.<\/li>\n<\/ul>\n<\/li>\n<li>Rodzice zobowi\u0105zuj\u0105 si\u0119 do bezwzgl\u0119dnego nadzoru nad swoimi dzie\u0107mi. Za szkody wyrz\u0105dzone przez podopiecznych odpowiadaj\u0105 wy\u0142\u0105cznie ich opiekunowie, r\u00f3wnie\u017c w przypadku nieszcz\u0119\u015bliwych wypadk\u00f3w spowodowanych nieprzestrzeganiem niniejszego regulaminu. Szczeg\u00f3ln\u0105 ostro\u017cno\u015b\u0107 prosimy zachowa\u0107 przy schodach, u\u017cytkowaniu urz\u0105dze\u0144 elektrycznych oraz na zewn\u0105trz obiektu.<\/li>\n<li>Go\u015b\u0107 Krainy Wetlina ponosi odpowiedzialno\u015b\u0107 materialn\u0105 za wszelkiego rodzaju uszkodzenia, zagubienie lub zniszczenie przedmiot\u00f3w wyposa\u017cenia i urz\u0105dze\u0144 technicznych powsta\u0142ych z jego winy lub z winy odwiedzaj\u0105cych go os\u00f3b. Go\u015b\u0107 powinien zawiadomi\u0107 gospodarzy o wyst\u0105pieniu szkody niezw\u0142ocznie po jej stwierdzeniu.<\/li>\n<li>W\u0142a\u015bciciel i administracja Krainy Wetlina zastrzegaj\u0105 sobie prawo do odmowy dalszego \u015bwiadczenia us\u0142ug w przypadku drastycznego naruszenia regulaminu przez Go\u015bci, bez zwrotu koszt\u00f3w pobytu.<\/li>\n<li>Wp\u0142ata zadatku b\u0105d\u017a dokonanie rezerwacji poprzez e-mail lub portale po\u015brednicz\u0105ce: Booking.com i Slowhop.com s\u0105 jednoznaczne z akceptacj\u0105 regulaminu.<\/li>\n<\/ol>\n<p>Dzi\u0119kujemy za przestrzeganie wy\u017cej wymienionych zasad. \u017byczymy udanego pobytu w Krainie Wetlina.<\/p>\n<\/div>\n<\/div>\n\t<\/div>\n<\/div>\t<div  class=\"fw-divider tf-sh-58e114e2c79cad036e5424996b5ec6d7  fw-divider-align-left fw-divider-full-width fw-line-solid fw-divider-line space-md  fw_theme_border_only_fw-custom\"  style=\"width: auto;  \" ><\/div>\n<div class=\"fw-text-box tf-sh-d2a4ebe132b3d75ed9bee85f3a2fa951 \" >\n\t<div class=\"fw-text-inner\">\n\t\t<div id=\"oferty\" class=\"section \">\n<div class=\"section_wrapper clearfix\">\n<p><strong>REGULAMIN ZAKUPU ORAZ KORZYSTANIA Z VOUCHER\u00d3W PREZENTOWYCH KRAINA WETLINA<br \/><\/strong><\/p>\n<p><strong>Warunki og\u00f3lne<\/strong><\/p>\n<ol>\n<li class=\"ListParagraphCxSpPierwsze\">Voucher (bon upominkowy) prezentowy mo\u017ce by\u0107 realizowany wy\u0142\u0105cznie na pobyt w Krainie Wetlina przy rezerwacji bezpo\u015bredniej.<\/li>\n<li class=\"ListParagraphCxSpPierwsze\">Nabywca zobowi\u0105zuje si\u0119 do zap\u0142aty za Voucher w kwocie r\u00f3wnej jego warto\u015bci.<\/li>\n<li class=\"ListParagraphCxSpPierwsze\">Voucher nie podlega zwrotowi lub wymianie na got\u00f3wk\u0119.<\/li>\n<li class=\"ListParagraphCxSpPierwsze\">Voucher musi zosta\u0107 zrealizowany podczas jednego pobytu.<\/li>\n<li class=\"ListParagraphCxSpPierwsze\">Od momentu przekazania Voucheru Nabywcy Kraina Wetlina nie ponosi odpowiedzialno\u015bci za jego zniszczenie czy utrat\u0119.<\/li>\n<li class=\"ListParagraphCxSpPierwsze\">Kraina Wetlina nie wystawia duplikat\u00f3w Voucher\u00f3w.<\/li>\n<li class=\"ListParagraphCxSpPierwsze\">Voucher jest wa\u017cny przez okres roku od daty zakupu. Data wa\u017cno\u015bci znajduje si\u0119 na dole strony i w tym czasie nale\u017cy zrealizowa\u0107 Voucher poprzez pobyt w Krainie Wetlina.<\/li>\n<li>Rezerwacja mo\u017ce by\u0107 dokonana wy\u0142\u0105cznie na imi\u0119 i nazwisko osoby obdarowanej wskazanej w Voucherze. Przy czym dokonuj\u0105c rezerwacji, obdarowany winien poda\u0107 tak\u017ce numer Vouchera.<\/li>\n<li>Przy zak\u0142adaniu rezerwacji na pobyt z wykorzystaniem Vouchera obowi\u0105zuj\u0105 aktualne stawki oraz ograniczenia uj\u0119te w cenniku na stronie: www.krainawetlina.pl\/oferta<\/li>\n<\/ol>\n<p class=\"ListParagraphCxSpDrugie\">&nbsp;<strong>Zasady korzystania z Vouchera<br \/><\/strong><\/p>\n<ol>\n<li class=\"ListParagraphCxSpDrugie\">Obdarowany rezerwuje termin pobytu przypadaj\u0105cy maksymalnie na dzie\u0144 ko\u0144ca wa\u017cno\u015bci Vouchera bezpo\u015brednio w Krainie Wetlina, tel. +48 608 763 427, e-mail: info@krainawetlina.pl, po wcze\u015bniejszym potwierdzeniu dost\u0119pno\u015bci.<\/li>\n<li>Rezerwacja pobytu z wykorzystaniem Vouchera mo\u017cliwa jest wy\u0142\u0105cznie na imi\u0119 i nazwisko Obdarowanego oraz z podaniem numeru Vouchera.<\/li>\n<li>Gdy warto\u015b\u0107 pobytu jest ni\u017csza ni\u017c warto\u015b\u0107 Bonu Obdarowanemu nie przys\u0142uguje prawo otrzymania reszty.<\/li>\n<li>Przy realizacji Vouchera na okre\u015blony termin Obdarowanemu nie przys\u0142uguje prawo zmiany terminu.<\/li>\n<li>Gdy warto\u015b\u0107 zarezerwowanego pobytu jest wy\u017csza od warto\u015bci przedstawionego Vouchera Obdarowany zobowi\u0105zany jest do dop\u0142aty r\u00f3\u017cnicy.<\/li>\n<\/ol>\n<p>Obdarowany\/Nabywca wraz z otrzymaniem Vouchera o\u015bwiadcza, \u017ce zapozna\u0142 si\u0119 z tre\u015bci\u0105 niniejszego Regulaminu, akceptuje jego tre\u015b\u0107 w ca\u0142o\u015bci i zobowi\u0105zuje si\u0119 przestrzega\u0107 jego zapis\u00f3w.<\/p>\n<\/div>\n<\/div>\n\t<\/div>\n<\/div>\t<div  class=\"fw-divider tf-sh-b96bbbee038293ebd1bf1dcdd6c91179  fw-divider-align-left fw-divider-full-width fw-line-solid fw-divider-line space-md  fw_theme_border_only_fw-custom\"  style=\"width: auto;  \" ><\/div>\n<div class=\"fw-text-box tf-sh-6c04c021515318462b54b39fd639a466 \" >\n\t<div class=\"fw-text-inner\">\n\t\t<div id=\"oferty\" class=\"section \">\n<div class=\"section_wrapper clearfix\">\n<p><strong>POLITYKA PRYWATNO\u015aCI<\/strong><\/p>\n<ol>\n<li>Od 25 maja 2018r. obowi\u0105zuje Rozporz\u0105dzenie Parlamentu Europejskiego i Rady (UE<strong>) <\/strong>2016\/679 z dnia 27 kwietnia 2016r<strong> dotycz\u0105ce ochrony os\u00f3b fizycznych w zwi\u0105zku z przetwarzaniem danych osobowych i w sprawie swobodnego przep\u0142ywu takich danych tzw. RODO<\/strong><\/li>\n<\/ol>\n<p>Przepisy te nak\u0142adaj\u0105 na nas obowi\u0105zek poinformowania Pa\u0144stwa o fakcie przetwarzania Pa\u0144stwa danych osobowych przez nasz\u0105 firm\u0119.<\/p>\n<ol>\n<li value=\"2\">Administratorem Pa\u0144stwa danych jest \"Le\u015bne uroczysko\" Grzegorz \u0141ukacijewski z siedzib\u0105 w Do\u0142\u017cyca 35, 38-607 Cisna, NIP: 6881080857.<\/li>\n<li value=\"3\">W celu ochrony Pa\u0144stwa danych administrator dzia\u0142a w oparciu o wewn\u0119trzne procedury i zalecenia, zgodnie z odpowiednimi aktami prawnymi w zakresie ochrony os\u00f3b, kt\u00f3rych dane dotycz\u0105 .<\/li>\n<li value=\"4\">Pa\u0144stwa dane osobowe przetwarzane s\u0105 \u00a0w celu :<\/li>\n<\/ol>\n<ul>\n<li>dokonania rezerwacji (w tym zakresie wymagane s\u0105\u00a0 imi\u0119 i nazwisko, adres e-mail, numer telefonu )<\/li>\n<li>umo\u017cliwienia udzielenia odpowiedzi na zapytania zwi\u0105zane z realizacj\u0105 us\u0142ugi .<\/li>\n<li>realizacji transakcji<\/li>\n<li>zawarcia lub wykonania umowy, kt\u00f3rej stron\u0105 jest osoba, kt\u00f3rej dane dotycz\u0105, lub do podj\u0119cia dzia\u0142a\u0144 na \u017c\u0105danie osoby, kt\u00f3rej dane dotycz\u0105, przed zawarciem umowy, przesy\u0142ania informacji handlowej za pomoc\u0105 \u015brodk\u00f3w komunikacji elektronicznej, marketingu bezpo\u015bredniego w\u0142asnych produkt\u00f3w lub us\u0142ug Administratora<\/li>\n<li>realizacj\u0119 wszystkich us\u0142ug \u015bwiadczonych na terenie Krainy Wetlina<\/li>\n<li>dochodzenia roszcze\u0144 z tytu\u0142u prowadzonej dzia\u0142alno\u015bci gospodarczej<\/li>\n<li>wype\u0142nienia obowi\u0105zku prawnego ci\u0105\u017c\u0105cego na Administratorze.<\/li>\n<li>udokumentowanie wykonania us\u0142ugi dla cel\u00f3w podatkowych<\/li>\n<li>zapewnienia bezpiecze\u0144stwa<\/li>\n<li>przesy\u0142ania ofert handlowych i marketingowych w przypadku gdy go\u015b\u0107 wyrazi\u0142 zgod\u0119 na przetwarzanie danych w celach marketingowych.<\/li>\n<li>podanie Pa\u0144stwa \u00a0danych jest dobrowolne ale jest niezb\u0119dne do dokonania rezerwacji us\u0142ug, zameldowania w hotelu, realizacji us\u0142ug \u015bwiadczonych na terenie hotelu oraz udzielenia odpowiedzi na pytania dotycz\u0105ce us\u0142ug \u015bwiadczonych przez Administratora.<\/li>\n<\/ul>\n<p>Niepodanie danych uniemo\u017cliwi dokonanie rezerwacji , zameldowanie w obiekcie oraz \u015bwiadczenie dodatkowych us\u0142ug oferowanych przez Krain\u0119 Wetlina.<\/p>\n<ol>\n<li value=\"5\">Pa\u0144stwa dane osobowe mog\u0105 by\u0107 przekazywane do firm z kt\u00f3rymi wsp\u00f3\u0142pracujemy<\/li>\n<\/ol>\n<ul>\n<li>kancelarii prawnych w celu ustalenia, dochodzenia lub obrony przed roszczeniami<\/li>\n<li>firm informatycznych dostarczaj\u0105cym oprogramowanie oraz \u015bwiadcz\u0105cym us\u0142ugi informatyczne<\/li>\n<li>firmy ochroniarskiej w celu zapewnienia bezpiecze\u0144stwa<\/li>\n<\/ul>\n<ol>\n<li value=\"6\">Pa\u0144stwa \u00a0dane b\u0119d\u0105 przechowywane przez okres niezb\u0119dny do wykonania umowy\u00a0 lub dochodzenia roszcze\u0144 z tytu\u0142u prowadzonej dzia\u0142alno\u015bci , okres niezb\u0119dny wynikaj\u0105cy z przepis\u00f3w prawa a w przypadku danych osobowych przetwarzanych na podstawie zgody osoby, kt\u00f3rej dane dotycz\u0105 \u2013 do odwo\u0142ania zgody.<\/li>\n<li value=\"7\">Pa\u0144stwa dane nie b\u0119d\u0105 przekazywane do pa\u0144stwa trzeciego<\/li>\n<li value=\"8\">Informujemy, \u017ce maj\u0105 Pa\u0144stwo prawo do:<\/li>\n<\/ol>\n<ul>\n<li>dost\u0119pu do swoich danych osobowych, ich sprostowania, usuni\u0119cia, ograniczenia przetwarzania i ich przenoszenia.<\/li>\n<li>wniesienia skargi do organu nadzorczego<\/li>\n<li>wycofania zgody na przetwarzanie danych osobowych\u00a0 w dowolnym momencie<strong>.<\/strong> Wycofanie zgody nie wp\u0142ywa na zgodno\u015b\u0107 z prawem przetwarzania, kt\u00f3rego dokonano na podstawie zgody przed jej wycofaniem. Wycofanie zgody mo\u017ce zosta\u0107 dokonane w takiej samej formie, w jakiej zosta\u0142a udzielona zgoda<\/li>\n<li>wniesienia sprzeciwu wobec przetwarzania Pa\u0144stwa danych gdy Administrator zamierza je przetwarza\u0107 w celach marketingowych lub wobec przekazywania Pa\u0144stwa danych osobowych innemu administratorowi danych;<\/li>\n<li>uzyskaniu informacji dotycz\u0105cej wyst\u0119powania Pa\u0144stwa danych w zbiorach Administratora ,celu, zakresu i sposobu przetwarzania danych zawartych w takim zbiorze. Stanu od kiedy przetwarza si\u0119 Pa\u0144stwa dane w zbiorze. \u0179r\u00f3dle pozyskania danych. Udost\u0119pniania Pa\u0144stwa danych, a w szczeg\u00f3lno\u015bci informacji o odbiorcach lub kategoriach odbiorc\u00f3w, kt\u00f3rym dane te s\u0105 udost\u0119pniane.<\/li>\n<\/ul>\n<\/div>\n<\/div>\n\t<\/div>\n<\/div>\t\t<\/div>\n\t<\/div>\n<\/div><\/div>\n\n\t<\/div>\n\t<\/section>\n","protected":false},"excerpt":{"rendered":"<p>Witamy w Krainie Wetlina Najwa\u017cniejsze jest dla nas to, by wszyscy nasi Go\u015bcie czuli si\u0119 w Krainie Wetlina dobrze i swobodnie. Regulamin z pewno\u015bci\u0105 nam to u\u0142atwi.Zapraszamy do zapoznania si\u0119 z poni\u017cszymi zasadami. REGULAMIN &#8211; ZASADY OG\u00d3LNEW trosce o udany wypoczynek Pa\u0144stwa oraz innych Go\u015bci prosimy o zapoznanie si\u0119 z panuj\u0105cymi zasadami w Krainie Wetlina: [&hellip;]<\/p>\n","protected":false},"author":1,"featured_media":0,"parent":0,"menu_order":0,"comment_status":"closed","ping_status":"closed","template":"visual-builder-template.php","meta":{"_monsterinsights_skip_tracking":false,"_monsterinsights_sitenote_active":false,"_monsterinsights_sitenote_note":"","_monsterinsights_sitenote_category":0,"footnotes":""},"class_list":["post-1591","page","type-page","status-publish","hentry"],"yoast_head":"<!-- This site is optimized with the Yoast SEO plugin v26.9 - https:\/\/yoast.com\/product\/yoast-seo-wordpress\/ -->\n<title>REGULAMIN - Kraina Wetlina<\/title>\n<meta name=\"robots\" content=\"noindex, nofollow\" \/>\n<meta property=\"og:locale\" content=\"pl_PL\" \/>\n<meta property=\"og:type\" content=\"article\" \/>\n<meta property=\"og:title\" content=\"REGULAMIN - Kraina Wetlina\" \/>\n<meta property=\"og:description\" content=\"Witamy w Krainie Wetlina Najwa\u017cniejsze jest dla nas to, by wszyscy nasi Go\u015bcie czuli si\u0119 w Krainie Wetlina dobrze i swobodnie. Regulamin z pewno\u015bci\u0105 nam to u\u0142atwi.Zapraszamy do zapoznania si\u0119 z poni\u017cszymi zasadami. REGULAMIN - ZASADY OG\u00d3LNEW trosce o udany wypoczynek Pa\u0144stwa oraz innych Go\u015bci prosimy o zapoznanie si\u0119 z panuj\u0105cymi zasadami w Krainie Wetlina: [&hellip;]\" \/>\n<meta property=\"og:url\" content=\"https:\/\/krainawetlina.pl\/pl\/regulamin\/\" \/>\n<meta property=\"og:site_name\" content=\"Kraina Wetlina\" \/>\n<meta property=\"article:publisher\" content=\"https:\/\/www.facebook.com\/krainawetlina\" \/>\n<meta property=\"article:modified_time\" content=\"2026-01-02T21:25:24+00:00\" \/>\n<meta property=\"og:image\" content=\"https:\/\/krainawetlina.pl\/wp-content\/uploads\/2020\/03\/Kraina-Wetlina-domki-i-apartamenty-w-Bieszczadach-275b.jpg\" \/>\n\t<meta property=\"og:image:width\" content=\"1350\" \/>\n\t<meta property=\"og:image:height\" content=\"935\" \/>\n\t<meta property=\"og:image:type\" content=\"image\/jpeg\" \/>\n<meta name=\"twitter:card\" content=\"summary_large_image\" \/>\n<meta name=\"twitter:label1\" content=\"Szacowany czas czytania\" \/>\n\t<meta name=\"twitter:data1\" content=\"3 minuty\" \/>\n<script type=\"application\/ld+json\" class=\"yoast-schema-graph\">{\"@context\":\"https:\/\/schema.org\",\"@graph\":[{\"@type\":\"WebPage\",\"@id\":\"https:\/\/krainawetlina.pl\/regulamin\/\",\"url\":\"https:\/\/krainawetlina.pl\/regulamin\/\",\"name\":\"REGULAMIN - Kraina Wetlina\",\"isPartOf\":{\"@id\":\"https:\/\/krainawetlina.pl\/pl\/#website\"},\"datePublished\":\"2021-04-12T21:14:30+00:00\",\"dateModified\":\"2026-01-02T21:25:24+00:00\",\"breadcrumb\":{\"@id\":\"https:\/\/krainawetlina.pl\/regulamin\/#breadcrumb\"},\"inLanguage\":\"pl-PL\",\"potentialAction\":[{\"@type\":\"ReadAction\",\"target\":[\"https:\/\/krainawetlina.pl\/regulamin\/\"]}]},{\"@type\":\"BreadcrumbList\",\"@id\":\"https:\/\/krainawetlina.pl\/regulamin\/#breadcrumb\",\"itemListElement\":[{\"@type\":\"ListItem\",\"position\":1,\"name\":\"Strona g\u0142\u00f3wna\",\"item\":\"https:\/\/krainawetlina.pl\/\"},{\"@type\":\"ListItem\",\"position\":2,\"name\":\"REGULAMIN\"}]},{\"@type\":\"WebSite\",\"@id\":\"https:\/\/krainawetlina.pl\/pl\/#website\",\"url\":\"https:\/\/krainawetlina.pl\/pl\/\",\"name\":\"Kraina Wetlina\",\"description\":\"Apartamenty w Bieszczadach\",\"publisher\":{\"@id\":\"https:\/\/krainawetlina.pl\/pl\/#organization\"},\"potentialAction\":[{\"@type\":\"SearchAction\",\"target\":{\"@type\":\"EntryPoint\",\"urlTemplate\":\"https:\/\/krainawetlina.pl\/pl\/?s={search_term_string}\"},\"query-input\":{\"@type\":\"PropertyValueSpecification\",\"valueRequired\":true,\"valueName\":\"search_term_string\"}}],\"inLanguage\":\"pl-PL\"},{\"@type\":\"Organization\",\"@id\":\"https:\/\/krainawetlina.pl\/pl\/#organization\",\"name\":\"Kraina Wetlina\",\"url\":\"https:\/\/krainawetlina.pl\/pl\/\",\"logo\":{\"@type\":\"ImageObject\",\"inLanguage\":\"pl-PL\",\"@id\":\"https:\/\/krainawetlina.pl\/pl\/#\/schema\/logo\/image\/\",\"url\":\"https:\/\/krainawetlina.pl\/wp-content\/uploads\/2018\/06\/Kraina-Wetlina-logo2x2.png\",\"contentUrl\":\"https:\/\/krainawetlina.pl\/wp-content\/uploads\/2018\/06\/Kraina-Wetlina-logo2x2.png\",\"width\":1157,\"height\":1157,\"caption\":\"Kraina Wetlina\"},\"image\":{\"@id\":\"https:\/\/krainawetlina.pl\/pl\/#\/schema\/logo\/image\/\"},\"sameAs\":[\"https:\/\/www.facebook.com\/krainawetlina\",\"http:\/\/instagram.com\/krainawetlina\"]}]}<\/script>\n<!-- \/ Yoast SEO plugin. -->","yoast_head_json":{"title":"REGULAMIN - Kraina Wetlina","robots":{"index":"noindex","follow":"nofollow"},"og_locale":"pl_PL","og_type":"article","og_title":"REGULAMIN - Kraina Wetlina","og_description":"Witamy w Krainie Wetlina Najwa\u017cniejsze jest dla nas to, by wszyscy nasi Go\u015bcie czuli si\u0119 w Krainie Wetlina dobrze i swobodnie. Regulamin z pewno\u015bci\u0105 nam to u\u0142atwi.Zapraszamy do zapoznania si\u0119 z poni\u017cszymi zasadami. REGULAMIN - ZASADY OG\u00d3LNEW trosce o udany wypoczynek Pa\u0144stwa oraz innych Go\u015bci prosimy o zapoznanie si\u0119 z panuj\u0105cymi zasadami w Krainie Wetlina: [&hellip;]","og_url":"https:\/\/krainawetlina.pl\/pl\/regulamin\/","og_site_name":"Kraina Wetlina","article_publisher":"https:\/\/www.facebook.com\/krainawetlina","article_modified_time":"2026-01-02T21:25:24+00:00","og_image":[{"width":1350,"height":935,"url":"https:\/\/krainawetlina.pl\/wp-content\/uploads\/2020\/03\/Kraina-Wetlina-domki-i-apartamenty-w-Bieszczadach-275b.jpg","type":"image\/jpeg"}],"twitter_card":"summary_large_image","twitter_misc":{"Szacowany czas czytania":"3 minuty"},"schema":{"@context":"https:\/\/schema.org","@graph":[{"@type":"WebPage","@id":"https:\/\/krainawetlina.pl\/regulamin\/","url":"https:\/\/krainawetlina.pl\/regulamin\/","name":"REGULAMIN - Kraina Wetlina","isPartOf":{"@id":"https:\/\/krainawetlina.pl\/pl\/#website"},"datePublished":"2021-04-12T21:14:30+00:00","dateModified":"2026-01-02T21:25:24+00:00","breadcrumb":{"@id":"https:\/\/krainawetlina.pl\/regulamin\/#breadcrumb"},"inLanguage":"pl-PL","potentialAction":[{"@type":"ReadAction","target":["https:\/\/krainawetlina.pl\/regulamin\/"]}]},{"@type":"BreadcrumbList","@id":"https:\/\/krainawetlina.pl\/regulamin\/#breadcrumb","itemListElement":[{"@type":"ListItem","position":1,"name":"Strona g\u0142\u00f3wna","item":"https:\/\/krainawetlina.pl\/"},{"@type":"ListItem","position":2,"name":"REGULAMIN"}]},{"@type":"WebSite","@id":"https:\/\/krainawetlina.pl\/pl\/#website","url":"https:\/\/krainawetlina.pl\/pl\/","name":"Kraina Wetlina","description":"Apartamenty w Bieszczadach","publisher":{"@id":"https:\/\/krainawetlina.pl\/pl\/#organization"},"potentialAction":[{"@type":"SearchAction","target":{"@type":"EntryPoint","urlTemplate":"https:\/\/krainawetlina.pl\/pl\/?s={search_term_string}"},"query-input":{"@type":"PropertyValueSpecification","valueRequired":true,"valueName":"search_term_string"}}],"inLanguage":"pl-PL"},{"@type":"Organization","@id":"https:\/\/krainawetlina.pl\/pl\/#organization","name":"Kraina Wetlina","url":"https:\/\/krainawetlina.pl\/pl\/","logo":{"@type":"ImageObject","inLanguage":"pl-PL","@id":"https:\/\/krainawetlina.pl\/pl\/#\/schema\/logo\/image\/","url":"https:\/\/krainawetlina.pl\/wp-content\/uploads\/2018\/06\/Kraina-Wetlina-logo2x2.png","contentUrl":"https:\/\/krainawetlina.pl\/wp-content\/uploads\/2018\/06\/Kraina-Wetlina-logo2x2.png","width":1157,"height":1157,"caption":"Kraina Wetlina"},"image":{"@id":"https:\/\/krainawetlina.pl\/pl\/#\/schema\/logo\/image\/"},"sameAs":["https:\/\/www.facebook.com\/krainawetlina","http:\/\/instagram.com\/krainawetlina"]}]}},"brizy_media":[],"_links":{"self":[{"href":"https:\/\/krainawetlina.pl\/pl\/wp-json\/wp\/v2\/pages\/1591","targetHints":{"allow":["GET"]}}],"collection":[{"href":"https:\/\/krainawetlina.pl\/pl\/wp-json\/wp\/v2\/pages"}],"about":[{"href":"https:\/\/krainawetlina.pl\/pl\/wp-json\/wp\/v2\/types\/page"}],"author":[{"embeddable":true,"href":"https:\/\/krainawetlina.pl\/pl\/wp-json\/wp\/v2\/users\/1"}],"replies":[{"embeddable":true,"href":"https:\/\/krainawetlina.pl\/pl\/wp-json\/wp\/v2\/comments?post=1591"}],"version-history":[{"count":0,"href":"https:\/\/krainawetlina.pl\/pl\/wp-json\/wp\/v2\/pages\/1591\/revisions"}],"wp:attachment":[{"href":"https:\/\/krainawetlina.pl\/pl\/wp-json\/wp\/v2\/media?parent=1591"}],"curies":[{"name":"wp","href":"https:\/\/api.w.org\/{rel}","templated":true}]}}