{"id":8,"date":"2017-03-15T11:23:44","date_gmt":"2017-03-15T11:23:44","guid":{"rendered":"https:\/\/krainawetlina.pl\/?page_id=8"},"modified":"2025-12-01T20:36:07","modified_gmt":"2025-12-01T19:36:07","slug":"oferta","status":"publish","type":"page","link":"https:\/\/krainawetlina.pl\/en\/oferta\/","title":{"rendered":"OUR OFFER"},"content":{"rendered":"<p><section   class=\"fw-main-row-custom fw-main-row-top fw-section-no-padding fw-content-overlay-custom fw_theme_bg_fw-custom fw-section-image fw-section-height-custom  fw-section-position-back tf-sh-5151dcbd5c25a8de2fda8890e314815f\"  style=\"margin-bottom:-77px; background-image:url(https:\/\/krainawetlina.pl\/wp-content\/uploads\/2023\/03\/1EA674E3-6B32-4BC7-BAF5-A61A9AD84997-kopia-scaled.jpeg); background-repeat: no-repeat; background-position: center center; background-size: cover; height: 423px;\"  >\n\t\t\t<div class=\"fw-container-fluid\" >\n\t\t<div class=\"fw-row\">\n\t<div id=\"column-69f1f567422c9\" class=\"fw-col-sm-12 tf-sh-779b84e1327ce9477b4ad18771ad3a7c\" >\n\t<div class=\"fw-wrap-col-inner clearfix   fw-column-height-custom\" style=\"height: 780px;\"  >\n\t\t\t\t<div class=\"fw-col-inner\">\n\t\t\t\t\t<\/div>\n\t<\/div>\n<\/div><\/div>\n\n\t<\/div>\n\t<\/section><section   class=\"fw-main-row-custom fw-section-no-padding  auto  fw-section-position-back tf-sh-0f4ce0ed1e87fc84c20eee6d4b953885 quick-reservation-section\"    >\n\t\t\t<div class=\"fw-container\" >\n\t\t<div class=\"fw-row\">\n\t<div id=\"column-69f1f56742921\" class=\"fw-col-sm-12 fw-col-md-12 tf-sh-550411c3cbc9549ca15db17a96efcfbe quick-reservation fw-animated-element\" data-animation-type=\"fadeInUp\" data-animation-delay=\"300\">\n\t<div class=\"fw-wrap-col-inner clearfix\" style=\"border-width: 10px; border-color: #4fb3d7; border-style: solid;\"  >\n\t\t\t\t<div class=\"fw-col-inner\">\n\t\t\t\t<a href=\"https:\/\/krainawetlina.pl\/en\/rezerwacja\/\" target=\"_self\" class=\"fw-btn tf-sh-3fd0f3c7ac617d3ac4a2cb8a02659a12 fw-btn-full fw-btn-lg  fw-btn-4\"  style=\"\">\n\t\t<span >\n\t\t\tBOOK NOW<i class=\"pull-right-icon fa fa-suitcase\" style=\"font-size:22px;\"><\/i>\t\t<\/span>\n\t<\/a>\n\t\t<\/div>\n\t<\/div>\n<\/div><\/div>\n\n\t<\/div>\n\t<\/section><section   class=\"fw-main-row-custom fw-section-no-padding  auto  fw-section-position-back tf-sh-39d7e95eddd9f0be66825bfdce1207a5\"    >\n\t\t\t<div class=\"fw-container\" >\n\t\t<div class=\"fw-row\">\n\t<div id=\"column-69f1f567431ec\" class=\"fw-col-sm-12 tf-sh-16f592f80a888b8442042571e483299b title-bg-symbol-responsive fw-animated-element fw-col-no-padding\" data-animation-type=\"fadeInUp\" data-animation-delay=\"300\">\n\t<div class=\"fw-wrap-col-inner clearfix\"   >\n\t\t\t\t<div class=\"fw-col-inner\">\n\t\t\t<div class=\"fw-divider-space  fw-custom-space  fw-mobile-hide-element clearfix\" style=\"height:70px;\" ><\/div><div class=\"fw-heading fw-heading-center  fw-heading-with-subtitle tf-sh-7eb35f7ccaa39a84f021f53c20b04abd\" >\n\t\n\t\n\t\t\t<div class=\"fw-special-subtitle\">PRICELIST<\/div>\n\t<\/div><div class=\"fw-divider-space  fw-custom-space  clearfix\" style=\"height:30px;\" ><\/div><div class=\"fw-heading fw-heading-center  tf-sh-383c911edf43b85433030644ed9d2d92\" >\n\t\t\t<h2 class=\"fw-special-title\">Our Offer<\/h2>\n\t\n\t\n\t<\/div><div class=\"fw-text-box tf-sh-31f58094e49c6585f0a40b349e2fed86\" >\n\t<div class=\"fw-text-inner\">\n\t\t<p style=\"text-align: center;\">Zapraszamy do zapoznania si\u0119 z og\u00f3lnym cennikiem wynajmu a tak\u017ce kr\u00f3tkim opisem rodzaj\u00f3w dost\u0119pnych apartament\u00f3w i domk\u00f3w.<br \/>Ze szczeg\u00f3\u0142ow\u0105 ofert\u0105 i aktualnymi promocjami sezonowymi mo\u017cna zapozna\u0107 si\u0119 po wyborze terminu w kalendarzu dost\u0119pno\u015bci w zak\u0142adce <a href=\"https:\/\/krainawetlina.pl\/en\/rezerwacja\/\">Rezerwacja<\/a> .<\/p>\n\t<\/div>\n<\/div>\t\t<\/div>\n\t<\/div>\n<\/div><\/div>\n\n<div class=\"fw-row\">\n\t<div id=\"column-69f1f567439de\" class=\"fw-col-sm-12 fw-mobile-hide-element tf-sh-6b3b528400f0fa8b3b6496439b1860d9\" >\n\t<div class=\"fw-wrap-col-inner clearfix\"   >\n\t\t\t\t<div class=\"fw-col-inner\">\n\t\t\t<div class=\"fw-divider-space  fw-custom-space  clearfix\" style=\"height:80px;\" ><\/div>\t\t<\/div>\n\t<\/div>\n<\/div><\/div>\n\n\t<\/div>\n\t<\/section><section   class=\"fw-main-row-custom fw-section-no-padding fw-content-overlay-custom fw-section-image auto  fw-section-position-back tf-sh-feac9948020750cda95d1953e1aa35d9\"  style=\"margin-bottom:-35px; background-image:url(https:\/\/krainawetlina.pl\/wp-content\/uploads\/2020\/04\/Kraina-Wetlina-domki-i-apartamenty-w-Bieszczadach-156.jpg); background-repeat: no-repeat; background-position: center top; background-size: cover; background-color:#343f45;\"  >\n\t\t\t<div class=\"fw-container\" >\n\t\t<div class=\"fw-row\">\n\t<div id=\"column-69f1f567441b7\" class=\"fw-col-sm-12 tf-sh-307b33158c6805b5f8b3d52f9bd84553\" >\n\t<div class=\"fw-wrap-col-inner clearfix\"   >\n\t\t\t\t<div class=\"fw-col-inner\">\n\t\t\t<div class=\"fw-divider-space  fw-custom-space  fw-mobile-hide-element clearfix\" style=\"height:110px;\" ><\/div>\t\t<\/div>\n\t<\/div>\n<\/div><\/div>\n\n<div class=\"fw-row\">\n\t<div id=\"column-69f1f567445b6\" class=\"fw-col-sm-6 fw-col-md-4 tf-sh-527a283d7f72fe5ccebf612721fb7e28  fw-animated-element fw-col-no-padding\" data-animation-type=\"fadeInUp\" data-animation-delay=\"300\">\n\t<div class=\"fw-wrap-col-inner clearfix   fw-column-height-custom\" style=\"height: 580px;\"  >\n\t\t\t\t<div class=\"fw-col-inner\">\n\t\t\t\t<div class=\"fw-imagebox clearfix fw-imagebox-2 tf-sh-cc369ce16af1fb3d4c3e3532910480a1 text-left offer-image-box\"  >\n\t\t<div class=\"fw-main-row-overlay\" style=\"background-color: #ffffff; opacity: 1;\"><\/div>\t\t<div class=\"fw-imagebox-aside\" style=\"padding-top:15px;padding-bottom:35px;\">\n\t\t\t\t\t<div class=\"fw-imagebox-title-wrap\">\n\t\t\t\t\t\t\t\t\t<h5 class=\"fw-imagebox-title\">Standard pricelist<\/h5>\n\t\t\t\t\n\t\t\t\t\t\t\t\t\t<h4 class=\"fw-imagebox-subtitle\"><span style=\"text-align:left\">YEAR-ROUND <\/span><span style=\"letter-spacing:1px\">- Price per night <\/span><br><span style=\"font-size:10px; letter-spacing:1px;text-align:left\">Valid for days not specified <\/br>in other pricelists<\/span><\/h4>\n\t\t\t\t\t\t\t<\/div>\n\t\t\n\t\t\t\t\t<div class=\"fw-imagebox-text\">\n\t\t\t\t<p style=\"color: #d9a36a; font-size: 14px;\"><strong><br \/>LISTOPAD - KWIECIE\u0143<\/strong><\/p><p><strong>\u00a0 Split-level apartments - 1 &amp; 2<br \/><\/strong>\u00a0 od 520 z\u0142<\/p><p><strong>\u00a0 Domki z tarasem - nr\u00a0 3 i 4<br \/><\/strong>\u00a0 do 6 os. - 520 z\u0142<\/p><p><strong>\u00a0 Apartment with one bedroom - 5<br \/><\/strong>\u00a0 up to 4 people - 360 PLN<\/p><p style=\"color: #d9a36a; font-size: 14px;\"><strong><br \/>MAJ - PA\u0179DZIERNIK | FERIE ZIMOWE<\/strong><\/p><p><strong>\u00a0 Split-level apartments - 1 &amp; 2<br \/><\/strong>\u00a0 do 5 os. - od 570 z\u0142 | 6 os. - od 630 z\u0142 | 7 os. - od 660 z\u0142<\/p><p><strong>\u00a0 Domki z tarasem - nr\u00a0 3 i 4<br \/><\/strong>\u00a0 do 6 os. - od 570 z\u0142<\/p><p><strong>\u00a0 Apartment with one bedroom - 5<br \/><\/strong>\u00a0 do 4 os. - od 400 z\u0142<\/p><p style=\"font-size: 12px; text-align: left;\">* Additional conditions may apply e.g. minimal length of stay.<\/p>\t\t\t<\/div>\n\t\t\n\t\t\t<\/div>\n\t<\/div>\n\t\t<\/div>\n\t<\/div>\n<\/div><div id=\"column-69f1f56744c02\" class=\"fw-col-sm-6 fw-col-md-4 tf-sh-99404b463bc4c94c7cd7e93e786bb72b  fw-animated-element fw-col-no-padding\" data-animation-type=\"fadeInUp\" data-animation-delay=\"500\">\n\t<div class=\"fw-wrap-col-inner clearfix   fw-column-height-custom\" style=\"height: 590px;\"  >\n\t\t\t\t<div class=\"fw-col-inner\">\n\t\t\t\t<div class=\"fw-imagebox clearfix fw-imagebox-2 tf-sh-28cf99de60a71edb3499f9860997be4f text-left offer-image-box\"  >\n\t\t<div class=\"fw-main-row-overlay\" style=\"background-color: #ffffff; opacity: 1;\"><\/div>\t\t<div class=\"fw-imagebox-aside\" style=\"padding-top:15px;padding-bottom:60px;padding-right:15px;\">\n\t\t\t\t\t<div class=\"fw-imagebox-title-wrap\">\n\t\t\t\t\t\t\t\t\t<h5 class=\"fw-imagebox-title\">Holiday pricelist<\/h5>\n\t\t\t\t\n\t\t\t\t\t\t\t\t\t<h4 class=\"fw-imagebox-subtitle\">CHRISTMAS<br><span style=\"font-size:10px; letter-spacing:1px;text-align:left\">Obowi\u0105zuje minimalna d\u0142ugo\u015b\u0107 pobytu<\/span><br><br>NEW YEAR'S EVE<br><span style=\"font-size:10px; letter-spacing:1px;text-align:left\">Obowi\u0105zuje minimalna d\u0142ugo\u015b\u0107 pobytu<\/span><\/h4>\n\t\t\t\t\t\t\t<\/div>\n\t\t\n\t\t\t\t\t<div class=\"fw-imagebox-text\">\n\t\t\t\t<p><strong><br \/>Split-level apartments - 1 &amp; 2<br \/><\/strong>\u00a0 do 7 os. - 770 z\u0142 za noc<\/p><p><strong>\u00a0 Chalets with terrace - 3 &amp; 4<br \/><\/strong>\u00a0 do 6 os. - 660 z\u0142 za noc<\/p><p><strong>\u00a0 Apartment with one bedroom - 5<br \/><\/strong>\u00a0 do 4 os. - 440 z\u0142 za noc<\/p><p><strong><br \/><span style=\"text-align: left; font-size: 14px; color: #d9a36a; letter-spacing: 5px;\">EASTER <\/span><\/strong><br \/><span style=\"font-size: 10px; color: #d9a36a; letter-spacing: 1px; text-align: left;\">Minimal stay for 3 nights<\/span><\/p><p><strong>\u00a0 Split-level apartments - 1 &amp; 2<br \/><\/strong>\u00a0 do 7 os. - 590 z\u0142 za noc<\/p><p><strong>\u00a0 Chalets with terrace - 3 &amp; 4<br \/><\/strong>\u00a0 up to 6 people - 570 PLN per night<\/p><p><strong>\u00a0 Apartment with one bedroom - 5<br \/><\/strong>\u00a0 do 4 os. - 390 z\u0142 za noc<\/p>\t\t\t<\/div>\n\t\t\n\t\t\t<\/div>\n\t<\/div>\n\t\t<\/div>\n\t<\/div>\n<\/div><div id=\"column-69f1f56745141\" class=\"fw-col-sm-12 fw-col-md-4 tf-sh-5de529b6be9dee9db5c06617337a3d2e  fw-animated-element fw-col-no-padding\" data-animation-type=\"fadeInUp\" data-animation-delay=\"700\">\n\t<div class=\"fw-wrap-col-inner clearfix   fw-column-height-custom\" style=\"height: 580px;\"  >\n\t\t\t\t<div class=\"fw-col-inner\">\n\t\t\t\t<div class=\"fw-imagebox clearfix fw-imagebox-2 tf-sh-7899549f32a8ddac65979259c870404e text-left offer-image-box\"  >\n\t\t<div class=\"fw-main-row-overlay\" style=\"background-color: #ffffff; opacity: 1;\"><\/div>\t\t<div class=\"fw-imagebox-aside\" style=\"padding-top:15px;padding-bottom:5px;padding-left:15px;\">\n\t\t\t\t\t<div class=\"fw-imagebox-title-wrap\">\n\t\t\t\t\t\t\t\t\t<h5 class=\"fw-imagebox-title\">Long weekends<\/h5>\n\t\t\t\t\n\t\t\t\t\t\t\t\t\t<h4 class=\"fw-imagebox-subtitle\">FIRST DAYS OF MAY<br><span style=\"font-size:10px; letter-spacing:1px;text-align:left\">Minimal stay for 6 nights<\/span><br><br> LONG WEEKEND IN JUNE<br><span style=\"font-size:10px; letter-spacing:1px;text-align:left\">Minimal stay for 6 nights<\/span><\/h4>\n\t\t\t\t\t\t\t<\/div>\n\t\t\n\t\t\t\t\t<div class=\"fw-imagebox-text\">\n\t\t\t\t<p><strong>\u00a0 Split-level apartments - 1 &amp; 2<br \/><\/strong>\u00a0 up to 7 people - 700 PLN per night<\/p><p><strong>\u00a0 Chalets with terrace - 3 &amp; 4<br \/><\/strong>\u00a0 do 6 os. - 660 z\u0142 za noc<\/p><p><strong>\u00a0 Apartment with one bedroom - 5<br \/><\/strong>\u00a0 do 4 os. - 440 z\u0142 za noc<\/p>\t\t\t<\/div>\n\t\t\n\t\t\t<\/div>\n\t<\/div>\n\t<div class=\"fw-imagebox clearfix fw-imagebox-2 tf-sh-17039c98d146e2173ca2138d26e74c96 text-left offer-image-box\"  >\n\t\t<div class=\"fw-main-row-overlay\" style=\"background-color: #ffffff; opacity: 1;\"><\/div>\t\t<div class=\"fw-imagebox-aside\" style=\"padding-top:15px;padding-bottom:5px;padding-right:15px;\">\n\t\t\t\t\t<div class=\"fw-imagebox-title-wrap\">\n\t\t\t\t\n\t\t\t\t\t\t\t\t\t<h4 class=\"fw-imagebox-subtitle\">INFORMACJE DODATKOWE <br \/><span style=\"text-align:left; font-size:12px; color:#080808; letter-spacing:1px;\">Children up to 2 years old - free of charge. <br \/>Na \u017cycznie, po wcze\u015bniejszym potwierdzeniu dost\u0119pno\u015bci: \u0142\u00f3\u017ceczko turystyczne oraz krzese\u0142ko do karmienia.<\/span><br \/><span style=\"text-align:left; font-size:12px; letter-spacing:1px;\"> Pobyt psa - 30 z\u0142 za noc. <br \/>Akceptujemy ma\u0142e, \u015brednie oraz du\u017ce psy. Nie mog\u0105 one jednak pozostawa\u0107 same i bez opieki wewn\u0105trz i na ca\u0142ym terenie Krainy Wetlina <\/span><br \/><span style=\"text-align:left; font-size:12px; color:#080808;letter-spacing:1px;\"> Szczeg\u00f3\u0142owe zasady miejsca dost\u0119pne s\u0105 w <a href=\"https:\/\/krainawetlina.pl\/en\/regulamin\/\">REGULAMINIE<\/a><\/span><\/h4>\n\t\t\t\t\t\t\t<\/div>\n\t\t\n\t\t\n\t\t\t<\/div>\n\t<\/div>\n\t\t<\/div>\n\t<\/div>\n<\/div><\/div>\n\n<div class=\"fw-row\">\n\t<div id=\"column-69f1f56745aea\" class=\"fw-col-sm-12 tf-sh-d8675fc76ed7dcfd45250f325ee2fa3b\" >\n\t<div class=\"fw-wrap-col-inner clearfix\"   >\n\t\t\t\t<div class=\"fw-col-inner\">\n\t\t\t<div class=\"fw-divider-space  fw-custom-space  fw-mobile-hide-element clearfix\" style=\"height:110px;\" ><\/div>\t\t<\/div>\n\t<\/div>\n<\/div><\/div>\n\n\t<\/div>\n\t<\/section><section   class=\"fw-main-row-custom  auto  fw-section-position-back tf-sh-ab100399b3b181a9518168cf972c0096\"    >\n\t\t\t<div class=\"fw-container\" >\n\t\t<div class=\"fw-row\">\n\t<div id=\"column-69f1f5674630f\" class=\"fw-col-sm-6 tf-sh-e46f0f0375a1597f9956ae5d5eff4da1\" >\n\t<div class=\"fw-wrap-col-inner clearfix\"   >\n\t\t\t\t<div class=\"fw-col-inner\">\n\t\t\t<div class=\"fw-heading fw-heading-center  tf-sh-6c0e08ce1d5a5856234056d4cbb72eff\" >\n\t\t\t<h4 class=\"fw-special-title\">VOUCHER PREZENTOWY<\/h4>\n\t\n\t\n\t<\/div>\t<div class=\"fw-imagebox clearfix fw-imagebox-1 tf-sh-de40c5e281633643e9275315394b6640 text-left\"  style=\"\">\n\t\t\t\t\t\t\t\t\t\t<div class=\"fw-block-image-parent\" style=\"width: 100%;\">\n\t\t\t\t\t\t\t\t\t<div class=\"fw-block-image-child fw-ratio-16-9 fw-ratio-container\">\n\t\t\t\t\t\t<noscript itemscope itemtype=\"https:\/\/schema.org\/ImageObject\" itemprop=\"image\"><img decoding=\"async\" src=\"https:\/\/krainawetlina.pl\/wp-content\/uploads\/2023\/03\/voucher.jpg\"  alt=\"voucher\" data-maxdpr=\"1.7\" class=\"lazyload\" \/><meta itemprop=\"url\" content=\"https:\/\/krainawetlina.pl\/wp-content\/uploads\/2023\/03\/voucher.jpg\"><meta itemprop=\"width\" content=\"1047\"><meta itemprop=\"height\" content=\"798\"><\/noscript><img decoding=\"async\" src=\"data:image\/gif;base64,R0lGODlhAQABAIAAAAAAAP\/\/\/yH5BAEAAAAALAAAAAABAAEAAAIBRAA7\" data-sizes=\"auto\" data-srcset=\"https:\/\/krainawetlina.pl\/wp-content\/uploads\/2023\/03\/voucher-614x346.jpg 614w, https:\/\/krainawetlina.pl\/wp-content\/uploads\/2023\/03\/voucher-295x166.jpg 295w, https:\/\/krainawetlina.pl\/wp-content\/uploads\/2023\/03\/voucher-590x332.jpg 590w\"   alt=\"voucher\" data-maxdpr=\"1.7\" class=\"lazyload\" \/>\t\t\t\t\t<\/div>\n\t\t\t\t\t\t\t<\/div>\n\t\t\n\t<div class=\"fw-imagebox-aside\" style=\"padding-left:10px;padding-right:10px;\">\n\t\t\t\t\t<div class=\"fw-imagebox-title-wrap\">\n\t\t\t\t\t\t\t\t\t<h4 class=\"fw-imagebox-title\">Podaruj voucher na pobyt<br>w Krainie Wetlina<\/h4>\n\t\t\t\t\n\t\t\t\t\t\t\t\t\t<h4 class=\"fw-imagebox-subtitle\">Wyj\u0105tkowy prezent dla bliskiej Ci osoby.<\/h4>\n\t\t\t\t\t\t\t<\/div>\n\t\t\n\t\t\n\t\t<div class=\"fw-imagebox-btn text-left\">\n\t\t<a href=\"https:\/\/krainawetlina.pl\/en\/voucher\/\" target=\"_blank\" class=\"fw-btn fw-btn-full fw-btn-sm fw-btn-1\" style=\"\" >\n\t\t\t<span>\n\t\t\t\t\t\t\t\t\tKUP VOUCHER\t\t\t\t\t\t\t<\/span>\n\t\t<\/a>\n\t<\/div>\n\t\t<\/div>\n\t<\/div>\n\t\t<\/div>\n\t<\/div>\n<\/div><div id=\"column-69f1f5674716a\" class=\"fw-col-sm-6 tf-sh-bf662ec140f5f7984c055176a92f7193\" >\n\t<div class=\"fw-wrap-col-inner clearfix\"   >\n\t\t\t\t<div class=\"fw-col-inner\">\n\t\t\t<div class=\"fw-heading fw-heading-center  tf-sh-9094302f62b3abe6105118bf4433126c\" >\n\t\t\t<h4 class=\"fw-special-title\">PRACOKACJE<\/h4>\n\t\n\t\n\t<\/div>\t<div class=\"fw-imagebox clearfix fw-imagebox-1 tf-sh-0418993e195a577b748312b9c0f3df63 text-left\"  style=\"\">\n\t\t\t\t\t\t\t\t\t\t<div class=\"fw-block-image-parent\" style=\"width: 100%;\">\n\t\t\t\t\t\t\t\t\t<div class=\"fw-block-image-child fw-ratio-16-9 fw-ratio-container\">\n\t\t\t\t\t\t<noscript itemscope itemtype=\"https:\/\/schema.org\/ImageObject\" itemprop=\"image\"><img decoding=\"async\" src=\"https:\/\/krainawetlina.pl\/wp-content\/uploads\/2023\/03\/pracokacje-2.jpg\"  alt=\"pracokacje\" data-maxdpr=\"1.7\" class=\"lazyload\" \/><meta itemprop=\"url\" content=\"https:\/\/krainawetlina.pl\/wp-content\/uploads\/2023\/03\/pracokacje-2.jpg\"><meta itemprop=\"width\" content=\"1047\"><meta itemprop=\"height\" content=\"798\"><\/noscript><img decoding=\"async\" src=\"data:image\/gif;base64,R0lGODlhAQABAIAAAAAAAP\/\/\/yH5BAEAAAAALAAAAAABAAEAAAIBRAA7\" data-sizes=\"auto\" data-srcset=\"https:\/\/krainawetlina.pl\/wp-content\/uploads\/2023\/03\/pracokacje-2-614x346.jpg 614w, https:\/\/krainawetlina.pl\/wp-content\/uploads\/2023\/03\/pracokacje-2-295x166.jpg 295w, https:\/\/krainawetlina.pl\/wp-content\/uploads\/2023\/03\/pracokacje-2-590x332.jpg 590w\"   alt=\"pracokacje\" data-maxdpr=\"1.7\" class=\"lazyload\" \/>\t\t\t\t\t<\/div>\n\t\t\t\t\t\t\t<\/div>\n\t\t\n\t<div class=\"fw-imagebox-aside\" style=\"\">\n\t\t\t\t\t<div class=\"fw-imagebox-title-wrap\">\n\t\t\t\t\t\t\t\t\t<h4 class=\"fw-imagebox-title\">A mo\u017ce by tak rzuci\u0107 wszystko... i popracowa\u0107 z Bieszczad?<\/h4>\n\t\t\t\t\n\t\t\t\t\t\t\t\t\t<h4 class=\"fw-imagebox-subtitle\">Zabierz ze sob\u0105 laptop i przyjed\u017a w Bieszczady!<\/h4>\n\t\t\t\t\t\t\t<\/div>\n\t\t\n\t\t\n\t\t<div class=\"fw-imagebox-btn text-left\">\n\t\t<a href=\"https:\/\/krainawetlina.pl\/en\/pracokacje\/\" target=\"_blank\" class=\"fw-btn fw-btn-full fw-btn-sm fw-btn-1\" style=\"\" >\n\t\t\t<span>\n\t\t\t\t\t\t\t\t\tDOWIEDZ SI\u0118 WI\u0118CEJ\t\t\t\t\t\t\t<\/span>\n\t\t<\/a>\n\t<\/div>\n\t\t<\/div>\n\t<\/div>\n\t\t<\/div>\n\t<\/div>\n<\/div><\/div>\n\n\t<\/div>\n\t<\/section><section   class=\"fw-main-row-custom fw-section-no-padding  auto  fw-section-position-back tf-sh-5d3367d9ddb0e6e573ad08a89a22dc87\"  style=\" background-color:#ebebeb;\"  >\n\t\t\t<div class=\"fw-container\" >\n\t\t<div class=\"fw-row\">\n\t<div id=\"column-69f1f567482a0\" class=\"fw-col-sm-12 tf-sh-32ebc5979a350366b5d8a5e411ff3caa\" >\n\t<div class=\"fw-wrap-col-inner clearfix\"   >\n\t\t\t\t<div class=\"fw-col-inner\">\n\t\t\t<div class=\"fw-divider-space  fw-custom-space  fw-mobile-hide-element clearfix\" style=\"height:60px;\" ><\/div>\t\t<\/div>\n\t<\/div>\n<\/div><\/div>\n\n<div class=\"fw-row\">\n\t<div id=\"column-69f1f56748690\" class=\"fw-col-sm-12 tf-sh-3679ca898835bc5f50ce9b58d89cc2bf rooms-tab-slider fw-animated-element\" data-animation-type=\"fadeInUp\" data-animation-delay=\"300\">\n\t<div class=\"fw-wrap-col-inner clearfix\"   >\n\t\t\t\t<div class=\"fw-col-inner\">\n\t\t\t<div class=\"tf-sh-bdcfda5ac6f31afc7024010ccf147edb fw-tabs-slider owl-loaded owl-carousel owl-theme\"  data-id=\"tf-sh-bdcfda5ac6f31afc7024010ccf147edb\">\n\t\n\t<!-- Tabs Slider Nav -->\n\t\t\t<ul class=\"fw-tabs-slider-nav owl-dots fw-tabs-slider-nav-center\">\n\t\t\t<li class=\"owl-dot active tf-sh-bdcfda5ac6f31afc7024010ccf147edb-0\"><img decoding=\"async\" src=\"\/\/krainawetlina.pl\/wp-content\/uploads\/2017\/03\/deluxe-villa.png\" alt=\"APARTAMENTY <br>DWUPOZIOMOWE\" \/><span class=\"fw-tabs-slider-nav-title\">APARTMENTS <br>SPLIT-LEVEL<\/span><\/li><li class=\"owl-dot  tf-sh-bdcfda5ac6f31afc7024010ccf147edb-1\"><img decoding=\"async\" src=\"\/\/krainawetlina.pl\/wp-content\/uploads\/2017\/03\/suite-patio.png\" alt=\"DOMKI<br>Z TARASEM\" \/><span class=\"fw-tabs-slider-nav-title\">CHALETS<br>WITH TERRACE<\/span><\/li><li class=\"owl-dot  tf-sh-bdcfda5ac6f31afc7024010ccf147edb-2\"><img decoding=\"async\" src=\"\/\/krainawetlina.pl\/wp-content\/uploads\/2017\/03\/double-room.png\" alt=\"APARTAMENT <br>Z 1 SYPIALNI\u0104\" \/><span class=\"fw-tabs-slider-nav-title\">APARTMENT <br>WITH ONE BEDROOM<\/span><\/li>\t\t<\/ul>\n\t\n\t<!-- Items Content -->\n\t<div id=\"tf-sh-bdcfda5ac6f31afc7024010ccf147edb\" class=\"fw-tabs-slider-content-wrap\">\n\t\t<div class=\"item clearfix fw-tabs-slider-media-right active tf-sh-bdcfda5ac6f31afc7024010ccf147edb-0\" style=\"background-color: #ffffff\"><div class=\"fw-tabs-slider-media fw-block-image-parent\"><div class=\"fw-block-image-child fw-ratio-3-2 fw-ratio-container\"><noscript itemscope itemtype=\"https:\/\/schema.org\/ImageObject\" itemprop=\"image\"><img decoding=\"async\" src=\"https:\/\/krainawetlina.pl\/wp-content\/uploads\/2020\/04\/Kraina-Wetlina-domki-i-apartamenty-w-Bieszczadach-235.jpg\"  alt=\"Kraina Wetlina - domki i apartamenty w Bieszczadach\" data-maxdpr=\"1.7\" class=\"lazyload\" \/><meta itemprop=\"url\" content=\"https:\/\/krainawetlina.pl\/wp-content\/uploads\/2020\/04\/Kraina-Wetlina-domki-i-apartamenty-w-Bieszczadach-235.jpg\"><meta itemprop=\"width\" content=\"1350\"><meta itemprop=\"height\" content=\"901\"><\/noscript><img decoding=\"async\" src=\"data:image\/gif;base64,R0lGODlhAQABAIAAAAAAAP\/\/\/yH5BAEAAAAALAAAAAABAAEAAAIBRAA7\" data-sizes=\"auto\" data-srcset=\"https:\/\/krainawetlina.pl\/wp-content\/uploads\/2020\/04\/Kraina-Wetlina-domki-i-apartamenty-w-Bieszczadach-235-300x200.jpg 300w, https:\/\/krainawetlina.pl\/wp-content\/uploads\/2020\/04\/Kraina-Wetlina-domki-i-apartamenty-w-Bieszczadach-235-1024x683.jpg 1024w, https:\/\/krainawetlina.pl\/wp-content\/uploads\/2020\/04\/Kraina-Wetlina-domki-i-apartamenty-w-Bieszczadach-235-768x513.jpg 768w, https:\/\/krainawetlina.pl\/wp-content\/uploads\/2020\/04\/Kraina-Wetlina-domki-i-apartamenty-w-Bieszczadach-235-600x400.jpg 600w, https:\/\/krainawetlina.pl\/wp-content\/uploads\/2020\/04\/Kraina-Wetlina-domki-i-apartamenty-w-Bieszczadach-235-1200x800.jpg 1200w, https:\/\/krainawetlina.pl\/wp-content\/uploads\/2020\/04\/Kraina-Wetlina-domki-i-apartamenty-w-Bieszczadach-235.jpg 1350w\"   alt=\"Kraina Wetlina - domki i apartamenty w Bieszczadach\" data-maxdpr=\"1.7\" class=\"lazyload\" \/><\/div><\/div><div class=\"fw-tabs-slider-content fw-tabs-slider-content-align fw-tabs-slider-content-align-left\"><div class=\"fw-tabs-slider-content-inner-wrap\"><div class=\"fw-tabs-slider-content-inner\"><h3 class=\"fw-tabs-slider-title\">Split-level apartments <span style=\"float:right;text-align:right;font-size:24px; letter-spacing:1px; line-height:34px; color:#3b3e43; \">od 520 z\u0142<\/span><\/h3><div class=\"fw-tabs-slider-description\"><p>&nbsp;<\/p><p>Ka\u017cdy z dw\u00f3ch apartament\u00f3w sk\u0142ada si\u0119 z otwartego na kuchni\u0119 salonu wychodz\u0105cego na drewniany, szeroki taras oraz z cz\u0119\u015bci sypialnej na pi\u0119trze. Widok na po\u0142oniny oraz wydzielony ogr\u00f3d to dodatkowy atut szczeg\u00f3lnie dla rodzin lub grup przyjaci\u00f3\u0142.<\/p><\/div><div class=\"text-left\">\t<a href=\"https:\/\/krainawetlina.pl\/en\/apartamenty\/\" target=\"_self\" class=\"fw-btn tf-sh-7e4bddab109354a53a8c082d6ecc0974  fw-btn-sm   fw-btn-4\"  style=\"\">\n\t\t<span >\n\t\t\tSEE MORE DETAILS &gt;\t\t<\/span>\n\t<\/a>\n<\/div><\/div><\/div><\/div><\/div><div class=\"item clearfix fw-tabs-slider-media-left  tf-sh-bdcfda5ac6f31afc7024010ccf147edb-1\" style=\"background-color: #ffffff\"><div class=\"fw-tabs-slider-media fw-block-image-parent\"><div class=\"fw-block-image-child fw-ratio-3-2 fw-ratio-container\"><noscript itemscope itemtype=\"https:\/\/schema.org\/ImageObject\" itemprop=\"image\"><img decoding=\"async\" src=\"https:\/\/krainawetlina.pl\/wp-content\/uploads\/2020\/03\/Kraina-Wetlina-domki-i-apartamenty-w-Bieszczadach-280.jpg\"  alt=\"Kraina Wetlina Bieszczady domki i apartamenty, nocleg w g\u00f3rach, na wynajem, domek\" data-maxdpr=\"1.7\" class=\"lazyload\" \/><meta itemprop=\"url\" content=\"https:\/\/krainawetlina.pl\/wp-content\/uploads\/2020\/03\/Kraina-Wetlina-domki-i-apartamenty-w-Bieszczadach-280.jpg\"><meta itemprop=\"width\" content=\"1350\"><meta itemprop=\"height\" content=\"900\"><\/noscript><img decoding=\"async\" src=\"data:image\/gif;base64,R0lGODlhAQABAIAAAAAAAP\/\/\/yH5BAEAAAAALAAAAAABAAEAAAIBRAA7\" data-sizes=\"auto\" data-srcset=\"https:\/\/krainawetlina.pl\/wp-content\/uploads\/2020\/03\/Kraina-Wetlina-domki-i-apartamenty-w-Bieszczadach-280-300x200.jpg 300w, https:\/\/krainawetlina.pl\/wp-content\/uploads\/2020\/03\/Kraina-Wetlina-domki-i-apartamenty-w-Bieszczadach-280-1024x683.jpg 1024w, https:\/\/krainawetlina.pl\/wp-content\/uploads\/2020\/03\/Kraina-Wetlina-domki-i-apartamenty-w-Bieszczadach-280-768x512.jpg 768w, https:\/\/krainawetlina.pl\/wp-content\/uploads\/2020\/03\/Kraina-Wetlina-domki-i-apartamenty-w-Bieszczadach-280-600x400.jpg 600w, https:\/\/krainawetlina.pl\/wp-content\/uploads\/2020\/03\/Kraina-Wetlina-domki-i-apartamenty-w-Bieszczadach-280-1200x800.jpg 1200w, https:\/\/krainawetlina.pl\/wp-content\/uploads\/2020\/03\/Kraina-Wetlina-domki-i-apartamenty-w-Bieszczadach-280.jpg 1350w\"   alt=\"Kraina Wetlina Bieszczady domki i apartamenty, nocleg w g\u00f3rach, na wynajem, domek\" data-maxdpr=\"1.7\" class=\"lazyload\" \/><\/div><\/div><div class=\"fw-tabs-slider-content fw-tabs-slider-content-align fw-tabs-slider-content-align-left\"><div class=\"fw-tabs-slider-content-inner-wrap\"><div class=\"fw-tabs-slider-content-inner\"><h3 class=\"fw-tabs-slider-title\">Chalets with terrace <span style=\"float:right;text-align:right;font-size:24px; letter-spacing:1px; line-height:34px; color:#3b3e43; \">od 520 z\u0142<\/span><\/h3><div class=\"fw-tabs-slider-description\"><p>&nbsp;<\/p><p>Urocze domki z kamiennymi tarasami, drewnianymi belkami pod sufitem i antresol\u0105, tworz\u0105 wyj\u0105tkow\u0105 przestrze\u0144 na noclegowej mapie Bieszczad i stanowi\u0105 idealne zakwaterowanie dla rodziny lub grupy przyjaci\u00f3\u0142.<\/p><\/div><div class=\"text-left\">\t<a href=\"https:\/\/krainawetlina.pl\/en\/apartamenty\/\" target=\"_self\" class=\"fw-btn tf-sh-f5f90a500591a2a731b155d97d3268d1  fw-btn-sm   fw-btn-4\"  style=\"\">\n\t\t<span >\n\t\t\tSEE MORE DETAILS &gt;\t\t<\/span>\n\t<\/a>\n<\/div><\/div><\/div><\/div><\/div><div class=\"item clearfix fw-tabs-slider-media-right  tf-sh-bdcfda5ac6f31afc7024010ccf147edb-2\" style=\"background-color: #ffffff\"><div class=\"fw-tabs-slider-media fw-block-image-parent\"><div class=\"fw-block-image-child fw-ratio-3-2 fw-ratio-container\"><noscript itemscope itemtype=\"https:\/\/schema.org\/ImageObject\" itemprop=\"image\"><img decoding=\"async\" src=\"https:\/\/krainawetlina.pl\/wp-content\/uploads\/2020\/04\/Kraina-Wetlina-domki-i-apartamenty-w-Bieszczadach-247.jpg\"  alt=\"Kraina Wetlina &#8211; domki i apartamenty w Bieszczadach 247\" data-maxdpr=\"1.7\" class=\"lazyload\" \/><meta itemprop=\"url\" content=\"https:\/\/krainawetlina.pl\/wp-content\/uploads\/2020\/04\/Kraina-Wetlina-domki-i-apartamenty-w-Bieszczadach-247.jpg\"><meta itemprop=\"width\" content=\"1350\"><meta itemprop=\"height\" content=\"901\"><\/noscript><img decoding=\"async\" src=\"data:image\/gif;base64,R0lGODlhAQABAIAAAAAAAP\/\/\/yH5BAEAAAAALAAAAAABAAEAAAIBRAA7\" data-sizes=\"auto\" data-srcset=\"https:\/\/krainawetlina.pl\/wp-content\/uploads\/2020\/04\/Kraina-Wetlina-domki-i-apartamenty-w-Bieszczadach-247-300x200.jpg 300w, https:\/\/krainawetlina.pl\/wp-content\/uploads\/2020\/04\/Kraina-Wetlina-domki-i-apartamenty-w-Bieszczadach-247-1024x683.jpg 1024w, https:\/\/krainawetlina.pl\/wp-content\/uploads\/2020\/04\/Kraina-Wetlina-domki-i-apartamenty-w-Bieszczadach-247-768x513.jpg 768w, https:\/\/krainawetlina.pl\/wp-content\/uploads\/2020\/04\/Kraina-Wetlina-domki-i-apartamenty-w-Bieszczadach-247-600x400.jpg 600w, https:\/\/krainawetlina.pl\/wp-content\/uploads\/2020\/04\/Kraina-Wetlina-domki-i-apartamenty-w-Bieszczadach-247-1200x800.jpg 1200w, https:\/\/krainawetlina.pl\/wp-content\/uploads\/2020\/04\/Kraina-Wetlina-domki-i-apartamenty-w-Bieszczadach-247.jpg 1350w\"   alt=\"Kraina Wetlina &#8211; domki i apartamenty w Bieszczadach 247\" data-maxdpr=\"1.7\" class=\"lazyload\" \/><\/div><\/div><div class=\"fw-tabs-slider-content fw-tabs-slider-content-align fw-tabs-slider-content-align-left\"><div class=\"fw-tabs-slider-content-inner-wrap\"><div class=\"fw-tabs-slider-content-inner\"><h3 class=\"fw-tabs-slider-title\">Apartment <br>with one bedroom <span style=\"float:right;text-align:right;font-size:24px; letter-spacing:1px; line-height:34px; color:#3b3e43; \">od 360 z\u0142<\/span><\/h3><div class=\"fw-tabs-slider-description\"><p>&nbsp;<\/p><p>Komfortowy apartament z jedn\u0105, oddzieln\u0105 sypialni\u0105<br \/>i salonem otwartym na kuchni\u0119 to idealne rozwi\u0105zanie dla pary, rodziny z dzie\u0107mi lub dobrych znajomych.<\/p><\/div><div class=\"text-left\">\t<a href=\"https:\/\/krainawetlina.pl\/en\/apartamenty\/\" target=\"_self\" class=\"fw-btn tf-sh-57741e780a20f36434e78938fdece2d8  fw-btn-sm   fw-btn-4\"  style=\"\">\n\t\t<span >\n\t\t\tSEE MORE DETAILS &gt;\t\t<\/span>\n\t<\/a>\n<\/div><\/div><\/div><\/div><\/div>\t<\/div><!-- \/.fw-tabs-slider-content-wrap -->\n<\/div><!-- \/.fw-tabs-slider -->\t\t<\/div>\n\t<\/div>\n<\/div><\/div>\n\n<div class=\"fw-row\">\n\t<div id=\"column-69f1f5674a79b\" class=\"fw-col-sm-12 tf-sh-c468c1042d21dee7fcd7f184a1cdee5c  fw-animated-element\" data-animation-type=\"fadeInUp\" data-animation-delay=\"300\">\n\t<div class=\"fw-wrap-col-inner clearfix\"   >\n\t\t\t\t<div class=\"fw-col-inner\">\n\t\t\t<div class=\"fw-divider-space  fw-custom-space  fw-mobile-hide-element clearfix\" style=\"height:65px;\" ><\/div><div class=\"fw-text-box tf-sh-2b56c06e249e7b5046bff71e58c3bc1c\" >\n\t<div class=\"fw-text-inner\">\n\t\t<p style=\"text-align: center;\"><img decoding=\"async\" style=\"width: 16px; height: 16px;\" src=\"https:\/\/krainawetlina.pl\/wp-content\/uploads\/2017\/03\/info-icon.png\" \/>\u00a0 przegl\u0105daj poszczeg\u00f3lne apartamenty klikaj\u0105c w ikony powy\u017cej<\/p>\n\t<\/div>\n<\/div><div class=\"fw-divider-space  fw-custom-space  fw-mobile-hide-element clearfix\" style=\"height:65px;\" ><\/div>\t\t<\/div>\n\t<\/div>\n<\/div><\/div>\n\n\t<\/div>\n\t<\/section><\/p>","protected":false},"excerpt":{"rendered":"<p>ZAREZERWUJ TERAZ CENNIK Oferta Zapraszamy do zapoznania si\u0119 z og\u00f3lnym cennikiem wynajmu a tak\u017ce kr\u00f3tkim opisem rodzaj\u00f3w dost\u0119pnych apartament\u00f3w i domk\u00f3w.Ze szczeg\u00f3\u0142ow\u0105 ofert\u0105 i aktualnymi promocjami sezonowymi mo\u017cna zapozna\u0107 si\u0119 po wyborze terminu w kalendarzu dost\u0119pno\u015bci w zak\u0142adce Rezerwacja . Standardowy cennik CA\u0141OROCZNY &#8211; Cena za dob\u0119 Obowi\u0105zuje w dni, kt\u00f3re nie s\u0105 wyszczeg\u00f3lnione w [&hellip;]<\/p>","protected":false},"author":1,"featured_media":0,"parent":0,"menu_order":0,"comment_status":"closed","ping_status":"closed","template":"visual-builder-template.php","meta":{"_monsterinsights_skip_tracking":false,"_monsterinsights_sitenote_active":false,"_monsterinsights_sitenote_note":"","_monsterinsights_sitenote_category":0,"footnotes":""},"class_list":["post-8","page","type-page","status-publish","hentry"],"yoast_head":"<!-- This site is optimized with the Yoast SEO plugin v26.9 - https:\/\/yoast.com\/product\/yoast-seo-wordpress\/ -->\n<title>Kraina Wetlina - Oferta - Wyj\u0105tkowy urlop w Bieszczadach<\/title>\n<meta name=\"description\" content=\"Aktualny cennik wynajmu. Niezwyk\u0142e noclegi w Bieszczadach. Kraina Wetlina oferuje komfortowe i harmonijnie urz\u0105dzone apartamenty i domki na wynajem.\" \/>\n<meta name=\"robots\" content=\"index, follow, max-snippet:-1, max-image-preview:large, max-video-preview:-1\" \/>\n<link rel=\"canonical\" href=\"https:\/\/krainawetlina.pl\/en\/oferta\/\" \/>\n<meta property=\"og:locale\" content=\"en_US\" \/>\n<meta property=\"og:type\" content=\"article\" \/>\n<meta property=\"og:title\" content=\"Kraina Wetlina - Oferta - Wyj\u0105tkowy urlop w Bieszczadach\" \/>\n<meta property=\"og:description\" content=\"Aktualny cennik wynajmu. Niezwyk\u0142e noclegi w Bieszczadach. Kraina Wetlina oferuje komfortowe i harmonijnie urz\u0105dzone apartamenty i domki na wynajem.\" \/>\n<meta property=\"og:url\" content=\"https:\/\/krainawetlina.pl\/en\/oferta\/\" \/>\n<meta property=\"og:site_name\" content=\"Kraina Wetlina\" \/>\n<meta property=\"article:publisher\" content=\"https:\/\/www.facebook.com\/krainawetlina\" \/>\n<meta property=\"article:modified_time\" content=\"2025-12-01T19:36:07+00:00\" \/>\n<meta property=\"og:image\" content=\"https:\/\/krainawetlina.pl\/wp-content\/uploads\/2020\/03\/Kraina-Wetlina-domki-i-apartamenty-w-Bieszczadach-275b.jpg\" \/>\n\t<meta property=\"og:image:width\" content=\"1350\" \/>\n\t<meta property=\"og:image:height\" content=\"935\" \/>\n\t<meta property=\"og:image:type\" content=\"image\/jpeg\" \/>\n<meta name=\"twitter:card\" content=\"summary_large_image\" \/>\n<meta name=\"twitter:label1\" content=\"Est. reading time\" \/>\n\t<meta name=\"twitter:data1\" content=\"6 minutes\" \/>\n<script type=\"application\/ld+json\" class=\"yoast-schema-graph\">{\"@context\":\"https:\/\/schema.org\",\"@graph\":[{\"@type\":\"WebPage\",\"@id\":\"https:\/\/krainawetlina.pl\/oferta\/\",\"url\":\"https:\/\/krainawetlina.pl\/oferta\/\",\"name\":\"Kraina Wetlina - Oferta - Wyj\u0105tkowy urlop w Bieszczadach\",\"isPartOf\":{\"@id\":\"https:\/\/krainawetlina.pl\/pl\/#website\"},\"primaryImageOfPage\":{\"@id\":\"https:\/\/krainawetlina.pl\/oferta\/#primaryimage\"},\"image\":{\"@id\":\"https:\/\/krainawetlina.pl\/oferta\/#primaryimage\"},\"thumbnailUrl\":\"https:\/\/krainawetlina.pl\/wp-content\/uploads\/2023\/03\/voucher.jpg\",\"datePublished\":\"2017-03-15T11:23:44+00:00\",\"dateModified\":\"2025-12-01T19:36:07+00:00\",\"description\":\"Aktualny cennik wynajmu. Niezwyk\u0142e noclegi w Bieszczadach. Kraina Wetlina oferuje komfortowe i harmonijnie urz\u0105dzone apartamenty i domki na wynajem.\",\"breadcrumb\":{\"@id\":\"https:\/\/krainawetlina.pl\/oferta\/#breadcrumb\"},\"inLanguage\":\"en-US\",\"potentialAction\":[{\"@type\":\"ReadAction\",\"target\":[\"https:\/\/krainawetlina.pl\/oferta\/\"]}]},{\"@type\":\"ImageObject\",\"inLanguage\":\"en-US\",\"@id\":\"https:\/\/krainawetlina.pl\/oferta\/#primaryimage\",\"url\":\"https:\/\/krainawetlina.pl\/wp-content\/uploads\/2023\/03\/voucher.jpg\",\"contentUrl\":\"https:\/\/krainawetlina.pl\/wp-content\/uploads\/2023\/03\/voucher.jpg\"},{\"@type\":\"BreadcrumbList\",\"@id\":\"https:\/\/krainawetlina.pl\/oferta\/#breadcrumb\",\"itemListElement\":[{\"@type\":\"ListItem\",\"position\":1,\"name\":\"Strona g\u0142\u00f3wna\",\"item\":\"https:\/\/krainawetlina.pl\/\"},{\"@type\":\"ListItem\",\"position\":2,\"name\":\"OFERTA\"}]},{\"@type\":\"WebSite\",\"@id\":\"https:\/\/krainawetlina.pl\/pl\/#website\",\"url\":\"https:\/\/krainawetlina.pl\/pl\/\",\"name\":\"Kraina Wetlina\",\"description\":\"Apartamenty w Bieszczadach\",\"publisher\":{\"@id\":\"https:\/\/krainawetlina.pl\/pl\/#organization\"},\"potentialAction\":[{\"@type\":\"SearchAction\",\"target\":{\"@type\":\"EntryPoint\",\"urlTemplate\":\"https:\/\/krainawetlina.pl\/pl\/?s={search_term_string}\"},\"query-input\":{\"@type\":\"PropertyValueSpecification\",\"valueRequired\":true,\"valueName\":\"search_term_string\"}}],\"inLanguage\":\"en-US\"},{\"@type\":\"Organization\",\"@id\":\"https:\/\/krainawetlina.pl\/pl\/#organization\",\"name\":\"Kraina Wetlina\",\"url\":\"https:\/\/krainawetlina.pl\/pl\/\",\"logo\":{\"@type\":\"ImageObject\",\"inLanguage\":\"en-US\",\"@id\":\"https:\/\/krainawetlina.pl\/pl\/#\/schema\/logo\/image\/\",\"url\":\"https:\/\/krainawetlina.pl\/wp-content\/uploads\/2018\/06\/Kraina-Wetlina-logo2x2.png\",\"contentUrl\":\"https:\/\/krainawetlina.pl\/wp-content\/uploads\/2018\/06\/Kraina-Wetlina-logo2x2.png\",\"width\":1157,\"height\":1157,\"caption\":\"Kraina Wetlina\"},\"image\":{\"@id\":\"https:\/\/krainawetlina.pl\/pl\/#\/schema\/logo\/image\/\"},\"sameAs\":[\"https:\/\/www.facebook.com\/krainawetlina\",\"http:\/\/instagram.com\/krainawetlina\"]}]}<\/script>\n<!-- \/ Yoast SEO plugin. -->","yoast_head_json":{"title":"Kraina Wetlina - Oferta - Wyj\u0105tkowy urlop w Bieszczadach","description":"Aktualny cennik wynajmu. Niezwyk\u0142e noclegi w Bieszczadach. Kraina Wetlina oferuje komfortowe i harmonijnie urz\u0105dzone apartamenty i domki na wynajem.","robots":{"index":"index","follow":"follow","max-snippet":"max-snippet:-1","max-image-preview":"max-image-preview:large","max-video-preview":"max-video-preview:-1"},"canonical":"https:\/\/krainawetlina.pl\/en\/oferta\/","og_locale":"en_US","og_type":"article","og_title":"Kraina Wetlina - Oferta - Wyj\u0105tkowy urlop w Bieszczadach","og_description":"Aktualny cennik wynajmu. Niezwyk\u0142e noclegi w Bieszczadach. Kraina Wetlina oferuje komfortowe i harmonijnie urz\u0105dzone apartamenty i domki na wynajem.","og_url":"https:\/\/krainawetlina.pl\/en\/oferta\/","og_site_name":"Kraina Wetlina","article_publisher":"https:\/\/www.facebook.com\/krainawetlina","article_modified_time":"2025-12-01T19:36:07+00:00","og_image":[{"width":1350,"height":935,"url":"https:\/\/krainawetlina.pl\/wp-content\/uploads\/2020\/03\/Kraina-Wetlina-domki-i-apartamenty-w-Bieszczadach-275b.jpg","type":"image\/jpeg"}],"twitter_card":"summary_large_image","twitter_misc":{"Est. reading time":"6 minutes"},"schema":{"@context":"https:\/\/schema.org","@graph":[{"@type":"WebPage","@id":"https:\/\/krainawetlina.pl\/oferta\/","url":"https:\/\/krainawetlina.pl\/oferta\/","name":"Kraina Wetlina - Oferta - Wyj\u0105tkowy urlop w Bieszczadach","isPartOf":{"@id":"https:\/\/krainawetlina.pl\/pl\/#website"},"primaryImageOfPage":{"@id":"https:\/\/krainawetlina.pl\/oferta\/#primaryimage"},"image":{"@id":"https:\/\/krainawetlina.pl\/oferta\/#primaryimage"},"thumbnailUrl":"https:\/\/krainawetlina.pl\/wp-content\/uploads\/2023\/03\/voucher.jpg","datePublished":"2017-03-15T11:23:44+00:00","dateModified":"2025-12-01T19:36:07+00:00","description":"Aktualny cennik wynajmu. Niezwyk\u0142e noclegi w Bieszczadach. Kraina Wetlina oferuje komfortowe i harmonijnie urz\u0105dzone apartamenty i domki na wynajem.","breadcrumb":{"@id":"https:\/\/krainawetlina.pl\/oferta\/#breadcrumb"},"inLanguage":"en-US","potentialAction":[{"@type":"ReadAction","target":["https:\/\/krainawetlina.pl\/oferta\/"]}]},{"@type":"ImageObject","inLanguage":"en-US","@id":"https:\/\/krainawetlina.pl\/oferta\/#primaryimage","url":"https:\/\/krainawetlina.pl\/wp-content\/uploads\/2023\/03\/voucher.jpg","contentUrl":"https:\/\/krainawetlina.pl\/wp-content\/uploads\/2023\/03\/voucher.jpg"},{"@type":"BreadcrumbList","@id":"https:\/\/krainawetlina.pl\/oferta\/#breadcrumb","itemListElement":[{"@type":"ListItem","position":1,"name":"Strona g\u0142\u00f3wna","item":"https:\/\/krainawetlina.pl\/"},{"@type":"ListItem","position":2,"name":"OFERTA"}]},{"@type":"WebSite","@id":"https:\/\/krainawetlina.pl\/pl\/#website","url":"https:\/\/krainawetlina.pl\/pl\/","name":"Kraina Wetlina","description":"Apartamenty w Bieszczadach","publisher":{"@id":"https:\/\/krainawetlina.pl\/pl\/#organization"},"potentialAction":[{"@type":"SearchAction","target":{"@type":"EntryPoint","urlTemplate":"https:\/\/krainawetlina.pl\/pl\/?s={search_term_string}"},"query-input":{"@type":"PropertyValueSpecification","valueRequired":true,"valueName":"search_term_string"}}],"inLanguage":"en-US"},{"@type":"Organization","@id":"https:\/\/krainawetlina.pl\/pl\/#organization","name":"Kraina Wetlina","url":"https:\/\/krainawetlina.pl\/pl\/","logo":{"@type":"ImageObject","inLanguage":"en-US","@id":"https:\/\/krainawetlina.pl\/pl\/#\/schema\/logo\/image\/","url":"https:\/\/krainawetlina.pl\/wp-content\/uploads\/2018\/06\/Kraina-Wetlina-logo2x2.png","contentUrl":"https:\/\/krainawetlina.pl\/wp-content\/uploads\/2018\/06\/Kraina-Wetlina-logo2x2.png","width":1157,"height":1157,"caption":"Kraina Wetlina"},"image":{"@id":"https:\/\/krainawetlina.pl\/pl\/#\/schema\/logo\/image\/"},"sameAs":["https:\/\/www.facebook.com\/krainawetlina","http:\/\/instagram.com\/krainawetlina"]}]}},"brizy_media":[],"_links":{"self":[{"href":"https:\/\/krainawetlina.pl\/en\/wp-json\/wp\/v2\/pages\/8","targetHints":{"allow":["GET"]}}],"collection":[{"href":"https:\/\/krainawetlina.pl\/en\/wp-json\/wp\/v2\/pages"}],"about":[{"href":"https:\/\/krainawetlina.pl\/en\/wp-json\/wp\/v2\/types\/page"}],"author":[{"embeddable":true,"href":"https:\/\/krainawetlina.pl\/en\/wp-json\/wp\/v2\/users\/1"}],"replies":[{"embeddable":true,"href":"https:\/\/krainawetlina.pl\/en\/wp-json\/wp\/v2\/comments?post=8"}],"version-history":[{"count":0,"href":"https:\/\/krainawetlina.pl\/en\/wp-json\/wp\/v2\/pages\/8\/revisions"}],"wp:attachment":[{"href":"https:\/\/krainawetlina.pl\/en\/wp-json\/wp\/v2\/media?parent=8"}],"curies":[{"name":"wp","href":"https:\/\/api.w.org\/{rel}","templated":true}]}}