{"id":2126,"date":"2023-03-05T23:14:42","date_gmt":"2023-03-05T22:14:42","guid":{"rendered":"https:\/\/krainawetlina.pl\/?page_id=2126"},"modified":"2024-12-15T19:43:54","modified_gmt":"2024-12-15T18:43:54","slug":"pracokacje","status":"publish","type":"page","link":"https:\/\/krainawetlina.pl\/en\/pracokacje\/","title":{"rendered":"PRACOKACJE"},"content":{"rendered":"<p><section   class=\"fw-main-row-custom fw-main-row-top  fw_theme_bg_fw-custom fw-section-image fw-section-height-sm  fw-section-position-back tf-sh-36bc16d4c2afc16a50f1942c6855484a\"  style=\" background-image:url(https:\/\/krainawetlina.pl\/wp-content\/uploads\/2023\/03\/KW-pracokacje-2-scaled.jpg); background-repeat: no-repeat; background-position: center center; background-size: cover;\"  >\n\t\t\t<div class=\"fw-container-fluid\" >\n\t\t<div class=\"fw-row\">\n\t<div id=\"column-69f1f39e57339\" class=\"fw-col-sm-12 tf-sh-a3cf1812911b77b704e6492c16c3f8a5\" >\n\t<div class=\"fw-wrap-col-inner clearfix\"   >\n\t\t\t\t<div class=\"fw-col-inner\">\n\t\t\t\t\t<\/div>\n\t<\/div>\n<\/div><\/div>\n\n\t<\/div>\n\t<\/section><section   class=\"fw-main-row-custom  auto  fw-section-position-back tf-sh-5b37cb3871219e456273911b303f6c7e\"  style=\" background-color:#ebebeb;\"  >\n\t\t\t<div class=\"fw-container\" >\n\t\t<div class=\"fw-row\">\n\t<div id=\"column-69f1f39e57b40\" class=\"fw-col-sm-8 tf-sh-15287e1459e802c89ebdd197cd4827be\" >\n\t<div class=\"fw-wrap-col-inner clearfix\"   >\n\t\t\t\t<div class=\"fw-col-inner\">\n\t\t\t<div class=\"fw-heading fw-heading-left  fw-heading-with-subtitle tf-sh-0d227c20e39eb7c9234806394ef5fc68\" >\n\t\t\t<h2 class=\"fw-special-title\">Pracokacje w Krainie Wetlina<\/h2>\n\t\n\t\n\t\t\t<div class=\"fw-special-subtitle\">Zabierzcie ze sob\u0105 laptoptopy i przyjed\u017acie popracowa\u0107 zdalnie z Bieszczad!<\/div>\n\t<\/div><div class=\"fw-divider-space space-sm  clearfix\"  ><\/div><div class=\"fw-text-box tf-sh-c74e7005c7c07ef8936675c33d55b424\" >\n\t<div class=\"fw-text-inner\">\n\t\t<p><strong>My\u015blicie o zmianie otoczenia? Podrzucamy Wam ide\u0119: pracokacje z widokiem na po\u0142oniny!<\/strong><\/p>\n<p>Zamiast pracy w biurze czy z domu mamy dla Was trzeci\u0105 opcj\u0119: workation w Bieszczadach! Zabierzcie ze sob\u0105 przyjaci\u00f3\u0142, rodzin\u0119 lub sw\u00f3j zesp\u00f3\u0142 i wpadajcie popracowa\u0107 zdalnie do Krainy Wetlina.<\/p>\n<p>Zalety:<\/p>\n<ul>\n<li><span class=\"HwtZe\" lang=\"pl\"><span class=\"jCAhz ChMk0b\"><span class=\"ryNqvb\">Zmiana \u015brodowiska i zwi\u0119kszona motywacja do dzia\u0142ania. W Bieszczadach nie bez przyczyny zbieraj\u0105 si\u0119 same otwarte i kreatywne g\u0142owy!<\/span><\/span> <\/span><\/li>\n<li><span class=\"HwtZe\" lang=\"pl\"><span class=\"jCAhz ChMk0b\"><span class=\"ryNqvb\">Poprawa samopoczucia a w po\u0142\u0105czeniu ze spacerami czy wyj\u015bciem na szlaki <\/span><\/span>r\u00f3wnie\u017c kondycji fizycznej. Naszym zdaniem ka\u017cdy zas\u0142uguje na oderwanie si\u0119 od biurka i wyj\u015bcie w las! <\/span><\/li>\n<li><span class=\"HwtZe\" lang=\"pl\"><span class=\"jCAhz ChMk0b\"><span class=\"ryNqvb\">Wzmocnienie relacji. Bieszczadzki teamwork? Podzia\u0142 na tych kt\u00f3rzy chodz\u0105 po drewno i tych kt\u00f3rzy rozpalaj\u0105 w kominku. <\/span><\/span><\/span><\/li>\n<li><span class=\"HwtZe\" lang=\"pl\"><span class=\"jCAhz ChMk0b\"><span class=\"ryNqvb\">Centralne ogrzewanie pod\u0142ogowe - to na wypadek gdyby Wam si\u0119 jednak teamwork przy rozpaleniu kominka nie uda\u0142. G\u0142\u00f3wki pracuj\u0105, st\u00f3pki si\u0119 grzej\u0105!<br \/><\/span><\/span><\/span><\/li>\n<\/ul>\n<p>Do Waszej dyspozycji oddajemy dwa apartamenty dwupoziomowe nr 1 i 2. Cho\u0107 razem stanowi\u0105 jeden dom to ka\u017cdy posiada prywatne wej\u015bcie bezpo\u015brednio z ogrodu oraz w\u0142asny taras i wspania\u0142y widok na po\u0142oniny.<\/p>\n<p>Na parterze ka\u017cdego znajduje si\u0119 przestronny salon z kominkiem, sof\u0105 i du\u017cym sto\u0142em przy kt\u00f3rym wygodnie zorganizujecie swoje stanowiska pracy. Jest te\u017c \u0142azienka i kuchnia. Pi\u0119tro to cz\u0119\u015b\u0107 sypialna: znajdziecie tu dwie sypialnie (dwu i trzyosobow\u0105) z \u0142\u00f3\u017ckami kt\u00f3re mo\u017cna dzieli\u0107 i \u0142\u0105czy\u0107 wg preferencji oraz kolejn\u0105 \u0142azienk\u0119.<\/p>\n\t<\/div>\n<\/div><div class=\"fw-divider-space space-sm  clearfix\"  ><\/div><div class=\"fw-icon-title fw-icon-title-left clearfix tf-sh-f893edc9fcd5b780abd6f0d705bec842  fw-content-align-left\" >\n\t\t\t<div class=\"fw-icon-title-name\">\n\t\t\t<div class=\"fw-icon-title-name-inner\">\n\t\t\t\t\t\t\t\t\t<span class=\"fw-icon-title-icon\">\n\t\t\t\t\t\t\t\t\t\t\t\t\t<i class=\"fa fa-suitcase\"><\/i>\t\t\t\t\t\t\t\t\t\t\t<\/span>\n\t\t\t\t\n\t\t\t\t\t\t\t\t\t\t\t\t\t<h4 class=\"fw-icon-title-text\">\n\t\t\t\t\t\tPracokacje w Bieszczadach - za\u0142o\u017cenia oferty\t\t\t\t\t<\/h4>\n\t\t\t\t\t\t\t\t\t\t<\/div>\n\t\t<\/div>\n\t<\/div><div class=\"fw-text-box tf-sh-6d249a769496021430c15a69cd0b03d1\" >\n\t<div class=\"fw-text-inner\">\n\t\t<p>Do dyspozycji s\u0105 dwa okresy, w kt\u00f3rych mo\u017cliwe s\u0105 pracokacje d\u0142ugo\u015bci pomi\u0119dzy 14 a 21 dni na wyj\u0105tkowych warunkach cenowych:<\/p>\n<p><strong>Przywitanie wiosny: termin pobytu przypadaj\u0105cy pomi\u0119dzy 1 marcem a 24 kwietnia.<br \/><\/strong><strong>Ucieczka przed szarug\u0105 miasta: termin pobytu pomi\u0119dzy 1 listopadem a 19 grudniem.<\/strong><\/p>\n<p>W cenie pracokacji:<\/p>\n<ul>\n<li>wifi<\/li>\n<li>drewno do kominka i na ognisko<\/li>\n<li>wygodny parking<\/li>\n<li>po\u015bciel<\/li>\n<li>wymiana komplet\u00f3w r\u0119cznik\u00f3w<\/li>\n<li>media (w tym centralne ogrzewanie)<\/li>\n<li>op\u0142ata klimatyczna<\/li>\n<\/ul>\n<p>Rezerwacja pracokacji mo\u017cliwa jest wy\u0142\u0105cznie przez rezerwacj\u0119 bezpo\u015bredni\u0105.<\/p>\n<p>Szczeg\u00f3\u0142owe zasady pobytu dost\u0119pne s\u0105 w <a href=\"https:\/\/krainawetlina.pl\/en\/regulamin\/\">Regulaminie<\/a><\/p>\n\t<\/div>\n<\/div>\t\t<\/div>\n\t<\/div>\n<\/div><div id=\"column-69f1f39e586b5\" class=\"fw-col-sm-4 tf-sh-322017d16c5e57e30c35c89c25e700fe\" >\n\t<div class=\"fw-wrap-col-inner clearfix\"   >\n\t\t\t\t<div class=\"fw-col-inner\">\n\t\t\t\t<div class=\"fw-imagebox clearfix fw-imagebox-1 tf-sh-3c63ff7a6fb3dab2f25feb5e4a44aa18 text-center  imagebox-boxed  fw_theme_border_only_color_2\"  style=\"border-width:2px; border-style:solid;\">\n\t\t\t\t\t\t\t\t\t\t<div class=\"fw-block-image-parent\" style=\"width: 100%;\">\n\t\t\t\t\t\t\t\t\t<div class=\"fw-block-image-child fw-ratio-16-9 fw-ratio-container\">\n\t\t\t\t\t\t<noscript itemscope itemtype=\"https:\/\/schema.org\/ImageObject\" itemprop=\"image\"><img decoding=\"async\" src=\"https:\/\/krainawetlina.pl\/wp-content\/uploads\/2023\/03\/Kraina-Wetlina-domki-i-apartamenty-w-Bieszczadach-239.jpg\"  alt=\"Kraina Wetlina &#8211; domki i apartamenty w Bieszczadach 239\" data-maxdpr=\"1.7\" class=\"lazyload\" \/><meta itemprop=\"url\" content=\"https:\/\/krainawetlina.pl\/wp-content\/uploads\/2023\/03\/Kraina-Wetlina-domki-i-apartamenty-w-Bieszczadach-239.jpg\"><meta itemprop=\"width\" content=\"1350\"><meta itemprop=\"height\" content=\"889\"><\/noscript><img decoding=\"async\" src=\"data:image\/gif;base64,R0lGODlhAQABAIAAAAAAAP\/\/\/yH5BAEAAAAALAAAAAABAAEAAAIBRAA7\" data-sizes=\"auto\" data-srcset=\"https:\/\/krainawetlina.pl\/wp-content\/uploads\/2023\/03\/Kraina-Wetlina-domki-i-apartamenty-w-Bieszczadach-239-1228x691.jpg 1228w, https:\/\/krainawetlina.pl\/wp-content\/uploads\/2023\/03\/Kraina-Wetlina-domki-i-apartamenty-w-Bieszczadach-239-614x346.jpg 614w, https:\/\/krainawetlina.pl\/wp-content\/uploads\/2023\/03\/Kraina-Wetlina-domki-i-apartamenty-w-Bieszczadach-239-295x166.jpg 295w, https:\/\/krainawetlina.pl\/wp-content\/uploads\/2023\/03\/Kraina-Wetlina-domki-i-apartamenty-w-Bieszczadach-239-590x332.jpg 590w\"   alt=\"Kraina Wetlina &#8211; domki i apartamenty w Bieszczadach 239\" data-maxdpr=\"1.7\" class=\"lazyload\" \/>\t\t\t\t\t<\/div>\n\t\t\t\t\t\t\t<\/div>\n\t\t\n\t<div class=\"fw-imagebox-aside\" style=\"padding-left:5px;padding-right:5px;\">\n\t\t\t\t\t<div class=\"fw-imagebox-title-wrap\">\n\t\t\t\t\t\t\t\t\t<h4 class=\"fw-imagebox-title\">Przywitanie wiosny: marzec\/kwiecie\u0144 <br> W oczekiwaniu zimy: listopad\/grudzie\u0144<\/h4>\n\t\t\t\t\n\t\t\t\t\t\t\t\t\t<h4 class=\"fw-imagebox-subtitle\">Cennik pobytu na pracokacjach<\/h4>\n\t\t\t\t\t\t\t<\/div>\n\t\t\n\t\t\t\t\t<div class=\"fw-imagebox-text\">\n\t\t\t\t<p style=\"text-align: center; color: #262523;\">Do wyboru Apartament dwupoziomowy nr 1 lub 2:<\/p><p style=\"text-align: center; color: #262523;\">min. 14 dni - max. 21 dni - maksymalnie&nbsp; 5 os\u00f3b<br \/>- cena od 5180 z\u0142 (w tym 8% VAT)<\/p><p style=\"text-align: center; color: #262523;\">Dwa apartamenty dwupoziomowe nr 1 i 2:<\/p><p style=\"text-align: center;\">min. 14 dni - max. 21 dni - maksymalnie&nbsp; 10 os\u00f3b<br \/>- cena od 10360 z\u0142 (w tym 8% VAT)<\/p>\t\t\t<\/div>\n\t\t\n\t\t\t<\/div>\n\t<\/div>\n\t<a href=\"https:\/\/krainawetlina.pl\/en\/apartamenty\/\" target=\"_blank\" class=\"fw-btn tf-sh-22140daf605955534ae5f0519f2aef17 fw-btn-full fw-btn-sm   fw-btn-1\"  style=\"\">\n\t\t<span >\n\t\t\tPrzeczytaj wi\u0119cej o apartamentach\t\t<\/span>\n\t<\/a>\n<div class=\"fw-divider-space space-sm  clearfix\"  ><\/div><div class=\"fw-text-box tf-sh-1a81484e3c2423e738c679d3e79b77c4\" >\n\t<div class=\"fw-text-inner\">\n\t\t<p><div class=\"wpforms-container wpforms-container-full\" id=\"wpforms-2171\"><form id=\"wpforms-form-2171\" class=\"wpforms-validate wpforms-form\" data-formid=\"2171\" method=\"post\" enctype=\"multipart\/form-data\" action=\"\/en\/wp-json\/wp\/v2\/pages\/2126\" data-token=\"cb107f62f1d333e409893ec5fd30b7ac\" data-token-time=\"1777464222\" data-trp-original-action=\"\/en\/wp-json\/wp\/v2\/pages\/2126\"><noscript class=\"wpforms-error-noscript\">Please enable JavaScript in your browser to complete this form.<\/noscript><div class=\"wpforms-field-container\"><div id=\"wpforms-2171-field_11-container\" class=\"wpforms-field wpforms-field-name\" data-field-id=\"11\"><label class=\"wpforms-field-label\" for=\"wpforms-2171-field_11\">Twoje imi\u0119 i nazwisko <span class=\"wpforms-required-label\">*<\/span><\/label><input type=\"text\" id=\"wpforms-2171-field_11\" class=\"wpforms-field-large wpforms-field-required\" name=\"wpforms[fields][11]\" required><\/div><div id=\"wpforms-2171-field_7-container\" class=\"wpforms-field wpforms-field-email\" data-field-id=\"7\"><label class=\"wpforms-field-label\" for=\"wpforms-2171-field_7\">Email <span class=\"wpforms-required-label\">*<\/span><\/label><input type=\"email\" id=\"wpforms-2171-field_7\" class=\"wpforms-field-large wpforms-field-required\" name=\"wpforms[fields][7]\" spellcheck=\"false\" required><\/div><div id=\"wpforms-2171-field_6-container\" class=\"wpforms-field wpforms-field-name\" data-field-id=\"6\"><label class=\"wpforms-field-label\" for=\"wpforms-2171-field_6\">Phone no.<\/label><input type=\"text\" id=\"wpforms-2171-field_6\" class=\"wpforms-field-large\" name=\"wpforms[fields][6]\" ><\/div><div id=\"wpforms-2171-field_17-container\" class=\"wpforms-field wpforms-field-checkbox wpforms-list-2-columns\" data-field-id=\"17\"><label class=\"wpforms-field-label\">Termin i d\u0142ugo\u015b\u0107 pobytu<\/label><ul id=\"wpforms-2171-field_17\"><li class=\"choice-1 depth-1\"><input type=\"checkbox\" id=\"wpforms-2171-field_17_1\" name=\"wpforms[fields][17][]\" value=\"Wiosna - 21 dni\"  ><label class=\"wpforms-field-label-inline\" for=\"wpforms-2171-field_17_1\">Wiosna - 21 dni<\/label><\/li><li class=\"choice-2 depth-1\"><input type=\"checkbox\" id=\"wpforms-2171-field_17_2\" name=\"wpforms[fields][17][]\" value=\"Jesie\u0144 - 21 dni\"  ><label class=\"wpforms-field-label-inline\" for=\"wpforms-2171-field_17_2\">Jesie\u0144 - 21 dni<\/label><\/li><li class=\"choice-3 depth-1\"><input type=\"checkbox\" id=\"wpforms-2171-field_17_3\" name=\"wpforms[fields][17][]\" value=\"Wiosna - 14 dni\"  ><label class=\"wpforms-field-label-inline\" for=\"wpforms-2171-field_17_3\">Wiosna - 14 dni<\/label><\/li><li class=\"choice-4 depth-1\"><input type=\"checkbox\" id=\"wpforms-2171-field_17_4\" name=\"wpforms[fields][17][]\" value=\"Jesie\u0144 - 14 dni\"  ><label class=\"wpforms-field-label-inline\" for=\"wpforms-2171-field_17_4\">Jesie\u0144 - 14 dni<\/label><\/li><\/ul><\/div><div id=\"wpforms-2171-field_14-container\" class=\"wpforms-field wpforms-field-radio wpforms-list-inline\" data-field-id=\"14\"><label class=\"wpforms-field-label wpforms-label-hide\"> faktura<\/label><ul id=\"wpforms-2171-field_14\"><li class=\"choice-1 depth-1\"><input type=\"radio\" id=\"wpforms-2171-field_14_1\" name=\"wpforms[fields][14]\" value=\"Chc\u0119 otrzyma\u0107 faktur\u0119 do zam\u00f3wienia\"  ><label class=\"wpforms-field-label-inline\" for=\"wpforms-2171-field_14_1\">Chc\u0119 otrzyma\u0107 faktur\u0119 do zam\u00f3wienia<\/label><\/li><\/ul><\/div><div id=\"wpforms-2171-field_16-container\" class=\"wpforms-field wpforms-field-textarea\" data-field-id=\"16\"><label class=\"wpforms-field-label\" for=\"wpforms-2171-field_16\">Text<\/label><textarea id=\"wpforms-2171-field_16\" class=\"wpforms-field-large\" name=\"wpforms[fields][16]\" placeholder=\"dodatkowe pytania \/ dane do faktury\" ><\/textarea><\/div><\/div><!-- .wpforms-field-container --><div class=\"wpforms-submit-container\" ><input type=\"hidden\" name=\"wpforms[id]\" value=\"2171\"><input type=\"hidden\" name=\"page_title\" value=\"\"><input type=\"hidden\" name=\"page_url\" value=\"https:\/\/krainawetlina.pl\/en\/wp-json\/wp\/v2\/pages\/2126\"><input type=\"hidden\" name=\"url_referer\" value=\"\"><button type=\"submit\" name=\"wpforms[submit]\" id=\"wpforms-submit-2171\" class=\"wpforms-submit\" aria-live=\"assertive\" value=\"wpforms-submit\">Send<\/button><\/div><input type=\"hidden\" name=\"trp-form-language\" value=\"en\"\/><\/form><\/div>  <!-- .wpforms-container --><\/p>\n\t<\/div>\n<\/div>\t\t<\/div>\n\t<\/div>\n<\/div><\/div>\n\n\t<\/div>\n\t<\/section><\/p>","protected":false},"excerpt":{"rendered":"<p>Pracokacje w Krainie Wetlina Zabierzcie ze sob\u0105 laptoptopy i przyjed\u017acie popracowa\u0107 zdalnie z Bieszczad! My\u015blicie o zmianie otoczenia? Podrzucamy Wam ide\u0119: pracokacje z widokiem na po\u0142oniny! Zamiast pracy w biurze czy z domu mamy dla Was trzeci\u0105 opcj\u0119: workation w Bieszczadach! Zabierzcie ze sob\u0105 przyjaci\u00f3\u0142, rodzin\u0119 lub sw\u00f3j zesp\u00f3\u0142 i wpadajcie popracowa\u0107 zdalnie do Krainy [&hellip;]<\/p>","protected":false},"author":1,"featured_media":0,"parent":0,"menu_order":0,"comment_status":"closed","ping_status":"closed","template":"visual-builder-template.php","meta":{"_monsterinsights_skip_tracking":false,"_monsterinsights_sitenote_active":false,"_monsterinsights_sitenote_note":"","_monsterinsights_sitenote_category":0,"footnotes":""},"class_list":["post-2126","page","type-page","status-publish","hentry"],"yoast_head":"<!-- This site is optimized with the Yoast SEO plugin v26.9 - https:\/\/yoast.com\/product\/yoast-seo-wordpress\/ -->\n<title>PRACOKACJE - Kraina Wetlina<\/title>\n<meta name=\"description\" content=\"Pracokacje w Krainie Wetlina. Zabierz przyjaci\u00f3\u0142 lub sw\u00f3j team i wpadajcie popracowa\u0107 z Bieszczad. Workation w Bieszczadach.\" \/>\n<meta name=\"robots\" content=\"index, follow, max-snippet:-1, max-image-preview:large, max-video-preview:-1\" \/>\n<link rel=\"canonical\" href=\"https:\/\/krainawetlina.pl\/en\/pracokacje\/\" \/>\n<meta property=\"og:locale\" content=\"en_US\" \/>\n<meta property=\"og:type\" content=\"article\" \/>\n<meta property=\"og:title\" content=\"PRACOKACJE - Kraina Wetlina\" \/>\n<meta property=\"og:description\" content=\"Pracokacje w Krainie Wetlina. Zabierz przyjaci\u00f3\u0142 lub sw\u00f3j team i wpadajcie popracowa\u0107 z Bieszczad. Workation w Bieszczadach.\" \/>\n<meta property=\"og:url\" content=\"https:\/\/krainawetlina.pl\/en\/pracokacje\/\" \/>\n<meta property=\"og:site_name\" content=\"Kraina Wetlina\" \/>\n<meta property=\"article:publisher\" content=\"https:\/\/www.facebook.com\/krainawetlina\" \/>\n<meta property=\"article:modified_time\" content=\"2024-12-15T18:43:54+00:00\" \/>\n<meta property=\"og:image\" content=\"https:\/\/krainawetlina.pl\/wp-content\/uploads\/2023\/03\/Kraina-Wetlina-domki-i-apartamenty-w-Bieszczadach-239.jpg\" \/>\n<meta name=\"twitter:card\" content=\"summary_large_image\" \/>\n<meta name=\"twitter:label1\" content=\"Est. reading time\" \/>\n\t<meta name=\"twitter:data1\" content=\"2 minutes\" \/>\n<script type=\"application\/ld+json\" class=\"yoast-schema-graph\">{\"@context\":\"https:\/\/schema.org\",\"@graph\":[{\"@type\":\"WebPage\",\"@id\":\"https:\/\/krainawetlina.pl\/pracokacje\/\",\"url\":\"https:\/\/krainawetlina.pl\/pracokacje\/\",\"name\":\"PRACOKACJE - Kraina Wetlina\",\"isPartOf\":{\"@id\":\"https:\/\/krainawetlina.pl\/pl\/#website\"},\"primaryImageOfPage\":{\"@id\":\"https:\/\/krainawetlina.pl\/pracokacje\/#primaryimage\"},\"image\":{\"@id\":\"https:\/\/krainawetlina.pl\/pracokacje\/#primaryimage\"},\"thumbnailUrl\":\"https:\/\/krainawetlina.pl\/wp-content\/uploads\/2023\/03\/Kraina-Wetlina-domki-i-apartamenty-w-Bieszczadach-239.jpg\",\"datePublished\":\"2023-03-05T22:14:42+00:00\",\"dateModified\":\"2024-12-15T18:43:54+00:00\",\"description\":\"Pracokacje w Krainie Wetlina. Zabierz przyjaci\u00f3\u0142 lub sw\u00f3j team i wpadajcie popracowa\u0107 z Bieszczad. Workation w Bieszczadach.\",\"breadcrumb\":{\"@id\":\"https:\/\/krainawetlina.pl\/pracokacje\/#breadcrumb\"},\"inLanguage\":\"en-US\",\"potentialAction\":[{\"@type\":\"ReadAction\",\"target\":[\"https:\/\/krainawetlina.pl\/pracokacje\/\"]}]},{\"@type\":\"ImageObject\",\"inLanguage\":\"en-US\",\"@id\":\"https:\/\/krainawetlina.pl\/pracokacje\/#primaryimage\",\"url\":\"https:\/\/krainawetlina.pl\/wp-content\/uploads\/2023\/03\/Kraina-Wetlina-domki-i-apartamenty-w-Bieszczadach-239.jpg\",\"contentUrl\":\"https:\/\/krainawetlina.pl\/wp-content\/uploads\/2023\/03\/Kraina-Wetlina-domki-i-apartamenty-w-Bieszczadach-239.jpg\"},{\"@type\":\"BreadcrumbList\",\"@id\":\"https:\/\/krainawetlina.pl\/pracokacje\/#breadcrumb\",\"itemListElement\":[{\"@type\":\"ListItem\",\"position\":1,\"name\":\"Strona g\u0142\u00f3wna\",\"item\":\"https:\/\/krainawetlina.pl\/\"},{\"@type\":\"ListItem\",\"position\":2,\"name\":\"PRACOKACJE\"}]},{\"@type\":\"WebSite\",\"@id\":\"https:\/\/krainawetlina.pl\/pl\/#website\",\"url\":\"https:\/\/krainawetlina.pl\/pl\/\",\"name\":\"Kraina Wetlina\",\"description\":\"Apartamenty w Bieszczadach\",\"publisher\":{\"@id\":\"https:\/\/krainawetlina.pl\/pl\/#organization\"},\"potentialAction\":[{\"@type\":\"SearchAction\",\"target\":{\"@type\":\"EntryPoint\",\"urlTemplate\":\"https:\/\/krainawetlina.pl\/pl\/?s={search_term_string}\"},\"query-input\":{\"@type\":\"PropertyValueSpecification\",\"valueRequired\":true,\"valueName\":\"search_term_string\"}}],\"inLanguage\":\"en-US\"},{\"@type\":\"Organization\",\"@id\":\"https:\/\/krainawetlina.pl\/pl\/#organization\",\"name\":\"Kraina Wetlina\",\"url\":\"https:\/\/krainawetlina.pl\/pl\/\",\"logo\":{\"@type\":\"ImageObject\",\"inLanguage\":\"en-US\",\"@id\":\"https:\/\/krainawetlina.pl\/pl\/#\/schema\/logo\/image\/\",\"url\":\"https:\/\/krainawetlina.pl\/wp-content\/uploads\/2018\/06\/Kraina-Wetlina-logo2x2.png\",\"contentUrl\":\"https:\/\/krainawetlina.pl\/wp-content\/uploads\/2018\/06\/Kraina-Wetlina-logo2x2.png\",\"width\":1157,\"height\":1157,\"caption\":\"Kraina Wetlina\"},\"image\":{\"@id\":\"https:\/\/krainawetlina.pl\/pl\/#\/schema\/logo\/image\/\"},\"sameAs\":[\"https:\/\/www.facebook.com\/krainawetlina\",\"http:\/\/instagram.com\/krainawetlina\"]}]}<\/script>\n<!-- \/ Yoast SEO plugin. -->","yoast_head_json":{"title":"PRACOKACJE - Kraina Wetlina","description":"Pracokacje w Krainie Wetlina. Zabierz przyjaci\u00f3\u0142 lub sw\u00f3j team i wpadajcie popracowa\u0107 z Bieszczad. Workation w Bieszczadach.","robots":{"index":"index","follow":"follow","max-snippet":"max-snippet:-1","max-image-preview":"max-image-preview:large","max-video-preview":"max-video-preview:-1"},"canonical":"https:\/\/krainawetlina.pl\/en\/pracokacje\/","og_locale":"en_US","og_type":"article","og_title":"PRACOKACJE - Kraina Wetlina","og_description":"Pracokacje w Krainie Wetlina. Zabierz przyjaci\u00f3\u0142 lub sw\u00f3j team i wpadajcie popracowa\u0107 z Bieszczad. Workation w Bieszczadach.","og_url":"https:\/\/krainawetlina.pl\/en\/pracokacje\/","og_site_name":"Kraina Wetlina","article_publisher":"https:\/\/www.facebook.com\/krainawetlina","article_modified_time":"2024-12-15T18:43:54+00:00","og_image":[{"url":"https:\/\/krainawetlina.pl\/wp-content\/uploads\/2023\/03\/Kraina-Wetlina-domki-i-apartamenty-w-Bieszczadach-239.jpg","type":"","width":"","height":""}],"twitter_card":"summary_large_image","twitter_misc":{"Est. reading time":"2 minutes"},"schema":{"@context":"https:\/\/schema.org","@graph":[{"@type":"WebPage","@id":"https:\/\/krainawetlina.pl\/pracokacje\/","url":"https:\/\/krainawetlina.pl\/pracokacje\/","name":"PRACOKACJE - Kraina Wetlina","isPartOf":{"@id":"https:\/\/krainawetlina.pl\/pl\/#website"},"primaryImageOfPage":{"@id":"https:\/\/krainawetlina.pl\/pracokacje\/#primaryimage"},"image":{"@id":"https:\/\/krainawetlina.pl\/pracokacje\/#primaryimage"},"thumbnailUrl":"https:\/\/krainawetlina.pl\/wp-content\/uploads\/2023\/03\/Kraina-Wetlina-domki-i-apartamenty-w-Bieszczadach-239.jpg","datePublished":"2023-03-05T22:14:42+00:00","dateModified":"2024-12-15T18:43:54+00:00","description":"Pracokacje w Krainie Wetlina. Zabierz przyjaci\u00f3\u0142 lub sw\u00f3j team i wpadajcie popracowa\u0107 z Bieszczad. Workation w Bieszczadach.","breadcrumb":{"@id":"https:\/\/krainawetlina.pl\/pracokacje\/#breadcrumb"},"inLanguage":"en-US","potentialAction":[{"@type":"ReadAction","target":["https:\/\/krainawetlina.pl\/pracokacje\/"]}]},{"@type":"ImageObject","inLanguage":"en-US","@id":"https:\/\/krainawetlina.pl\/pracokacje\/#primaryimage","url":"https:\/\/krainawetlina.pl\/wp-content\/uploads\/2023\/03\/Kraina-Wetlina-domki-i-apartamenty-w-Bieszczadach-239.jpg","contentUrl":"https:\/\/krainawetlina.pl\/wp-content\/uploads\/2023\/03\/Kraina-Wetlina-domki-i-apartamenty-w-Bieszczadach-239.jpg"},{"@type":"BreadcrumbList","@id":"https:\/\/krainawetlina.pl\/pracokacje\/#breadcrumb","itemListElement":[{"@type":"ListItem","position":1,"name":"Strona g\u0142\u00f3wna","item":"https:\/\/krainawetlina.pl\/"},{"@type":"ListItem","position":2,"name":"PRACOKACJE"}]},{"@type":"WebSite","@id":"https:\/\/krainawetlina.pl\/pl\/#website","url":"https:\/\/krainawetlina.pl\/pl\/","name":"Kraina Wetlina","description":"Apartamenty w Bieszczadach","publisher":{"@id":"https:\/\/krainawetlina.pl\/pl\/#organization"},"potentialAction":[{"@type":"SearchAction","target":{"@type":"EntryPoint","urlTemplate":"https:\/\/krainawetlina.pl\/pl\/?s={search_term_string}"},"query-input":{"@type":"PropertyValueSpecification","valueRequired":true,"valueName":"search_term_string"}}],"inLanguage":"en-US"},{"@type":"Organization","@id":"https:\/\/krainawetlina.pl\/pl\/#organization","name":"Kraina Wetlina","url":"https:\/\/krainawetlina.pl\/pl\/","logo":{"@type":"ImageObject","inLanguage":"en-US","@id":"https:\/\/krainawetlina.pl\/pl\/#\/schema\/logo\/image\/","url":"https:\/\/krainawetlina.pl\/wp-content\/uploads\/2018\/06\/Kraina-Wetlina-logo2x2.png","contentUrl":"https:\/\/krainawetlina.pl\/wp-content\/uploads\/2018\/06\/Kraina-Wetlina-logo2x2.png","width":1157,"height":1157,"caption":"Kraina Wetlina"},"image":{"@id":"https:\/\/krainawetlina.pl\/pl\/#\/schema\/logo\/image\/"},"sameAs":["https:\/\/www.facebook.com\/krainawetlina","http:\/\/instagram.com\/krainawetlina"]}]}},"brizy_media":[],"_links":{"self":[{"href":"https:\/\/krainawetlina.pl\/en\/wp-json\/wp\/v2\/pages\/2126","targetHints":{"allow":["GET"]}}],"collection":[{"href":"https:\/\/krainawetlina.pl\/en\/wp-json\/wp\/v2\/pages"}],"about":[{"href":"https:\/\/krainawetlina.pl\/en\/wp-json\/wp\/v2\/types\/page"}],"author":[{"embeddable":true,"href":"https:\/\/krainawetlina.pl\/en\/wp-json\/wp\/v2\/users\/1"}],"replies":[{"embeddable":true,"href":"https:\/\/krainawetlina.pl\/en\/wp-json\/wp\/v2\/comments?post=2126"}],"version-history":[{"count":0,"href":"https:\/\/krainawetlina.pl\/en\/wp-json\/wp\/v2\/pages\/2126\/revisions"}],"wp:attachment":[{"href":"https:\/\/krainawetlina.pl\/en\/wp-json\/wp\/v2\/media?parent=2126"}],"curies":[{"name":"wp","href":"https:\/\/api.w.org\/{rel}","templated":true}]}}